
{"id":137,"date":"2015-07-15T11:33:43","date_gmt":"2015-07-15T11:33:43","guid":{"rendered":"http:\/\/socialpartner.linuxgood.kraftwerk.co.at\/wordpress\/?page_id=137"},"modified":"2026-02-20T13:24:15","modified_gmt":"2026-02-20T13:24:15","slug":"mitglieder","status":"publish","type":"page","link":"https:\/\/www.sozialpartner.at\/?page_id=137","title":{"rendered":"Mitglieder"},"content":{"rendered":"<div class=\"wpb-content-wrapper\"><p>[vc_row][vc_column][vc_column_text]<\/p>\n<h1><\/h1>\n<p>[\/vc_column_text][\/vc_column][\/vc_row][vc_row css=&#8220;.vc_custom_1437125168567{padding-top: 40px !important;}&#8220;][vc_column width=&#8220;2\/12&#8243;][vc_column_text][\/vc_column_text][\/vc_column][vc_column width=&#8220;3\/12&#8243;]<div class=\"sp-boxed-side-navigation\">\r\n             <div class=\"sp-navigation-header\">\r\n                <a href=\"#\">Beirat<\/a>\r\n             <\/div>\r\n             <div class=\"sp-navigation-content\">\r\n                <ul><li><a href=\"https:\/\/www.sozialpartner.at\/?page_id=135\">\u00dcber uns<\/a><\/li><li><a href=\"https:\/\/www.sozialpartner.at\/?page_id=133\">Mission Statement<\/a><\/li><li class=\"curent-page-item\"><a href=\"https:\/\/www.sozialpartner.at\/?page_id=137\">Mitglieder<\/a><\/li><li><a href=\"https:\/\/www.sozialpartner.at\/?page_id=1172\">Studien<\/a><\/li><\/ul>\r\n             <\/div>\r\n          <\/div>[\/vc_column][vc_column width=&#8220;5\/12&#8243;][vc_custom_heading text=&#8220;Mitglieder&#8220; font_container=&#8220;tag:h3|text_align:left&#8220; use_theme_fonts=&#8220;yes&#8220;][vc_empty_space height=&#8220;20&#8243;][vc_column_text css=&#8220;.vc_custom_1443626986728{margin-top: -14px !important;}&#8220;]<\/p>\n<p style=\"font-size: 16px; line-height: 28px; font-weight: 300;\">Der Beirat besteht aus insgesamt 25 Personen: 16 Beiratsmitglieder und 5 permanente Experten. Zus\u00e4tzlich verf\u00fcgt der Beirat \u00fcber 2 Gesch\u00e4ftsf\u00fchrer (\u201eGeneralsekret\u00e4re\u201d), je einen von Arbeitgeber- bzw. von Arbeitnehmerseite, und deren Stellvertreter.<\/p>\n<p>[\/vc_column_text][vc_row_inner][vc_column_inner][vc_column_text][\/vc_column_text][\/vc_column_inner][\/vc_row_inner][\/vc_column][vc_column width=&#8220;2\/12&#8243;][vc_column_text][\/vc_column_text][\/vc_column][\/vc_row][vc_row][vc_column width=&#8220;2\/12&#8243;][vc_column_text][\/vc_column_text][\/vc_column][vc_column width=&#8220;8\/12&#8243;][vc_single_image image=&#8220;246&#8243; img_size=&#8220;full&#8220; alignment=&#8220;center&#8220; css=&#8220;.vc_custom_1441126869940{padding-top: 40px !important;padding-bottom: 0px !important;}&#8220;][\/vc_column][vc_column width=&#8220;2\/12&#8243;][vc_column_text][\/vc_column_text][\/vc_column][\/vc_row][vc_row css=&#8220;.vc_custom_1443627011954{padding-top: 20px !important;}&#8220;][vc_column width=&#8220;2\/12&#8243;][vc_column_text][\/vc_column_text][\/vc_column][vc_column width=&#8220;8\/12&#8243;][vc_custom_heading text=&#8220;Gesch\u00e4ftsf\u00fchrung&#8220; font_container=&#8220;tag:h3|text_align:left&#8220; use_theme_fonts=&#8220;yes&#8220;][\/vc_column][vc_column width=&#8220;2\/12&#8243;][vc_column_text][\/vc_column_text][\/vc_column][\/vc_row][vc_row css=&#8220;.vc_custom_1443448733412{padding-top: 10px !important;}&#8220;][vc_column width=&#8220;2\/12&#8243;][vc_column_text][\/vc_column_text][\/vc_column][vc_column width=&#8220;8\/12&#8243;][vc_column_text css=&#8220;&#8220;]Mag. Karin Steigenberger, BA WK\u00d6<\/p>\n<p>Mag. Thomas Zotter, BAK<\/p>\n<p>&nbsp;<\/p>\n<p><strong>Stellvertretung<\/strong><\/p>\n<p>Mag. Nikolai Soukup, BAK<\/p>\n<p>Mag. Maria Kaun, WK\u00d6[\/vc_column_text][\/vc_column][vc_column width=&#8220;2\/12&#8243;][vc_column_text][\/vc_column_text][\/vc_column][\/vc_row][vc_row css=&#8220;.vc_custom_1443627345253{padding-top: 10px !important;padding-bottom: 10px !important;}&#8220;][vc_column width=&#8220;2\/12&#8243;][vc_column_text][\/vc_column_text][\/vc_column][vc_column width=&#8220;8\/12&#8243;][vc_separator][\/vc_column][vc_column width=&#8220;2\/12&#8243;][vc_column_text][\/vc_column_text][\/vc_column][\/vc_row][vc_row][vc_column width=&#8220;2\/12&#8243;][vc_column_text][\/vc_column_text][\/vc_column][vc_column width=&#8220;8\/12&#8243;][vc_custom_heading text=&#8220;Vorsitz&#8220; font_container=&#8220;tag:h3|text_align:left&#8220; use_theme_fonts=&#8220;yes&#8220;][\/vc_column][vc_column width=&#8220;2\/12&#8243;][vc_column_text][\/vc_column_text][\/vc_column][\/vc_row][vc_row css=&#8220;.vc_custom_1443448740896{padding-top: 10px !important;}&#8220;][vc_column width=&#8220;2\/12&#8243;][vc_column_text][\/vc_column_text][\/vc_column][vc_column width=&#8220;8\/12&#8243;][vc_column_text css=&#8220;&#8220;]<\/p>\n<table style=\"height: 124px;\" width=\"575\">\n<tbody>\n<tr>\n<td width=\"253\"><span style=\"display: inline !important; float: none; background-color: transparent; color: #333333; font-family: Verdana,Arial,Helvetica,sans-serif; font-size: 16px; font-style: normal; font-variant: normal; font-weight: 400; letter-spacing: normal; orphans: 2; text-align: left; text-decoration: none; text-indent: 0px; text-transform: none; -webkit-text-stroke-width: 0px; white-space: normal; word-spacing: 0px;\">Dr. Peter Kaluza<\/span><\/td>\n<td width=\"156\">\u00a0LK\u00d6<\/td>\n<td width=\"205\"><span style=\"display: inline !important; float: none; background-color: transparent; color: #333333; font-family: Verdana,Arial,Helvetica,sans-serif; font-size: 16px; font-style: normal; font-variant: normal; font-weight: 400; letter-spacing: normal; orphans: 2; text-align: left; text-decoration: none; text-indent: 0px; text-transform: none; -webkit-text-stroke-width: 0px; white-space: normal; word-spacing: 0px;\">\u00a01. Halbjahr 2026<\/span><\/td>\n<\/tr>\n<tr>\n<td width=\"253\"><span style=\"display: inline !important; float: none; background-color: transparent; color: #333333; font-family: Verdana,Arial,Helvetica,sans-serif; font-size: 16px; font-style: normal; font-variant: normal; font-weight: 400; letter-spacing: normal; orphans: 2; text-align: left; text-decoration: none; text-indent: 0px; text-transform: none; -webkit-text-stroke-width: 0px; white-space: normal; word-spacing: 0px;\">Mag. Tobias Schweitzer<\/span><\/td>\n<td width=\"156\"><span style=\"display: inline !important; float: none; background-color: transparent; color: #333333; font-family: Verdana,Arial,Helvetica,sans-serif; font-size: 16px; font-style: normal; font-variant: normal; font-weight: 400; letter-spacing: normal; orphans: 2; text-align: left; text-decoration: none; text-indent: 0px; text-transform: none; -webkit-text-stroke-width: 0px; white-space: normal; word-spacing: 0px;\">\u00a0AK<\/span><\/td>\n<td width=\"205\"><span style=\"display: inline !important; float: none; background-color: transparent; color: #333333; font-family: Verdana,Arial,Helvetica,sans-serif; font-size: 16px; font-style: normal; font-variant: normal; font-weight: 400; letter-spacing: normal; orphans: 2; text-align: left; text-decoration: none; text-indent: 0px; text-transform: none; -webkit-text-stroke-width: 0px; white-space: normal; word-spacing: 0px;\">\u00a02. Halbjahr 2026<\/span><\/td>\n<\/tr>\n<tr>\n<td width=\"253\"><\/td>\n<td width=\"156\"><\/td>\n<td width=\"205\"><\/td>\n<\/tr>\n<\/tbody>\n<\/table>\n<p>[\/vc_column_text][\/vc_column][vc_column width=&#8220;2\/12&#8243;][vc_column_text][\/vc_column_text][\/vc_column][\/vc_row][vc_row css=&#8220;.vc_custom_1443627382790{padding-top: 20px !important;}&#8220;][vc_column width=&#8220;2\/12&#8243;][vc_column_text][\/vc_column_text][\/vc_column][vc_column width=&#8220;8\/12&#8243;][vc_single_image image=&#8220;246&#8243; img_size=&#8220;full&#8220; alignment=&#8220;center&#8220; css=&#8220;.vc_custom_1443627375687{padding-top: px !important;padding-bottom: 0px !important;}&#8220;][\/vc_column][vc_column width=&#8220;2\/12&#8243;][vc_column_text][\/vc_column_text][\/vc_column][\/vc_row][vc_row css=&#8220;.vc_custom_1443627293302{padding-top: 10px !important;}&#8220;][vc_column width=&#8220;2\/12&#8243;][vc_column_text][\/vc_column_text][\/vc_column][vc_column width=&#8220;8\/12&#8243;][vc_custom_heading text=&#8220;Zusammensetzung des Beirats f\u00fcr Wirtschafts- und Sozialfragen&#8220; font_container=&#8220;tag:h3|text_align:left&#8220; use_theme_fonts=&#8220;yes&#8220;][\/vc_column][vc_column width=&#8220;2\/12&#8243;][vc_column_text][\/vc_column_text][\/vc_column][\/vc_row][vc_row css=&#8220;.vc_custom_1443685591885{padding-top: 20px !important;}&#8220;][vc_column width=&#8220;2\/12&#8243;][vc_column_text][\/vc_column_text][\/vc_column][vc_column width=&#8220;8\/12&#8243;][vc_column_text]<strong>Mitglieder<\/strong>[\/vc_column_text][\/vc_column][vc_column width=&#8220;2\/12&#8243;][vc_column_text][\/vc_column_text][\/vc_column][\/vc_row][vc_row css=&#8220;.vc_custom_1443685655339{padding-top: 0px !important;padding-bottom: 10px !important;}&#8220;][vc_column width=&#8220;2\/12&#8243;][vc_column_text][\/vc_column_text][\/vc_column][vc_column width=&#8220;8\/12&#8243;][vc_separator][\/vc_column][vc_column width=&#8220;2\/12&#8243;][vc_column_text][\/vc_column_text][\/vc_column][\/vc_row][vc_row css=&#8220;.vc_custom_1443685655339{padding-top: 0px !important;padding-bottom: 10px !important;}&#8220;][vc_column width=&#8220;2\/12&#8243;][vc_column_text][\/vc_column_text][\/vc_column][vc_column width=&#8220;2\/12&#8243;][vc_column_text][\/vc_column_text][\/vc_column][\/vc_row][vc_row css=&#8220;.vc_custom_1443684212487{padding-top: px !important;}&#8220;][vc_column width=&#8220;2\/12&#8243;][vc_column_text][\/vc_column_text][\/vc_column][vc_column width=&#8220;2\/12&#8243;][vc_single_image image=&#8220;6915&#8243; css=&#8220;&#8220;][\/vc_column][vc_column width=&#8220;6\/12&#8243;][vc_column_text css=&#8220;&#8220;]<strong>Mag.a Bettina Csoka<\/strong><\/p>\n<p><em>Mitglied<\/em>[\/vc_column_text][vc_empty_space height=&#8220;10px&#8220;][vc_column_text css=&#8220;&#8220;]Arbeiterkammer Ober\u00f6sterreich<br \/>\nReferentin in der Abteilung Wirtschafts- Sozial- und Gesellschaftspolitik[\/vc_column_text][\/vc_column][vc_column width=&#8220;2\/12&#8243;][vc_column_text][\/vc_column_text][\/vc_column][\/vc_row][vc_row css=&#8220;.vc_custom_1443685655339{padding-top: 0px !important;padding-bottom: 10px !important;}&#8220;][vc_column width=&#8220;2\/12&#8243;][vc_column_text][\/vc_column_text][\/vc_column][vc_column width=&#8220;8\/12&#8243;][vc_separator][\/vc_column][vc_column width=&#8220;2\/12&#8243;][vc_column_text][\/vc_column_text][\/vc_column][\/vc_row][vc_row css=&#8220;.vc_custom_1443684212487{padding-top: px !important;}&#8220;][vc_column width=&#8220;2\/12&#8243;][vc_column_text][\/vc_column_text][\/vc_column][vc_column width=&#8220;2\/12&#8243;][vc_single_image image=&#8220;6852&#8243; css=&#8220;&#8220;][\/vc_column][vc_column width=&#8220;6\/12&#8243;][vc_column_text css=&#8220;&#8220;]<strong>Univ. Prof. MMag. Gabriel Felbermayr, PhD<\/strong><\/p>\n<p><em>St\u00e4ndiger Experte<\/em>[\/vc_column_text][vc_empty_space height=&#8220;10px&#8220;][vc_column_text css=&#8220;&#8220;]\u00d6sterreichisches Institut f\u00fcr Wirtschaftsforschung<\/p>\n<p>Direktor<\/p>\n<p>Copyright: WIFO\/Alexander M\u00fcller[\/vc_column_text][\/vc_column][vc_column width=&#8220;2\/12&#8243;][vc_column_text][\/vc_column_text][\/vc_column][\/vc_row][vc_row css=&#8220;.vc_custom_1443685655339{padding-top: 0px !important;padding-bottom: 10px !important;}&#8220;][vc_column width=&#8220;2\/12&#8243;][vc_column_text][\/vc_column_text][\/vc_column][vc_column width=&#8220;8\/12&#8243;][vc_separator][\/vc_column][vc_column width=&#8220;2\/12&#8243;][vc_column_text][\/vc_column_text][\/vc_column][\/vc_row][vc_row][vc_column width=&#8220;2\/12&#8243;][vc_column_text][\/vc_column_text][\/vc_column][vc_column width=&#8220;2\/12&#8243;][vc_single_image image=&#8220;6923&#8243; css=&#8220;&#8220; el_class=&#8220;img-fixed-thumbnail&#8220;][\/vc_column][vc_column width=&#8220;6\/12&#8243;][vc_column_text]<strong>Mag. Dr. Rolf Glei\u00dfner<\/strong><\/p>\n<p><em>Mitglied<\/em>[\/vc_column_text][vc_empty_space height=&#8220;10px&#8220;][vc_column_text css=&#8220;&#8220;]Wirtschaftskammer \u00d6sterreich<br \/>\nLeiter Abteilung f\u00fcr Sozial- und Gesundheitspolitik[\/vc_column_text][\/vc_column][vc_column width=&#8220;2\/12&#8243;][vc_column_text][\/vc_column_text][\/vc_column][\/vc_row][vc_row css=&#8220;.vc_custom_1443627345253{padding-top: 10px !important;padding-bottom: 10px !important;}&#8220;][vc_column width=&#8220;2\/12&#8243;][vc_column_text][\/vc_column_text][\/vc_column][vc_column width=&#8220;8\/12&#8243;][vc_separator][\/vc_column][vc_column width=&#8220;2\/12&#8243;][vc_column_text][\/vc_column_text][\/vc_column][\/vc_row][vc_row][vc_column width=&#8220;2\/12&#8243;][vc_column_text][\/vc_column_text][\/vc_column][vc_column width=&#8220;2\/12&#8243;][\/vc_column][vc_column width=&#8220;6\/12&#8243;][vc_column_text css=&#8220;&#8220;]<strong>Mag. Alfred Heiter<\/strong><\/p>\n<p><em>Mitglied<\/em>[\/vc_column_text][vc_empty_space height=&#8220;10px&#8220;][vc_column_text css=&#8220;&#8220;]Industriellenvereinigung<br \/>\nBereichsleiter Wirtschafts-, Finanz- &amp; Rechtspolitik[\/vc_column_text][\/vc_column][vc_column width=&#8220;2\/12&#8243;][vc_column_text][\/vc_column_text][\/vc_column][\/vc_row][vc_row css=&#8220;.vc_custom_1443627345253{padding-top: 10px !important;padding-bottom: 10px !important;}&#8220;][vc_column width=&#8220;2\/12&#8243;][vc_column_text][\/vc_column_text][\/vc_column][vc_column width=&#8220;8\/12&#8243;][vc_separator][\/vc_column][vc_column width=&#8220;2\/12&#8243;][vc_column_text][\/vc_column_text][\/vc_column][\/vc_row][vc_row][vc_column width=&#8220;2\/12&#8243;][vc_column_text][\/vc_column_text][\/vc_column][vc_column width=&#8220;2\/12&#8243;][vc_single_image image=&#8220;6996&#8243; css=&#8220;&#8220;][\/vc_column][vc_column width=&#8220;6\/12&#8243;][vc_column_text css=&#8220;&#8220;]<strong>Mag. Silvia Hofbauer<\/strong><\/p>\n<p><em>Mitglied<\/em>[\/vc_column_text][vc_empty_space height=&#8220;10px&#8220;][vc_column_text css=&#8220;&#8220;]Kammer f\u00fcr Arbeiter und Angestellte<br \/>\nLeiterin Abteilung Arbeitsmarkt und Integration[\/vc_column_text][\/vc_column][vc_column width=&#8220;2\/12&#8243;][vc_column_text][\/vc_column_text][\/vc_column][\/vc_row][vc_row css=&#8220;.vc_custom_1443627345253{padding-top: 10px !important;padding-bottom: 10px !important;}&#8220;][vc_column width=&#8220;2\/12&#8243;][vc_column_text][\/vc_column_text][\/vc_column][vc_column width=&#8220;8\/12&#8243;][vc_separator][\/vc_column][vc_column width=&#8220;2\/12&#8243;][vc_column_text][\/vc_column_text][\/vc_column][\/vc_row][vc_row][vc_column width=&#8220;2\/12&#8243;][vc_column_text][\/vc_column_text][\/vc_column][vc_column width=&#8220;2\/12&#8243;][vc_single_image image=&#8220;5870&#8243; css=&#8220;&#8220; el_class=&#8220;img-fixed-thumbnail&#8220;][\/vc_column][vc_column width=&#8220;6\/12&#8243;][vc_column_text]<strong>MMag. Claudia Huber<\/strong><\/p>\n<p><em>Mitglied\/Vorsitzende (alternierend)<\/em>[\/vc_column_text][vc_empty_space height=&#8220;10px&#8220;][vc_column_text css=&#8220;&#8220;]Wirtschaftskammer \u00d6sterreich<br \/>\nLeiterin Abteilung f\u00fcr Wirtschaftspolitik[\/vc_column_text][\/vc_column][vc_column width=&#8220;2\/12&#8243;][vc_column_text][\/vc_column_text][\/vc_column][\/vc_row][vc_row css=&#8220;.vc_custom_1443627345253{padding-top: 10px !important;padding-bottom: 10px !important;}&#8220;][vc_column width=&#8220;2\/12&#8243;][vc_column_text][\/vc_column_text][\/vc_column][vc_column width=&#8220;8\/12&#8243;][vc_separator][\/vc_column][vc_column width=&#8220;2\/12&#8243;][vc_column_text][\/vc_column_text][\/vc_column][\/vc_row][vc_row][vc_column width=&#8220;2\/12&#8243;][vc_column_text][\/vc_column_text][\/vc_column][vc_column width=&#8220;2\/12&#8243;][vc_single_image image=&#8220;5990&#8243; css=&#8220;&#8220; el_class=&#8220;img-fixed-thumbnail&#8220;][\/vc_column][vc_column width=&#8220;6\/12&#8243;][vc_column_text]<strong>Dr. Peter Kaluza<\/strong><\/p>\n<p><em>Mitglied\/Vorsitzender (alternierend)<\/em>[\/vc_column_text][vc_empty_space height=&#8220;10px&#8220;][vc_column_text css=&#8220;&#8220;]Landwirtschaftskammer \u00d6sterreich<br \/>\nLeiter Abteilung Rechts-, Sozial-, Steuer- und Umweltpolitik[\/vc_column_text][\/vc_column][vc_column width=&#8220;2\/12&#8243;][vc_column_text][\/vc_column_text][\/vc_column][\/vc_row][vc_row css=&#8220;.vc_custom_1443627345253{padding-top: 10px !important;padding-bottom: 10px !important;}&#8220;][vc_column width=&#8220;2\/12&#8243;][vc_column_text][\/vc_column_text][\/vc_column][vc_column width=&#8220;8\/12&#8243;][vc_separator][\/vc_column][vc_column width=&#8220;2\/12&#8243;][vc_column_text][\/vc_column_text][\/vc_column][\/vc_row][vc_row][vc_column width=&#8220;2\/12&#8243;][vc_column_text][\/vc_column_text][\/vc_column][vc_column width=&#8220;2\/12&#8243;][vc_single_image image=&#8220;6035&#8243; css=&#8220;&#8220; el_class=&#8220;img-fixed-thumbnail&#8220;][\/vc_column][vc_column width=&#8220;6\/12&#8243;][vc_column_text]<strong>Dr. Ralf Kronberger<\/strong><\/p>\n<p><em>Mitglied<\/em>[\/vc_column_text][vc_empty_space height=&#8220;10px&#8220;][vc_column_text css=&#8220;&#8220;]Wirtschaftskammer \u00d6sterreich<br \/>\nLeiter Abteilung f\u00fcr Finanz- und Steuerpolitik[\/vc_column_text][\/vc_column][vc_column width=&#8220;2\/12&#8243;][vc_column_text][\/vc_column_text][\/vc_column][\/vc_row][vc_row css=&#8220;.vc_custom_1443627345253{padding-top: 10px !important;padding-bottom: 10px !important;}&#8220;][vc_column width=&#8220;2\/12&#8243;][vc_column_text][\/vc_column_text][\/vc_column][vc_column width=&#8220;8\/12&#8243;][vc_separator][\/vc_column][vc_column width=&#8220;2\/12&#8243;][vc_column_text][\/vc_column_text][\/vc_column][\/vc_row][vc_row][vc_column width=&#8220;2\/12&#8243;][vc_column_text][\/vc_column_text][\/vc_column][vc_column width=&#8220;2\/12&#8243;][vc_single_image image=&#8220;6110&#8243; css=&#8220;&#8220; el_class=&#8220;img-fixed-thumbnail&#8220;][\/vc_column][vc_column width=&#8220;6\/12&#8243;][vc_column_text]<strong>Mag. Erich K\u00fchnelt<\/strong><\/p>\n<p><em>St\u00e4ndiger Experte<\/em>[\/vc_column_text][vc_empty_space height=&#8220;10px&#8220;][vc_column_text css=&#8220;&#8220;]Wirtschaftskammer \u00d6sterreich<br \/>\nReferent Abteilung f\u00fcr Finanz- und Steuerpolitik[\/vc_column_text][\/vc_column][vc_column width=&#8220;2\/12&#8243;][vc_column_text][\/vc_column_text][\/vc_column][\/vc_row][vc_row css=&#8220;.vc_custom_1443627345253{padding-top: 10px !important;padding-bottom: 10px !important;}&#8220;][vc_column width=&#8220;2\/12&#8243;][vc_column_text][\/vc_column_text][\/vc_column][vc_column width=&#8220;8\/12&#8243;][vc_separator][\/vc_column][vc_column width=&#8220;2\/12&#8243;][vc_column_text][\/vc_column_text][\/vc_column][\/vc_row][vc_row][vc_column width=&#8220;2\/12&#8243;][vc_column_text][\/vc_column_text][\/vc_column][vc_column width=&#8220;2\/12&#8243;][vc_single_image image=&#8220;6959&#8243; css=&#8220;&#8220;][\/vc_column][vc_column width=&#8220;6\/12&#8243;][vc_column_text css=&#8220;&#8220;]<strong>Mag. Christine Mayrhuber<\/strong><\/p>\n<p><em>St\u00e4ndige Expertin\/Stellvertreterin<\/em>[\/vc_column_text][vc_empty_space height=&#8220;10px&#8220;][vc_column_text css=&#8220;&#8220;]\u00d6sterreichisches Institut f\u00fcr Wirtschaftsforschung<br \/>\n\u00d6konomin, Arbeitsmarkt\u00f6konomie, Einkommen und soziale Sicherheit<\/p>\n<p>Copyright: WIFO\/Alexander M\u00fcller[\/vc_column_text][\/vc_column][vc_column width=&#8220;2\/12&#8243;][vc_column_text][\/vc_column_text][\/vc_column][\/vc_row][vc_row css=&#8220;.vc_custom_1443627345253{padding-top: 10px !important;padding-bottom: 10px !important;}&#8220;][vc_column width=&#8220;2\/12&#8243;][vc_column_text][\/vc_column_text][\/vc_column][vc_column width=&#8220;8\/12&#8243;][vc_separator][\/vc_column][vc_column width=&#8220;2\/12&#8243;][vc_column_text][\/vc_column_text][\/vc_column][\/vc_row][vc_row][vc_column width=&#8220;2\/12&#8243;][vc_column_text][\/vc_column_text][\/vc_column][vc_column width=&#8220;2\/12&#8243;][vc_single_image image=&#8220;7141&#8243; css=&#8220;&#8220;][\/vc_column][vc_column width=&#8220;6\/12&#8243;][vc_column_text css=&#8220;&#8220;]<b>Mattias Muckenhuber, MSc<\/b><\/p>\n<p><em>Mitglied<\/em>[\/vc_column_text][vc_empty_space height=&#8220;10px&#8220;][vc_column_text css=&#8220;&#8220;]\u00d6sterreichischer Gewerkschaftsbund<br \/>\nVolkswirtschaftliches Referat<\/p>\n<p>copyright: \u00d6GB@Roland_de_Roo[\/vc_column_text][\/vc_column][vc_column width=&#8220;2\/12&#8243;][vc_column_text][\/vc_column_text][\/vc_column][\/vc_row][vc_row css=&#8220;.vc_custom_1443627345253{padding-top: 10px !important;padding-bottom: 10px !important;}&#8220;][vc_column width=&#8220;2\/12&#8243;][vc_column_text][\/vc_column_text][\/vc_column][vc_column width=&#8220;8\/12&#8243;][vc_separator][\/vc_column][vc_column width=&#8220;2\/12&#8243;][vc_column_text][\/vc_column_text][\/vc_column][\/vc_row][vc_row][vc_column width=&#8220;2\/12&#8243;][vc_column_text][\/vc_column_text][\/vc_column][vc_column width=&#8220;2\/12&#8243;][vc_single_image image=&#8220;7172&#8243; css=&#8220;&#8220;][\/vc_column][vc_column width=&#8220;6\/12&#8243;][vc_column_text css=&#8220;&#8220;]<b>Mag.a Sybille Pirklbauer<\/b><\/p>\n<p><em>Mitglied<\/em>[\/vc_column_text][vc_empty_space height=&#8220;10px&#8220;][vc_column_text css=&#8220;&#8220;]Kammer f\u00fcr Arbeiter und Angestellte<br \/>\nLeiterin der Abteilung Sozialpolitik<\/p>\n<p>&nbsp;<\/p>\n<p>copyright: Katharina Hammer[\/vc_column_text][\/vc_column][vc_column width=&#8220;2\/12&#8243;][vc_column_text][\/vc_column_text][\/vc_column][\/vc_row][vc_row css=&#8220;.vc_custom_1443627345253{padding-top: 10px !important;padding-bottom: 10px !important;}&#8220;][vc_column width=&#8220;2\/12&#8243;][vc_column_text][\/vc_column_text][\/vc_column][vc_column width=&#8220;8\/12&#8243;][vc_separator][\/vc_column][vc_column width=&#8220;2\/12&#8243;][vc_column_text][\/vc_column_text][\/vc_column][\/vc_row][vc_row][vc_column width=&#8220;2\/12&#8243;][vc_column_text][\/vc_column_text][\/vc_column][vc_column width=&#8220;2\/12&#8243;][vc_single_image image=&#8220;6791&#8243; css=&#8220;&#8220;][\/vc_column][vc_column width=&#8220;6\/12&#8243;][vc_column_text css=&#8220;&#8220;]<strong>Mag. Angela Pfister<\/strong><\/p>\n<p><em>Mitglied\/Vorsitzende (alternierend)<\/em>[\/vc_column_text][vc_empty_space height=&#8220;10px&#8220;][vc_column_text css=&#8220;&#8220;]\u00d6sterreichischer Gewerkschaftsbund<br \/>\nLeiterin Volkswirtschaftliches Referat<\/p>\n<p>&nbsp;<\/p>\n<p>copyright: \u00d6GB\/Elisabeth Mandl[\/vc_column_text][\/vc_column][vc_column width=&#8220;2\/12&#8243;][vc_column_text][\/vc_column_text][\/vc_column][\/vc_row][vc_row css=&#8220;.vc_custom_1443627345253{padding-top: 10px !important;padding-bottom: 10px !important;}&#8220;][vc_column width=&#8220;2\/12&#8243;][vc_column_text][\/vc_column_text][\/vc_column][vc_column width=&#8220;8\/12&#8243;][vc_separator][\/vc_column][vc_column width=&#8220;2\/12&#8243;][vc_column_text][\/vc_column_text][\/vc_column][\/vc_row][vc_row][vc_column width=&#8220;2\/12&#8243;][vc_column_text][\/vc_column_text][\/vc_column][vc_column width=&#8220;2\/12&#8243;][\/vc_column][vc_column width=&#8220;6\/12&#8243;][vc_column_text css=&#8220;&#8220;]<strong>Mag. Martin Reiter LL.M<\/strong><\/p>\n<p><em>Mitglied<\/em>[\/vc_column_text][vc_empty_space height=&#8220;10px&#8220;][vc_column_text css=&#8220;&#8220;]\u00d6sterreichischer Gewerkschaftsbund<\/p>\n<p>Leiter Klimab\u00fcro[\/vc_column_text][\/vc_column][vc_column width=&#8220;2\/12&#8243;][vc_column_text][\/vc_column_text][\/vc_column][\/vc_row][vc_row css=&#8220;.vc_custom_1443627345253{padding-top: 10px !important;padding-bottom: 10px !important;}&#8220;][vc_column width=&#8220;2\/12&#8243;][vc_column_text][\/vc_column_text][\/vc_column][vc_column width=&#8220;8\/12&#8243;][vc_separator][\/vc_column][vc_column width=&#8220;2\/12&#8243;][vc_column_text][\/vc_column_text][\/vc_column][\/vc_row][vc_row][vc_column width=&#8220;2\/12&#8243;][vc_column_text][\/vc_column_text][\/vc_column][vc_column width=&#8220;2\/12&#8243;][vc_single_image image=&#8220;6128&#8243; css=&#8220;&#8220; el_class=&#8220;img-fixed-thumbnail&#8220;][\/vc_column][vc_column width=&#8220;6\/12&#8243;][vc_column_text]<strong>Mag. Christa Schlager<\/strong><\/p>\n<p><em>St\u00e4ndige Expertin<\/em>[\/vc_column_text][vc_empty_space height=&#8220;10px&#8220;][vc_column_text css=&#8220;&#8220;]Kammer f\u00fcr Arbeiter und Angestellte<br \/>\nLeiterin Abteilung Wirtschaftspolitik[\/vc_column_text][\/vc_column][vc_column width=&#8220;2\/12&#8243;][vc_column_text][\/vc_column_text][\/vc_column][\/vc_row][vc_row css=&#8220;.vc_custom_1443627345253{padding-top: 10px !important;padding-bottom: 10px !important;}&#8220;][vc_column width=&#8220;2\/12&#8243;][vc_column_text][\/vc_column_text][\/vc_column][vc_column width=&#8220;8\/12&#8243;][vc_separator][\/vc_column][vc_column width=&#8220;2\/12&#8243;][vc_column_text][\/vc_column_text][\/vc_column][\/vc_row][vc_row][vc_column width=&#8220;2\/12&#8243;][vc_column_text][\/vc_column_text][\/vc_column][vc_column width=&#8220;2\/12&#8243;][vc_single_image image=&#8220;6076&#8243; css=&#8220;&#8220; el_class=&#8220;img-fixed-thumbnail&#8220;][\/vc_column][vc_column width=&#8220;6\/12&#8243;][vc_column_text]<strong>Peter Schleinbach<\/strong><\/p>\n<p><em>Mitglied<\/em>[\/vc_column_text][vc_empty_space height=&#8220;10px&#8220;][vc_column_text css=&#8220;&#8220;]\u00d6sterreichischer Gewerkschaftsbund<br \/>\nBundessekret\u00e4r in der Abteilung Kollektivvertragspolitik und Branchenaussch\u00fcsse der Gewerkschaft PRO-GE[\/vc_column_text][\/vc_column][vc_column width=&#8220;2\/12&#8243;][vc_column_text][\/vc_column_text][\/vc_column][\/vc_row][vc_row css=&#8220;.vc_custom_1443627345253{padding-top: 10px !important;padding-bottom: 10px !important;}&#8220;][vc_column width=&#8220;2\/12&#8243;][vc_column_text][\/vc_column_text][\/vc_column][vc_column width=&#8220;8\/12&#8243;][vc_separator][\/vc_column][vc_column width=&#8220;2\/12&#8243;][vc_column_text][\/vc_column_text][\/vc_column][\/vc_row][vc_row][vc_column width=&#8220;2\/12&#8243;][vc_column_text][\/vc_column_text][\/vc_column][vc_column width=&#8220;2\/12&#8243;][vc_single_image image=&#8220;7159&#8243; css=&#8220;&#8220;][\/vc_column][vc_column width=&#8220;6\/12&#8243;][vc_column_text css=&#8220;&#8220;]<strong>Dr. Matthias Schnetzer<\/strong><\/p>\n<p><em>Mitglied<\/em>[\/vc_column_text][vc_empty_space height=&#8220;10px&#8220;][vc_column_text css=&#8220;&#8220;]Kammer f\u00fcr Arbeiter und Angestellte<br \/>\nLeiter Abteilung Wirtschaftswissenschaft und Statistik<\/p>\n<p>&nbsp;<\/p>\n<p>copyright: Johannes Zinner[\/vc_column_text][\/vc_column][vc_column width=&#8220;2\/12&#8243;][vc_column_text][\/vc_column_text][\/vc_column][\/vc_row][vc_row css=&#8220;.vc_custom_1443627345253{padding-top: 10px !important;padding-bottom: 10px !important;}&#8220;][vc_column width=&#8220;2\/12&#8243;][vc_column_text][\/vc_column_text][\/vc_column][vc_column width=&#8220;8\/12&#8243;][vc_separator][\/vc_column][vc_column width=&#8220;2\/12&#8243;][vc_column_text][\/vc_column_text][\/vc_column][\/vc_row][vc_row][vc_column width=&#8220;2\/12&#8243;][vc_column_text][\/vc_column_text][\/vc_column][vc_column width=&#8220;2\/12&#8243;][vc_single_image image=&#8220;6234&#8243; css=&#8220;&#8220; el_class=&#8220;img-fixed-thumbnail&#8220;][\/vc_column][vc_column width=&#8220;6\/12&#8243;][vc_column_text]<strong>Mag. Tobias Schweitzer<\/strong><\/p>\n<p><em>Mitglied\/Vorsitzender (alternierend)<\/em>[\/vc_column_text][vc_empty_space height=&#8220;10px&#8220;][vc_column_text css=&#8220;&#8220;]Kammer f\u00fcr Arbeiter und Angestellte<br \/>\nLeiter Bereich Wirtschaft[\/vc_column_text][\/vc_column][vc_column width=&#8220;2\/12&#8243;][vc_column_text][\/vc_column_text][\/vc_column][\/vc_row][vc_row css=&#8220;.vc_custom_1443627345253{padding-top: 10px !important;padding-bottom: 10px !important;}&#8220;][vc_column width=&#8220;2\/12&#8243;][vc_column_text][\/vc_column_text][\/vc_column][vc_column width=&#8220;8\/12&#8243;][vc_separator][\/vc_column][vc_column width=&#8220;2\/12&#8243;][vc_column_text][\/vc_column_text][\/vc_column][\/vc_row][vc_row][vc_column width=&#8220;2\/12&#8243;][vc_column_text][\/vc_column_text][\/vc_column][vc_column width=&#8220;2\/12&#8243;][vc_single_image image=&#8220;7075&#8243; css=&#8220;&#8220; el_class=&#8220;img-fixed-thumbnail&#8220;][\/vc_column][vc_column width=&#8220;6\/12&#8243;][vc_column_text css=&#8220;&#8220;]<strong>Mag. J\u00fcrgen Streitner<\/strong><\/p>\n<p>St\u00e4ndiger Experte[\/vc_column_text][vc_empty_space height=&#8220;10px&#8220;][vc_column_text css=&#8220;&#8220;]Wirtschaftskammer \u00d6sterreich<br \/>\nLeiter Abteilung f\u00fcr Umwelt- und Energiepolitik[\/vc_column_text][\/vc_column][vc_column width=&#8220;2\/12&#8243;][vc_column_text][\/vc_column_text][\/vc_column][\/vc_row][vc_row css=&#8220;.vc_custom_1443627345253{padding-top: 10px !important;padding-bottom: 10px !important;}&#8220;][vc_column width=&#8220;2\/12&#8243;][vc_column_text][\/vc_column_text][\/vc_column][vc_column width=&#8220;8\/12&#8243;][vc_separator][\/vc_column][vc_column width=&#8220;2\/12&#8243;][vc_column_text][\/vc_column_text][\/vc_column][\/vc_row][vc_row][vc_column width=&#8220;2\/12&#8243;][vc_column_text][\/vc_column_text][\/vc_column][vc_column width=&#8220;2\/12&#8243;][vc_single_image image=&#8220;6898&#8243; css=&#8220;&#8220;][\/vc_column][vc_column width=&#8220;6\/12&#8243;][vc_column_text css=&#8220;&#8220;]<strong>DI Andreas Thurner\u00a0<\/strong><\/p>\n<p><em>Mitglied<\/em>[\/vc_column_text][vc_empty_space height=&#8220;10px&#8220;][vc_column_text css=&#8220;&#8220;]Landwirtschaftskammer \u00d6sterreich<\/p>\n<p>Referatsleiter EU und Internationale Beziehungen[\/vc_column_text][\/vc_column][vc_column width=&#8220;2\/12&#8243;][vc_column_text][\/vc_column_text][\/vc_column][\/vc_row][vc_row css=&#8220;.vc_custom_1443627345253{padding-top: 10px !important;padding-bottom: 10px !important;}&#8220;][vc_column width=&#8220;2\/12&#8243;][vc_column_text][\/vc_column_text][\/vc_column][vc_column width=&#8220;8\/12&#8243;][vc_separator][\/vc_column][vc_column width=&#8220;2\/12&#8243;][vc_column_text][\/vc_column_text][\/vc_column][\/vc_row][vc_row][vc_column width=&#8220;2\/12&#8243;][vc_column_text][\/vc_column_text][\/vc_column][vc_column width=&#8220;2\/12&#8243;][vc_single_image image=&#8220;5627&#8243; img_size=&#8220;150 x 150&#8243; css=&#8220;&#8220; el_class=&#8220;img-fixed-thumbnail&#8220;][\/vc_column][vc_column width=&#8220;6\/12&#8243;][vc_column_text]<strong>Ing. Mag. Johann Zimmermann<\/strong><\/p>\n<p><em>Mitglied<\/em>[\/vc_column_text][vc_empty_space height=&#8220;10px&#8220;][vc_column_text css=&#8220;&#8220;]Landwirtschaftskammer \u00d6sterreich<br \/>\nGeneralsekret\u00e4r-Stellvertreter[\/vc_column_text][\/vc_column][vc_column width=&#8220;2\/12&#8243;][vc_column_text][\/vc_column_text][\/vc_column][\/vc_row][vc_row css=&#8220;.vc_custom_1443627345253{padding-top: 10px !important;padding-bottom: 10px !important;}&#8220;][vc_column width=&#8220;2\/12&#8243;][vc_column_text][\/vc_column_text][\/vc_column][vc_column width=&#8220;8\/12&#8243;][vc_separator][\/vc_column][vc_column width=&#8220;2\/12&#8243;][vc_column_text][\/vc_column_text][\/vc_column][\/vc_row][vc_row css=&#8220;.vc_custom_1443686438762{padding-top: 10px !important;}&#8220;][vc_column width=&#8220;2\/12&#8243;][vc_column_text][\/vc_column_text][\/vc_column][vc_column width=&#8220;8\/12&#8243;][vc_column_text]<strong>Gesch\u00e4ftsf\u00fchrung<\/strong>[\/vc_column_text][\/vc_column][vc_column width=&#8220;2\/12&#8243;][vc_column_text][\/vc_column_text][\/vc_column][\/vc_row][vc_row css=&#8220;.vc_custom_1443686280717{padding-bottom: 10px !important;}&#8220;][vc_column width=&#8220;2\/12&#8243;][vc_column_text][\/vc_column_text][\/vc_column][vc_column width=&#8220;8\/12&#8243;][vc_separator][\/vc_column][vc_column width=&#8220;2\/12&#8243;][vc_column_text][\/vc_column_text][\/vc_column][\/vc_row][vc_row][vc_column width=&#8220;2\/12&#8243;][vc_column_text][\/vc_column_text][\/vc_column][vc_column width=&#8220;2\/12&#8243;][vc_single_image image=&#8220;7325&#8243; css=&#8220;&#8220; el_class=&#8220;img-fixed-thumbnail&#8220;][\/vc_column][vc_column width=&#8220;6\/12&#8243;][vc_column_text css=&#8220;&#8220;]<strong>Mag. Karin Steigenberger, BA<\/strong><\/p>\n<p><em>Gesch\u00e4ftsf\u00fchrerin<\/em>[\/vc_column_text][vc_empty_space height=&#8220;10px&#8220;][vc_column_text css=&#8220;&#8220;]Wirtschaftskammer \u00d6sterreich\/WK\u00d6<br \/>\nReferentin Abteilung f\u00fcr Wirtschaftspolitik[\/vc_column_text][\/vc_column][vc_column width=&#8220;2\/12&#8243;][vc_column_text][\/vc_column_text][\/vc_column][\/vc_row][vc_row css=&#8220;.vc_custom_1443627345253{padding-top: 10px !important;padding-bottom: 10px !important;}&#8220;][vc_column width=&#8220;2\/12&#8243;][vc_column_text][\/vc_column_text][\/vc_column][vc_column width=&#8220;8\/12&#8243;][vc_separator][\/vc_column][vc_column width=&#8220;2\/12&#8243;][vc_column_text][\/vc_column_text][\/vc_column][\/vc_row][vc_row][vc_column width=&#8220;2\/12&#8243;][vc_column_text][\/vc_column_text][\/vc_column][vc_column width=&#8220;2\/12&#8243;][vc_single_image image=&#8220;6136&#8243; css=&#8220;&#8220; el_class=&#8220;img-fixed-thumbnail&#8220;][\/vc_column][vc_column width=&#8220;6\/12&#8243;][vc_column_text]<strong>Mag. Thomas Zotter<\/strong><\/p>\n<p><em>Gesch\u00e4ftsf\u00fchrer<\/em>[\/vc_column_text][vc_empty_space height=&#8220;10px&#8220;][vc_column_text css=&#8220;&#8220;]Kammer f\u00fcr Arbeiter und Angestellte\/AK Wien<br \/>\nReferent Bereich Wirtschaftswissenschaft[\/vc_column_text][\/vc_column][vc_column width=&#8220;2\/12&#8243;][vc_column_text][\/vc_column_text][\/vc_column][\/vc_row][vc_row][vc_column width=&#8220;2\/12&#8243;][vc_column_text][\/vc_column_text][\/vc_column][vc_column width=&#8220;8\/12&#8243;][vc_single_image image=&#8220;246&#8243; img_size=&#8220;full&#8220; alignment=&#8220;center&#8220; css=&#8220;.vc_custom_1443686347305{padding-top: 10px !important;padding-bottom: 0px !important;}&#8220;][\/vc_column][vc_column width=&#8220;2\/12&#8243;][vc_column_text][\/vc_column_text][\/vc_column][\/vc_row][vc_row css=&#8220;.vc_custom_1443686469732{padding-top: 10px !important;}&#8220;][vc_column width=&#8220;2\/12&#8243;][vc_column_text][\/vc_column_text][\/vc_column][vc_column width=&#8220;8\/12&#8243;][vc_column_text]<strong>Stellvertretung der Gesch\u00e4ftsf\u00fchrung<\/strong>[\/vc_column_text][\/vc_column][vc_column width=&#8220;2\/12&#8243;][vc_column_text][\/vc_column_text][\/vc_column][\/vc_row][vc_row css=&#8220;.vc_custom_1443686271399{padding-bottom: 10px !important;}&#8220;][vc_column width=&#8220;2\/12&#8243;][vc_column_text][\/vc_column_text][\/vc_column][vc_column width=&#8220;8\/12&#8243;][vc_separator][\/vc_column][vc_column width=&#8220;2\/12&#8243;][vc_column_text][\/vc_column_text][\/vc_column][\/vc_row][vc_row][vc_column width=&#8220;2\/12&#8243;][vc_column_text][\/vc_column_text][\/vc_column][vc_column width=&#8220;2\/12&#8243;][vc_single_image image=&#8220;6144&#8243; css=&#8220;&#8220; el_class=&#8220;img-fixed-thumbnail&#8220;][\/vc_column][vc_column width=&#8220;6\/12&#8243;][vc_column_text]<strong>Mag. Nikolai Soukup<\/strong><\/p>\n<p><em>Stellvertretung der Gesch\u00e4ftsf\u00fchrung <\/em>[\/vc_column_text][vc_empty_space height=&#8220;10px&#8220;][vc_column_text css=&#8220;&#8220;]Kammer f\u00fcr Arbeiter und Angestellte\/AK Wien<br \/>\nReferent Abteilung Sozialpolitik[\/vc_column_text][\/vc_column][vc_column width=&#8220;2\/12&#8243;][vc_column_text][\/vc_column_text][\/vc_column][\/vc_row][vc_row css=&#8220;.vc_custom_1443627345253{padding-top: 10px !important;padding-bottom: 10px !important;}&#8220;][vc_column width=&#8220;2\/12&#8243;][vc_column_text][\/vc_column_text][\/vc_column][vc_column width=&#8220;8\/12&#8243;][vc_separator][\/vc_column][vc_column width=&#8220;2\/12&#8243;][vc_column_text][\/vc_column_text][\/vc_column][\/vc_row][vc_row][vc_column width=&#8220;2\/12&#8243;][vc_column_text][\/vc_column_text][\/vc_column][vc_column width=&#8220;2\/12&#8243;][vc_single_image image=&#8220;5902&#8243; css=&#8220;&#8220; el_class=&#8220;img-fixed-thumbnail&#8220;][\/vc_column][vc_column width=&#8220;6\/12&#8243;][vc_column_text]<strong>Mag. Maria Kaun<\/strong><\/p>\n<p><em>Stellvertreterin der Gesch\u00e4ftsf\u00fchrung<\/em>[\/vc_column_text][vc_empty_space height=&#8220;10px&#8220;][vc_column_text css=&#8220;&#8220;]Wirtschaftskammer \u00d6sterreich\/WK\u00d6<br \/>\nReferentin Abteilung f\u00fcr Sozial- und Gesundheitspolitik[\/vc_column_text][\/vc_column][vc_column width=&#8220;2\/12&#8243;][vc_column_text][\/vc_column_text][\/vc_column][\/vc_row][vc_row][vc_column width=&#8220;2\/12&#8243;][vc_column_text][\/vc_column_text][\/vc_column][vc_column width=&#8220;8\/12&#8243;][vc_single_image image=&#8220;246&#8243; img_size=&#8220;full&#8220; alignment=&#8220;center&#8220; css=&#8220;.vc_custom_1443686165924{padding-top: 20px !important;padding-bottom: 0px !important;}&#8220;][\/vc_column][vc_column width=&#8220;2\/12&#8243;][vc_column_text][\/vc_column_text][\/vc_column][\/vc_row][vc_row css=&#8220;.vc_custom_1441207352095{padding-top: 20px !important;}&#8220;][vc_column width=&#8220;2\/12&#8243;][vc_column_text][\/vc_column_text][\/vc_column][vc_column width=&#8220;8\/12&#8243;][vc_custom_heading text=&#8220;NEUE MITGLIEDER SEIT 1963&#8243; font_container=&#8220;tag:h2|text_align:center&#8220; use_theme_fonts=&#8220;yes&#8220;][\/vc_column][vc_column width=&#8220;2\/12&#8243;][vc_column_text][\/vc_column_text][\/vc_column][\/vc_row][vc_row css=&#8220;.vc_custom_1437125794195{padding-top: 30px !important;}&#8220;][vc_column width=&#8220;2\/12&#8243;][vc_column_text][\/vc_column_text][\/vc_column][vc_column width=&#8220;8\/12&#8243;]<div class=\"sp-year-slider-element-wrapper \">\r\n                      <div class=\"sp-year-slider-wrapper\">\r\n                        <div class=\"swiper-container sp-year-slider\">\r\n                          <div class=\"swiper-wrapper\"><div class=\"swiper-slide\">1963<\/div><div class=\"swiper-slide\">1964<\/div><div class=\"swiper-slide\">1965<\/div><div class=\"swiper-slide\">1967<\/div><div class=\"swiper-slide\">1969<\/div><div class=\"swiper-slide\">1970<\/div><div class=\"swiper-slide\">1972<\/div><div class=\"swiper-slide\">1973<\/div><div class=\"swiper-slide\">1974<\/div><div class=\"swiper-slide\">1976<\/div><div class=\"swiper-slide\">1977<\/div><div class=\"swiper-slide\">1978<\/div><div class=\"swiper-slide\">1979<\/div><div class=\"swiper-slide\">1981<\/div><div class=\"swiper-slide\">1982<\/div><div class=\"swiper-slide\">1983<\/div><div class=\"swiper-slide\">1984<\/div><div class=\"swiper-slide\">1985<\/div><div class=\"swiper-slide\">1986<\/div><div class=\"swiper-slide\">1987<\/div><div class=\"swiper-slide\">1988<\/div><div class=\"swiper-slide\">1989<\/div><div class=\"swiper-slide\">1990<\/div><div class=\"swiper-slide\">1992<\/div><div class=\"swiper-slide\">1993<\/div><div class=\"swiper-slide\">1994<\/div><div class=\"swiper-slide\">1995<\/div><div class=\"swiper-slide\">1997<\/div><div class=\"swiper-slide\">1998<\/div><div class=\"swiper-slide\">1999<\/div><div class=\"swiper-slide\">2000<\/div><div class=\"swiper-slide\">2001<\/div><div class=\"swiper-slide\">2002<\/div><div class=\"swiper-slide\">2003<\/div><div class=\"swiper-slide\">2004<\/div><div class=\"swiper-slide\">2005<\/div><div class=\"swiper-slide\">2006<\/div><div class=\"swiper-slide\">2007<\/div><div class=\"swiper-slide\">2008<\/div><div class=\"swiper-slide\">2009<\/div><div class=\"swiper-slide\">2010<\/div><div class=\"swiper-slide\">2011<\/div><div class=\"swiper-slide\">2012<\/div><div class=\"swiper-slide\">2013<\/div><div class=\"swiper-slide\">2014<\/div><div class=\"swiper-slide\">2022<\/div><\/div>\r\n                      <\/div>\r\n                        <div class=\"sp-button-prev sp-disabled\"><a href=\"#\"><i class=\"fa fa-angle-left\"><\/i><\/a><\/div>\r\n                        <div class=\"sp-button-next\"><a href=\"#\"><i class=\"fa fa-angle-right\"><\/i><\/a><\/div>\r\n                      <\/div><div class=\"sp-year-slider-content\">\r\n                      <div class=\"tab-content\"><div role=\"tabpanel\" class=\"tab-pane active\"> <div class=\"sp-year-member-single-outer\">\r\n                            <div class=\"sp-year-member-single\">\r\n                             <div class=\"sp-year-member-position\">St\u00e4ndige ExpertInnen<\/div>\r\n                             <div class=\"sp-year-member-name\">Hans SEIDEL<\/div>\r\n                            <\/div>\r\n                          <\/div> <div class=\"sp-year-member-single-outer\">\r\n                            <div class=\"sp-year-member-single\">\r\n                             <div class=\"sp-year-member-position\">Gesch\u00e4ftsf\u00fchrung<\/div>\r\n                             <div class=\"sp-year-member-name\">Philipp RIEGER<\/div>\r\n                            <\/div>\r\n                          <\/div> <div class=\"sp-year-member-single-outer\">\r\n                            <div class=\"sp-year-member-single\">\r\n                             <div class=\"sp-year-member-position\">Gesch\u00e4ftsf\u00fchrung<\/div>\r\n                             <div class=\"sp-year-member-name\">Norbert BISCHOF<\/div>\r\n                            <\/div>\r\n                          <\/div> <div class=\"sp-year-member-single-outer\">\r\n                            <div class=\"sp-year-member-single\">\r\n                             <div class=\"sp-year-member-position\">Mitglieder<\/div>\r\n                             <div class=\"sp-year-member-name\">Gerhard WEISSENBERG<\/div>\r\n                            <\/div>\r\n                          <\/div> <div class=\"sp-year-member-single-outer\">\r\n                            <div class=\"sp-year-member-single\">\r\n                             <div class=\"sp-year-member-position\">Mitglieder<\/div>\r\n                             <div class=\"sp-year-member-name\">Franz STUMMER<\/div>\r\n                            <\/div>\r\n                          <\/div> <div class=\"sp-year-member-single-outer\">\r\n                            <div class=\"sp-year-member-single\">\r\n                             <div class=\"sp-year-member-position\">Mitglieder<\/div>\r\n                             <div class=\"sp-year-member-name\">Josef STARIBACHER<\/div>\r\n                            <\/div>\r\n                          <\/div> <div class=\"sp-year-member-single-outer\">\r\n                            <div class=\"sp-year-member-single\">\r\n                             <div class=\"sp-year-member-position\">Mitglieder<\/div>\r\n                             <div class=\"sp-year-member-name\">Rudolf SCHUBERTH<\/div>\r\n                            <\/div>\r\n                          <\/div> <div class=\"sp-year-member-single-outer\">\r\n                            <div class=\"sp-year-member-single\">\r\n                             <div class=\"sp-year-member-position\">Mitglieder<\/div>\r\n                             <div class=\"sp-year-member-name\">Wolfgang SCHMITZ<\/div>\r\n                            <\/div>\r\n                          <\/div> <div class=\"sp-year-member-single-outer\">\r\n                            <div class=\"sp-year-member-single\">\r\n                             <div class=\"sp-year-member-position\">Mitglieder<\/div>\r\n                             <div class=\"sp-year-member-name\">Romuald RIEDL<\/div>\r\n                            <\/div>\r\n                          <\/div> <div class=\"sp-year-member-single-outer\">\r\n                            <div class=\"sp-year-member-single\">\r\n                             <div class=\"sp-year-member-position\">Mitglieder<\/div>\r\n                             <div class=\"sp-year-member-name\">Eduard M\u00c4RZ<\/div>\r\n                            <\/div>\r\n                          <\/div> <div class=\"sp-year-member-single-outer\">\r\n                            <div class=\"sp-year-member-single\">\r\n                             <div class=\"sp-year-member-position\">Mitglieder<\/div>\r\n                             <div class=\"sp-year-member-name\">Kunata KOTTULINSKY<\/div>\r\n                            <\/div>\r\n                          <\/div> <div class=\"sp-year-member-single-outer\">\r\n                            <div class=\"sp-year-member-single\">\r\n                             <div class=\"sp-year-member-position\">Mitglieder<\/div>\r\n                             <div class=\"sp-year-member-name\">Herbert KINZEL<\/div>\r\n                            <\/div>\r\n                          <\/div> <div class=\"sp-year-member-single-outer\">\r\n                            <div class=\"sp-year-member-single\">\r\n                             <div class=\"sp-year-member-position\">Mitglieder<\/div>\r\n                             <div class=\"sp-year-member-name\">Heinz KIENZL<\/div>\r\n                            <\/div>\r\n                          <\/div> <div class=\"sp-year-member-single-outer\">\r\n                            <div class=\"sp-year-member-single\">\r\n                             <div class=\"sp-year-member-position\">Mitglieder<\/div>\r\n                             <div class=\"sp-year-member-name\">Rudolf KARALL<\/div>\r\n                            <\/div>\r\n                          <\/div> <div class=\"sp-year-member-single-outer\">\r\n                            <div class=\"sp-year-member-single\">\r\n                             <div class=\"sp-year-member-position\">Mitglieder<\/div>\r\n                             <div class=\"sp-year-member-name\">Wilhelm HRDLITSCHKA<\/div>\r\n                            <\/div>\r\n                          <\/div><div class=\"clearfix\"><\/div><\/div><div role=\"tabpanel\" class=\"tab-pane active\"> <div class=\"sp-year-member-single-outer\">\r\n                            <div class=\"sp-year-member-single\">\r\n                             <div class=\"sp-year-member-position\">Mitglieder<\/div>\r\n                             <div class=\"sp-year-member-name\">Alfred KLOSE<\/div>\r\n                            <\/div>\r\n                          <\/div> <div class=\"sp-year-member-single-outer\">\r\n                            <div class=\"sp-year-member-single\">\r\n                             <div class=\"sp-year-member-position\">Mitglieder<\/div>\r\n                             <div class=\"sp-year-member-name\">Karl HEDRICH<\/div>\r\n                            <\/div>\r\n                          <\/div><div class=\"clearfix\"><\/div><\/div><div role=\"tabpanel\" class=\"tab-pane \"> <div class=\"sp-year-member-single-outer\">\r\n                            <div class=\"sp-year-member-single\">\r\n                             <div class=\"sp-year-member-position\">Gesch\u00e4ftsf\u00fchrung<\/div>\r\n                             <div class=\"sp-year-member-name\">Ernst Eugen VESELSKY<\/div>\r\n                            <\/div>\r\n                          <\/div> <div class=\"sp-year-member-single-outer\">\r\n                            <div class=\"sp-year-member-single\">\r\n                             <div class=\"sp-year-member-position\">Gesch\u00e4ftsf\u00fchrung<\/div>\r\n                             <div class=\"sp-year-member-name\">J\u00f6rg SCHRAM<\/div>\r\n                            <\/div>\r\n                          <\/div> <div class=\"sp-year-member-single-outer\">\r\n                            <div class=\"sp-year-member-single\">\r\n                             <div class=\"sp-year-member-position\">Mitglieder<\/div>\r\n                             <div class=\"sp-year-member-name\">Hans LITSCHAUER<\/div>\r\n                            <\/div>\r\n                          <\/div> <div class=\"sp-year-member-single-outer\">\r\n                            <div class=\"sp-year-member-single\">\r\n                             <div class=\"sp-year-member-position\">Mitglieder<\/div>\r\n                             <div class=\"sp-year-member-name\">Franz KORINEK<\/div>\r\n                            <\/div>\r\n                          <\/div><div class=\"clearfix\"><\/div><\/div><div role=\"tabpanel\" class=\"tab-pane \"> <div class=\"sp-year-member-single-outer\">\r\n                            <div class=\"sp-year-member-single\">\r\n                             <div class=\"sp-year-member-position\">Mitglieder<\/div>\r\n                             <div class=\"sp-year-member-name\">Klaus WEJWODA<\/div>\r\n                            <\/div>\r\n                          <\/div><div class=\"clearfix\"><\/div><\/div><div role=\"tabpanel\" class=\"tab-pane \"> <div class=\"sp-year-member-single-outer\">\r\n                            <div class=\"sp-year-member-single\">\r\n                             <div class=\"sp-year-member-position\">Gesch\u00e4ftsf\u00fchrung<\/div>\r\n                             <div class=\"sp-year-member-name\">Werner BIRNBAUMER<\/div>\r\n                            <\/div>\r\n                          <\/div> <div class=\"sp-year-member-single-outer\">\r\n                            <div class=\"sp-year-member-single\">\r\n                             <div class=\"sp-year-member-position\">Mitglieder<\/div>\r\n                             <div class=\"sp-year-member-name\">Manfred DRENNIG<\/div>\r\n                            <\/div>\r\n                          <\/div><div class=\"clearfix\"><\/div><\/div><div role=\"tabpanel\" class=\"tab-pane \"> <div class=\"sp-year-member-single-outer\">\r\n                            <div class=\"sp-year-member-single\">\r\n                             <div class=\"sp-year-member-position\">Gesch\u00e4ftsf\u00fchrung<\/div>\r\n                             <div class=\"sp-year-member-name\">Hans REITHOFER<\/div>\r\n                            <\/div>\r\n                          <\/div> <div class=\"sp-year-member-single-outer\">\r\n                            <div class=\"sp-year-member-single\">\r\n                             <div class=\"sp-year-member-position\">Mitglieder<\/div>\r\n                             <div class=\"sp-year-member-name\">Otto Z\u00d6LLNER<\/div>\r\n                            <\/div>\r\n                          <\/div> <div class=\"sp-year-member-single-outer\">\r\n                            <div class=\"sp-year-member-single\">\r\n                             <div class=\"sp-year-member-position\">Mitglieder<\/div>\r\n                             <div class=\"sp-year-member-name\">Thomas LACHS<\/div>\r\n                            <\/div>\r\n                          <\/div> <div class=\"sp-year-member-single-outer\">\r\n                            <div class=\"sp-year-member-single\">\r\n                             <div class=\"sp-year-member-position\">Mitglieder<\/div>\r\n                             <div class=\"sp-year-member-name\">Christian FESTA<\/div>\r\n                            <\/div>\r\n                          <\/div><div class=\"clearfix\"><\/div><\/div><div role=\"tabpanel\" class=\"tab-pane \"> <div class=\"sp-year-member-single-outer\">\r\n                            <div class=\"sp-year-member-single\">\r\n                             <div class=\"sp-year-member-position\">Mitglieder<\/div>\r\n                             <div class=\"sp-year-member-name\">Sepp WILLE<\/div>\r\n                            <\/div>\r\n                          <\/div> <div class=\"sp-year-member-single-outer\">\r\n                            <div class=\"sp-year-member-single\">\r\n                             <div class=\"sp-year-member-position\">Mitglieder<\/div>\r\n                             <div class=\"sp-year-member-name\">Maria SZECSI<\/div>\r\n                            <\/div>\r\n                          <\/div><div class=\"clearfix\"><\/div><\/div><div role=\"tabpanel\" class=\"tab-pane \"> <div class=\"sp-year-member-single-outer\">\r\n                            <div class=\"sp-year-member-single\">\r\n                             <div class=\"sp-year-member-position\">Gesch\u00e4ftsf\u00fchrung<\/div>\r\n                             <div class=\"sp-year-member-name\">Klaus HECKE<\/div>\r\n                            <\/div>\r\n                          <\/div> <div class=\"sp-year-member-single-outer\">\r\n                            <div class=\"sp-year-member-single\">\r\n                             <div class=\"sp-year-member-position\">Mitglieder<\/div>\r\n                             <div class=\"sp-year-member-name\">Erich SCHMIDT<\/div>\r\n                            <\/div>\r\n                          <\/div><div class=\"clearfix\"><\/div><\/div><div role=\"tabpanel\" class=\"tab-pane \"> <div class=\"sp-year-member-single-outer\">\r\n                            <div class=\"sp-year-member-single\">\r\n                             <div class=\"sp-year-member-position\">Mitglieder<\/div>\r\n                             <div class=\"sp-year-member-name\">Claus J. RAIDL<\/div>\r\n                            <\/div>\r\n                          <\/div> <div class=\"sp-year-member-single-outer\">\r\n                            <div class=\"sp-year-member-single\">\r\n                             <div class=\"sp-year-member-position\">Mitglieder<\/div>\r\n                             <div class=\"sp-year-member-name\">Ferdinand LACINA<\/div>\r\n                            <\/div>\r\n                          <\/div> <div class=\"sp-year-member-single-outer\">\r\n                            <div class=\"sp-year-member-single\">\r\n                             <div class=\"sp-year-member-position\">Mitglieder<\/div>\r\n                             <div class=\"sp-year-member-name\">Peter KAPRAL<\/div>\r\n                            <\/div>\r\n                          <\/div><div class=\"clearfix\"><\/div><\/div><div role=\"tabpanel\" class=\"tab-pane \"> <div class=\"sp-year-member-single-outer\">\r\n                            <div class=\"sp-year-member-single\">\r\n                             <div class=\"sp-year-member-position\">St\u00e4ndige ExpertInnen<\/div>\r\n                             <div class=\"sp-year-member-name\">Hans REITHOFER<\/div>\r\n                            <\/div>\r\n                          <\/div> <div class=\"sp-year-member-single-outer\">\r\n                            <div class=\"sp-year-member-single\">\r\n                             <div class=\"sp-year-member-position\">Gesch\u00e4ftsf\u00fchrung<\/div>\r\n                             <div class=\"sp-year-member-name\">G\u00fcnther CHALOUPEK<\/div>\r\n                            <\/div>\r\n                          <\/div> <div class=\"sp-year-member-single-outer\">\r\n                            <div class=\"sp-year-member-single\">\r\n                             <div class=\"sp-year-member-position\">St\u00e4ndige ExpertInnen<\/div>\r\n                             <div class=\"sp-year-member-name\">Fidelis BAUER<\/div>\r\n                            <\/div>\r\n                          <\/div> <div class=\"sp-year-member-single-outer\">\r\n                            <div class=\"sp-year-member-single\">\r\n                             <div class=\"sp-year-member-position\">Gesch\u00e4ftsf\u00fchrung<\/div>\r\n                             <div class=\"sp-year-member-name\">Joachim LAMEL<\/div>\r\n                            <\/div>\r\n                          <\/div> <div class=\"sp-year-member-single-outer\">\r\n                            <div class=\"sp-year-member-single\">\r\n                             <div class=\"sp-year-member-position\">Mitglieder<\/div>\r\n                             <div class=\"sp-year-member-name\">Alfred HOPITZAN<\/div>\r\n                            <\/div>\r\n                          <\/div><div class=\"clearfix\"><\/div><\/div><div role=\"tabpanel\" class=\"tab-pane \"> <div class=\"sp-year-member-single-outer\">\r\n                            <div class=\"sp-year-member-single\">\r\n                             <div class=\"sp-year-member-position\">St\u00e4ndige ExpertInnen<\/div>\r\n                             <div class=\"sp-year-member-name\">Hans WEHSELY<\/div>\r\n                            <\/div>\r\n                          <\/div><div class=\"clearfix\"><\/div><\/div><div role=\"tabpanel\" class=\"tab-pane \"> <div class=\"sp-year-member-single-outer\">\r\n                            <div class=\"sp-year-member-single\">\r\n                             <div class=\"sp-year-member-position\">Mitglieder<\/div>\r\n                             <div class=\"sp-year-member-name\">Heinz VOGLER<\/div>\r\n                            <\/div>\r\n                          <\/div> <div class=\"sp-year-member-single-outer\">\r\n                            <div class=\"sp-year-member-single\">\r\n                             <div class=\"sp-year-member-position\">Mitglieder<\/div>\r\n                             <div class=\"sp-year-member-name\">Herbert TUMPEL<\/div>\r\n                            <\/div>\r\n                          <\/div><div class=\"clearfix\"><\/div><\/div><div role=\"tabpanel\" class=\"tab-pane \"> <div class=\"sp-year-member-single-outer\">\r\n                            <div class=\"sp-year-member-single\">\r\n                             <div class=\"sp-year-member-position\">St\u00e4ndige ExpertInnen<\/div>\r\n                             <div class=\"sp-year-member-name\">Wilhelmine GOLDMANN<\/div>\r\n                            <\/div>\r\n                          <\/div> <div class=\"sp-year-member-single-outer\">\r\n                            <div class=\"sp-year-member-single\">\r\n                             <div class=\"sp-year-member-position\">St\u00e4ndige ExpertInnen<\/div>\r\n                             <div class=\"sp-year-member-name\">Hannes SWOBODA<\/div>\r\n                            <\/div>\r\n                          <\/div> <div class=\"sp-year-member-single-outer\">\r\n                            <div class=\"sp-year-member-single\">\r\n                             <div class=\"sp-year-member-position\">Mitglieder<\/div>\r\n                             <div class=\"sp-year-member-name\">Hans WEHSELY<\/div>\r\n                            <\/div>\r\n                          <\/div><div class=\"clearfix\"><\/div><\/div><div role=\"tabpanel\" class=\"tab-pane \"> <div class=\"sp-year-member-single-outer\">\r\n                            <div class=\"sp-year-member-single\">\r\n                             <div class=\"sp-year-member-position\">St\u00e4ndige ExpertInnen<\/div>\r\n                             <div class=\"sp-year-member-name\">Helmut KRAMER<\/div>\r\n                            <\/div>\r\n                          <\/div><div class=\"clearfix\"><\/div><\/div><div role=\"tabpanel\" class=\"tab-pane \"> <div class=\"sp-year-member-single-outer\">\r\n                            <div class=\"sp-year-member-single\">\r\n                             <div class=\"sp-year-member-position\">Mitglieder<\/div>\r\n                             <div class=\"sp-year-member-name\">Hermann BLAHA<\/div>\r\n                            <\/div>\r\n                          <\/div><div class=\"clearfix\"><\/div><\/div><div role=\"tabpanel\" class=\"tab-pane \"> <div class=\"sp-year-member-single-outer\">\r\n                            <div class=\"sp-year-member-single\">\r\n                             <div class=\"sp-year-member-position\">Mitglieder<\/div>\r\n                             <div class=\"sp-year-member-name\">Werner MUHM<\/div>\r\n                            <\/div>\r\n                          <\/div> <div class=\"sp-year-member-single-outer\">\r\n                            <div class=\"sp-year-member-single\">\r\n                             <div class=\"sp-year-member-position\">Mitglieder<\/div>\r\n                             <div class=\"sp-year-member-name\">Johannes FARNLEITNER<\/div>\r\n                            <\/div>\r\n                          <\/div><div class=\"clearfix\"><\/div><\/div><div role=\"tabpanel\" class=\"tab-pane \"> <div class=\"sp-year-member-single-outer\">\r\n                            <div class=\"sp-year-member-single\">\r\n                             <div class=\"sp-year-member-position\">Mitglieder<\/div>\r\n                             <div class=\"sp-year-member-name\">Rupert LINDNER<\/div>\r\n                            <\/div>\r\n                          <\/div><div class=\"clearfix\"><\/div><\/div><div role=\"tabpanel\" class=\"tab-pane \"> <div class=\"sp-year-member-single-outer\">\r\n                            <div class=\"sp-year-member-single\">\r\n                             <div class=\"sp-year-member-position\">Mitglieder<\/div>\r\n                             <div class=\"sp-year-member-name\">August\u00a0ASTL\u00a0<\/div>\r\n                            <\/div>\r\n                          <\/div><div class=\"clearfix\"><\/div><\/div><div role=\"tabpanel\" class=\"tab-pane \"> <div class=\"sp-year-member-single-outer\">\r\n                            <div class=\"sp-year-member-single\">\r\n                             <div class=\"sp-year-member-position\">St\u00e4ndige ExpertInnen<\/div>\r\n                             <div class=\"sp-year-member-name\">Josef PEISCHER<\/div>\r\n                            <\/div>\r\n                          <\/div> <div class=\"sp-year-member-single-outer\">\r\n                            <div class=\"sp-year-member-single\">\r\n                             <div class=\"sp-year-member-position\">Mitglieder<\/div>\r\n                             <div class=\"sp-year-member-name\">Wilhelmine GOLDMANN<\/div>\r\n                            <\/div>\r\n                          <\/div><div class=\"clearfix\"><\/div><\/div><div role=\"tabpanel\" class=\"tab-pane \"> <div class=\"sp-year-member-single-outer\">\r\n                            <div class=\"sp-year-member-single\">\r\n                             <div class=\"sp-year-member-position\">Mitglieder<\/div>\r\n                             <div class=\"sp-year-member-name\">G\u00fcnther OFNER<\/div>\r\n                            <\/div>\r\n                          <\/div><div class=\"clearfix\"><\/div><\/div><div role=\"tabpanel\" class=\"tab-pane \"> <div class=\"sp-year-member-single-outer\">\r\n                            <div class=\"sp-year-member-single\">\r\n                             <div class=\"sp-year-member-position\">St\u00e4ndige ExpertInnen<\/div>\r\n                             <div class=\"sp-year-member-name\">Thomas DELAPINA<\/div>\r\n                            <\/div>\r\n                          <\/div><div class=\"clearfix\"><\/div><\/div><div role=\"tabpanel\" class=\"tab-pane \"> <div class=\"sp-year-member-single-outer\">\r\n                            <div class=\"sp-year-member-single\">\r\n                             <div class=\"sp-year-member-position\">Mitglieder<\/div>\r\n                             <div class=\"sp-year-member-name\">Ulrike MOSER<\/div>\r\n                            <\/div>\r\n                          <\/div> <div class=\"sp-year-member-single-outer\">\r\n                            <div class=\"sp-year-member-single\">\r\n                             <div class=\"sp-year-member-position\">Mitglieder<\/div>\r\n                             <div class=\"sp-year-member-name\">Karl HAAS<\/div>\r\n                            <\/div>\r\n                          <\/div><div class=\"clearfix\"><\/div><\/div><div role=\"tabpanel\" class=\"tab-pane \"> <div class=\"sp-year-member-single-outer\">\r\n                            <div class=\"sp-year-member-single\">\r\n                             <div class=\"sp-year-member-position\">St\u00e4ndige ExpertInnen<\/div>\r\n                             <div class=\"sp-year-member-name\">Werner TEUFELSBAUER<\/div>\r\n                            <\/div>\r\n                          <\/div> <div class=\"sp-year-member-single-outer\">\r\n                            <div class=\"sp-year-member-single\">\r\n                             <div class=\"sp-year-member-position\">Mitglieder<\/div>\r\n                             <div class=\"sp-year-member-name\">Heinz ZOUREK<\/div>\r\n                            <\/div>\r\n                          <\/div> <div class=\"sp-year-member-single-outer\">\r\n                            <div class=\"sp-year-member-single\">\r\n                             <div class=\"sp-year-member-position\">Mitglieder<\/div>\r\n                             <div class=\"sp-year-member-name\">Johannes SCHIMA<\/div>\r\n                            <\/div>\r\n                          <\/div> <div class=\"sp-year-member-single-outer\">\r\n                            <div class=\"sp-year-member-single\">\r\n                             <div class=\"sp-year-member-position\">Mitglieder<\/div>\r\n                             <div class=\"sp-year-member-name\">Sylvia LEODOLTER<\/div>\r\n                            <\/div>\r\n                          <\/div><div class=\"clearfix\"><\/div><\/div><div role=\"tabpanel\" class=\"tab-pane \"> <div class=\"sp-year-member-single-outer\">\r\n                            <div class=\"sp-year-member-single\">\r\n                             <div class=\"sp-year-member-position\">Mitglieder<\/div>\r\n                             <div class=\"sp-year-member-name\">Wolfgang TRITREMMEL<\/div>\r\n                            <\/div>\r\n                          <\/div> <div class=\"sp-year-member-single-outer\">\r\n                            <div class=\"sp-year-member-single\">\r\n                             <div class=\"sp-year-member-position\">St\u00e4ndige ExpertInnen<\/div>\r\n                             <div class=\"sp-year-member-name\">Gerhard HUEMER<\/div>\r\n                            <\/div>\r\n                          <\/div> <div class=\"sp-year-member-single-outer\">\r\n                            <div class=\"sp-year-member-single\">\r\n                             <div class=\"sp-year-member-position\">Gesch\u00e4ftsf\u00fchrung<\/div>\r\n                             <div class=\"sp-year-member-name\">Werner TEUFELSBAUER<\/div>\r\n                            <\/div>\r\n                          <\/div> <div class=\"sp-year-member-single-outer\">\r\n                            <div class=\"sp-year-member-single\">\r\n                             <div class=\"sp-year-member-position\">Gesch\u00e4ftsf\u00fchrung<\/div>\r\n                             <div class=\"sp-year-member-name\">Gregor LEITNER<\/div>\r\n                            <\/div>\r\n                          <\/div> <div class=\"sp-year-member-single-outer\">\r\n                            <div class=\"sp-year-member-single\">\r\n                             <div class=\"sp-year-member-position\">Gesch\u00e4ftsf\u00fchrung<\/div>\r\n                             <div class=\"sp-year-member-name\">Thomas DELAPINA<\/div>\r\n                            <\/div>\r\n                          <\/div> <div class=\"sp-year-member-single-outer\">\r\n                            <div class=\"sp-year-member-single\">\r\n                             <div class=\"sp-year-member-position\">Mitglieder<\/div>\r\n                             <div class=\"sp-year-member-name\">Wolfgang TRITREMMEL<\/div>\r\n                            <\/div>\r\n                          <\/div> <div class=\"sp-year-member-single-outer\">\r\n                            <div class=\"sp-year-member-single\">\r\n                             <div class=\"sp-year-member-position\">Mitglieder<\/div>\r\n                             <div class=\"sp-year-member-name\">G\u00fcnther CHALOUPEK<\/div>\r\n                            <\/div>\r\n                          <\/div><div class=\"clearfix\"><\/div><\/div><div role=\"tabpanel\" class=\"tab-pane \"> <div class=\"sp-year-member-single-outer\">\r\n                            <div class=\"sp-year-member-single\">\r\n                             <div class=\"sp-year-member-position\">St\u00e4ndige ExpertInnen<\/div>\r\n                             <div class=\"sp-year-member-name\">Joachim LAMEL<\/div>\r\n                            <\/div>\r\n                          <\/div> <div class=\"sp-year-member-single-outer\">\r\n                            <div class=\"sp-year-member-single\">\r\n                             <div class=\"sp-year-member-position\">St\u00e4ndige ExpertInnen<\/div>\r\n                             <div class=\"sp-year-member-name\">Johanna ETTL<\/div>\r\n                            <\/div>\r\n                          <\/div> <div class=\"sp-year-member-single-outer\">\r\n                            <div class=\"sp-year-member-single\">\r\n                             <div class=\"sp-year-member-position\">Mitglieder<\/div>\r\n                             <div class=\"sp-year-member-name\">Ernst T\u00dcCHLER<\/div>\r\n                            <\/div>\r\n                          <\/div> <div class=\"sp-year-member-single-outer\">\r\n                            <div class=\"sp-year-member-single\">\r\n                             <div class=\"sp-year-member-position\">Mitglieder<\/div>\r\n                             <div class=\"sp-year-member-name\">Peter TRAUPMANN<\/div>\r\n                            <\/div>\r\n                          <\/div> <div class=\"sp-year-member-single-outer\">\r\n                            <div class=\"sp-year-member-single\">\r\n                             <div class=\"sp-year-member-position\">Mitglieder<\/div>\r\n                             <div class=\"sp-year-member-name\">Rudolf STRASSER<\/div>\r\n                            <\/div>\r\n                          <\/div> <div class=\"sp-year-member-single-outer\">\r\n                            <div class=\"sp-year-member-single\">\r\n                             <div class=\"sp-year-member-position\">Mitglieder<\/div>\r\n                             <div class=\"sp-year-member-name\">Bernhard SCHWARZ<\/div>\r\n                            <\/div>\r\n                          <\/div> <div class=\"sp-year-member-single-outer\">\r\n                            <div class=\"sp-year-member-single\">\r\n                             <div class=\"sp-year-member-position\">Mitglieder<\/div>\r\n                             <div class=\"sp-year-member-name\">Georg KOVARIK<\/div>\r\n                            <\/div>\r\n                          <\/div> <div class=\"sp-year-member-single-outer\">\r\n                            <div class=\"sp-year-member-single\">\r\n                             <div class=\"sp-year-member-position\">Mitglieder<\/div>\r\n                             <div class=\"sp-year-member-name\">Fidelis BAUER<\/div>\r\n                            <\/div>\r\n                          <\/div><div class=\"clearfix\"><\/div><\/div><div role=\"tabpanel\" class=\"tab-pane \"> <div class=\"sp-year-member-single-outer\">\r\n                            <div class=\"sp-year-member-single\">\r\n                             <div class=\"sp-year-member-position\">St\u00e4ndige ExpertInnen<\/div>\r\n                             <div class=\"sp-year-member-name\">Roland MITTENDORFER<\/div>\r\n                            <\/div>\r\n                          <\/div> <div class=\"sp-year-member-single-outer\">\r\n                            <div class=\"sp-year-member-single\">\r\n                             <div class=\"sp-year-member-position\">Gesch\u00e4ftsf\u00fchrung<\/div>\r\n                             <div class=\"sp-year-member-name\">Christian MILLER<\/div>\r\n                            <\/div>\r\n                          <\/div><div class=\"clearfix\"><\/div><\/div><div role=\"tabpanel\" class=\"tab-pane \"> <div class=\"sp-year-member-single-outer\">\r\n                            <div class=\"sp-year-member-single\">\r\n                             <div class=\"sp-year-member-position\">Mitglieder<\/div>\r\n                             <div class=\"sp-year-member-name\">Werner TEUFELSBAUER<\/div>\r\n                            <\/div>\r\n                          <\/div> <div class=\"sp-year-member-single-outer\">\r\n                            <div class=\"sp-year-member-single\">\r\n                             <div class=\"sp-year-member-position\">Gesch\u00e4ftsf\u00fchrung<\/div>\r\n                             <div class=\"sp-year-member-name\">Huberta MAITZ-STRASSNIG<\/div>\r\n                            <\/div>\r\n                          <\/div> <div class=\"sp-year-member-single-outer\">\r\n                            <div class=\"sp-year-member-single\">\r\n                             <div class=\"sp-year-member-position\">Gesch\u00e4ftsf\u00fchrung<\/div>\r\n                             <div class=\"sp-year-member-name\">Gerhard HUEMER<\/div>\r\n                            <\/div>\r\n                          <\/div> <div class=\"sp-year-member-single-outer\">\r\n                            <div class=\"sp-year-member-single\">\r\n                             <div class=\"sp-year-member-position\">Mitglieder<\/div>\r\n                             <div class=\"sp-year-member-name\">Heinz PETER<\/div>\r\n                            <\/div>\r\n                          <\/div><div class=\"clearfix\"><\/div><\/div><div role=\"tabpanel\" class=\"tab-pane \"> <div class=\"sp-year-member-single-outer\">\r\n                            <div class=\"sp-year-member-single\">\r\n                             <div class=\"sp-year-member-position\">St\u00e4ndige ExpertInnen<\/div>\r\n                             <div class=\"sp-year-member-name\">Christian FESTA<\/div>\r\n                            <\/div>\r\n                          <\/div> <div class=\"sp-year-member-single-outer\">\r\n                            <div class=\"sp-year-member-single\">\r\n                             <div class=\"sp-year-member-position\">Mitglieder<\/div>\r\n                             <div class=\"sp-year-member-name\">Josef W\u00d6SS<\/div>\r\n                            <\/div>\r\n                          <\/div> <div class=\"sp-year-member-single-outer\">\r\n                            <div class=\"sp-year-member-single\">\r\n                             <div class=\"sp-year-member-position\">Mitglieder<\/div>\r\n                             <div class=\"sp-year-member-name\">Martin MAYR<\/div>\r\n                            <\/div>\r\n                          <\/div> <div class=\"sp-year-member-single-outer\">\r\n                            <div class=\"sp-year-member-single\">\r\n                             <div class=\"sp-year-member-position\">Mitglieder<\/div>\r\n                             <div class=\"sp-year-member-name\">Richard LEUTNER<\/div>\r\n                            <\/div>\r\n                          <\/div><div class=\"clearfix\"><\/div><\/div><div role=\"tabpanel\" class=\"tab-pane \"> <div class=\"sp-year-member-single-outer\">\r\n                            <div class=\"sp-year-member-single\">\r\n                             <div class=\"sp-year-member-position\">St\u00e4ndige ExpertInnen<\/div>\r\n                             <div class=\"sp-year-member-name\">KUBITSCHEK Maria<\/div>\r\n                            <\/div>\r\n                          <\/div> <div class=\"sp-year-member-single-outer\">\r\n                            <div class=\"sp-year-member-single\">\r\n                             <div class=\"sp-year-member-position\">Mitglieder<\/div>\r\n                             <div class=\"sp-year-member-name\">Peter KALUZA<\/div>\r\n                            <\/div>\r\n                          <\/div><div class=\"clearfix\"><\/div><\/div><div role=\"tabpanel\" class=\"tab-pane \"> <div class=\"sp-year-member-single-outer\">\r\n                            <div class=\"sp-year-member-single\">\r\n                             <div class=\"sp-year-member-position\">Gesch\u00e4ftsf\u00fchrung<\/div>\r\n                             <div class=\"sp-year-member-name\">Clarisse PASZTORY<\/div>\r\n                            <\/div>\r\n                          <\/div> <div class=\"sp-year-member-single-outer\">\r\n                            <div class=\"sp-year-member-single\">\r\n                             <div class=\"sp-year-member-position\">Mitglieder<\/div>\r\n                             <div class=\"sp-year-member-name\">Gernot MITTER<\/div>\r\n                            <\/div>\r\n                          <\/div> <div class=\"sp-year-member-single-outer\">\r\n                            <div class=\"sp-year-member-single\">\r\n                             <div class=\"sp-year-member-position\">Mitglieder<\/div>\r\n                             <div class=\"sp-year-member-name\">Martin GLEITSMANN<\/div>\r\n                            <\/div>\r\n                          <\/div><div class=\"clearfix\"><\/div><\/div><div role=\"tabpanel\" class=\"tab-pane \"> <div class=\"sp-year-member-single-outer\">\r\n                            <div class=\"sp-year-member-single\">\r\n                             <div class=\"sp-year-member-position\">St\u00e4ndige ExpertInnen<\/div>\r\n                             <div class=\"sp-year-member-name\">Erich K\u00dcHNELT<\/div>\r\n                            <\/div>\r\n                          <\/div> <div class=\"sp-year-member-single-outer\">\r\n                            <div class=\"sp-year-member-single\">\r\n                             <div class=\"sp-year-member-position\">Gesch\u00e4ftsf\u00fchrung<\/div>\r\n                             <div class=\"sp-year-member-name\">Johannes MAYER<\/div>\r\n                            <\/div>\r\n                          <\/div><div class=\"clearfix\"><\/div><\/div><div role=\"tabpanel\" class=\"tab-pane \"> <div class=\"sp-year-member-single-outer\">\r\n                            <div class=\"sp-year-member-single\">\r\n                             <div class=\"sp-year-member-position\">Gesch\u00e4ftsf\u00fchrung<\/div>\r\n                             <div class=\"sp-year-member-name\">Alexander HOFMANN<\/div>\r\n                            <\/div>\r\n                          <\/div><div class=\"clearfix\"><\/div><\/div><div role=\"tabpanel\" class=\"tab-pane \"> <div class=\"sp-year-member-single-outer\">\r\n                            <div class=\"sp-year-member-single\">\r\n                             <div class=\"sp-year-member-position\">Mitglieder<\/div>\r\n                             <div class=\"sp-year-member-name\">Christoph MICHELIC<\/div>\r\n                            <\/div>\r\n                          <\/div> <div class=\"sp-year-member-single-outer\">\r\n                            <div class=\"sp-year-member-single\">\r\n                             <div class=\"sp-year-member-position\">Mitglieder<\/div>\r\n                             <div class=\"sp-year-member-name\">Markus BEYRER<\/div>\r\n                            <\/div>\r\n                          <\/div><div class=\"clearfix\"><\/div><\/div><div role=\"tabpanel\" class=\"tab-pane \"> <div class=\"sp-year-member-single-outer\">\r\n                            <div class=\"sp-year-member-single\">\r\n                             <div class=\"sp-year-member-position\">Gesch\u00e4ftsf\u00fchrung<\/div>\r\n                             <div class=\"sp-year-member-name\">Christoph SCHNEIDER<\/div>\r\n                            <\/div>\r\n                          <\/div> <div class=\"sp-year-member-single-outer\">\r\n                            <div class=\"sp-year-member-single\">\r\n                             <div class=\"sp-year-member-position\">Mitglieder<\/div>\r\n                             <div class=\"sp-year-member-name\">Nikolaus MORAWITZ<\/div>\r\n                            <\/div>\r\n                          <\/div><div class=\"clearfix\"><\/div><\/div><div role=\"tabpanel\" class=\"tab-pane \"> <div class=\"sp-year-member-single-outer\">\r\n                            <div class=\"sp-year-member-single\">\r\n                             <div class=\"sp-year-member-position\">St\u00e4ndige ExpertInnen<\/div>\r\n                             <div class=\"sp-year-member-name\">Rudolf LICHTMANNEGGER<\/div>\r\n                            <\/div>\r\n                          <\/div> <div class=\"sp-year-member-single-outer\">\r\n                            <div class=\"sp-year-member-single\">\r\n                             <div class=\"sp-year-member-position\">Gesch\u00e4ftsf\u00fchrung<\/div>\r\n                             <div class=\"sp-year-member-name\">Andreas HENKEL<\/div>\r\n                            <\/div>\r\n                          <\/div> <div class=\"sp-year-member-single-outer\">\r\n                            <div class=\"sp-year-member-single\">\r\n                             <div class=\"sp-year-member-position\">Mitglieder<\/div>\r\n                             <div class=\"sp-year-member-name\">Harald KASZANITS<\/div>\r\n                            <\/div>\r\n                          <\/div><div class=\"clearfix\"><\/div><\/div><div role=\"tabpanel\" class=\"tab-pane \"> <div class=\"sp-year-member-single-outer\">\r\n                            <div class=\"sp-year-member-single\">\r\n                             <div class=\"sp-year-member-position\">St\u00e4ndige ExpertInnen<\/div>\r\n                             <div class=\"sp-year-member-name\">Karl AIGINGER<\/div>\r\n                            <\/div>\r\n                          <\/div> <div class=\"sp-year-member-single-outer\">\r\n                            <div class=\"sp-year-member-single\">\r\n                             <div class=\"sp-year-member-position\">Mitglieder<\/div>\r\n                             <div class=\"sp-year-member-name\">Ralf KRONBERGER<\/div>\r\n                            <\/div>\r\n                          <\/div><div class=\"clearfix\"><\/div><\/div><div role=\"tabpanel\" class=\"tab-pane \"> <div class=\"sp-year-member-single-outer\">\r\n                            <div class=\"sp-year-member-single\">\r\n                             <div class=\"sp-year-member-position\">St\u00e4ndige ExpertInnen<\/div>\r\n                             <div class=\"sp-year-member-name\">Agnes STREISSLER<\/div>\r\n                            <\/div>\r\n                          <\/div> <div class=\"sp-year-member-single-outer\">\r\n                            <div class=\"sp-year-member-single\">\r\n                             <div class=\"sp-year-member-position\">St\u00e4ndige ExpertInnen<\/div>\r\n                             <div class=\"sp-year-member-name\">Josef MOSER<\/div>\r\n                            <\/div>\r\n                          <\/div> <div class=\"sp-year-member-single-outer\">\r\n                            <div class=\"sp-year-member-single\">\r\n                             <div class=\"sp-year-member-position\">Mitglieder<\/div>\r\n                             <div class=\"sp-year-member-name\">Maria KUBITSCHEK<\/div>\r\n                            <\/div>\r\n                          <\/div><div class=\"clearfix\"><\/div><\/div><div role=\"tabpanel\" class=\"tab-pane \"> <div class=\"sp-year-member-single-outer\">\r\n                            <div class=\"sp-year-member-single\">\r\n                             <div class=\"sp-year-member-position\">Mitglieder<\/div>\r\n                             <div class=\"sp-year-member-name\">Karl BAUER<\/div>\r\n                            <\/div>\r\n                          <\/div><div class=\"clearfix\"><\/div><\/div><div role=\"tabpanel\" class=\"tab-pane \"> <div class=\"sp-year-member-single-outer\">\r\n                            <div class=\"sp-year-member-single\">\r\n                             <div class=\"sp-year-member-position\">St\u00e4ndige ExpertInnen<\/div>\r\n                             <div class=\"sp-year-member-name\">Silvia ANGELO<\/div>\r\n                            <\/div>\r\n                          <\/div> <div class=\"sp-year-member-single-outer\">\r\n                            <div class=\"sp-year-member-single\">\r\n                             <div class=\"sp-year-member-position\">Mitglieder<\/div>\r\n                             <div class=\"sp-year-member-name\">Dinah DJALINOUS-GLATZ<\/div>\r\n                            <\/div>\r\n                          <\/div><div class=\"clearfix\"><\/div><\/div><div role=\"tabpanel\" class=\"tab-pane \"> <div class=\"sp-year-member-single-outer\">\r\n                            <div class=\"sp-year-member-single\">\r\n                             <div class=\"sp-year-member-position\">Mitglieder<\/div>\r\n                             <div class=\"sp-year-member-name\">Christoph SCHNEIDER<\/div>\r\n                            <\/div>\r\n                          <\/div> <div class=\"sp-year-member-single-outer\">\r\n                            <div class=\"sp-year-member-single\">\r\n                             <div class=\"sp-year-member-position\">Gesch\u00e4ftsf\u00fchrung<\/div>\r\n                             <div class=\"sp-year-member-name\">Andreas SCHNEIDER<\/div>\r\n                            <\/div>\r\n                          <\/div> <div class=\"sp-year-member-single-outer\">\r\n                            <div class=\"sp-year-member-single\">\r\n                             <div class=\"sp-year-member-position\">Mitglieder<\/div>\r\n                             <div class=\"sp-year-member-name\">Rene SCHINDLER<\/div>\r\n                            <\/div>\r\n                          <\/div> <div class=\"sp-year-member-single-outer\">\r\n                            <div class=\"sp-year-member-single\">\r\n                             <div class=\"sp-year-member-position\">Mitglieder<\/div>\r\n                             <div class=\"sp-year-member-name\">G\u00fcnther ROHRER<\/div>\r\n                            <\/div>\r\n                          <\/div><div class=\"clearfix\"><\/div><\/div><div role=\"tabpanel\" class=\"tab-pane \"> <div class=\"sp-year-member-single-outer\">\r\n                            <div class=\"sp-year-member-single\">\r\n                             <div class=\"sp-year-member-position\">Mitglieder<\/div>\r\n                             <div class=\"sp-year-member-name\">Karin ZIMMERMANN<\/div>\r\n                            <\/div>\r\n                          <\/div><div class=\"clearfix\"><\/div><\/div><div role=\"tabpanel\" class=\"tab-pane \"> <div class=\"sp-year-member-single-outer\">\r\n                            <div class=\"sp-year-member-single\">\r\n                             <div class=\"sp-year-member-position\">St\u00e4ndige ExpertInnen<\/div>\r\n                             <div class=\"sp-year-member-name\">Johannes POINTNER<\/div>\r\n                            <\/div>\r\n                          <\/div> <div class=\"sp-year-member-single-outer\">\r\n                            <div class=\"sp-year-member-single\">\r\n                             <div class=\"sp-year-member-position\">Mitglieder<\/div>\r\n                             <div class=\"sp-year-member-name\">Markus MARTERBAUER<\/div>\r\n                            <\/div>\r\n                          <\/div> <div class=\"sp-year-member-single-outer\">\r\n                            <div class=\"sp-year-member-single\">\r\n                             <div class=\"sp-year-member-position\">Mitglieder<\/div>\r\n                             <div class=\"sp-year-member-name\">Helwig AUBAUER<\/div>\r\n                            <\/div>\r\n                          <\/div><div class=\"clearfix\"><\/div><\/div><div role=\"tabpanel\" class=\"tab-pane \"> <div class=\"sp-year-member-single-outer\">\r\n                            <div class=\"sp-year-member-single\">\r\n                             <div class=\"sp-year-member-position\">Mitglieder<\/div>\r\n                             <div class=\"sp-year-member-name\">Johannes FANKHAUSER<\/div>\r\n                            <\/div>\r\n                          <\/div><div class=\"clearfix\"><\/div><\/div><div role=\"tabpanel\" class=\"tab-pane \"> <div class=\"sp-year-member-single-outer\">\r\n                            <div class=\"sp-year-member-single\">\r\n                             <div class=\"sp-year-member-position\">Gesch\u00e4ftsf\u00fchrung<\/div>\r\n                             <div class=\"sp-year-member-name\">Thomas ZOTTER<\/div>\r\n                            <\/div>\r\n                          <\/div> <div class=\"sp-year-member-single-outer\">\r\n                            <div class=\"sp-year-member-single\">\r\n                             <div class=\"sp-year-member-position\">Stellvertretung der Gesch\u00e4ftsf\u00fchrung<\/div>\r\n                             <div class=\"sp-year-member-name\">Nikolai SOUKUP<\/div>\r\n                            <\/div>\r\n                          <\/div><div class=\"clearfix\"><\/div><\/div><div role=\"tabpanel\" class=\"tab-pane \"> <div class=\"sp-year-member-single-outer\">\r\n                            <div class=\"sp-year-member-single\">\r\n                             <div class=\"sp-year-member-position\">Gesch\u00e4ftsf\u00fchrung<\/div>\r\n                             <div class=\"sp-year-member-name\">Karin STEIGENBERGER<\/div>\r\n                            <\/div>\r\n                          <\/div> <div class=\"sp-year-member-single-outer\">\r\n                            <div class=\"sp-year-member-single\">\r\n                             <div class=\"sp-year-member-position\">Stellvertretung der Gesch\u00e4ftsf\u00fchrung<\/div>\r\n                             <div class=\"sp-year-member-name\">Klaus KAPUY<\/div>\r\n                            <\/div>\r\n                          <\/div><div class=\"clearfix\"><\/div><\/div><div role=\"tabpanel\" class=\"tab-pane \"> <div class=\"sp-year-member-single-outer\">\r\n                            <div class=\"sp-year-member-single\">\r\n                             <div class=\"sp-year-member-position\">Mitglieder<\/div>\r\n                             <div class=\"sp-year-member-name\">Claudia Huber<\/div>\r\n                            <\/div>\r\n                          <\/div><div class=\"clearfix\"><\/div><\/div><\/div><\/div><\/div>[\/vc_column][vc_column width=&#8220;2\/12&#8243;][vc_column_text][\/vc_column_text][\/vc_column][\/vc_row][vc_row][vc_column width=&#8220;2\/12&#8243;][vc_column_text][\/vc_column_text][\/vc_column][vc_column width=&#8220;8\/12&#8243;][vc_single_image image=&#8220;246&#8243; img_size=&#8220;full&#8220; alignment=&#8220;center&#8220; css=&#8220;.vc_custom_1441207370740{padding-top: 40px !important;padding-bottom: 0px !important;}&#8220;][\/vc_column][vc_column width=&#8220;2\/12&#8243;][vc_column_text][\/vc_column_text][\/vc_column][\/vc_row][vc_row css=&#8220;.vc_custom_1443627345253{padding-top: 10px !important;padding-bottom: 10px !important;}&#8220;][vc_column width=&#8220;2\/12&#8243;][vc_column_text][\/vc_column_text][\/vc_column][vc_column width=&#8220;8\/12&#8243;][vc_separator][\/vc_column][vc_column width=&#8220;2\/12&#8243;][vc_column_text][\/vc_column_text][\/vc_column][\/vc_row]<\/p>\n<\/div>","protected":false},"excerpt":{"rendered":"<p>[vc_row][vc_column][vc_column_text] [\/vc_column_text][\/vc_column][\/vc_row][vc_row css=&#8220;.vc_custom_1437125168567{padding-top: 40px !important;}&#8220;][vc_column width=&#8220;2\/12&#8243;][vc_column_text][\/vc_column_text][\/vc_column][vc_column width=&#8220;3\/12&#8243;][\/vc_column][vc_column width=&#8220;5\/12&#8243;][vc_custom_heading text=&#8220;Mitglieder&#8220; font_container=&#8220;tag:h3|text_align:left&#8220; use_theme_fonts=&#8220;yes&#8220;][vc_empty_space height=&#8220;20&#8243;][vc_column_text css=&#8220;.vc_custom_1443626986728{margin-top: -14px !important;}&#8220;] Der Beirat besteht aus insgesamt 25 Personen: 16 Beiratsmitglieder und 5 permanente Experten. Zus\u00e4tzlich verf\u00fcgt der Beirat \u00fcber 2 Gesch\u00e4ftsf\u00fchrer (\u201eGeneralsekret\u00e4re\u201d), je einen von Arbeitgeber- bzw. von Arbeitnehmerseite, und deren Stellvertreter. [\/vc_column_text][vc_row_inner][vc_column_inner][vc_column_text][\/vc_column_text][\/vc_column_inner][\/vc_row_inner][\/vc_column][vc_column width=&#8220;2\/12&#8243;][vc_column_text][\/vc_column_text][\/vc_column][\/vc_row][vc_row][vc_column width=&#8220;2\/12&#8243;][vc_column_text][\/vc_column_text][\/vc_column][vc_column width=&#8220;8\/12&#8243;][vc_single_image image=&#8220;246&#8243; img_size=&#8220;full&#8220; alignment=&#8220;center&#8220; css=&#8220;.vc_custom_1441126869940{padding-top: 40px [&hellip;]<\/p>\n","protected":false},"author":1,"featured_media":0,"parent":1156,"menu_order":30,"comment_status":"open","ping_status":"open","template":"","meta":{"footnotes":""},"class_list":["post-137","page","type-page","status-publish","hentry"],"_links":{"self":[{"href":"https:\/\/www.sozialpartner.at\/index.php?rest_route=\/wp\/v2\/pages\/137","targetHints":{"allow":["GET"]}}],"collection":[{"href":"https:\/\/www.sozialpartner.at\/index.php?rest_route=\/wp\/v2\/pages"}],"about":[{"href":"https:\/\/www.sozialpartner.at\/index.php?rest_route=\/wp\/v2\/types\/page"}],"author":[{"embeddable":true,"href":"https:\/\/www.sozialpartner.at\/index.php?rest_route=\/wp\/v2\/users\/1"}],"replies":[{"embeddable":true,"href":"https:\/\/www.sozialpartner.at\/index.php?rest_route=%2Fwp%2Fv2%2Fcomments&post=137"}],"version-history":[{"count":209,"href":"https:\/\/www.sozialpartner.at\/index.php?rest_route=\/wp\/v2\/pages\/137\/revisions"}],"predecessor-version":[{"id":7440,"href":"https:\/\/www.sozialpartner.at\/index.php?rest_route=\/wp\/v2\/pages\/137\/revisions\/7440"}],"up":[{"embeddable":true,"href":"https:\/\/www.sozialpartner.at\/index.php?rest_route=\/wp\/v2\/pages\/1156"}],"wp:attachment":[{"href":"https:\/\/www.sozialpartner.at\/index.php?rest_route=%2Fwp%2Fv2%2Fmedia&parent=137"}],"curies":[{"name":"wp","href":"https:\/\/api.w.org\/{rel}","templated":true}]}}