
{"id":2674,"date":"2015-07-15T11:30:47","date_gmt":"2015-07-15T11:30:47","guid":{"rendered":"http:\/\/socialpartner.linuxgood.kraftwerk.co.at\/wordpress\/?page_id=2674&#038;lang=fr"},"modified":"2025-06-12T08:07:20","modified_gmt":"2025-06-12T08:07:20","slug":"was-ist-das","status":"publish","type":"page","link":"https:\/\/www.sozialpartner.at\/?page_id=2674&lang=fr","title":{"rendered":"Was ist das?"},"content":{"rendered":"<div class=\"wpb-content-wrapper\"><p>[vc_row css=&#8220;.vc_custom_1441125465753{padding-top: 40px !important;}&#8220;][vc_column width=&#8220;2\/12&#8243;][vc_column_text]<br \/>\n[\/vc_column_text][\/vc_column][vc_column width=&#8220;3\/12&#8243;]<div class=\"sp-boxed-side-navigation\">\r\n             <div class=\"sp-navigation-header\">\r\n                <a href=\"#\">Sozialpartner<\/a>\r\n             <\/div>\r\n             <div class=\"sp-navigation-content\">\r\n                <ul><\/ul>\r\n             <\/div>\r\n          <\/div>[\/vc_column][vc_column width=&#8220;5\/12&#8243;][vc_custom_heading text=&#8220;Was ist das?&#8220; font_container=&#8220;tag:h3|text_align:left&#8220; use_theme_fonts=&#8220;yes&#8220;][vc_empty_space height=&#8220;20&#8243;][vc_column_text css=&#8220;.vc_custom_1441124083481{margin-top: -14px !important;}&#8220;]<\/p>\n<p style=\"font-size: 16px; line-height: 28px; font-weight: 300;\">Die \u00f6sterreichische Wirtschafts- und Sozialpartnerschaft, zumeist kurz als \u201eSozialpartnerschaft\u201c bezeichnet, ist ein System der wirtschafts- und sozialpolitischen Zusammenarbeit zwischen den Interessenverb\u00e4nden der Arbeitgeber und Arbeitnehmer untereinander und mit der Regierung.<\/p>\n<p>[\/vc_column_text][\/vc_column][vc_column width=&#8220;2\/12&#8243;][vc_column_text]<br \/>\n[\/vc_column_text][\/vc_column][\/vc_row][vc_row css=&#8220;.vc_custom_1437121554565{padding-top: 40px !important;}&#8220;][vc_column width=&#8220;2\/12&#8243;][vc_column_text]<br \/>\n[\/vc_column_text][\/vc_column][vc_column width=&#8220;8\/12&#8243;][vc_single_image image=&#8220;4949&#8243; img_size=&#8220;full&#8220; alignment=&#8220;center&#8220;][\/vc_column][vc_column width=&#8220;2\/12&#8243;][vc_column_text]<br \/>\n[\/vc_column_text][\/vc_column][\/vc_row][vc_row css=&#8220;.vc_custom_1443603382845{padding-top: 20px !important;}&#8220;][vc_column width=&#8220;2\/12&#8243;][vc_column_text]<br \/>\n[\/vc_column_text][\/vc_column][vc_column width=&#8220;8\/12&#8243;][vc_custom_heading text=&#8220;Die \u00f6sterreichische Sozialpartnerschaft&#8220; font_container=&#8220;tag:h3|text_align:left&#8220; use_theme_fonts=&#8220;yes&#8220;][vc_empty_space height=&#8220;20&#8243;][vc_column_text]Die Sozialpartnerschaft in \u00d6sterreich umfasst auf Bundesebene vier Verb\u00e4nde: auf Arbeitgeberseite die <strong>Wirtschaftskammer \u00d6sterreich<\/strong> (WK\u00d6) und die <strong>Landwirtschaftskammer \u00d6sterreich<\/strong> (LK\u00d6), auf der Arbeitnehmerseite die <strong>Bundesarbeitskammer<\/strong> (BAK) und der <strong>\u00d6sterreichische Gewerkschaftsbund<\/strong> (\u00d6GB).<\/p>\n<p>&nbsp;<\/p>\n<p><!-- x-tinymce\/html -->W\u00e4hrend der \u00d6GB als Dachverband der Fachgewerkschaften ebenso wie diese vereinsrechtlich organisiert ist, sind <strong>Kammern \u00f6ffentlich-rechtliche Selbstverwaltungsk\u00f6rper mit gesetzlicher Mitgliedschaft<\/strong>, wobei die LK\u00d6 als Dachverband der \u00f6ffentlich-rechtlich organisierten Landwirtschaftskammer der Bundesl\u00e4nder vereinsrechtlich organisiert ist.[\/vc_column_text][\/vc_column][vc_column width=&#8220;2\/12&#8243;][vc_column_text]<br \/>\n[\/vc_column_text][\/vc_column][\/vc_row][vc_row css=&#8220;.vc_custom_1443611666937{padding-top: 20px !important;}&#8220;][vc_column width=&#8220;2\/12&#8243;][vc_column_text]<br \/>\n[\/vc_column_text][\/vc_column][vc_column width=&#8220;8\/12&#8243;][vc_separator][\/vc_column][vc_column width=&#8220;2\/12&#8243;][vc_column_text]<br \/>\n[\/vc_column_text][\/vc_column][\/vc_row][vc_row css=&#8220;.vc_custom_1437121307271{padding-top: 30px!important;}&#8220;][vc_column width=&#8220;2\/12&#8243;][vc_column_text]<br \/>\n[\/vc_column_text][\/vc_column][vc_column width=&#8220;3\/12&#8243;][vc_single_image image=&#8220;5271&#8243; img_size=&#8220;medium&#8220;][vc_column_text][\/vc_column_text][\/vc_column][vc_column width=&#8220;5\/12&#8243;][vc_column_text]Diese vier gro\u00dfen Interessenverb\u00e4nde sind nicht blo\u00df <strong>Interessenvertretungen<\/strong> im engeren Sinne, also Tarifpartner und Lobbyorganisationen mit Serviceleistungen f\u00fcr ihre Mitglieder, sondern sie sind dar\u00fcber hinaus in vielf\u00e4ltiger Weise im politischen System \u00d6sterreichs verankert.[\/vc_column_text][vc_empty_space height=&#8220;10px&#8220;][vc_column_text]\u00d6sterreich verf\u00fcgt \u00fcber ein besonders ausgepr\u00e4gtes System der <strong>Zusammenarbeit der gro\u00dfen wirtschaftlichen Interessenverb\u00e4nde<\/strong> untereinander und mit der Regierung.[\/vc_column_text][\/vc_column][vc_column width=&#8220;2\/12&#8243;][vc_column_text]<br \/>\n[\/vc_column_text][\/vc_column][\/vc_row][vc_row css=&#8220;.vc_custom_1443602818743{padding-top: 15px !important;}&#8220;][vc_column width=&#8220;2\/12&#8243;][vc_column_text]<br \/>\n[\/vc_column_text][\/vc_column][vc_column width=&#8220;8\/12&#8243;][vc_column_text]Diese Zusammenarbeit war eine Grundvoraussetzung f\u00fcr den Wiederaufbau nach dem Zweiten Weltkrieg und bildet die Basis f\u00fcr das weitere wirtschaftliche Wachstum und f\u00fcr sozialen Frieden.[\/vc_column_text][\/vc_column][vc_column width=&#8220;2\/12&#8243;][vc_column_text]<br \/>\n[\/vc_column_text][\/vc_column][\/vc_row][vc_row css=&#8220;.vc_custom_1443612135256{padding-top: 20px !important;padding-bottom: 20px !important;}&#8220;][vc_column width=&#8220;2\/12&#8243;][vc_column_text]<br \/>\n[\/vc_column_text][\/vc_column][vc_column width=&#8220;8\/12&#8243;][vc_separator][\/vc_column][vc_column width=&#8220;2\/12&#8243;][vc_column_text]<br \/>\n[\/vc_column_text][\/vc_column][\/vc_row][vc_row][vc_column width=&#8220;2\/12&#8243;][vc_column_text]<br \/>\n[\/vc_column_text][\/vc_column][vc_column width=&#8220;8\/12&#8243;][vc_column_text]Die Sozialpartnerschaft beruht auf dem Prinzip der <strong>Freiwilligkeit<\/strong>: das historisch gewachsene Zusammenwirken der Interessenverb\u00e4nde ist weitestgehend informell und nicht durch Gesetz geregelt.[\/vc_column_text][vc_column_text css=&#8220;.vc_custom_1515761947740{padding-top: 10px !important;}&#8220;]Das Wesen der Sozialpartnerschaft besteht darin, dass sich die vier gro\u00dfen Interessenorganisationen zu gemeinsamen <strong>l\u00e4ngerfristigen Zielen der Wirtschafts- und Sozialpolitik <\/strong>bekennen und die \u00dcberzeugung teilen, dass diese Ziele besser durch koordiniertes Vorgehen der gro\u00dfen gesellschaftlichen Gruppen auf dem <strong>Dialogweg <\/strong>erreicht werden k\u00f6nnen als durch die offene Austragung von Konflikten.[\/vc_column_text][vc_column_text css=&#8220;.vc_custom_1443602634672{padding-top: 10px !important;}&#8220;]Die Sozialpartnerschaft in \u00d6sterreich ist folglich durch eine besondere Art der <strong>Gespr\u00e4chs- und Verhandlungskultur<\/strong> sowie durch die Bereitschaft der beteiligten Verb\u00e4nde gekennzeichnet, Kompromisse nach au\u00dfen und innen durchzusetzen. Dies erfordert eine permanente Gespr\u00e4chsbasis und einen laufenden Informationsaustausch.[\/vc_column_text][\/vc_column][vc_column width=&#8220;2\/12&#8243;][vc_column_text]<br \/>\n[\/vc_column_text][\/vc_column][\/vc_row][vc_row css=&#8220;.vc_custom_1443612149808{padding-top: 20px !important;padding-bottom: 20px !important;}&#8220;][vc_column width=&#8220;2\/12&#8243;][vc_column_text]<br \/>\n[\/vc_column_text][\/vc_column][vc_column width=&#8220;8\/12&#8243;][vc_separator][\/vc_column][vc_column width=&#8220;2\/12&#8243;][vc_column_text]<br \/>\n[\/vc_column_text][\/vc_column][\/vc_row][vc_row css=&#8220;.vc_custom_1443602719859{padding-top: 10px !important;}&#8220;][vc_column width=&#8220;2\/12&#8243;][vc_column_text]<br \/>\n[\/vc_column_text][\/vc_column][vc_column width=&#8220;8\/12&#8243;][vc_column_text]Sozialpartnerschaft bedeutet aber nicht, dass Interessengegens\u00e4tze negiert werden oder dass es keine Auseinandersetzungen gibt.<br \/>\nDialog und kollektives Vorgehen bedeuten aber nicht das Abstreiten von Interessengegens\u00e4tzen.[\/vc_column_text][vc_column_text css=&#8220;.vc_custom_1443602785885{padding-top: 10px !important;}&#8220;]Vielmehr ist es eine <strong>besondere Form des Miteinanders<\/strong>, bei der zwischen den gegens\u00e4tzlichen Interessen durch die Bereitschaft zum <strong>Kompromiss<\/strong> ein Ausgleich zum Vorteil aller Beteiligten gefunden werden kann.[\/vc_column_text][vc_column_text css=&#8220;.vc_custom_1443602882520{padding-top: 10px !important;}&#8220;]Der Hauptwert der Sozialpartnerschaft liegt im Interessenausgleich zwischen ArbeitnehmerInnen und ArbeitgeberInnen und der damit einhergehenden Tatsache, dass Entscheidungen der Sozialpartner von den gro\u00dfen gesellschaftlichen Gruppen getragen und bef\u00fcrwortet werden.[\/vc_column_text][\/vc_column][vc_column width=&#8220;2\/12&#8243;][vc_column_text]<br \/>\n[\/vc_column_text][\/vc_column][\/vc_row][vc_row css=&#8220;.vc_custom_1443612149808{padding-top: 20px !important;padding-bottom: 20px !important;}&#8220;][vc_column width=&#8220;2\/12&#8243;][vc_column_text]<br \/>\n[\/vc_column_text][\/vc_column][vc_column width=&#8220;8\/12&#8243;][vc_separator][\/vc_column][vc_column width=&#8220;2\/12&#8243;][vc_column_text]<br \/>\n[\/vc_column_text][\/vc_column][\/vc_row][vc_row][vc_column width=&#8220;2\/12&#8243;][vc_column_text]<br \/>\n[\/vc_column_text][\/vc_column][vc_column width=&#8220;8\/12&#8243;][vc_column_text]<\/p>\n<h3>Merkmale der Sozialpartnerschaft<\/h3>\n<p>[\/vc_column_text][\/vc_column][vc_column width=&#8220;2\/12&#8243;][vc_column_text]<br \/>\n[\/vc_column_text][\/vc_column][\/vc_row][vc_row css=&#8220;.vc_custom_1437122203630{padding-top: 15px !important;}&#8220;][vc_column width=&#8220;2\/12&#8243;][vc_column_text]<br \/>\n[\/vc_column_text][\/vc_column][vc_column width=&#8220;8\/12&#8243;][vc_column_text]<strong>Demokratische Legitimation<\/strong><br \/>\nDie demokratische Legitimation der Organe aller Sozialpartnerverb\u00e4nde erfolgt durch regelm\u00e4\u00dfige, freie und geheime Wahlen. In den Kammern sind die Mitgliedschaft, Aufgaben, Strukturen und die Finanzierung gesetzlich bestimmt.[\/vc_column_text][vc_column_text css=&#8220;.vc_custom_1443612252500{padding-top: 10px !important;}&#8220;]<strong>Selbstverwaltung<\/strong><br \/>\n<span style=\"line-height: 1.5;\">Der Staat \u00fcbertr\u00e4gt den Kammern als Tr\u00e4ger der beruflichen und wirtschaftlichen Selbstverwaltung bestimmte \u00f6ffentliche Aufgaben. Dadurch wird den direkt Betroffenen die eigenverantwortliche Gestaltung erm\u00f6glicht.<br \/>\nDie Selbstverwaltungsk\u00f6rper unterliegen keinem Weisungsrecht, aber einem Aufsichtsrecht der staatlichen Beh\u00f6rden. Kammern bilden somit die Grundlage f\u00fcr das \u00f6sterreichische System der Selbstverwaltung.<\/span>[\/vc_column_text][vc_column_text css=&#8220;.vc_custom_1443612266037{padding-top: 10px !important;}&#8220;]<strong>Freiwilligkeit<\/strong><\/p>\n<p><span style=\"line-height: 1.5;\">Die Kooperation zwischen den Interessenvertretungen beruht in \u00d6sterreich auf dem Grundsatz der Freiwilligkeit. Das historisch gewachsene Zusammenwirken der Interessenverb\u00e4nde ist weitestgehend informell und nicht durch Gesetze geregelt.<\/span>[\/vc_column_text][vc_column_text css=&#8220;.vc_custom_1443612284278{padding-top: 10px !important;}&#8220;]Durch die intensive Einbindung der Interessenverb\u00e4nde entwickeln diese ein starkes Verantwortungsgef\u00fchlt bei ihren politischen Entscheidungen, da sie sich bewusst sind, dass diese nicht nur ihre Mitglieder, sondern die Wirtschaft und Gesellschaft als Ganzes beeinflussen. Die Sozialpartner versuchen, sozialen Frieden als komparativen Vorteil im internationalen Wettbewerb einzusetzen und durch ihre Zusammenarbeit die Erwartungen der Wirtschaftssubjekte sowie die Wirtschaftspolitik mittelfristig zu verstetigen und damit zu einer Stabilisierung der Wirtschaftsentwicklung beizutragen.[\/vc_column_text][\/vc_column][vc_column width=&#8220;2\/12&#8243;][vc_column_text]<br \/>\n[\/vc_column_text][\/vc_column][\/vc_row][vc_row css=&#8220;.vc_custom_1443612418832{padding-top: 40px !important;padding-bottom: 0px !important;}&#8220;][vc_column width=&#8220;2\/12&#8243;][vc_column_text]<br \/>\n[\/vc_column_text][\/vc_column][vc_column width=&#8220;8\/12&#8243; css=&#8220;.vc_custom_1440695928873{margin-top: -14px !important;}&#8220;]<section class=\"sp-content-section\">\r\n               <div class=\"sp-publications-element sp-publications-red\">\r\n                  <div class=\"sp-publications-header\">\r\n                     <div>Dokumente<\/div>\r\n                  <\/div>\r\n                  <div class=\"sp-publications-body\">\r\n                     <div class=\"sp-publications-body-header\">\r\n                        <div class=\"row\">\r\n                           <div class=\"col-md-6 col-md-offset-6\">\r\n                              <div class=\"sp-publications-subline\"><\/div>\r\n                           <\/div>\r\n                           <div class=\"clearfix\"><\/div>\r\n                        <\/div>\r\n                     <\/div>\r\n                     <div class=\"sp-publications-body-content\">\r\n                        <div class=\"row\">\r\n                           <div class=\"col-md-6\">\r\n                              <div class=\"sp-image-wrapper\">\r\n                                 <img decoding=\"async\" src=\"https:\/\/www.sozialpartner.at\/wp-content\/uploads\/2015\/07\/file.png\" alt=\"\" \/>\r\n                              <\/div>\r\n                           <\/div>\r\n                           <div class=\"col-md-6\"><div class=\"mCustomScrollbar \" data-mcs-theme=\"dark\">\r\n                                 <ul class=\"sp-download-list\"><li>\r\n                                          <div class=\"row\">\r\n                                            <div class=\"col-md-9\">\r\n                                               <p>70 Jahre Sozialpartnerschaft<\/p>\r\n                                            <\/div>\r\n                                            <div class=\"col-md-3 sp-publications-download-link\">\r\n                                               <a href=\"https:\/\/www.sozialpartner.at\/wp-content\/uploads\/2017\/01\/SOZIALPARTNER_70JAHRE_Pr\u00e4sentation-1.pdf\" target=\"_blank\"><i class=\"fa fa-cloud-download\"><\/i><\/a>\r\n                                            <\/div>\r\n                                            <div class=\"clearfix\"><\/div>\r\n                                          <\/div>\r\n                                        <\/li><li>\r\n                                          <div class=\"row\">\r\n                                            <div class=\"col-md-9\">\r\n                                               <p>Jubil\u00e4umspapier<\/p>\r\n                                            <\/div>\r\n                                            <div class=\"col-md-3 sp-publications-download-link\">\r\n                                               <a href=\"https:\/\/www.sozialpartner.at\/wp-content\/uploads\/2016\/10\/10-Jahre-Bad-Ischler-Dialog-Endversion.pdf\" target=\"_blank\"><i class=\"fa fa-cloud-download\"><\/i><\/a>\r\n                                            <\/div>\r\n                                            <div class=\"clearfix\"><\/div>\r\n                                          <\/div>\r\n                                        <\/li><li>\r\n                                          <div class=\"row\">\r\n                                            <div class=\"col-md-9\">\r\n                                               <p>Programm Bad Ischler Dialog 2016<\/p>\r\n                                            <\/div>\r\n                                            <div class=\"col-md-3 sp-publications-download-link\">\r\n                                               <a href=\"https:\/\/www.sozialpartner.at\/wp-content\/uploads\/2016\/08\/2016-09-22-Bad-Ischler-Dialog_Programm_ohne-Anmeldeschluss-1.pdf\" target=\"_blank\"><i class=\"fa fa-cloud-download\"><\/i><\/a>\r\n                                            <\/div>\r\n                                            <div class=\"clearfix\"><\/div>\r\n                                          <\/div>\r\n                                        <\/li><li>\r\n                                          <div class=\"row\">\r\n                                            <div class=\"col-md-9\">\r\n                                               <p>Austria 2016 - Deklaration der Sozialpartner<\/p>\r\n                                            <\/div>\r\n                                            <div class=\"col-md-3 sp-publications-download-link\">\r\n                                               <a href=\"https:\/\/www.sozialpartner.at\/wp-content\/uploads\/2015\/08\/BadIschlDeklaration_2006_09_05.pdf\" target=\"_blank\"><i class=\"fa fa-cloud-download\"><\/i><\/a>\r\n                                            <\/div>\r\n                                            <div class=\"clearfix\"><\/div>\r\n                                          <\/div>\r\n                                        <\/li><li>\r\n                                          <div class=\"row\">\r\n                                            <div class=\"col-md-9\">\r\n                                               <p>Sozialpartnerabkommen von 1992<\/p>\r\n                                            <\/div>\r\n                                            <div class=\"col-md-3 sp-publications-download-link\">\r\n                                               <a href=\"https:\/\/www.sozialpartner.at\/wp-content\/uploads\/2015\/08\/Abkommen1992.pdf\" target=\"_blank\"><i class=\"fa fa-cloud-download\"><\/i><\/a>\r\n                                            <\/div>\r\n                                            <div class=\"clearfix\"><\/div>\r\n                                          <\/div>\r\n                                        <\/li><li>\r\n                                          <div class=\"row\">\r\n                                            <div class=\"col-md-9\">\r\n                                               <p>Sozialpartnerschaft in der Zweiten Republik<\/p>\r\n                                            <\/div>\r\n                                            <div class=\"col-md-3 sp-publications-download-link\">\r\n                                               <a href=\"https:\/\/www.sozialpartner.at\/wp-content\/uploads\/2015\/08\/Sozialpartnerschaft_ZweiteRepublik.pdf\" target=\"_blank\"><i class=\"fa fa-cloud-download\"><\/i><\/a>\r\n                                            <\/div>\r\n                                            <div class=\"clearfix\"><\/div>\r\n                                          <\/div>\r\n                                        <\/li> <\/ul>\r\n                              <\/div>\r\n                           <\/div>\r\n                           <div class=\"clearfix\"><\/div>\r\n                        <\/div>\r\n                     <\/div>\r\n                  <\/div>  <\/div>\r\n            <\/section>[\/vc_column][vc_column width=&#8220;2\/12&#8243;][vc_column_text]<br \/>\n[\/vc_column_text][\/vc_column][\/vc_row][vc_row][vc_column width=&#8220;2\/12&#8243;][\/vc_column][vc_column width=&#8220;8\/12&#8243;]<section class=\"sp-content-section\">\r\n               <div class=\"sp-link-list-element\">\r\n                  <div class=\"sp-link-list-header\"><div>Links<\/div><\/div>\r\n                  <div class=\"sp-link-list-content\"><div class=\"sp-single-link\">\r\n              <img decoding=\"async\" src=\"https:\/\/www.sozialpartner.at\/wp-content\/themes\/tema\/images\/assets\/link.png\" alt=\"\" \/>\r\n              <a href=\"https:\/\/www.arbeitundalter.at\/\" target=\"_blank\">Arbeit und Alter<\/a>\r\n           <\/div><div class=\"sp-single-link\">\r\n              <img decoding=\"async\" src=\"https:\/\/www.sozialpartner.at\/wp-content\/themes\/tema\/images\/assets\/link.png\" alt=\"\" \/>\r\n              <a href=\"http:\/\/www.arbeitundbehinderung.at\/de\/\" target=\"_blank\">Arbeit und Behinderung<\/a>\r\n           <\/div><div class=\"sp-single-link\">\r\n              <img decoding=\"async\" src=\"https:\/\/www.sozialpartner.at\/wp-content\/themes\/tema\/images\/assets\/link.png\" alt=\"\" \/>\r\n              <a href=\"https:\/\/www.wko.at\/service\/kollektivvertraege.html\" target=\"_blank\">Kollektivvertragsdatenbank der WK\u00d6<\/a>\r\n           <\/div><div class=\"sp-single-link\">\r\n              <img decoding=\"async\" src=\"https:\/\/www.sozialpartner.at\/wp-content\/themes\/tema\/images\/assets\/link.png\" alt=\"\" \/>\r\n              <a href=\"http:\/\/www.kollektivvertrag.at\/cms\/KV\/KV_0\" target=\"_blank\">Kollektivvertragsdatenbank von \u00d6GB und Gewerkschaften<\/a>\r\n           <\/div><\/div>\r\n               <\/div>\r\n            <\/section>[\/vc_column][vc_column width=&#8220;2\/12&#8243;][\/vc_column][\/vc_row]<\/p>\n<\/div>","protected":false},"excerpt":{"rendered":"<p>[vc_row css=&#8220;.vc_custom_1441125465753{padding-top: 40px !important;}&#8220;][vc_column width=&#8220;2\/12&#8243;][vc_column_text] [\/vc_column_text][\/vc_column][vc_column width=&#8220;3\/12&#8243;][\/vc_column][vc_column width=&#8220;5\/12&#8243;][vc_custom_heading text=&#8220;Was ist das?&#8220; font_container=&#8220;tag:h3|text_align:left&#8220; use_theme_fonts=&#8220;yes&#8220;][vc_empty_space height=&#8220;20&#8243;][vc_column_text css=&#8220;.vc_custom_1441124083481{margin-top: -14px !important;}&#8220;] Die \u00f6sterreichische Wirtschafts- und Sozialpartnerschaft, zumeist kurz als \u201eSozialpartnerschaft\u201c bezeichnet, ist ein System der wirtschafts- und sozialpolitischen Zusammenarbeit zwischen den Interessenverb\u00e4nden der Arbeitgeber und Arbeitnehmer untereinander und mit der Regierung. [\/vc_column_text][\/vc_column][vc_column width=&#8220;2\/12&#8243;][vc_column_text] [\/vc_column_text][\/vc_column][\/vc_row][vc_row css=&#8220;.vc_custom_1437121554565{padding-top: 40px !important;}&#8220;][vc_column width=&#8220;2\/12&#8243;][vc_column_text] [\/vc_column_text][\/vc_column][vc_column [&hellip;]<\/p>\n","protected":false},"author":1,"featured_media":0,"parent":2672,"menu_order":10,"comment_status":"open","ping_status":"closed","template":"","meta":{"footnotes":""},"class_list":["post-2674","page","type-page","status-publish","hentry"],"_links":{"self":[{"href":"https:\/\/www.sozialpartner.at\/index.php?rest_route=\/wp\/v2\/pages\/2674","targetHints":{"allow":["GET"]}}],"collection":[{"href":"https:\/\/www.sozialpartner.at\/index.php?rest_route=\/wp\/v2\/pages"}],"about":[{"href":"https:\/\/www.sozialpartner.at\/index.php?rest_route=\/wp\/v2\/types\/page"}],"author":[{"embeddable":true,"href":"https:\/\/www.sozialpartner.at\/index.php?rest_route=\/wp\/v2\/users\/1"}],"replies":[{"embeddable":true,"href":"https:\/\/www.sozialpartner.at\/index.php?rest_route=%2Fwp%2Fv2%2Fcomments&post=2674"}],"version-history":[{"count":12,"href":"https:\/\/www.sozialpartner.at\/index.php?rest_route=\/wp\/v2\/pages\/2674\/revisions"}],"predecessor-version":[{"id":6769,"href":"https:\/\/www.sozialpartner.at\/index.php?rest_route=\/wp\/v2\/pages\/2674\/revisions\/6769"}],"up":[{"embeddable":true,"href":"https:\/\/www.sozialpartner.at\/index.php?rest_route=\/wp\/v2\/pages\/2672"}],"wp:attachment":[{"href":"https:\/\/www.sozialpartner.at\/index.php?rest_route=%2Fwp%2Fv2%2Fmedia&parent=2674"}],"curies":[{"name":"wp","href":"https:\/\/api.w.org\/{rel}","templated":true}]}}