
{"id":2698,"date":"2015-07-15T11:35:01","date_gmt":"2015-07-15T11:35:01","guid":{"rendered":"http:\/\/socialpartner.linuxgood.kraftwerk.co.at\/wordpress\/?page_id=2698&#038;lang=fr"},"modified":"2018-01-16T13:00:56","modified_gmt":"2018-01-16T13:00:56","slug":"dialog-2015","status":"publish","type":"page","link":"https:\/\/www.sozialpartner.at\/?page_id=2698&lang=fr","title":{"rendered":"2015"},"content":{"rendered":"<div class=\"wpb-content-wrapper\"><p>[vc_row css=&#8220;.vc_custom_1437127908811{padding-top: 50px !important;padding-bottom: 30px !important;}&#8220;][vc_column width=&#8220;2\/12&#8243;][vc_column_text]<br \/>\n[\/vc_column_text][\/vc_column][vc_column width=&#8220;3\/12&#8243;]<div class=\"sp-boxed-side-navigation\">\r\n             <div class=\"sp-navigation-header\">\r\n                <a href=\"#\">Bad Ischler Dialog<\/a>\r\n             <\/div>\r\n             <div class=\"sp-navigation-content\">\r\n                <ul><\/ul>\r\n             <\/div>\r\n          <\/div>[\/vc_column][vc_column width=&#8220;5\/12&#8243;][vc_custom_heading text=&#8220;05.10.2015 &#8211; 06.10.2015&#8243; font_container=&#8220;tag:h4|text_align:left&#8220; use_theme_fonts=&#8220;yes&#8220; css=&#8220;.vc_custom_1441270748032{padding-top: 3px !important;}&#8220;][vc_custom_heading text=&#8220;Digitale Wirtschaft und Arbeitswelt&#8220; font_container=&#8220;tag:h3|font_size:22|text_align:left|line_height:40px&#8220; use_theme_fonts=&#8220;yes&#8220;][vc_empty_space height=&#8220;20&#8243;][vc_column_text el_class=&#8220;sp-test&#8220; css=&#8220;.vc_custom_1516107652712{margin-top: -17px !important;}&#8220;]<span style=\"color: #504e51; font-family: 'Open Sans','sans-serif';\">Der \u201eBad Ischler Dialog\u201c der \u00f6sterreichischen Sozialpartner im Jahr 2015 ist dem Themenkomplex \u201eDigitale Wirtschaft und Arbeitswelt\u201c gewidmet. Die Sozialpartner betrachten die Digitalisierung als weitreichenden Prozess, der Wirtschaft, Arbeitswelt und Gesellschaft in Zukunft noch st\u00e4rker beeinflussen wird. <\/span>[\/vc_column_text][\/vc_column][vc_column width=&#8220;2\/12&#8243;][vc_column_text]<br \/>\n[\/vc_column_text][\/vc_column][\/vc_row][vc_row][vc_column width=&#8220;2\/12&#8243;][vc_column_text]<br \/>\n[\/vc_column_text][\/vc_column][vc_column width=&#8220;8\/12&#8243;][vc_single_image image=&#8220;246&#8243; img_size=&#8220;full&#8220; alignment=&#8220;center&#8220; css=&#8220;.vc_custom_1441127020507{padding-top: 30px !important;padding-bottom: 0px !important;}&#8220;][\/vc_column][vc_column width=&#8220;2\/12&#8243;][vc_column_text]<br \/>\n[\/vc_column_text][\/vc_column][\/vc_row][vc_row css=&#8220;.vc_custom_1437127969718{padding-top: 50px !important;}&#8220;][vc_column width=&#8220;2\/12&#8243; el_class=&#8220;sp-expandable-tabs-wrapper&#8220;][vc_column_text]<br \/>\n[\/vc_column_text][\/vc_column][vc_column width=&#8220;8\/12&#8243; el_class=&#8220;sp-expandable-tabs-wrapper&#8220;][vc_tta_tabs active_section=&#8220;1&#8243;][vc_tta_section title=&#8220;Programm Montag 05.10.2015&#8243; tab_id=&#8220;1436982932325-8ee59503-2674c213-c3ee&#8220;][vc_row_inner css=&#8220;.vc_custom_1441273185620{padding-bottom: 10px !important;}&#8220;][vc_column_inner][vc_custom_heading text=&#8220;KONGRESS &amp; THEATERHAUS BAD ISCHL&#8220; font_container=&#8220;tag:h3|text_align:left|color:%23c01b15&#8243; use_theme_fonts=&#8220;yes&#8220;][\/vc_column_inner][\/vc_row_inner][vc_row_inner][vc_column_inner width=&#8220;1\/3&#8243;][vc_column_text]<\/p>\n<p><strong>14:00 Uhr<\/strong><\/p>\n<p>[\/vc_column_text][\/vc_column_inner][vc_column_inner width=&#8220;2\/3&#8243;][vc_column_text]<\/p>\n<p><strong>Beginn: Gru\u00dfworte &#8211; B\u00fcrgermeister Hannes Heide<\/strong><\/p>\n<p>[\/vc_column_text][\/vc_column_inner][\/vc_row_inner][vc_row_inner][vc_column_inner][vc_separator][\/vc_column_inner][\/vc_row_inner][vc_row_inner][vc_column_inner width=&#8220;1\/3&#8243;][vc_column_text]<\/p>\n<p><strong>14:10 Uhr<\/strong><\/p>\n<p>[\/vc_column_text][\/vc_column_inner][vc_column_inner width=&#8220;2\/3&#8243;][vc_column_text]<strong>Keynote \u201eBig Data-Auswirkungen auf Wirtschaft &amp; Gesellschaft\u201c<\/strong><br \/>\nViktor Mayer-Sch\u00f6nberger (Oxford Internet Institute)[\/vc_column_text][\/vc_column_inner][\/vc_row_inner][vc_row_inner][vc_column_inner][vc_separator][\/vc_column_inner][\/vc_row_inner][vc_row_inner][vc_column_inner width=&#8220;1\/3&#8243;][vc_column_text]<\/p>\n<p><strong>14:30 Uhr<\/strong><\/p>\n<p>[\/vc_column_text][\/vc_column_inner][vc_column_inner width=&#8220;2\/3&#8243;][vc_column_text]<strong>Input der Sozialpartner-Pr\u00e4sidenten<\/strong><br \/>\nChristoph Leitl (WK\u00d6), Hermann Schultes (LK\u00d6), Erich Foglar (\u00d6GB), Rudi Kaske (BAK)<br \/>\n[\/vc_column_text][\/vc_column_inner][\/vc_row_inner][vc_row_inner][vc_column_inner][vc_separator][\/vc_column_inner][\/vc_row_inner][vc_row_inner][vc_column_inner width=&#8220;1\/3&#8243;][vc_column_text]<strong>14:50 Uhr<\/strong>[\/vc_column_text][\/vc_column_inner][vc_column_inner width=&#8220;2\/3&#8243;][vc_column_text]<strong>Input der \u00f6sterreichischen Bundesregierung<\/strong><br \/>\nBundesminister Alois St\u00f6ger (BMVIT), Staatssekret\u00e4r Harald Mahrer (BMWFW) [\/vc_column_text][\/vc_column_inner][\/vc_row_inner][vc_row_inner][vc_column_inner][vc_separator][\/vc_column_inner][\/vc_row_inner][vc_row_inner][vc_column_inner width=&#8220;1\/3&#8243;][vc_column_text]<strong>15:20 Uhr<\/strong>[\/vc_column_text][\/vc_column_inner][vc_column_inner width=&#8220;2\/3&#8243;][vc_column_text]<strong>Gespr\u00e4chsrunde der Sozialpartner-Pr\u00e4sidenten mit<br \/>\nBundesminister Alois St\u00f6ger und Staatssekret\u00e4r Harald Mahrer<\/strong>[\/vc_column_text][\/vc_column_inner][\/vc_row_inner][vc_row_inner][vc_column_inner][vc_separator][\/vc_column_inner][\/vc_row_inner][vc_row_inner][vc_column_inner width=&#8220;1\/3&#8243;][vc_column_text]<\/p>\n<p><strong>15:40 Uhr<\/strong><\/p>\n<p>[\/vc_column_text][\/vc_column_inner][vc_column_inner width=&#8220;2\/3&#8243;][vc_column_text]<strong>Kaffeepause<\/strong>[\/vc_column_text][\/vc_column_inner][\/vc_row_inner][vc_row_inner][vc_column_inner][vc_separator][\/vc_column_inner][\/vc_row_inner][vc_row_inner][vc_column_inner width=&#8220;1\/3&#8243;][vc_column_text]<\/p>\n<p><strong>16:00 Uhr<\/strong><\/p>\n<p>[\/vc_column_text][\/vc_column_inner][vc_column_inner width=&#8220;2\/3&#8243;][vc_column_text]<strong>Panel 1: Daten als Rohstoff<\/strong><br \/>\nVorsitz: Rudi Kaske (BAK)<br \/>\nViktor Mayer-Sch\u00f6nberger (Oxford Internet Institute)<br \/>\nMarkus Kienberger (Google Austria)<br \/>\nMichael Hell (Junge Sozialpartner, LK\u00d6)<br \/>\nTim Schmidt (ver.di\/ehemals Amazon)[\/vc_column_text][\/vc_column_inner][\/vc_row_inner][vc_row_inner][vc_column_inner][vc_separator][\/vc_column_inner][\/vc_row_inner][vc_row_inner][vc_column_inner width=&#8220;1\/3&#8243;][vc_column_text]<\/p>\n<p><strong>17:30 Uhr<\/strong><\/p>\n<p>[\/vc_column_text][\/vc_column_inner][vc_column_inner width=&#8220;2\/3&#8243;][vc_column_text]<strong>Panel 2: Qualifikationen<\/strong><br \/>\nVorsitz: Ing. Hermann Schultes (LK\u00d6)<br \/>\n<a href=\"https:\/\/www.sozialpartner.at\/wp-content\/uploads\/2015\/08\/Padur_Vortrag_Bad-Ischl.pdf\" target=\"_blank\" rel=\"noopener noreferrer\">Torben Padur <\/a>(Bundesinstitut f\u00fcr Berufsbildung)<br \/>\nWerner Wutscher (New Venture Scouting)<br \/>\nVanessa Radu (Junge Sozialpartner, AK Wien)<br \/>\nHolger Kr\u00f6kel (Betriebsrat, Bosch Rexroth, Homburg)[\/vc_column_text][\/vc_column_inner][\/vc_row_inner][vc_row_inner][vc_column_inner][vc_separator][\/vc_column_inner][\/vc_row_inner][vc_row_inner][vc_column_inner width=&#8220;1\/3&#8243;][vc_column_text]<strong>19:30\u00a0Uhr<\/strong>[\/vc_column_text][\/vc_column_inner][vc_column_inner width=&#8220;2\/3&#8243;][vc_column_text]<strong>Abendempfang im Leh\u00e1r-Theater<\/strong>[\/vc_column_text][\/vc_column_inner][\/vc_row_inner][\/vc_tta_section][vc_tta_section title=&#8220;Programm Dienstag 06.10.2015&#8243; tab_id=&#8220;1437038975156-c6653159-af3ac213-c3ee&#8220;][vc_row_inner css=&#8220;.vc_custom_1441273215853{padding-bottom: 10px !important;}&#8220;][vc_column_inner][vc_custom_heading text=&#8220;KONGRESS &amp; THEATERHAUS BAD ISCHL&#8220; font_container=&#8220;tag:h3|text_align:left|color:%23c01b15&#8243; use_theme_fonts=&#8220;yes&#8220;][\/vc_column_inner][\/vc_row_inner][vc_row_inner][vc_column_inner width=&#8220;1\/3&#8243;][vc_column_text]<\/p>\n<p><strong>09:00\u00a0Uhr<\/strong><\/p>\n<p>[\/vc_column_text][\/vc_column_inner][vc_column_inner width=&#8220;2\/3&#8243;][vc_column_text]<strong>Panel 3: Arbeitswelt<\/strong><\/p>\n<p>Vorsitz: Erich Foglar (\u00d6GB)<br \/>\nMartin Risak (Universit\u00e4t Wien)<br \/>\nThomas Schmutzer (HMP Beratungs-GmbH)<br \/>\nHerbert Rohrmair-Lewis (Junge Sozialpartner, WK\u00d6)<br \/>\nVerena Spitz (Betriebsr\u00e4tin, BAWAG P.S.K.)[\/vc_column_text][\/vc_column_inner][\/vc_row_inner][vc_row_inner][vc_column_inner][vc_separator][\/vc_column_inner][\/vc_row_inner][vc_row_inner][vc_column_inner width=&#8220;1\/3&#8243;][vc_column_text]<\/p>\n<p><strong>10:30 Uhr<\/strong><\/p>\n<p>[\/vc_column_text][\/vc_column_inner][vc_column_inner width=&#8220;2\/3&#8243;][vc_column_text]<strong>Panel 4: Standort<\/strong><\/p>\n<p>Vorsitz: Dr. Christoph Leitl (WK\u00d6)<br \/>\n<a href=\"https:\/\/www.sozialpartner.at\/wp-content\/uploads\/2015\/08\/Bauer_Digitalisierung_Bad-Ischl.pdf\" target=\"_blank\" rel=\"noopener noreferrer\">Wilhelm Bauer <\/a>(Fraunhofer-Institut f\u00fcr Arbeitswirtschaft und Organisation)<br \/>\nBettina Lorentschitsch (Interior GmbH)<br \/>\nSascha Ernszt (Junge Sozialpartner, \u00d6GB)<br \/>\nEva Wilhelm (Konzernbetriebsratsvorsitzende, AIT)[\/vc_column_text][\/vc_column_inner][\/vc_row_inner][vc_row_inner][vc_column_inner][vc_separator][\/vc_column_inner][\/vc_row_inner][vc_row_inner][vc_column_inner width=&#8220;1\/3&#8243;][vc_column_text]<\/p>\n<p><strong>12:00 Uhr<\/strong><\/p>\n<p>[\/vc_column_text][\/vc_column_inner][vc_column_inner width=&#8220;2\/3&#8243;][vc_column_text]<strong>Abschluss der Veranstaltung<br \/>\n<\/strong><em>Moderation:<\/em> Gerald Gro\u00df[\/vc_column_text][\/vc_column_inner][\/vc_row_inner][\/vc_tta_section][\/vc_tta_tabs][\/vc_column][vc_column width=&#8220;2\/12&#8243;][vc_column_text]<br \/>\n[\/vc_column_text][\/vc_column][\/vc_row][vc_row full_width=&#8220;stretch_row_content_no_spaces&#8220; css=&#8220;.vc_custom_1437128005245{padding-top: 80px !important;}&#8220;][vc_column]\r\n        <script>\r\n          var directionsDisplay;\r\n          var directionsService = new google.maps.DirectionsService();\r\n          function initialize() {\r\n            directionsDisplay = new google.maps.DirectionsRenderer();\r\n            var mapOptions = { zoom: 7, scrollwheel: false, center:new google.maps.LatLng(48.2206849, 16.3800599), styles: [ { 'elementType': 'geometry', 'stylers': [ { 'visibility': 'on' }, { 'saturation': -100 }, { 'weight': 1 } ] },{ 'elementType': 'labels.icon', 'stylers': [ { 'hue': '#ff1100' }, { 'lightness': -19 } ] },{ 'elementType': 'labels.text.fill', 'stylers': [ { 'color': '#151515' }, { 'weight': 0.7 } ] } ] };\r\n            var map = new google.maps.Map(document.getElementById('map-canvas'), mapOptions);\r\n            directionsDisplay.setMap(map);\r\n            directionsDisplay.setPanel(document.getElementById('directions-panel'));\r\n            var control = document.getElementById('control');\r\n            control.style.display = 'block';\r\n          }\r\n          function calcRoute() {\r\n            var start = document.getElementById('start').value;\r\n            var end = document.getElementById('end').value;\r\n            var request = {\r\n              origin: start,\r\n              destination: end,\r\n              travelMode: google.maps.TravelMode.DRIVING\r\n          };\r\n          directionsService.route(request, function(response, status) {\r\n            if (status == google.maps.DirectionsStatus.OK) {\r\n              document.getElementById('sp-map-directions-wrapper').style.display='block';\r\n              directionsDisplay.setDirections(response);\r\n            }\r\n          });\r\n        }\r\n        google.maps.event.addDomListener(window, 'load', initialize);<\/script><style>\r\n          html, body, #map-canvas { height: 600px; margin: 0; padding: 0; width: 100%; }\r\n          #panel { position: absolute; top: 5px; left: 50%; margin-left: -180px; z-index: 5; background-color: #fff; padding: 5px; border: 1px solid #999; }\r\n          #panel, .panel { font-family: 'Roboto','sans-serif'; line-height: 30px; padding-left: 10px; }\r\n          #panel select, #panel input, .panel select, .panel input { font-size: 15px; }\r\n          #panel select, .panel select { width: 100%; }\r\n          #panel i, .panel i { font-size: 12px; }\r\n          #directions-panel { height: 100%; width: 100%; overflow: auto; }\r\n          #map-canvas { margin-right: 400px; }\r\n          #control { background: #fff; padding: 5px; font-size: 14px; font-family: Arial; border: 1px solid #ccc; box-shadow: 0 2px 2px rgba(33, 33, 33, 0.4); display: none; }\r\n          @media print { \r\n            #map-canvas { height: 500px; margin: 0; }\r\n            #directions-panel { float: none; width: auto; }\r\n          }\r\n        <\/style><div class=\"sp-map-directions-print-wrapper\">\r\n          <div id=\"control\" class=\"sp-google-directions-input\">\r\n            <div style=\"display: inline-block;\">\r\n              <strong>Route von :<\/strong> <input type=\"text\" id=\"start\" onkeyup=\"\">\r\n            <\/div>\r\n            <div style=\"display: inline-block;\">\r\n              <strong>Nach :<\/strong> <input type=\"text\" id=\"end\" onkeyup=\"\">\r\n            <\/div>\r\n            <div style=\"display: inline-block;\">\r\n              <a href=\"javascript:void(0);\" class=\"sp-calc-route-bttn\" onclick=\"calcRoute();\"><i class=\"fa fa-chevron-right\"><\/i><\/a>\r\n            <\/div>\r\n          <\/div>\r\n          <div id=\"map-canvas\"><\/div>\r\n          <div id=\"sp-map-directions-wrapper\" class=\"container\">\r\n            <div class=\"row\">\r\n              <div class=\"col-sm-8 col-sm-offset-2\">\r\n                <section class=\"sp-content-section\">\r\n                  <div class=\"sp-publications-element sp-publications-red\">\r\n                    <div class=\"sp-publications-header\">\r\n                      <div>Anreise<\/div><button type=\"button\" onClick=\"return pop_print()\"><i class=\"fa fa-print\"><\/i><\/button>\r\n  <script type=\"text\/javascript\">\r\n  function pop_print(){\r\n    w=window.open(null, \"Print_Page\", \"scrollbars=yes\");\r\n    var content = \"<div style='max-width: 980px; margin: 0 auto;'><div style='padding: 20px 0; margin-bottom: 20px; border-bottom: 1px solid #cdcdcd;'><div style='clear: both'><\/div><div style='font-size: 30px !important; line-height: 30px !important; font-weight: 600; padding: 54px 0; float: left;'>Anreise<\/div><div style='float:right;'><a style='display: block;' href='https:\/\/www.sozialpartner.at'><img style='display: block;' src='https:\/\/www.sozialpartner.at\/wp-content\/uploads\/2015\/07\/logo1.png' alt='' \/><\/a><\/div><div style='clear: both'><\/div><\/div>\" + jQuery(\"#directions-panel\").html() + \"<\/div>\" + \"<style>body{line-height: 22px;}*{font-size: 14px !important;} table{ width: 100%; }table * { border-collapse: collapse; }.adp-step, .adp-substep{border: none; border-top: 1px solid #CDCDCD; margin: 0px; padding: 0.3em 3px; vertical-align: top; }.adp-placemark {background: #EEE; border: 1px solid #C0C0C0; color: #000; cursor: pointer; margin: 10px 0px; vertical-align: middle;}.adp b{ font-weight: 600; }.adp-placemark td { padding: 10px 15px; }.adp-summary { padding-bottom: 10px; }.adp-directions { width: 100%; }<\/style>\";\r\n    w.document.write(content);\r\n\tw.print();\r\n\tw.close();\r\n  }\r\n  <\/script>\r\n                    <\/div>\r\n                    <div class=\"sp-publications-body\">\r\n                      <div class=\"sp-publications-body-content sp-publications-padding0\">\r\n                        <div class=\"row\">\r\n                          <div class=\"col-xs-12\">\r\n                            <div class=\"mCustomScrollbar sp-google-directions-wrapper\" data-mcs-theme=\"dark\">\r\n                              <div id=\"directions-panel\"><\/div>\r\n                            <\/div>\r\n                          <\/div>\r\n                          <div class=\"clearfix\"><\/div>\r\n                        <\/div>\r\n                        <div class=\"sp-separator-bottom\"><\/div>\r\n                    <\/div>\r\n                  <\/div>\r\n                <\/section>\r\n              <\/div>\r\n              <div class=\"clearfix\"><\/div>\r\n            <\/div>\r\n          <\/div>\r\n        <\/div>[\/vc_column][\/vc_row][vc_row css=&#8220;.vc_custom_1440765543182{padding-top: -30px !important;}&#8220;][vc_column width=&#8220;2\/12&#8243;][vc_column_text]<br \/>\n[\/vc_column_text][\/vc_column][vc_column width=&#8220;8\/12&#8243;][vc_single_image image=&#8220;246&#8243; img_size=&#8220;full&#8220; alignment=&#8220;center&#8220; css=&#8220;.vc_custom_1440765796618{padding-top: 0px !important;padding-bottom: 30px !important;}&#8220;][\/vc_column][vc_column width=&#8220;2\/12&#8243;][vc_column_text]<br \/>\n[\/vc_column_text][\/vc_column][\/vc_row][vc_row css=&#8220;.vc_custom_1440765593240{padding-top: 0px !important;}&#8220;][vc_column width=&#8220;2\/12&#8243;][vc_column_text]<br \/>\n[\/vc_column_text][\/vc_column][vc_column width=&#8220;8\/12&#8243;]<section class=\"sp-content-section\">\r\n               <div class=\"sp-publications-element sp-publications-red\">\r\n                  <div class=\"sp-publications-header\">\r\n                     <div>Unterlagen<\/div>\r\n                  <\/div>\r\n                  <div class=\"sp-publications-body\">\r\n                     <div class=\"sp-publications-body-header\">\r\n                        <div class=\"row\">\r\n                           <div class=\"col-md-6 col-md-offset-6\">\r\n                              <div class=\"sp-publications-subline\"><\/div>\r\n                           <\/div>\r\n                           <div class=\"clearfix\"><\/div>\r\n                        <\/div>\r\n                     <\/div>\r\n                     <div class=\"sp-publications-body-content\">\r\n                        <div class=\"row\">\r\n                           <div class=\"col-md-6\">\r\n                              <div class=\"sp-image-wrapper\">\r\n                                 <img decoding=\"async\" src=\"https:\/\/www.sozialpartner.at\/wp-content\/uploads\/2015\/07\/file.png\" alt=\"\" \/>\r\n                              <\/div>\r\n                           <\/div>\r\n                           <div class=\"col-md-6\"><div class=\"mCustomScrollbar \" data-mcs-theme=\"dark\">\r\n                                 <ul class=\"sp-download-list\"><li>\r\n                                          <div class=\"row\">\r\n                                            <div class=\"col-md-9\">\r\n                                               <p>Handlungsfelder Bad Ischl 2015 - Digitale Wirtschaft und Arbeitswelt<\/p>\r\n                                            <\/div>\r\n                                            <div class=\"col-md-3 sp-publications-download-link\">\r\n                                               <a href=\"https:\/\/www.sozialpartner.at\/wp-content\/uploads\/2017\/08\/Handlungsfelder-Bad-Ischl-2015-Digitale-Wirtschaft-und-Arbeitswelt.pdf\" target=\"_blank\"><i class=\"fa fa-cloud-download\"><\/i><\/a>\r\n                                            <\/div>\r\n                                            <div class=\"clearfix\"><\/div>\r\n                                          <\/div>\r\n                                        <\/li><li>\r\n                                          <div class=\"row\">\r\n                                            <div class=\"col-md-9\">\r\n                                               <p>Bad Ischl Papier 2015 - Digitale Wirtschaft und Arbeitswelt<\/p>\r\n                                            <\/div>\r\n                                            <div class=\"col-md-3 sp-publications-download-link\">\r\n                                               <a href=\"https:\/\/www.sozialpartner.at\/wp-content\/uploads\/2015\/10\/Bad-Ischl-Papier-2015-Digitale-Wirtschaft-und-Arbeitswelt.pdf\" target=\"_blank\"><i class=\"fa fa-cloud-download\"><\/i><\/a>\r\n                                            <\/div>\r\n                                            <div class=\"clearfix\"><\/div>\r\n                                          <\/div>\r\n                                        <\/li><li>\r\n                                          <div class=\"row\">\r\n                                            <div class=\"col-md-9\">\r\n                                               <p>Bad Ischler Dialog 2015 - Programm<\/p>\r\n                                            <\/div>\r\n                                            <div class=\"col-md-3 sp-publications-download-link\">\r\n                                               <a href=\"https:\/\/www.sozialpartner.at\/wp-content\/uploads\/2015\/08\/Bad-Ischler-Dialog_Programm.pdf\" target=\"_blank\"><i class=\"fa fa-cloud-download\"><\/i><\/a>\r\n                                            <\/div>\r\n                                            <div class=\"clearfix\"><\/div>\r\n                                          <\/div>\r\n                                        <\/li> <\/ul>\r\n                              <\/div>\r\n                           <\/div>\r\n                           <div class=\"clearfix\"><\/div>\r\n                        <\/div>\r\n                     <\/div>\r\n                  <\/div>  <\/div>\r\n            <\/section>[\/vc_column][vc_column width=&#8220;2\/12&#8243;][vc_column_text]<br \/>\n[\/vc_column_text][\/vc_column][\/vc_row][vc_row css=&#8220;.vc_custom_1440765593240{padding-top: 0px !important;}&#8220;][vc_column width=&#8220;2\/12&#8243;][vc_column_text]<br \/>\n[\/vc_column_text][\/vc_column][vc_column width=&#8220;8\/12&#8243;]<section class=\"sp-content-section\">\r\n               <div class=\"sp-link-list-element\">\r\n                  <div class=\"sp-link-list-header\"><div>Links<\/div><\/div>\r\n                  <div class=\"sp-link-list-content\"><div class=\"sp-single-link\">\r\n              <img decoding=\"async\" src=\"https:\/\/www.sozialpartner.at\/wp-content\/themes\/tema\/images\/assets\/link.png\" alt=\"\" \/>\r\n              <a href=\"http:\/\/www.kongresshaus.badischl.at\/startseite.html\" target=\"_blank\">Kongresshaus Bad Ischl<\/a>\r\n           <\/div><\/div>\r\n               <\/div>\r\n            <\/section>[\/vc_column][vc_column width=&#8220;2\/12&#8243;][vc_column_text]<br \/>\n[\/vc_column_text][\/vc_column][\/vc_row]<\/p>\n<\/div>","protected":false},"excerpt":{"rendered":"<p>[vc_row css=&#8220;.vc_custom_1437127908811{padding-top: 50px !important;padding-bottom: 30px !important;}&#8220;][vc_column width=&#8220;2\/12&#8243;][vc_column_text] [\/vc_column_text][\/vc_column][vc_column width=&#8220;3\/12&#8243;][\/vc_column][vc_column width=&#8220;5\/12&#8243;][vc_custom_heading text=&#8220;05.10.2015 &#8211; 06.10.2015&#8243; font_container=&#8220;tag:h4|text_align:left&#8220; use_theme_fonts=&#8220;yes&#8220; css=&#8220;.vc_custom_1441270748032{padding-top: 3px !important;}&#8220;][vc_custom_heading text=&#8220;Digitale Wirtschaft und Arbeitswelt&#8220; font_container=&#8220;tag:h3|font_size:22|text_align:left|line_height:40px&#8220; use_theme_fonts=&#8220;yes&#8220;][vc_empty_space height=&#8220;20&#8243;][vc_column_text el_class=&#8220;sp-test&#8220; css=&#8220;.vc_custom_1516107652712{margin-top: -17px !important;}&#8220;]Der \u201eBad Ischler Dialog\u201c der \u00f6sterreichischen Sozialpartner im Jahr 2015 ist dem Themenkomplex \u201eDigitale Wirtschaft und Arbeitswelt\u201c gewidmet. Die Sozialpartner betrachten die Digitalisierung als weitreichenden Prozess, der [&hellip;]<\/p>\n","protected":false},"author":1,"featured_media":0,"parent":2696,"menu_order":20,"comment_status":"open","ping_status":"closed","template":"","meta":{"footnotes":""},"class_list":["post-2698","page","type-page","status-publish","hentry"],"_links":{"self":[{"href":"https:\/\/www.sozialpartner.at\/index.php?rest_route=\/wp\/v2\/pages\/2698","targetHints":{"allow":["GET"]}}],"collection":[{"href":"https:\/\/www.sozialpartner.at\/index.php?rest_route=\/wp\/v2\/pages"}],"about":[{"href":"https:\/\/www.sozialpartner.at\/index.php?rest_route=\/wp\/v2\/types\/page"}],"author":[{"embeddable":true,"href":"https:\/\/www.sozialpartner.at\/index.php?rest_route=\/wp\/v2\/users\/1"}],"replies":[{"embeddable":true,"href":"https:\/\/www.sozialpartner.at\/index.php?rest_route=%2Fwp%2Fv2%2Fcomments&post=2698"}],"version-history":[{"count":1,"href":"https:\/\/www.sozialpartner.at\/index.php?rest_route=\/wp\/v2\/pages\/2698\/revisions"}],"predecessor-version":[{"id":4453,"href":"https:\/\/www.sozialpartner.at\/index.php?rest_route=\/wp\/v2\/pages\/2698\/revisions\/4453"}],"up":[{"embeddable":true,"href":"https:\/\/www.sozialpartner.at\/index.php?rest_route=\/wp\/v2\/pages\/2696"}],"wp:attachment":[{"href":"https:\/\/www.sozialpartner.at\/index.php?rest_route=%2Fwp%2Fv2%2Fmedia&parent=2698"}],"curies":[{"name":"wp","href":"https:\/\/api.w.org\/{rel}","templated":true}]}}