
{"id":2704,"date":"2015-08-26T13:06:02","date_gmt":"2015-08-26T13:06:02","guid":{"rendered":"http:\/\/socialpartner.linuxgood.kraftwerk.co.at\/wordpress\/?page_id=2704&#038;lang=fr"},"modified":"2018-01-16T13:23:01","modified_gmt":"2018-01-16T13:23:01","slug":"dialog-2012","status":"publish","type":"page","link":"https:\/\/www.sozialpartner.at\/?page_id=2704&lang=fr","title":{"rendered":"2012"},"content":{"rendered":"<div class=\"wpb-content-wrapper\"><p>[vc_row css=&#8220;.vc_custom_1437127908811{padding-top: 50px !important;padding-bottom: 30px !important;}&#8220;][vc_column width=&#8220;2\/12&#8243;][vc_column_text]<br \/>\n[\/vc_column_text][\/vc_column][vc_column width=&#8220;3\/12&#8243;]<div class=\"sp-boxed-side-navigation\">\r\n             <div class=\"sp-navigation-header\">\r\n                <a href=\"#\">Bad Ischler Dialog<\/a>\r\n             <\/div>\r\n             <div class=\"sp-navigation-content\">\r\n                <ul><\/ul>\r\n             <\/div>\r\n          <\/div>[\/vc_column][vc_column width=&#8220;5\/12&#8243;][vc_custom_heading text=&#8220;15.10.2012 &#8211; 16.10.2012&#8243; font_container=&#8220;tag:h4|text_align:left&#8220; use_theme_fonts=&#8220;yes&#8220; css=&#8220;.vc_custom_1441272358742{padding-top: 3px !important;}&#8220;][vc_custom_heading text=&#8220;Zukunft Europa&#8220; font_container=&#8220;tag:h3|font_size:22px|text_align:left|line_height:40px&#8220; use_theme_fonts=&#8220;yes&#8220;][vc_empty_space height=&#8220;20&#8243;][vc_column_text el_class=&#8220;sp-test&#8220; css=&#8220;.vc_custom_1516108979164{margin-top: -17px !important;}&#8220;]<\/p>\n<p style=\"font-size: 16px; line-height: 28px; font-weight: 300;\">Im Rahmen des Bad Ischler Dialogs 2012\u00a0sollen aktuelle Herausforderungen und \u00f6sterreichische Positionierungen zur Gestaltung der Europ\u00e4ischen Union diskutiert werden. Die oft unausgewogene (mediale) Diskussion \u00fcber die Zukunft des Projekts Europa erfordert eine Versachlichung der Darstellung und vor allem eine umfassende Aufarbeitung, wozu eine Positionierung der \u00f6sterreichischen Sozialpartner einen wichtigen Beitrag leisten kann.<\/p>\n<p>[\/vc_column_text][\/vc_column][vc_column width=&#8220;2\/12&#8243;][vc_column_text]<br \/>\n[\/vc_column_text][\/vc_column][\/vc_row][vc_row][vc_column width=&#8220;2\/12&#8243;][vc_column_text]<br \/>\n[\/vc_column_text][\/vc_column][vc_column width=&#8220;8\/12&#8243;][vc_single_image image=&#8220;246&#8243; img_size=&#8220;full&#8220; alignment=&#8220;center&#8220; css=&#8220;.vc_custom_1437127900419{padding-top: 30px !important;padding-bottom: 30px !important;}&#8220;][\/vc_column][vc_column width=&#8220;2\/12&#8243;][vc_column_text]<br \/>\n[\/vc_column_text][\/vc_column][\/vc_row][vc_row css=&#8220;.vc_custom_1441180110727{padding-top: 10px !important;}&#8220;][vc_column width=&#8220;2\/12&#8243; el_class=&#8220;sp-expandable-tabs-wrapper&#8220;][vc_column_text]<br \/>\n[\/vc_column_text][\/vc_column][vc_column width=&#8220;8\/12&#8243; el_class=&#8220;sp-expandable-tabs-wrapper&#8220;][vc_tta_tabs active_section=&#8220;1&#8243;][vc_tta_section title=&#8220;Programm Montag 15.10.2012&#8243; tab_id=&#8220;1436982932325-8ee59503-2674c213-c3eef9bd-0956b1be-7731&#8243;][vc_row_inner css=&#8220;.vc_custom_1441273358762{padding-bottom: 10px !important;}&#8220;][vc_column_inner][vc_custom_heading text=&#8220;KONGRESS &amp; THEATERHAUS BAD ISCHL&#8220; font_container=&#8220;tag:h3|text_align:left|color:%23c01b15&#8243; use_theme_fonts=&#8220;yes&#8220;][\/vc_column_inner][\/vc_row_inner][vc_row_inner][vc_column_inner width=&#8220;1\/3&#8243;][vc_column_text]<\/p>\n<p><strong>11:30 Uhr<\/strong><\/p>\n<p>[\/vc_column_text][\/vc_column_inner][vc_column_inner width=&#8220;2\/3&#8243;][vc_column_text]<\/p>\n<p><strong>Pressekonferenz<\/strong><\/p>\n<p>[\/vc_column_text][\/vc_column_inner][\/vc_row_inner][vc_row_inner][vc_column_inner][vc_separator][\/vc_column_inner][\/vc_row_inner][vc_row_inner][vc_column_inner width=&#8220;1\/3&#8243;][vc_column_text]<\/p>\n<p><strong>14:00 Uhr<\/strong><\/p>\n<p>[\/vc_column_text][\/vc_column_inner][vc_column_inner width=&#8220;2\/3&#8243;][vc_column_text]<\/p>\n<p><strong>Er\u00f6ffnung B\u00fcrgermeister Hannes Heide<\/strong><\/p>\n<p>[\/vc_column_text][vc_column_text]<strong>Einleitung der Sozialpartner<br \/>\n<\/strong>Pr\u00e4sidenten Erich Foglar, \u00d6GB<br \/>\nChristoph Leitl, WK\u00d6<br \/>\nHerbert Tumpel, BAK<br \/>\nGerhard Wlodkowski, LK\u00d6<br \/>\n<strong>Keynotes:<\/strong><br \/>\nBundeskanzler Werner Faymann<br \/>\nVizekanzler Michael Spindelegger, BMEIA<br \/>\nJohannes Hahn, Mitglied der Europ\u00e4ischen Kommission<br \/>\nHannes Swoboda, Fraktionsvorsitzender der Sozialdemokratischen Partei Europas<br \/>\n<strong>anschlie\u00dfend Paneldiskussion<\/strong>[\/vc_column_text][\/vc_column_inner][\/vc_row_inner][vc_row_inner][vc_column_inner][vc_separator][\/vc_column_inner][\/vc_row_inner][vc_row_inner][vc_column_inner width=&#8220;1\/3&#8243;][vc_column_text]<\/p>\n<p><strong>16:15 Uhr<\/strong><\/p>\n<p>[\/vc_column_text][\/vc_column_inner][vc_column_inner width=&#8220;2\/3&#8243;][vc_column_text]<\/p>\n<p><strong>Kaffeepause<\/strong><\/p>\n<p>[\/vc_column_text][\/vc_column_inner][\/vc_row_inner][vc_row_inner][vc_column_inner][vc_separator][\/vc_column_inner][\/vc_row_inner][vc_row_inner][vc_column_inner width=&#8220;1\/3&#8243;][vc_column_text]<\/p>\n<p><strong>16:45 Uhr<\/strong><\/p>\n<p>[\/vc_column_text][\/vc_column_inner][vc_column_inner width=&#8220;2\/3&#8243;][vc_column_text]<strong>Keynote:<\/strong><br \/>\nKlaus Gretschmann, ehemaliger\u00a0Generaldirektor, Rat der EU<br \/>\n<strong>Paneldiskussion zu Demokratie<\/strong><br \/>\nPeter Filzmaier, Universit\u00e4t Graz<br \/>\nLykke Friis, Europasprecherin der\u00a0Venstre-Partei, D\u00e4nemark<br \/>\nChristine Neuhold, Universit\u00e4t\u00a0Maastricht<br \/>\n<em>Moderation:<\/em> Ronald Barazon[\/vc_column_text][\/vc_column_inner][\/vc_row_inner][vc_row_inner][vc_column_inner][vc_separator][\/vc_column_inner][\/vc_row_inner][vc_row_inner][vc_column_inner width=&#8220;1\/3&#8243;][vc_column_text]<\/p>\n<p><strong>19:30\u00a0Uhr<\/strong><\/p>\n<p>[\/vc_column_text][\/vc_column_inner][vc_column_inner width=&#8220;2\/3&#8243;][vc_column_text]<\/p>\n<p><strong>Abendempfang der Sozialpartner in der Bad Ischler Trinkhalle<\/strong><\/p>\n<p>[\/vc_column_text][\/vc_column_inner][\/vc_row_inner][\/vc_tta_section][vc_tta_section title=&#8220;Programm Dienstag 16.10.2012&#8243; tab_id=&#8220;1437038975156-c6653159-af3ac213-c3eef9bd-0956b1be-7731&#8243;][vc_row_inner css=&#8220;.vc_custom_1441273368641{padding-bottom: 10px !important;}&#8220;][vc_column_inner][vc_custom_heading text=&#8220;KONGRESS &amp; THEATERHAUS BAD ISCHL&#8220; font_container=&#8220;tag:h3|text_align:left|color:%23c01b15&#8243; use_theme_fonts=&#8220;yes&#8220;][\/vc_column_inner][\/vc_row_inner][vc_row_inner][vc_column_inner width=&#8220;1\/3&#8243;][vc_column_text]<\/p>\n<p><strong>09:00\u00a0Uhr<\/strong><\/p>\n<p>[\/vc_column_text][\/vc_column_inner][vc_column_inner width=&#8220;2\/3&#8243;][vc_column_text]<strong>Die Zukunftsgeneration der Sozialpartner<\/strong><br \/>\nJ\u00fcrgen Michlmayr, Gewerkschaftsjugend<br \/>\nMarkus Roth, Junge Wirtschaft<br \/>\nMarkus Zuser, Landjugend<br \/>\n<strong>im Dialog mit<\/strong><br \/>\nGerda Falkner, Universit\u00e4t Wien &#8211; Leiterin des Insituts f\u00fcr europ\u00e4ische Integrationsforschung<br \/>\nGeorg Busch, Generaldirektion Wirtschaft und Finanzen, EU-Kommission[\/vc_column_text][\/vc_column_inner][\/vc_row_inner][vc_row_inner][vc_column_inner][vc_separator][\/vc_column_inner][\/vc_row_inner][vc_row_inner][vc_column_inner width=&#8220;1\/3&#8243;][vc_column_text]<\/p>\n<p><strong>10:15 Uhr<\/strong><\/p>\n<p>[\/vc_column_text][\/vc_column_inner][vc_column_inner width=&#8220;2\/3&#8243;][vc_column_text]<\/p>\n<p><strong>Kaffeepause<\/strong><\/p>\n<p>[\/vc_column_text][\/vc_column_inner][\/vc_row_inner][vc_row_inner][vc_column_inner][vc_separator][\/vc_column_inner][\/vc_row_inner][vc_row_inner][vc_column_inner width=&#8220;1\/3&#8243;][vc_column_text]<\/p>\n<p><strong>10:45 Uhr<\/strong><\/p>\n<p>[\/vc_column_text][\/vc_column_inner][vc_column_inner width=&#8220;2\/3&#8243;][vc_column_text]<strong>Paneldiskussion zur \u00d6konomie<\/strong><br \/>\nKarl Aiginger, Wirtschaftsforschungsinstitut WienAndreas Botsch, ETUI Br\u00fcssel<br \/>\nMonika Kircher, INFINEON Technologies Austria AG Villach<br \/>\nBerthold U. Wigger, Karlsruher Institut f\u00fcr Technologie<br \/>\n<strong>Schlussrunde der Generalsekret\u00e4rInnen der\u00a0\u00f6sterreichischen Sozialpartner:<\/strong><br \/>\nBernhard Achitz, \u00d6GB<br \/>\nAugust Astl, LK\u00d6,<br \/>\nAnna Maria Hochhauser WK\u00d6<br \/>\nWerner Muhm, BAK<br \/>\n<em>Moderation: Ronald Barazon<\/em>[\/vc_column_text][\/vc_column_inner][\/vc_row_inner][\/vc_tta_section][\/vc_tta_tabs][\/vc_column][vc_column width=&#8220;2\/12&#8243;][vc_column_text]<br \/>\n[\/vc_column_text][\/vc_column][\/vc_row][vc_row css=&#8220;.vc_custom_1440765543182{padding-top: -30px !important;}&#8220;][vc_column width=&#8220;2\/12&#8243;][vc_column_text]<br \/>\n[\/vc_column_text][\/vc_column][vc_column width=&#8220;8\/12&#8243;][vc_single_image image=&#8220;246&#8243; img_size=&#8220;full&#8220; alignment=&#8220;center&#8220; css=&#8220;.vc_custom_1440765796618{padding-top: 0px !important;padding-bottom: 30px !important;}&#8220;][\/vc_column][vc_column width=&#8220;2\/12&#8243;][vc_column_text]<br \/>\n[\/vc_column_text][\/vc_column][\/vc_row][vc_row css=&#8220;.vc_custom_1440765593240{padding-top: 0px !important;}&#8220;][vc_column width=&#8220;2\/12&#8243;][vc_column_text]<br \/>\n[\/vc_column_text][\/vc_column][vc_column width=&#8220;8\/12&#8243;]<section class=\"sp-content-section\">\r\n               <div class=\"sp-publications-element sp-publications-red\">\r\n                  <div class=\"sp-publications-header\">\r\n                     <div>Unterlagen<\/div>\r\n                  <\/div>\r\n                  <div class=\"sp-publications-body\">\r\n                     <div class=\"sp-publications-body-header\">\r\n                        <div class=\"row\">\r\n                           <div class=\"col-md-6 col-md-offset-6\">\r\n                              <div class=\"sp-publications-subline\"><\/div>\r\n                           <\/div>\r\n                           <div class=\"clearfix\"><\/div>\r\n                        <\/div>\r\n                     <\/div>\r\n                     <div class=\"sp-publications-body-content\">\r\n                        <div class=\"row\">\r\n                           <div class=\"col-md-6\">\r\n                              <div class=\"sp-image-wrapper\">\r\n                                 <img decoding=\"async\" src=\"https:\/\/www.sozialpartner.at\/wp-content\/uploads\/2015\/07\/file.png\" alt=\"\" \/>\r\n                              <\/div>\r\n                           <\/div>\r\n                           <div class=\"col-md-6\"><div class=\"mCustomScrollbar \" data-mcs-theme=\"dark\">\r\n                                 <ul class=\"sp-download-list\"><li>\r\n                                          <div class=\"row\">\r\n                                            <div class=\"col-md-9\">\r\n                                               <p>Europas Weg hin zur sozio-\u00f6kologischen Wende<\/p>\r\n                                            <\/div>\r\n                                            <div class=\"col-md-3 sp-publications-download-link\">\r\n                                               <a href=\"https:\/\/www.sozialpartner.at\/wp-content\/uploads\/2015\/08\/Bad-Ischl-2012_Karil-Aiginger_2012-10-15.pdf\" target=\"_blank\"><i class=\"fa fa-cloud-download\"><\/i><\/a>\r\n                                            <\/div>\r\n                                            <div class=\"clearfix\"><\/div>\r\n                                          <\/div>\r\n                                        <\/li><li>\r\n                                          <div class=\"row\">\r\n                                            <div class=\"col-md-9\">\r\n                                               <p>Zur politischen \u00d6konomie der Europ\u00e4ischen W\u00e4hrungsunion in der Krise<\/p>\r\n                                            <\/div>\r\n                                            <div class=\"col-md-3 sp-publications-download-link\">\r\n                                               <a href=\"https:\/\/www.sozialpartner.at\/wp-content\/uploads\/2015\/08\/Beitrag-ABotsch-Bad-Ischler-Dialog-2012.pdf\" target=\"_blank\"><i class=\"fa fa-cloud-download\"><\/i><\/a>\r\n                                            <\/div>\r\n                                            <div class=\"clearfix\"><\/div>\r\n                                          <\/div>\r\n                                        <\/li><li>\r\n                                          <div class=\"row\">\r\n                                            <div class=\"col-md-9\">\r\n                                               <p>Zukunftsf\u00e4higkeit der Europ\u00e4ischen W\u00e4hrungsunion<\/p>\r\n                                            <\/div>\r\n                                            <div class=\"col-md-3 sp-publications-download-link\">\r\n                                               <a href=\"https:\/\/www.sozialpartner.at\/wp-content\/uploads\/2015\/08\/BadIschl_Wigger.pdf\" target=\"_blank\"><i class=\"fa fa-cloud-download\"><\/i><\/a>\r\n                                            <\/div>\r\n                                            <div class=\"clearfix\"><\/div>\r\n                                          <\/div>\r\n                                        <\/li><li>\r\n                                          <div class=\"row\">\r\n                                            <div class=\"col-md-9\">\r\n                                               <p>Wirtschaftspolitik f\u00fcr Europa Neue Regeln, Kontrollen und Sanktionen k\u00f6nnen Wille zur Kooperation nicht ersetzen<\/p>\r\n                                            <\/div>\r\n                                            <div class=\"col-md-3 sp-publications-download-link\">\r\n                                               <a href=\"https:\/\/www.sozialpartner.at\/wp-content\/uploads\/2015\/08\/Bad-Ischl-George-Busch-10-2012-fin.pdf\" target=\"_blank\"><i class=\"fa fa-cloud-download\"><\/i><\/a>\r\n                                            <\/div>\r\n                                            <div class=\"clearfix\"><\/div>\r\n                                          <\/div>\r\n                                        <\/li><li>\r\n                                          <div class=\"row\">\r\n                                            <div class=\"col-md-9\">\r\n                                               <p>Demokratie in EU-ropa<\/p>\r\n                                            <\/div>\r\n                                            <div class=\"col-md-3 sp-publications-download-link\">\r\n                                               <a href=\"https:\/\/www.sozialpartner.at\/wp-content\/uploads\/2015\/08\/Filzmaier_DemokratieinEUropa_15102012_BadIschl.pdf\" target=\"_blank\"><i class=\"fa fa-cloud-download\"><\/i><\/a>\r\n                                            <\/div>\r\n                                            <div class=\"clearfix\"><\/div>\r\n                                          <\/div>\r\n                                        <\/li><li>\r\n                                          <div class=\"row\">\r\n                                            <div class=\"col-md-9\">\r\n                                               <p>Europa zwischen Demokratie, B\u00fcrokratie und Beteiligung: Kommst Du mit der L\u00f6sung oder bist Du teil des Problems?<\/p>\r\n                                            <\/div>\r\n                                            <div class=\"col-md-3 sp-publications-download-link\">\r\n                                               <a href=\"https:\/\/www.sozialpartner.at\/wp-content\/uploads\/2015\/08\/Klaus_Gretschmann-Bad-Ischl-Final.pdf\" target=\"_blank\"><i class=\"fa fa-cloud-download\"><\/i><\/a>\r\n                                            <\/div>\r\n                                            <div class=\"clearfix\"><\/div>\r\n                                          <\/div>\r\n                                        <\/li><li>\r\n                                          <div class=\"row\">\r\n                                            <div class=\"col-md-9\">\r\n                                               <p>Antwortbrief Kommissionspr\u00e4sident Barroso an die Sozialpartner<\/p>\r\n                                            <\/div>\r\n                                            <div class=\"col-md-3 sp-publications-download-link\">\r\n                                               <a href=\"https:\/\/www.sozialpartner.at\/wp-content\/uploads\/2015\/08\/Barroso.tif2_.pdf\" target=\"_blank\"><i class=\"fa fa-cloud-download\"><\/i><\/a>\r\n                                            <\/div>\r\n                                            <div class=\"clearfix\"><\/div>\r\n                                          <\/div>\r\n                                        <\/li><li>\r\n                                          <div class=\"row\">\r\n                                            <div class=\"col-md-9\">\r\n                                               <p>Sozialpartnerpapier zur Zukunft Europas - Kurzfassung<\/p>\r\n                                            <\/div>\r\n                                            <div class=\"col-md-3 sp-publications-download-link\">\r\n                                               <a href=\"https:\/\/www.sozialpartner.at\/wp-content\/uploads\/2015\/08\/3-2012-10-15Zukunft-EuropaKurzfassung.pdf\" target=\"_blank\"><i class=\"fa fa-cloud-download\"><\/i><\/a>\r\n                                            <\/div>\r\n                                            <div class=\"clearfix\"><\/div>\r\n                                          <\/div>\r\n                                        <\/li><li>\r\n                                          <div class=\"row\">\r\n                                            <div class=\"col-md-9\">\r\n                                               <p>Sozialpartnerpapier zur Zukunft Europas - Langfassung<\/p>\r\n                                            <\/div>\r\n                                            <div class=\"col-md-3 sp-publications-download-link\">\r\n                                               <a href=\"https:\/\/www.sozialpartner.at\/wp-content\/uploads\/2015\/08\/2-2012-10-15Zukunft-EuropaLangfassung.pdf\" target=\"_blank\"><i class=\"fa fa-cloud-download\"><\/i><\/a>\r\n                                            <\/div>\r\n                                            <div class=\"clearfix\"><\/div>\r\n                                          <\/div>\r\n                                        <\/li><li>\r\n                                          <div class=\"row\">\r\n                                            <div class=\"col-md-9\">\r\n                                               <p>Bad Ischler Dialog 2012, \"Zukunft Europa\" - Programm<\/p>\r\n                                            <\/div>\r\n                                            <div class=\"col-md-3 sp-publications-download-link\">\r\n                                               <a href=\"https:\/\/www.sozialpartner.at\/wp-content\/uploads\/2015\/08\/Einladung-Bad-Ischler-Dialog-2012_Zukunft-Europa_3.pdf\" target=\"_blank\"><i class=\"fa fa-cloud-download\"><\/i><\/a>\r\n                                            <\/div>\r\n                                            <div class=\"clearfix\"><\/div>\r\n                                          <\/div>\r\n                                        <\/li> <\/ul>\r\n                              <\/div>\r\n                           <\/div>\r\n                           <div class=\"clearfix\"><\/div>\r\n                        <\/div>\r\n                     <\/div>\r\n                  <\/div>  <\/div>\r\n            <\/section>[\/vc_column][vc_column width=&#8220;2\/12&#8243;][vc_column_text]<br \/>\n[\/vc_column_text][\/vc_column][\/vc_row][vc_row css=&#8220;.vc_custom_1440765593240{padding-top: 0px !important;}&#8220;][vc_column width=&#8220;2\/12&#8243;][vc_column_text]<br \/>\n[\/vc_column_text][\/vc_column][vc_column width=&#8220;8\/12&#8243;]<section class=\"sp-content-section\">\r\n               <div class=\"sp-link-list-element\">\r\n                  <div class=\"sp-link-list-header\"><div>Links<\/div><\/div>\r\n                  <div class=\"sp-link-list-content\"><div class=\"sp-single-link\">\r\n              <img decoding=\"async\" src=\"https:\/\/www.sozialpartner.at\/wp-content\/themes\/tema\/images\/assets\/link.png\" alt=\"\" \/>\r\n              <a href=\"http:\/\/www.kongresshaus.badischl.at\/\" target=\"_blank\">Kongresshaus Bad Ischl<\/a>\r\n           <\/div><\/div>\r\n               <\/div>\r\n            <\/section>[\/vc_column][vc_column width=&#8220;2\/12&#8243;][vc_column_text]<br \/>\n[\/vc_column_text][\/vc_column][\/vc_row]<\/p>\n<\/div>","protected":false},"excerpt":{"rendered":"<p>[vc_row css=&#8220;.vc_custom_1437127908811{padding-top: 50px !important;padding-bottom: 30px !important;}&#8220;][vc_column width=&#8220;2\/12&#8243;][vc_column_text] [\/vc_column_text][\/vc_column][vc_column width=&#8220;3\/12&#8243;][\/vc_column][vc_column width=&#8220;5\/12&#8243;][vc_custom_heading text=&#8220;15.10.2012 &#8211; 16.10.2012&#8243; font_container=&#8220;tag:h4|text_align:left&#8220; use_theme_fonts=&#8220;yes&#8220; css=&#8220;.vc_custom_1441272358742{padding-top: 3px !important;}&#8220;][vc_custom_heading text=&#8220;Zukunft Europa&#8220; font_container=&#8220;tag:h3|font_size:22px|text_align:left|line_height:40px&#8220; use_theme_fonts=&#8220;yes&#8220;][vc_empty_space height=&#8220;20&#8243;][vc_column_text el_class=&#8220;sp-test&#8220; css=&#8220;.vc_custom_1516108979164{margin-top: -17px !important;}&#8220;] Im Rahmen des Bad Ischler Dialogs 2012\u00a0sollen aktuelle Herausforderungen und \u00f6sterreichische Positionierungen zur Gestaltung der Europ\u00e4ischen Union diskutiert werden. Die oft unausgewogene (mediale) Diskussion \u00fcber die Zukunft des [&hellip;]<\/p>\n","protected":false},"author":1,"featured_media":0,"parent":2696,"menu_order":50,"comment_status":"open","ping_status":"closed","template":"","meta":{"footnotes":""},"class_list":["post-2704","page","type-page","status-publish","hentry"],"_links":{"self":[{"href":"https:\/\/www.sozialpartner.at\/index.php?rest_route=\/wp\/v2\/pages\/2704","targetHints":{"allow":["GET"]}}],"collection":[{"href":"https:\/\/www.sozialpartner.at\/index.php?rest_route=\/wp\/v2\/pages"}],"about":[{"href":"https:\/\/www.sozialpartner.at\/index.php?rest_route=\/wp\/v2\/types\/page"}],"author":[{"embeddable":true,"href":"https:\/\/www.sozialpartner.at\/index.php?rest_route=\/wp\/v2\/users\/1"}],"replies":[{"embeddable":true,"href":"https:\/\/www.sozialpartner.at\/index.php?rest_route=%2Fwp%2Fv2%2Fcomments&post=2704"}],"version-history":[{"count":1,"href":"https:\/\/www.sozialpartner.at\/index.php?rest_route=\/wp\/v2\/pages\/2704\/revisions"}],"predecessor-version":[{"id":4462,"href":"https:\/\/www.sozialpartner.at\/index.php?rest_route=\/wp\/v2\/pages\/2704\/revisions\/4462"}],"up":[{"embeddable":true,"href":"https:\/\/www.sozialpartner.at\/index.php?rest_route=\/wp\/v2\/pages\/2696"}],"wp:attachment":[{"href":"https:\/\/www.sozialpartner.at\/index.php?rest_route=%2Fwp%2Fv2%2Fmedia&parent=2704"}],"curies":[{"name":"wp","href":"https:\/\/api.w.org\/{rel}","templated":true}]}}