
{"id":2708,"date":"2015-08-28T15:00:53","date_gmt":"2015-08-28T15:00:53","guid":{"rendered":"http:\/\/socialpartner.linuxgood.kraftwerk.co.at\/wordpress\/?page_id=2708&#038;lang=fr"},"modified":"2018-01-16T13:26:35","modified_gmt":"2018-01-16T13:26:35","slug":"dialog-2010","status":"publish","type":"page","link":"https:\/\/www.sozialpartner.at\/?page_id=2708&lang=fr","title":{"rendered":"2010"},"content":{"rendered":"<div class=\"wpb-content-wrapper\"><p>[vc_row css=&#8220;.vc_custom_1437127908811{padding-top: 50px !important;padding-bottom: 30px !important;}&#8220;][vc_column width=&#8220;2\/12&#8243;][vc_column_text]<br \/>\n[\/vc_column_text][\/vc_column][vc_column width=&#8220;3\/12&#8243;]<div class=\"sp-boxed-side-navigation\">\r\n             <div class=\"sp-navigation-header\">\r\n                <a href=\"#\">Bad Ischler Dialog<\/a>\r\n             <\/div>\r\n             <div class=\"sp-navigation-content\">\r\n                <ul><\/ul>\r\n             <\/div>\r\n          <\/div>[\/vc_column][vc_column width=&#8220;5\/12&#8243;][vc_custom_heading text=&#8220;18.10.2010 &#8211; 19.10.2010&#8243; font_container=&#8220;tag:h4|text_align:left&#8220; use_theme_fonts=&#8220;yes&#8220; css=&#8220;.vc_custom_1441272487610{padding-top: 3px !important;}&#8220;][vc_custom_heading text=&#8220;Wachstum \u2013 Besch\u00e4ftigung \u2013 Integration&#8220; font_container=&#8220;tag:h2|font_size:22px|text_align:left|line_height:40px&#8220; use_theme_fonts=&#8220;yes&#8220;][vc_empty_space height=&#8220;20&#8243;][vc_column_text el_class=&#8220;sp-test&#8220; css=&#8220;.vc_custom_1516109187304{margin-top: -17px !important;}&#8220;]<\/p>\n<p style=\"font-size: 16px; line-height: 28px; font-weight: 300;\">Im Rahmen des Bad Ischler Dialogs 2010 wird\u00a0in einem Ausblick bis zum Jahr 2020 gekl\u00e4rt, wo k\u00fcnftig mit Wachstum und zus\u00e4tzlicher Besch\u00e4ftigung zu rechnen ist, und zwar aus europ\u00e4ischer wie auch aus globaler Perspektive.<br \/>\nDavon ausgehend sollen die Konsequenzen f\u00fcr die \u00f6sterreichische Wirtschaftsstruktur, die Unternehmensdemografie, die Besch\u00e4ftigung und die Anforderungen an Wissen und F\u00e4higkeiten der Menschen diskutiert werden. Schlie\u00dflich sind Antworten der Politik in den einzelnen Feldern der Wirtschafts- und Besch\u00e4ftigungspolitik zu entwickeln.<\/p>\n<p>[\/vc_column_text][\/vc_column][vc_column width=&#8220;2\/12&#8243;][vc_column_text]<br \/>\n[\/vc_column_text][\/vc_column][\/vc_row][vc_row][vc_column width=&#8220;2\/12&#8243;][vc_column_text]<br \/>\n[\/vc_column_text][\/vc_column][vc_column width=&#8220;8\/12&#8243;][vc_single_image image=&#8220;246&#8243; img_size=&#8220;full&#8220; alignment=&#8220;center&#8220; css=&#8220;.vc_custom_1437127900419{padding-top: 30px !important;padding-bottom: 30px !important;}&#8220;][\/vc_column][vc_column width=&#8220;2\/12&#8243;][vc_column_text]<br \/>\n[\/vc_column_text][\/vc_column][\/vc_row][vc_row css=&#8220;.vc_custom_1441180158668{padding-top: 10px !important;}&#8220;][vc_column width=&#8220;2\/12&#8243; el_class=&#8220;sp-expandable-tabs-wrapper&#8220;][vc_column_text]<br \/>\n[\/vc_column_text][\/vc_column][vc_column width=&#8220;8\/12&#8243; el_class=&#8220;sp-expandable-tabs-wrapper&#8220;][vc_tta_tabs active_section=&#8220;1&#8243;][vc_tta_section title=&#8220;Programm Montag 18.10.2010&#8243; tab_id=&#8220;1436982932325-8ee59503-2674c213-c3eef9bd-0956f52b-365f&#8220;][vc_row_inner css=&#8220;.vc_custom_1441273432576{padding-bottom: 10px !important;}&#8220;][vc_column_inner][vc_custom_heading text=&#8220;KONGRESS &amp; THEATERHAUS BAD ISCHL&#8220; font_container=&#8220;tag:h3|text_align:left|color:%23c01b15&#8243; use_theme_fonts=&#8220;yes&#8220;][\/vc_column_inner][\/vc_row_inner][vc_row_inner][vc_column_inner width=&#8220;1\/3&#8243;][vc_column_text]<\/p>\n<p><strong>11:30 Uhr<\/strong><\/p>\n<p>[\/vc_column_text][\/vc_column_inner][vc_column_inner width=&#8220;2\/3&#8243;][vc_column_text]<\/p>\n<p><strong>Pressekonferenz<\/strong><\/p>\n<p>[\/vc_column_text][\/vc_column_inner][\/vc_row_inner][vc_row_inner][vc_column_inner][vc_separator][\/vc_column_inner][\/vc_row_inner][vc_row_inner][vc_column_inner width=&#8220;1\/3&#8243;][vc_column_text]<\/p>\n<p><strong>14:00 Uhr<\/strong><\/p>\n<p>[\/vc_column_text][\/vc_column_inner][vc_column_inner width=&#8220;2\/3&#8243;][vc_column_text]<strong>Er\u00f6ffnung B\u00fcrgermeister Hannes Heide<\/strong><br \/>\n<strong>Keynote:<\/strong><br \/>\nLars Thomsen, future matters AG,\u00a0Z\u00fcrich<br \/>\n<strong>Dialog der Sozialpartner &#8211; Pr\u00e4sidenten\u00a0mit der Politik <\/strong><\/p>\n<p>Bundeskanzler Werner Faymann<br \/>\nVizekanzler Josef Pr\u00f6ll, BMF<br \/>\nErich Foglar, \u00d6GB<br \/>\nChristoph Leitl, WK\u00d6<br \/>\nHerbert Tumpel, BAK<br \/>\nGerhard Wlodkowski, LK\u00d6[\/vc_column_text][\/vc_column_inner][\/vc_row_inner][vc_row_inner][vc_column_inner][vc_separator][\/vc_column_inner][\/vc_row_inner][vc_row_inner][vc_column_inner width=&#8220;1\/3&#8243;][vc_column_text]<\/p>\n<p><strong>16:00 Uhr<\/strong><\/p>\n<p>[\/vc_column_text][\/vc_column_inner][vc_column_inner width=&#8220;2\/3&#8243;][vc_column_text]<\/p>\n<p><strong>Kaffeepause<\/strong><\/p>\n<p>[\/vc_column_text][\/vc_column_inner][\/vc_row_inner][vc_row_inner][vc_column_inner][vc_separator][\/vc_column_inner][\/vc_row_inner][vc_row_inner][vc_column_inner width=&#8220;1\/3&#8243;][vc_column_text]<\/p>\n<p><strong>16:30 Uhr<\/strong><\/p>\n<p>[\/vc_column_text][\/vc_column_inner][vc_column_inner width=&#8220;2\/3&#8243;][vc_column_text]<strong>Perspektive 2020: Zuk\u00fcnftige Entwicklungen in Wirtschaft und\u00a0<\/strong><strong>Technologie: Wo findet Wachstum statt?<\/strong><br \/>\nLars Thomsen, future matters AG,\u00a0Z\u00fcrich<br \/>\nReinhard Popp, Zentrum f\u00fcr Zukunftsstudien, Salzburg<br \/>\nHagen Kr\u00e4mer, Hochschule Karlsruhe Gunther Tichy, Universit\u00e4t Graz<br \/>\nMarkus Roth, Junge Wirtschaft<br \/>\n<em>Moderation:<\/em> Ronald Barazon[\/vc_column_text][\/vc_column_inner][\/vc_row_inner][vc_row_inner][vc_column_inner][vc_separator][\/vc_column_inner][\/vc_row_inner][vc_row_inner][vc_column_inner width=&#8220;1\/3&#8243;][vc_column_text]<\/p>\n<p><strong>19:00\u00a0Uhr<\/strong><\/p>\n<p>[\/vc_column_text][\/vc_column_inner][vc_column_inner width=&#8220;2\/3&#8243;][vc_column_text]<\/p>\n<p><strong>Abendempfang der Sozialpartner in der Bad Ischler Trinkhalle<\/strong><\/p>\n<p>[\/vc_column_text][\/vc_column_inner][\/vc_row_inner][\/vc_tta_section][vc_tta_section title=&#8220;Programm Dienstag 19.10.2010&#8243; tab_id=&#8220;1437038975156-c6653159-af3ac213-c3eef9bd-0956f52b-365f&#8220;][vc_row_inner css=&#8220;.vc_custom_1441273440327{padding-bottom: 10px !important;}&#8220;][vc_column_inner][vc_custom_heading text=&#8220;KONGRESS &amp; THEATERHAUS BAD ISCHL&#8220; font_container=&#8220;tag:h3|text_align:left|color:%23c01b15&#8243; use_theme_fonts=&#8220;yes&#8220;][\/vc_column_inner][\/vc_row_inner][vc_row_inner][vc_column_inner width=&#8220;1\/3&#8243;][vc_column_text]<\/p>\n<p><strong>09:00\u00a0Uhr<\/strong><\/p>\n<p>[\/vc_column_text][\/vc_column_inner][vc_column_inner width=&#8220;2\/3&#8243;][vc_column_text]<strong>\u201eWirtschaftspolitische Perspektiven\u201c<br \/>\nzB F&amp;E, Innovation, Wettbewerb, Inves<\/strong><strong>titionen, Umwelt, Regionalpolitik<\/strong><br \/>\nBundesminister Reinhold Mitterlehner, BMWFJ<br \/>\nUrs M\u00fcller, Chef\u00f6konom, BAK Basel AG, Basel<br \/>\nHelmut Detter, Technische Universit\u00e4t Wien<br \/>\nThomas Lutz, Microsoft \u00d6sterreich, Wien<br \/>\nJohannes Kessel, Landjugend[\/vc_column_text][\/vc_column_inner][\/vc_row_inner][vc_row_inner][vc_column_inner][vc_separator][\/vc_column_inner][\/vc_row_inner][vc_row_inner][vc_column_inner width=&#8220;1\/3&#8243;][vc_column_text]<\/p>\n<p><strong>10:45 Uhr<\/strong><\/p>\n<p>[\/vc_column_text][\/vc_column_inner][vc_column_inner width=&#8220;2\/3&#8243;][vc_column_text]<\/p>\n<p><strong>Kaffeepause<\/strong><\/p>\n<p>[\/vc_column_text][\/vc_column_inner][\/vc_row_inner][vc_row_inner][vc_column_inner][vc_separator][\/vc_column_inner][\/vc_row_inner][vc_row_inner][vc_column_inner width=&#8220;1\/3&#8243;][vc_column_text]<\/p>\n<p><strong>11:00 Uhr<\/strong><\/p>\n<p>[\/vc_column_text][\/vc_column_inner][vc_column_inner width=&#8220;2\/3&#8243;][vc_column_text]<strong>\u201eBesch\u00e4ftigungspolitische Perspektiven\u201c<\/strong><br \/>\n<strong>zB Arbeitsmarkt, Bildung, Integration, Migration<\/strong><br \/>\nBundesminister Rudolf Hundstorfer, BMASK<br \/>\nThomas Liebig, OECD<br \/>\nBrigitte Unger, Universit\u00e4t Utrecht<br \/>\nTimo Spangar, Spangar Negotiations, Finnland<br \/>\nJ\u00fcrgen Michlmayr, Gewerkschaftsjugend[\/vc_column_text][\/vc_column_inner][\/vc_row_inner][vc_row_inner][vc_column_inner][vc_separator][\/vc_column_inner][\/vc_row_inner][vc_row_inner][vc_column_inner width=&#8220;1\/3&#8243;][vc_column_text]<\/p>\n<p><strong>12:40 Uhr<\/strong><\/p>\n<p>[\/vc_column_text][\/vc_column_inner][vc_column_inner width=&#8220;2\/3&#8243;][vc_column_text]<strong>Schlussrunde der Generalsekret\u00e4rInnen der\u00f6sterreichischen Sozialpartner zu den politischen Handlungsfeldern<\/strong><br \/>\nBernhard Achitz, \u00d6GB<br \/>\nAugust Astl, LK\u00d6,<br \/>\nAnna Maria Hochhauser WK\u00d6<br \/>\nWerner Muhm, BAK<br \/>\n<em>Moderation:<\/em> Ronald Barazon[\/vc_column_text][\/vc_column_inner][\/vc_row_inner][\/vc_tta_section][\/vc_tta_tabs][\/vc_column][vc_column width=&#8220;2\/12&#8243;][vc_column_text]<br \/>\n[\/vc_column_text][\/vc_column][\/vc_row][vc_row css=&#8220;.vc_custom_1440765543182{padding-top: -30px !important;}&#8220;][vc_column width=&#8220;2\/12&#8243;][vc_column_text]<br \/>\n[\/vc_column_text][\/vc_column][vc_column width=&#8220;8\/12&#8243;][vc_single_image image=&#8220;246&#8243; img_size=&#8220;full&#8220; alignment=&#8220;center&#8220; css=&#8220;.vc_custom_1440765796618{padding-top: 0px !important;padding-bottom: 30px !important;}&#8220;][\/vc_column][vc_column width=&#8220;2\/12&#8243;][vc_column_text]<br \/>\n[\/vc_column_text][\/vc_column][\/vc_row][vc_row css=&#8220;.vc_custom_1440765593240{padding-top: 0px !important;}&#8220;][vc_column width=&#8220;2\/12&#8243;][vc_column_text]<br \/>\n[\/vc_column_text][\/vc_column][vc_column width=&#8220;8\/12&#8243;]<section class=\"sp-content-section\">\r\n               <div class=\"sp-publications-element sp-publications-red\">\r\n                  <div class=\"sp-publications-header\">\r\n                     <div>Unterlagen<\/div>\r\n                  <\/div>\r\n                  <div class=\"sp-publications-body\">\r\n                     <div class=\"sp-publications-body-header\">\r\n                        <div class=\"row\">\r\n                           <div class=\"col-md-6 col-md-offset-6\">\r\n                              <div class=\"sp-publications-subline\">Bezeichnung<\/div>\r\n                           <\/div>\r\n                           <div class=\"clearfix\"><\/div>\r\n                        <\/div>\r\n                     <\/div>\r\n                     <div class=\"sp-publications-body-content\">\r\n                        <div class=\"row\">\r\n                           <div class=\"col-md-6\">\r\n                              <div class=\"sp-image-wrapper\">\r\n                                 <img decoding=\"async\" src=\"https:\/\/www.sozialpartner.at\/wp-content\/uploads\/2015\/07\/file.png\" alt=\"\" \/>\r\n                              <\/div>\r\n                           <\/div>\r\n                           <div class=\"col-md-6\"><div class=\"mCustomScrollbar \" data-mcs-theme=\"dark\">\r\n                                 <ul class=\"sp-download-list\"><li>\r\n                                          <div class=\"row\">\r\n                                            <div class=\"col-md-9\">\r\n                                               <p>Bad Ischler Dialog 2010, \u201eWachstum - Besch\u00e4ftigung - Integration\u201c - Programm<\/p>\r\n                                            <\/div>\r\n                                            <div class=\"col-md-3 sp-publications-download-link\">\r\n                                               <a href=\"https:\/\/www.sozialpartner.at\/wp-content\/uploads\/2015\/08\/Einladung_Endfassung.pdf\" target=\"_blank\"><i class=\"fa fa-cloud-download\"><\/i><\/a>\r\n                                            <\/div>\r\n                                            <div class=\"clearfix\"><\/div>\r\n                                          <\/div>\r\n                                        <\/li><li>\r\n                                          <div class=\"row\">\r\n                                            <div class=\"col-md-9\">\r\n                                               <p>Wachstumspotenziale 2020 - Fachhochschule Salzburg<\/p>\r\n                                            <\/div>\r\n                                            <div class=\"col-md-3 sp-publications-download-link\">\r\n                                               <a href=\"https:\/\/www.sozialpartner.at\/wp-content\/uploads\/2015\/08\/Wachstumspotenziale_Gesamtdokument.pdf\" target=\"_blank\"><i class=\"fa fa-cloud-download\"><\/i><\/a>\r\n                                            <\/div>\r\n                                            <div class=\"clearfix\"><\/div>\r\n                                          <\/div>\r\n                                        <\/li><li>\r\n                                          <div class=\"row\">\r\n                                            <div class=\"col-md-9\">\r\n                                               <p>Bad Ischler Dialog: Positionen der \u00f6sterreichischen Sozialpartner zu zentralen Herausforderungen der Zukunft - Kurzfassung<\/p>\r\n                                            <\/div>\r\n                                            <div class=\"col-md-3 sp-publications-download-link\">\r\n                                               <a href=\"https:\/\/www.sozialpartner.at\/wp-content\/uploads\/2015\/08\/Kurzfassung-FINAL-4.pdf\" target=\"_blank\"><i class=\"fa fa-cloud-download\"><\/i><\/a>\r\n                                            <\/div>\r\n                                            <div class=\"clearfix\"><\/div>\r\n                                          <\/div>\r\n                                        <\/li><li>\r\n                                          <div class=\"row\">\r\n                                            <div class=\"col-md-9\">\r\n                                               <p>Einigung der \u00f6sterreichischen Sozialpartner zur Bek\u00e4mpfung von Lohn- und Sozialdumping<\/p>\r\n                                            <\/div>\r\n                                            <div class=\"col-md-3 sp-publications-download-link\">\r\n                                               <a href=\"https:\/\/www.sozialpartner.at\/wp-content\/uploads\/2015\/08\/SozialpartnerpraesidenteneinigungIschl-I-zusammengefuehrt.pdf\" target=\"_blank\"><i class=\"fa fa-cloud-download\"><\/i><\/a>\r\n                                            <\/div>\r\n                                            <div class=\"clearfix\"><\/div>\r\n                                          <\/div>\r\n                                        <\/li><li>\r\n                                          <div class=\"row\">\r\n                                            <div class=\"col-md-9\">\r\n                                               <p>Wo findet Wachstum statt<\/p>\r\n                                            <\/div>\r\n                                            <div class=\"col-md-3 sp-publications-download-link\">\r\n                                               <a href=\"https:\/\/www.sozialpartner.at\/wp-content\/uploads\/2015\/08\/Lars-Thomsen.pdf\" target=\"_blank\"><i class=\"fa fa-cloud-download\"><\/i><\/a>\r\n                                            <\/div>\r\n                                            <div class=\"clearfix\"><\/div>\r\n                                          <\/div>\r\n                                        <\/li><li>\r\n                                          <div class=\"row\">\r\n                                            <div class=\"col-md-9\">\r\n                                               <p>Wachstum in Finnland<\/p>\r\n                                            <\/div>\r\n                                            <div class=\"col-md-3 sp-publications-download-link\">\r\n                                               <a href=\"https:\/\/www.sozialpartner.at\/wp-content\/uploads\/2015\/08\/Timo-Spangar-Bad-Ischl.pdf\" target=\"_blank\"><i class=\"fa fa-cloud-download\"><\/i><\/a>\r\n                                            <\/div>\r\n                                            <div class=\"clearfix\"><\/div>\r\n                                          <\/div>\r\n                                        <\/li><li>\r\n                                          <div class=\"row\">\r\n                                            <div class=\"col-md-9\">\r\n                                               <p>\u00d6sterreich von Westen<\/p>\r\n                                            <\/div>\r\n                                            <div class=\"col-md-3 sp-publications-download-link\">\r\n                                               <a href=\"https:\/\/www.sozialpartner.at\/wp-content\/uploads\/2015\/08\/Austria.pdf\" target=\"_blank\"><i class=\"fa fa-cloud-download\"><\/i><\/a>\r\n                                            <\/div>\r\n                                            <div class=\"clearfix\"><\/div>\r\n                                          <\/div>\r\n                                        <\/li><li>\r\n                                          <div class=\"row\">\r\n                                            <div class=\"col-md-9\">\r\n                                               <p>Zukunft der Arbeit<\/p>\r\n                                            <\/div>\r\n                                            <div class=\"col-md-3 sp-publications-download-link\">\r\n                                               <a href=\"https:\/\/www.sozialpartner.at\/wp-content\/uploads\/2015\/08\/Zukunft-der-Arbeit-Microsoft-Thomas-Lutz.pdf\" target=\"_blank\"><i class=\"fa fa-cloud-download\"><\/i><\/a>\r\n                                            <\/div>\r\n                                            <div class=\"clearfix\"><\/div>\r\n                                          <\/div>\r\n                                        <\/li><li>\r\n                                          <div class=\"row\">\r\n                                            <div class=\"col-md-9\">\r\n                                               <p>Integrations- und Immigrationspolitik<\/p>\r\n                                            <\/div>\r\n                                            <div class=\"col-md-3 sp-publications-download-link\">\r\n                                               <a href=\"https:\/\/www.sozialpartner.at\/wp-content\/uploads\/2015\/08\/Bad-Ischl-19-Oct-2010.pdf\" target=\"_blank\"><i class=\"fa fa-cloud-download\"><\/i><\/a>\r\n                                            <\/div>\r\n                                            <div class=\"clearfix\"><\/div>\r\n                                          <\/div>\r\n                                        <\/li><li>\r\n                                          <div class=\"row\">\r\n                                            <div class=\"col-md-9\">\r\n                                               <p>Dienstleistungen im Strukturwandel<\/p>\r\n                                            <\/div>\r\n                                            <div class=\"col-md-3 sp-publications-download-link\">\r\n                                               <a href=\"https:\/\/www.sozialpartner.at\/wp-content\/uploads\/2015\/08\/Kraemer-fin.pdf\" target=\"_blank\"><i class=\"fa fa-cloud-download\"><\/i><\/a>\r\n                                            <\/div>\r\n                                            <div class=\"clearfix\"><\/div>\r\n                                          <\/div>\r\n                                        <\/li><li>\r\n                                          <div class=\"row\">\r\n                                            <div class=\"col-md-9\">\r\n                                               <p>Pilotprojekt Innovatives Metall<\/p>\r\n                                            <\/div>\r\n                                            <div class=\"col-md-3 sp-publications-download-link\">\r\n                                               <a href=\"https:\/\/www.sozialpartner.at\/wp-content\/uploads\/2015\/08\/Bad-Ischl_29122010doc.pdf\" target=\"_blank\"><i class=\"fa fa-cloud-download\"><\/i><\/a>\r\n                                            <\/div>\r\n                                            <div class=\"clearfix\"><\/div>\r\n                                          <\/div>\r\n                                        <\/li> <\/ul>\r\n                              <\/div>\r\n                           <\/div>\r\n                           <div class=\"clearfix\"><\/div>\r\n                        <\/div>\r\n                     <\/div>\r\n                  <\/div>  <\/div>\r\n            <\/section>[\/vc_column][vc_column width=&#8220;2\/12&#8243;][vc_column_text]<br \/>\n[\/vc_column_text][\/vc_column][\/vc_row][vc_row css=&#8220;.vc_custom_1440765593240{padding-top: 0px !important;}&#8220;][vc_column width=&#8220;2\/12&#8243;][vc_column_text]<br \/>\n[\/vc_column_text][\/vc_column][vc_column width=&#8220;8\/12&#8243;]<section class=\"sp-content-section\">\r\n               <div class=\"sp-link-list-element\">\r\n                  <div class=\"sp-link-list-header\"><div>Links<\/div><\/div>\r\n                  <div class=\"sp-link-list-content\"><div class=\"sp-single-link\">\r\n              <img decoding=\"async\" src=\"https:\/\/www.sozialpartner.at\/wp-content\/themes\/tema\/images\/assets\/link.png\" alt=\"\" \/>\r\n              <a href=\"http:\/\/www.kongresshaus.badischl.at\/\" target=\"_blank\">Kongresshaus Bad Ischl<\/a>\r\n           <\/div><\/div>\r\n               <\/div>\r\n            <\/section>[\/vc_column][vc_column width=&#8220;2\/12&#8243;][vc_column_text]<br \/>\n[\/vc_column_text][\/vc_column][\/vc_row]<\/p>\n<\/div>","protected":false},"excerpt":{"rendered":"<p>[vc_row css=&#8220;.vc_custom_1437127908811{padding-top: 50px !important;padding-bottom: 30px !important;}&#8220;][vc_column width=&#8220;2\/12&#8243;][vc_column_text] [\/vc_column_text][\/vc_column][vc_column width=&#8220;3\/12&#8243;][\/vc_column][vc_column width=&#8220;5\/12&#8243;][vc_custom_heading text=&#8220;18.10.2010 &#8211; 19.10.2010&#8243; font_container=&#8220;tag:h4|text_align:left&#8220; use_theme_fonts=&#8220;yes&#8220; css=&#8220;.vc_custom_1441272487610{padding-top: 3px !important;}&#8220;][vc_custom_heading text=&#8220;Wachstum \u2013 Besch\u00e4ftigung \u2013 Integration&#8220; font_container=&#8220;tag:h2|font_size:22px|text_align:left|line_height:40px&#8220; use_theme_fonts=&#8220;yes&#8220;][vc_empty_space height=&#8220;20&#8243;][vc_column_text el_class=&#8220;sp-test&#8220; css=&#8220;.vc_custom_1516109187304{margin-top: -17px !important;}&#8220;] Im Rahmen des Bad Ischler Dialogs 2010 wird\u00a0in einem Ausblick bis zum Jahr 2020 gekl\u00e4rt, wo k\u00fcnftig mit Wachstum und zus\u00e4tzlicher Besch\u00e4ftigung zu rechnen ist, [&hellip;]<\/p>\n","protected":false},"author":1,"featured_media":0,"parent":2696,"menu_order":70,"comment_status":"closed","ping_status":"closed","template":"","meta":{"footnotes":""},"class_list":["post-2708","page","type-page","status-publish","hentry"],"_links":{"self":[{"href":"https:\/\/www.sozialpartner.at\/index.php?rest_route=\/wp\/v2\/pages\/2708","targetHints":{"allow":["GET"]}}],"collection":[{"href":"https:\/\/www.sozialpartner.at\/index.php?rest_route=\/wp\/v2\/pages"}],"about":[{"href":"https:\/\/www.sozialpartner.at\/index.php?rest_route=\/wp\/v2\/types\/page"}],"author":[{"embeddable":true,"href":"https:\/\/www.sozialpartner.at\/index.php?rest_route=\/wp\/v2\/users\/1"}],"replies":[{"embeddable":true,"href":"https:\/\/www.sozialpartner.at\/index.php?rest_route=%2Fwp%2Fv2%2Fcomments&post=2708"}],"version-history":[{"count":1,"href":"https:\/\/www.sozialpartner.at\/index.php?rest_route=\/wp\/v2\/pages\/2708\/revisions"}],"predecessor-version":[{"id":4468,"href":"https:\/\/www.sozialpartner.at\/index.php?rest_route=\/wp\/v2\/pages\/2708\/revisions\/4468"}],"up":[{"embeddable":true,"href":"https:\/\/www.sozialpartner.at\/index.php?rest_route=\/wp\/v2\/pages\/2696"}],"wp:attachment":[{"href":"https:\/\/www.sozialpartner.at\/index.php?rest_route=%2Fwp%2Fv2%2Fmedia&parent=2708"}],"curies":[{"name":"wp","href":"https:\/\/api.w.org\/{rel}","templated":true}]}}