
{"id":2715,"date":"2015-08-28T15:04:04","date_gmt":"2015-08-28T15:04:04","guid":{"rendered":"http:\/\/socialpartner.linuxgood.kraftwerk.co.at\/wordpress\/?page_id=2715&#038;lang=en"},"modified":"2015-09-28T08:50:42","modified_gmt":"2015-09-28T08:50:42","slug":"2006-2","status":"publish","type":"page","link":"https:\/\/www.sozialpartner.at\/?page_id=2715&lang=en","title":{"rendered":"2006"},"content":{"rendered":"<div class=\"wpb-content-wrapper\"><p>[vc_row css=&#8220;.vc_custom_1437127908811{padding-top: 50px !important;padding-bottom: 30px !important;}&#8220;][vc_column width=&#8220;2\/12&#8243;][vc_column_text]<br \/>\n[\/vc_column_text][\/vc_column][vc_column width=&#8220;3\/12&#8243;]<div class=\"sp-boxed-side-navigation\">\r\n             <div class=\"sp-navigation-header\">\r\n                <a href=\"#\">Bad Ischler Dialog<\/a>\r\n             <\/div>\r\n             <div class=\"sp-navigation-content\">\r\n                <ul><\/ul>\r\n             <\/div>\r\n          <\/div>[\/vc_column][vc_column width=&#8220;5\/12&#8243;][vc_custom_heading text=&#8220;06.09.2006 &#8211; 07.09.2006&#8243; font_container=&#8220;tag:h4|text_align:left&#8220; use_theme_fonts=&#8220;yes&#8220; css=&#8220;.vc_custom_1441272746791{padding-top: 3px !important;}&#8220;][vc_custom_heading text=&#8220;Bad Ischler Deklaration 2006&#8243; font_container=&#8220;tag:h2|font_size:26px|text_align:left|line_height:40px&#8220; use_theme_fonts=&#8220;yes&#8220;][vc_empty_space height=&#8220;20&#8243;][vc_column_text el_class=&#8220;sp-test&#8220; css=&#8220;.vc_custom_1441124529242{margin-top: -17px !important;}&#8220;]<\/p>\n<p style=\"font-size: 16px; line-height: 28px; font-weight: 300;\">Der \u201eBad Ischler Dialog\u201c der \u00f6sterreichischen Sozialpartner widmet sich in diesem\u00a0Jahr dem Themenkomplex \u201eDigitale Wirtschaft und Arbeitswelt\u201c.<\/p>\n<p>[\/vc_column_text][\/vc_column][vc_column width=&#8220;2\/12&#8243;][vc_column_text]<br \/>\n[\/vc_column_text][\/vc_column][\/vc_row][vc_row][vc_column width=&#8220;2\/12&#8243;][vc_column_text]<br \/>\n[\/vc_column_text][\/vc_column][vc_column width=&#8220;8\/12&#8243;][vc_single_image image=&#8220;246&#8243; img_size=&#8220;full&#8220; alignment=&#8220;center&#8220; css=&#8220;.vc_custom_1437127900419{padding-top: 30px !important;padding-bottom: 30px !important;}&#8220;][\/vc_column][vc_column width=&#8220;2\/12&#8243;][vc_column_text]<br \/>\n[\/vc_column_text][\/vc_column][\/vc_row][vc_row css=&#8220;.vc_custom_1441180303329{padding-top: 10px !important;}&#8220;][vc_column width=&#8220;2\/12&#8243; el_class=&#8220;sp-expandable-tabs-wrapper&#8220;][vc_column_text]<br \/>\n[\/vc_column_text][\/vc_column][vc_column width=&#8220;8\/12&#8243; el_class=&#8220;sp-expandable-tabs-wrapper&#8220;][vc_tta_tabs active_section=&#8220;1&#8243;][vc_tta_section title=&#8220;Programm Mittwoch 06.09.2006&#8243; tab_id=&#8220;1436982932325-8ee59503-2674c213-c3eef9bd-095684ef-7b69&#8243;][vc_row_inner css=&#8220;.vc_custom_1441273559204{padding-bottom: 10px !important;}&#8220;][vc_column_inner][vc_custom_heading text=&#8220;KONGRESS &amp; THEATERHAUS BAD ISCHL&#8220; font_container=&#8220;tag:h3|text_align:left|color:%23c01b15&#8243; use_theme_fonts=&#8220;yes&#8220;][\/vc_column_inner][\/vc_row_inner][vc_row_inner][vc_column_inner width=&#8220;1\/3&#8243;][vc_column_text]<\/p>\n<p><strong>14:00 Uhr<\/strong><\/p>\n<p>[\/vc_column_text][\/vc_column_inner][vc_column_inner width=&#8220;2\/3&#8243;][vc_column_text]<\/p>\n<p><strong>Beginn: Gru\u00dfworte &#8211; B\u00fcrgermeister Hannes Heide<\/strong><\/p>\n<p>[\/vc_column_text][\/vc_column_inner][\/vc_row_inner][vc_row_inner][vc_column_inner][vc_separator][\/vc_column_inner][\/vc_row_inner][vc_row_inner][vc_column_inner width=&#8220;1\/3&#8243;][vc_column_text]<\/p>\n<p><strong>14:10 Uhr<\/strong><\/p>\n<p>[\/vc_column_text][\/vc_column_inner][vc_column_inner width=&#8220;2\/3&#8243;][vc_column_text]<strong>Begr\u00fc\u00dfung durch die Sozialpartner-Pr\u00e4sidenten<\/strong><br \/>\nErich Foglar (\u00d6GB), Dr. Christoph Leitl (WK\u00d6),\u00a0Rudi Kaske (BAK), Ing. Hermann Schultes (LK\u00d6)[\/vc_column_text][\/vc_column_inner][\/vc_row_inner][vc_row_inner][vc_column_inner][vc_separator][\/vc_column_inner][\/vc_row_inner][vc_row_inner][vc_column_inner width=&#8220;1\/3&#8243;][vc_column_text]<\/p>\n<p><strong>14:30 Uhr<\/strong><\/p>\n<p>[\/vc_column_text][\/vc_column_inner][vc_column_inner width=&#8220;2\/3&#8243;][vc_column_text]<strong>Keynote\u00a0\u201eBig Data-Auswirkungen auf Wirtschaft &amp; Gesellschaft\u201c<\/strong><br \/>\nProf. Viktor Mayer-Sch\u00f6nberger (Oxford Internet Institute)[\/vc_column_text][\/vc_column_inner][\/vc_row_inner][vc_row_inner][vc_column_inner][vc_separator][\/vc_column_inner][\/vc_row_inner][vc_row_inner][vc_column_inner width=&#8220;1\/3&#8243;][vc_column_text]<\/p>\n<p><strong>15:00 Uhr<\/strong><\/p>\n<p>[\/vc_column_text][\/vc_column_inner][vc_column_inner width=&#8220;2\/3&#8243;][vc_column_text]<strong>Sichtweise der \u00f6sterreichischen Bundesregierung<\/strong><br \/>\nStaatssekret\u00e4r Dr. Harald Mahrer (BMWFW)<br \/>\nBundesminister Alois St\u00f6ger (BMVIT)[\/vc_column_text][\/vc_column_inner][\/vc_row_inner][vc_row_inner][vc_column_inner][vc_separator][\/vc_column_inner][\/vc_row_inner][vc_row_inner][vc_column_inner width=&#8220;1\/3&#8243;][vc_column_text]<\/p>\n<p><strong>15:40 Uhr<\/strong><\/p>\n<p>[\/vc_column_text][\/vc_column_inner][vc_column_inner width=&#8220;2\/3&#8243;][vc_column_text]<\/p>\n<p><strong>Kaffeepause<\/strong><\/p>\n<p>[\/vc_column_text][\/vc_column_inner][\/vc_row_inner][vc_row_inner][vc_column_inner][vc_separator][\/vc_column_inner][\/vc_row_inner][vc_row_inner][vc_column_inner width=&#8220;1\/3&#8243;][vc_column_text]<\/p>\n<p><strong>16:00 Uhr<\/strong><\/p>\n<p>[\/vc_column_text][\/vc_column_inner][vc_column_inner width=&#8220;2\/3&#8243;][vc_column_text]<strong>Panel 1: Daten als Rohstoff<\/strong><br \/>\nVorsitz: Rudi Kaske (BAK)<br \/>\nProf. Viktor Mayer-Sch\u00f6nberger (Oxford Internet Institute)<br \/>\nDr. Markus Kienberger (Google Austria, Country Manager)<br \/>\nMichael Hell (Junge Sozialpartner, LK\u00d6)<br \/>\nTommy Nietzelt (Betriebsrat, Amazon, Leipzig) (tbc)[\/vc_column_text][\/vc_column_inner][\/vc_row_inner][vc_row_inner][vc_column_inner][vc_separator][\/vc_column_inner][\/vc_row_inner][vc_row_inner][vc_column_inner width=&#8220;1\/3&#8243;][vc_column_text]<\/p>\n<p><strong>17:30 Uhr<\/strong><\/p>\n<p>[\/vc_column_text][\/vc_column_inner][vc_column_inner width=&#8220;2\/3&#8243;][vc_column_text]<strong>Panel 2: Qualifikationen<\/strong><br \/>\nVorsitz: Ing. Hermann Schultes (LK\u00d6)<br \/>\nTorben Padur (Bundesinstitut f\u00fcr Berufsbildung)<br \/>\nMag. Werner Wutscher (New Venture Scouting)<br \/>\nVanessa Radu (Junge Sozialpartner, AK Wien)<br \/>\nHolger Kr\u00f6kel (Betriebsrat, Bosch Rexroth, Homburg)[\/vc_column_text][\/vc_column_inner][\/vc_row_inner][vc_row_inner][vc_column_inner][vc_separator][\/vc_column_inner][\/vc_row_inner][vc_row_inner][vc_column_inner width=&#8220;1\/3&#8243;][vc_column_text]<\/p>\n<p><strong>19:00\u00a0Uhr<\/strong><\/p>\n<p>[\/vc_column_text][\/vc_column_inner][vc_column_inner width=&#8220;2\/3&#8243;][vc_column_text]<\/p>\n<p><strong>Abendempfang im Leh\u00e1r-Theater<\/strong><\/p>\n<p>[\/vc_column_text][\/vc_column_inner][\/vc_row_inner][\/vc_tta_section][vc_tta_section title=&#8220;Programm Donnerstag 07.09.2006&#8243; tab_id=&#8220;1437038975156-c6653159-af3ac213-c3eef9bd-095684ef-7b69&#8243;][vc_row_inner css=&#8220;.vc_custom_1441273565266{padding-bottom: 10px !important;}&#8220;][vc_column_inner][vc_custom_heading text=&#8220;KONGRESS &amp; THEATERHAUS BAD ISCHL&#8220; font_container=&#8220;tag:h3|text_align:left|color:%23c01b15&#8243; use_theme_fonts=&#8220;yes&#8220;][\/vc_column_inner][\/vc_row_inner][vc_row_inner][vc_column_inner width=&#8220;1\/3&#8243;][vc_column_text]<\/p>\n<p><strong>09:00\u00a0Uhr<\/strong><\/p>\n<p>[\/vc_column_text][\/vc_column_inner][vc_column_inner width=&#8220;2\/3&#8243;][vc_column_text]<strong>Panel 3: Arbeitswelt<\/strong><\/p>\n<p>Vorsitz: Erich Foglar (\u00d6GB)<br \/>\nAo Prof. Dr. Martin Risak (Universit\u00e4t Wien)<br \/>\nMag. Thomas Schmutzer (HMP Beratungs-GmbH)<br \/>\nHerbert Rohrmair-Lewis (Junge Sozialpartner, WK\u00d6)<br \/>\nVerena Spitz (Betriebsr\u00e4tin, BAWAG P.S.K.)[\/vc_column_text][\/vc_column_inner][\/vc_row_inner][vc_row_inner][vc_column_inner][vc_separator][\/vc_column_inner][\/vc_row_inner][vc_row_inner][vc_column_inner width=&#8220;1\/3&#8243;][vc_column_text]<\/p>\n<p><strong>10:30 Uhr<\/strong><\/p>\n<p>[\/vc_column_text][\/vc_column_inner][vc_column_inner width=&#8220;2\/3&#8243;][vc_column_text]<strong>Panel 4: Standort<\/strong><\/p>\n<p>Vorsitz: Dr. Christoph Leitl (WK\u00d6)<br \/>\nProf. Dr. Wilhelm Bauer (Fraunhofer-Institut f\u00fcr Arbeitswirtschaft und<br \/>\nOrganisation IAO)<br \/>\nBettina Lorentschitsch, MSc MBA<br \/>\nSascha Ernszt (Junge Sozialpartner, \u00d6GB)<br \/>\nUniv. Doz. Dr. Eva Wilhelm\u00a0(Konzenbetriebsratsvorsitzende, AIT)[\/vc_column_text][\/vc_column_inner][\/vc_row_inner][vc_row_inner][vc_column_inner][vc_separator][\/vc_column_inner][\/vc_row_inner][vc_row_inner][vc_column_inner width=&#8220;1\/3&#8243;][vc_column_text]<\/p>\n<p><strong>12:00 Uhr<\/strong><\/p>\n<p>[\/vc_column_text][\/vc_column_inner][vc_column_inner width=&#8220;2\/3&#8243;][vc_column_text]<\/p>\n<p><strong>Abschlussrunde<\/strong><\/p>\n<p>[\/vc_column_text][\/vc_column_inner][\/vc_row_inner][\/vc_tta_section][\/vc_tta_tabs][\/vc_column][vc_column width=&#8220;2\/12&#8243;][vc_column_text]<br \/>\n[\/vc_column_text][\/vc_column][\/vc_row][vc_row css=&#8220;.vc_custom_1440765543182{padding-top: -30px !important;}&#8220;][vc_column width=&#8220;2\/12&#8243;][vc_column_text]<br \/>\n[\/vc_column_text][\/vc_column][vc_column width=&#8220;8\/12&#8243;][vc_single_image image=&#8220;246&#8243; img_size=&#8220;full&#8220; alignment=&#8220;center&#8220; css=&#8220;.vc_custom_1440765796618{padding-top: 0px !important;padding-bottom: 30px !important;}&#8220;][\/vc_column][vc_column width=&#8220;2\/12&#8243;][vc_column_text]<br \/>\n[\/vc_column_text][\/vc_column][\/vc_row][vc_row css=&#8220;.vc_custom_1440765593240{padding-top: 0px !important;}&#8220;][vc_column width=&#8220;2\/12&#8243;][vc_column_text]<br \/>\n[\/vc_column_text][\/vc_column][vc_column width=&#8220;8\/12&#8243;]<section class=\"sp-content-section\">\r\n               <div class=\"sp-publications-element sp-publications-red\">\r\n                  <div class=\"sp-publications-header\">\r\n                     <div>Unterlagen<\/div>\r\n                  <\/div>\r\n                  <div class=\"sp-publications-body\">\r\n                     <div class=\"sp-publications-body-header\">\r\n                        <div class=\"row\">\r\n                           <div class=\"col-md-6 col-md-offset-6\">\r\n                              <div class=\"sp-publications-subline\"><\/div>\r\n                           <\/div>\r\n                           <div class=\"clearfix\"><\/div>\r\n                        <\/div>\r\n                     <\/div>\r\n                     <div class=\"sp-publications-body-content\">\r\n                        <div class=\"row\">\r\n                           <div class=\"col-md-6\">\r\n                              <div class=\"sp-image-wrapper\">\r\n                                 <img decoding=\"async\" src=\"https:\/\/www.sozialpartner.at\/wp-content\/uploads\/2015\/07\/file.png\" alt=\"\" \/>\r\n                              <\/div>\r\n                           <\/div>\r\n                           <div class=\"col-md-6\"><div class=\"mCustomScrollbar \" data-mcs-theme=\"dark\">\r\n                                 <ul class=\"sp-download-list\"><li>\r\n                                          <div class=\"row\">\r\n                                            <div class=\"col-md-9\">\r\n                                               <p>Das Europ\u00e4ische Sozialmodell<\/p>\r\n                                            <\/div>\r\n                                            <div class=\"col-md-3 sp-publications-download-link\">\r\n                                               <a href=\"https:\/\/www.sozialpartner.at\/wp-content\/uploads\/2015\/08\/prisching_europa_2006-09-07.pdf\" target=\"_blank\"><i class=\"fa fa-cloud-download\"><\/i><\/a>\r\n                                            <\/div>\r\n                                            <div class=\"clearfix\"><\/div>\r\n                                          <\/div>\r\n                                        <\/li><li>\r\n                                          <div class=\"row\">\r\n                                            <div class=\"col-md-9\">\r\n                                               <p>Gro\u00dfbritannien: Nationale Auspr\u00e4gungen des europ\u00e4ischen Sozialmodells<\/p>\r\n                                            <\/div>\r\n                                            <div class=\"col-md-3 sp-publications-download-link\">\r\n                                               <a href=\"https:\/\/www.sozialpartner.at\/wp-content\/uploads\/2015\/08\/mueller_m_sozialmodell_gro\u00dfbritannien_2006-09-07.pdf\" target=\"_blank\"><i class=\"fa fa-cloud-download\"><\/i><\/a>\r\n                                            <\/div>\r\n                                            <div class=\"clearfix\"><\/div>\r\n                                          <\/div>\r\n                                        <\/li><li>\r\n                                          <div class=\"row\">\r\n                                            <div class=\"col-md-9\">\r\n                                               <p>Das Franz\u00f6sische Sozialmodell<\/p>\r\n                                            <\/div>\r\n                                            <div class=\"col-md-3 sp-publications-download-link\">\r\n                                               <a href=\"https:\/\/www.sozialpartner.at\/wp-content\/uploads\/2015\/08\/binswanger_sozialmodell_frankreich_2006_09_07.pdf\" target=\"_blank\"><i class=\"fa fa-cloud-download\"><\/i><\/a>\r\n                                            <\/div>\r\n                                            <div class=\"clearfix\"><\/div>\r\n                                          <\/div>\r\n                                        <\/li><li>\r\n                                          <div class=\"row\">\r\n                                            <div class=\"col-md-9\">\r\n                                               <p>Das skandinavische Modell. Vorbild f\u00fcr Europa?<\/p>\r\n                                            <\/div>\r\n                                            <div class=\"col-md-3 sp-publications-download-link\">\r\n                                               <a href=\"https:\/\/www.sozialpartner.at\/wp-content\/uploads\/2015\/08\/becker_u_skandinavien_2006-09-07.pdf\" target=\"_blank\"><i class=\"fa fa-cloud-download\"><\/i><\/a>\r\n                                            <\/div>\r\n                                            <div class=\"clearfix\"><\/div>\r\n                                          <\/div>\r\n                                        <\/li><li>\r\n                                          <div class=\"row\">\r\n                                            <div class=\"col-md-9\">\r\n                                               <p>Das Europ\u00e4ische sozio\u00f6konomische Modell<\/p>\r\n                                            <\/div>\r\n                                            <div class=\"col-md-3 sp-publications-download-link\">\r\n                                               <a href=\"https:\/\/www.sozialpartner.at\/wp-content\/uploads\/2015\/08\/aiginger_eu-modell_badischl_2006.pdf\" target=\"_blank\"><i class=\"fa fa-cloud-download\"><\/i><\/a>\r\n                                            <\/div>\r\n                                            <div class=\"clearfix\"><\/div>\r\n                                          <\/div>\r\n                                        <\/li><li>\r\n                                          <div class=\"row\">\r\n                                            <div class=\"col-md-9\">\r\n                                               <p>Austria 2016 - Deklaration der Sozialpartner<\/p>\r\n                                            <\/div>\r\n                                            <div class=\"col-md-3 sp-publications-download-link\">\r\n                                               <a href=\"https:\/\/www.sozialpartner.at\/wp-content\/uploads\/2015\/08\/BadIschlDeklaration_2006_09_05.pdf\" target=\"_blank\"><i class=\"fa fa-cloud-download\"><\/i><\/a>\r\n                                            <\/div>\r\n                                            <div class=\"clearfix\"><\/div>\r\n                                          <\/div>\r\n                                        <\/li> <\/ul>\r\n                              <\/div>\r\n                           <\/div>\r\n                           <div class=\"clearfix\"><\/div>\r\n                        <\/div>\r\n                     <\/div>\r\n                  <\/div>  <\/div>\r\n            <\/section>[\/vc_column][vc_column width=&#8220;2\/12&#8243;][vc_column_text]<br \/>\n[\/vc_column_text][\/vc_column][\/vc_row][vc_row css=&#8220;.vc_custom_1440765593240{padding-top: 0px !important;}&#8220;][vc_column width=&#8220;2\/12&#8243;][vc_column_text]<br \/>\n[\/vc_column_text][\/vc_column][vc_column width=&#8220;8\/12&#8243;]<section class=\"sp-content-section\">\r\n               <div class=\"sp-link-list-element\">\r\n                  <div class=\"sp-link-list-header\"><div>Links<\/div><\/div>\r\n                  <div class=\"sp-link-list-content\"><div class=\"sp-single-link\">\r\n              <img decoding=\"async\" src=\"https:\/\/www.sozialpartner.at\/wp-content\/themes\/tema\/images\/assets\/link.png\" alt=\"\" \/>\r\n              <a href=\"http:\/\/www.kongresshaus.badischl.at\/\" target=\"_blank\">Kongresshaus Bad Ischl<\/a>\r\n           <\/div><\/div>\r\n               <\/div>\r\n            <\/section>[\/vc_column][vc_column width=&#8220;2\/12&#8243;][vc_column_text]<br \/>\n[\/vc_column_text][\/vc_column][\/vc_row]<\/p>\n<\/div>","protected":false},"excerpt":{"rendered":"<p>[vc_row css=&#8220;.vc_custom_1437127908811{padding-top: 50px !important;padding-bottom: 30px !important;}&#8220;][vc_column width=&#8220;2\/12&#8243;][vc_column_text] [\/vc_column_text][\/vc_column][vc_column width=&#8220;3\/12&#8243;][\/vc_column][vc_column width=&#8220;5\/12&#8243;][vc_custom_heading text=&#8220;06.09.2006 &#8211; 07.09.2006&#8243; font_container=&#8220;tag:h4|text_align:left&#8220; use_theme_fonts=&#8220;yes&#8220; css=&#8220;.vc_custom_1441272746791{padding-top: 3px !important;}&#8220;][vc_custom_heading text=&#8220;Bad Ischler Deklaration 2006&#8243; font_container=&#8220;tag:h2|font_size:26px|text_align:left|line_height:40px&#8220; use_theme_fonts=&#8220;yes&#8220;][vc_empty_space height=&#8220;20&#8243;][vc_column_text el_class=&#8220;sp-test&#8220; css=&#8220;.vc_custom_1441124529242{margin-top: -17px !important;}&#8220;] Der \u201eBad Ischler Dialog\u201c der \u00f6sterreichischen Sozialpartner widmet sich in diesem\u00a0Jahr dem Themenkomplex \u201eDigitale Wirtschaft und Arbeitswelt\u201c. [\/vc_column_text][\/vc_column][vc_column width=&#8220;2\/12&#8243;][vc_column_text] [\/vc_column_text][\/vc_column][\/vc_row][vc_row][vc_column width=&#8220;2\/12&#8243;][vc_column_text] [\/vc_column_text][\/vc_column][vc_column width=&#8220;8\/12&#8243;][vc_single_image image=&#8220;246&#8243; img_size=&#8220;full&#8220; alignment=&#8220;center&#8220; [&hellip;]<\/p>\n","protected":false},"author":1,"featured_media":0,"parent":2695,"menu_order":110,"comment_status":"closed","ping_status":"closed","template":"","meta":{"footnotes":""},"class_list":["post-2715","page","type-page","status-publish","hentry"],"_links":{"self":[{"href":"https:\/\/www.sozialpartner.at\/index.php?rest_route=\/wp\/v2\/pages\/2715","targetHints":{"allow":["GET"]}}],"collection":[{"href":"https:\/\/www.sozialpartner.at\/index.php?rest_route=\/wp\/v2\/pages"}],"about":[{"href":"https:\/\/www.sozialpartner.at\/index.php?rest_route=\/wp\/v2\/types\/page"}],"author":[{"embeddable":true,"href":"https:\/\/www.sozialpartner.at\/index.php?rest_route=\/wp\/v2\/users\/1"}],"replies":[{"embeddable":true,"href":"https:\/\/www.sozialpartner.at\/index.php?rest_route=%2Fwp%2Fv2%2Fcomments&post=2715"}],"version-history":[{"count":0,"href":"https:\/\/www.sozialpartner.at\/index.php?rest_route=\/wp\/v2\/pages\/2715\/revisions"}],"up":[{"embeddable":true,"href":"https:\/\/www.sozialpartner.at\/index.php?rest_route=\/wp\/v2\/pages\/2695"}],"wp:attachment":[{"href":"https:\/\/www.sozialpartner.at\/index.php?rest_route=%2Fwp%2Fv2%2Fmedia&parent=2715"}],"curies":[{"name":"wp","href":"https:\/\/api.w.org\/{rel}","templated":true}]}}