
{"id":2723,"date":"2015-09-01T13:35:42","date_gmt":"2015-09-01T13:35:42","guid":{"rendered":"http:\/\/socialpartner.linuxgood.kraftwerk.co.at\/wordpress\/?page_id=2723&#038;lang=en"},"modified":"2015-09-28T08:45:44","modified_gmt":"2015-09-28T08:45:44","slug":"enquete-der-sozialpartner-2012","status":"publish","type":"page","link":"https:\/\/www.sozialpartner.at\/?page_id=2723&lang=en","title":{"rendered":"Enquete der Sozialpartner 2012"},"content":{"rendered":"<div class=\"wpb-content-wrapper\"><p>[vc_row css=&#8220;.vc_custom_1437127908811{padding-top: 50px !important;padding-bottom: 30px !important;}&#8220;][vc_column width=&#8220;2\/12&#8243;][vc_column_text]<br \/>\n[\/vc_column_text][\/vc_column][vc_column width=&#8220;3\/12&#8243;]<div class=\"sp-boxed-side-navigation\">\r\n             <div class=\"sp-navigation-header\">\r\n                <a href=\"#\">Sonstige Veranstaltungen<\/a>\r\n             <\/div>\r\n             <div class=\"sp-navigation-content\">\r\n                <ul><\/ul>\r\n             <\/div>\r\n          <\/div>[\/vc_column][vc_column width=&#8220;5\/12&#8243;][vc_custom_heading text=&#8220;21.05.2012&#8243; font_container=&#8220;tag:h4|text_align:left&#8220; use_theme_fonts=&#8220;yes&#8220; css=&#8220;.vc_custom_1441272976291{padding-top: 3px !important;}&#8220;][vc_custom_heading text=&#8220;Migration \u2013 Integration&#8220; font_container=&#8220;tag:h2|font_size:26px|text_align:left|line_height:40px&#8220; use_theme_fonts=&#8220;yes&#8220;][vc_empty_space height=&#8220;20&#8243;][vc_column_text el_class=&#8220;sp-test&#8220; css=&#8220;.vc_custom_1441124608084{margin-top: -17px !important;}&#8220;]<\/p>\n<p style=\"font-size: 16px; line-height: 28px; font-weight: 300;\">Die \u00f6sterreichischen Sozialpartner haben in der Studie Migration und Integration die vier Teilbereiche Integrationsbegleitung, Bildung, Arbeitsmarkt und Migration n\u00e4her beleuchtet.<br \/>\nIm Rahmen der Enquete werden nun weitere wesentliche Empfehlungen und Best-Practice-Beispiele der Sozialpartner im Bereich Migration und Integration pr\u00e4sentiert.<\/p>\n<p>[\/vc_column_text][\/vc_column][vc_column width=&#8220;2\/12&#8243;][vc_column_text]<br \/>\n[\/vc_column_text][\/vc_column][\/vc_row][vc_row][vc_column width=&#8220;2\/12&#8243;][vc_column_text]<br \/>\n[\/vc_column_text][\/vc_column][vc_column width=&#8220;8\/12&#8243;][vc_single_image image=&#8220;246&#8243; img_size=&#8220;full&#8220; alignment=&#8220;center&#8220; css=&#8220;.vc_custom_1437127900419{padding-top: 30px !important;padding-bottom: 30px !important;}&#8220;][\/vc_column][vc_column width=&#8220;2\/12&#8243;][vc_column_text]<br \/>\n[\/vc_column_text][\/vc_column][\/vc_row][vc_row css=&#8220;.vc_custom_1441180380380{padding-top: 10px !important;}&#8220;][vc_column width=&#8220;2\/12&#8243; el_class=&#8220;sp-expandable-tabs-wrapper&#8220;][vc_column_text]<br \/>\n[\/vc_column_text][\/vc_column][vc_column width=&#8220;8\/12&#8243; el_class=&#8220;sp-expandable-tabs-wrapper&#8220;][vc_tta_tabs active_section=&#8220;1&#8243;][vc_tta_section title=&#8220;Programm Montag 21.05.2012&#8243; tab_id=&#8220;1436982932325-8ee59503-2674c213-c3eef9bd-0956f52b-365fdea7-8ed0&#8243;][vc_row_inner css=&#8220;.vc_custom_1441273649582{padding-bottom: 10px !important;}&#8220;][vc_column_inner][vc_custom_heading text=&#8220;Wirtschaftskammer \u00d6sterreich &#8211; WKO Sky Lounge&#8220; font_container=&#8220;tag:h3|text_align:left|color:%23c01b15&#8243; use_theme_fonts=&#8220;yes&#8220;][\/vc_column_inner][\/vc_row_inner][vc_row_inner][vc_column_inner width=&#8220;1\/3&#8243;][vc_column_text]<\/p>\n<p><strong>09:00 Uhr<\/strong><\/p>\n<p>[\/vc_column_text][\/vc_column_inner][vc_column_inner width=&#8220;2\/3&#8243;][vc_column_text]<strong>Begr\u00fc\u00dfung<\/strong><br \/>\nDr. Christoph Leitl, Pr\u00e4sident der Wirtschaftskammer \u00d6sterreich[\/vc_column_text][\/vc_column_inner][\/vc_row_inner][vc_row_inner][vc_column_inner][vc_separator][\/vc_column_inner][\/vc_row_inner][vc_row_inner][vc_column_inner width=&#8220;1\/3&#8243;][vc_column_text]<\/p>\n<p><strong>09:10 Uhr<\/strong><\/p>\n<p>[\/vc_column_text][\/vc_column_inner][vc_column_inner width=&#8220;2\/3&#8243;][vc_column_text]<strong>Integration durch Leistung<br \/>\n<\/strong>Staatssekret\u00e4r Sebastian Kurz[\/vc_column_text][\/vc_column_inner][\/vc_row_inner][vc_row_inner][vc_column_inner][vc_separator][\/vc_column_inner][\/vc_row_inner][vc_row_inner][vc_column_inner width=&#8220;1\/3&#8243;][vc_column_text]<\/p>\n<p><strong>09:25 Uhr<\/strong><\/p>\n<p>[\/vc_column_text][\/vc_column_inner][vc_column_inner width=&#8220;2\/3&#8243;][vc_column_text]<\/p>\n<p><strong>Pr\u00e4sentation der Beiratsstudie Migration und Integration<\/strong><\/p>\n<p>[\/vc_column_text][\/vc_column_inner][\/vc_row_inner][vc_row_inner][vc_column_inner][vc_separator][\/vc_column_inner][\/vc_row_inner][vc_row_inner][vc_column_inner width=&#8220;1\/3&#8243;][vc_column_text]<\/p>\n<p><strong>10:10\u00a0Uhr<\/strong><\/p>\n<p>[\/vc_column_text][\/vc_column_inner][vc_column_inner width=&#8220;2\/3&#8243;][vc_column_text]<strong>Kommentar von Staatssekret\u00e4r Sebastian Kurz<\/strong><br \/>\ndanach Kaffeepause[\/vc_column_text][\/vc_column_inner][\/vc_row_inner][vc_row_inner][vc_column_inner][vc_separator][\/vc_column_inner][\/vc_row_inner][vc_row_inner][vc_column_inner width=&#8220;1\/3&#8243;][vc_column_text]<\/p>\n<p><strong>11:00\u00a0Uhr<\/strong><\/p>\n<p>[\/vc_column_text][\/vc_column_inner][vc_column_inner width=&#8220;2\/3&#8243;][vc_column_text]<strong>Makro\u00f6konomische Auswirkungen der Zuwanderung<\/strong><br \/>\nProf. Dr. Herbert Br\u00fccker (IAB)[\/vc_column_text][\/vc_column_inner][\/vc_row_inner][vc_row_inner][vc_column_inner][vc_separator][\/vc_column_inner][\/vc_row_inner][vc_row_inner][vc_column_inner width=&#8220;1\/3&#8243;][vc_column_text]<\/p>\n<p><strong>11:20 Uhr<\/strong><\/p>\n<p>[\/vc_column_text][\/vc_column_inner][vc_column_inner width=&#8220;2\/3&#8243;][vc_column_text]<strong>Effekte der Rot-Wei\u00df-Rot-Karte auf Wirtschaft und Arbeitsmarkt<\/strong><br \/>\nBundesminister Dr. Reinhold Mitterlehner[\/vc_column_text][\/vc_column_inner][\/vc_row_inner][vc_row_inner][vc_column_inner][vc_separator][\/vc_column_inner][\/vc_row_inner][vc_row_inner][vc_column_inner width=&#8220;1\/3&#8243;][vc_column_text]<\/p>\n<p><strong>11:35 Uhr<\/strong><\/p>\n<p>[\/vc_column_text][\/vc_column_inner][vc_column_inner width=&#8220;2\/3&#8243;][vc_column_text]<strong>N\u00e4chste Handlungsfelder im Bereich Migration-Integration<\/strong><br \/>\n<strong>Podiumsdiskussion der Sozialpartner-Pr\u00e4sidenten<\/strong><br \/>\nDr. Christoph Leitl, Pr\u00e4sident der WK\u00d6<br \/>\n\u00d6kR Gerhard Wlodkowski, Pr\u00e4sident der LK\u00d6<br \/>\nErich Foglar, Pr\u00e4sident des \u00d6GB<br \/>\nHerbert Tumpel, Pr\u00e4sident der AK<br \/>\n<em>Moderation:<\/em> Mag. Amela Mirkovic[\/vc_column_text][\/vc_column_inner][\/vc_row_inner][vc_row_inner][vc_column_inner][vc_separator][\/vc_column_inner][\/vc_row_inner][vc_row_inner][vc_column_inner width=&#8220;1\/3&#8243;][vc_column_text]<\/p>\n<p><strong>13:00\u00a0Uhr<\/strong><\/p>\n<p>[\/vc_column_text][\/vc_column_inner][vc_column_inner width=&#8220;2\/3&#8243;][vc_column_text]<strong>Ende der Veranstaltung<\/strong><br \/>\nIm Anschluss laden wir zum Buffet[\/vc_column_text][\/vc_column_inner][\/vc_row_inner][\/vc_tta_section][\/vc_tta_tabs][\/vc_column][vc_column width=&#8220;2\/12&#8243;][vc_column_text]<br \/>\n[\/vc_column_text][\/vc_column][\/vc_row][vc_row css=&#8220;.vc_custom_1440765543182{padding-top: -30px !important;}&#8220;][vc_column width=&#8220;2\/12&#8243;][vc_column_text]<br \/>\n[\/vc_column_text][\/vc_column][vc_column width=&#8220;8\/12&#8243;][vc_single_image image=&#8220;246&#8243; img_size=&#8220;full&#8220; alignment=&#8220;center&#8220; css=&#8220;.vc_custom_1440765796618{padding-top: 0px !important;padding-bottom: 30px !important;}&#8220;][\/vc_column][vc_column width=&#8220;2\/12&#8243;][vc_column_text]<br \/>\n[\/vc_column_text][\/vc_column][\/vc_row][vc_row css=&#8220;.vc_custom_1440765593240{padding-top: 0px !important;}&#8220;][vc_column width=&#8220;2\/12&#8243;][vc_column_text]<br \/>\n[\/vc_column_text][\/vc_column][vc_column width=&#8220;8\/12&#8243;]<section class=\"sp-content-section\">\r\n               <div class=\"sp-publications-element sp-publications-red\">\r\n                  <div class=\"sp-publications-header\">\r\n                     <div>Unterlagen<\/div>\r\n                  <\/div>\r\n                  <div class=\"sp-publications-body\">\r\n                     <div class=\"sp-publications-body-header\">\r\n                        <div class=\"row\">\r\n                           <div class=\"col-md-6 col-md-offset-6\">\r\n                              <div class=\"sp-publications-subline\">Bezeichnung<\/div>\r\n                           <\/div>\r\n                           <div class=\"clearfix\"><\/div>\r\n                        <\/div>\r\n                     <\/div>\r\n                     <div class=\"sp-publications-body-content\">\r\n                        <div class=\"row\">\r\n                           <div class=\"col-md-6\">\r\n                              <div class=\"sp-image-wrapper\">\r\n                                 <img decoding=\"async\" src=\"https:\/\/www.sozialpartner.at\/wp-content\/uploads\/2015\/07\/file.png\" alt=\"\" \/>\r\n                              <\/div>\r\n                           <\/div>\r\n                           <div class=\"col-md-6\"><div class=\"mCustomScrollbar \" data-mcs-theme=\"dark\">\r\n                                 <ul class=\"sp-download-list\"><li>\r\n                                        <div class=\"row\">\r\n                                          <div class=\"col-md-9\">\r\n                                             <p>Blackout-Vorsorge in Unternehmen<\/p>\r\n                                          <\/div>\r\n                                          <div class=\"col-md-3 sp-publications-download-link\">\r\n                                             <a href=\"\" target=\"_blank\"><i class=\"fa fa-cloud-download\"><\/i><\/a>\r\n                                          <\/div>\r\n                                          <div class=\"clearfix\"><\/div>\r\n                                        <\/div>\r\n                                      <\/li><li>\r\n                                        <div class=\"row\">\r\n                                          <div class=\"col-md-9\">\r\n                                             <p>\u201eIndustriepolitik in der Transformation\u201c<\/p>\r\n                                          <\/div>\r\n                                          <div class=\"col-md-3 sp-publications-download-link\">\r\n                                             <a href=\"https:\/\/www.sozialpartner.at\/wp-content\/uploads\/2015\/08\/BS-Industriepolitik-in-der-Transformation_Langfassung.pdf\" target=\"_blank\"><i class=\"fa fa-cloud-download\"><\/i><\/a>\r\n                                          <\/div>\r\n                                          <div class=\"clearfix\"><\/div>\r\n                                        <\/div>\r\n                                      <\/li><li>\r\n                                        <div class=\"row\">\r\n                                          <div class=\"col-md-9\">\r\n                                             <p>Positionspapier Genehmigungsverfahren<\/p>\r\n                                          <\/div>\r\n                                          <div class=\"col-md-3 sp-publications-download-link\">\r\n                                             <a href=\"https:\/\/www.sozialpartner.at\/wp-content\/uploads\/2023\/08\/Positionspapier-des-Beirats-fuer-Wirtschafts-und-Sozialfragen-zu-Genehmigungsverfahren-2023.pdf\" target=\"_blank\"><i class=\"fa fa-cloud-download\"><\/i><\/a>\r\n                                          <\/div>\r\n                                          <div class=\"clearfix\"><\/div>\r\n                                        <\/div>\r\n                                      <\/li><li>\r\n                                        <div class=\"row\">\r\n                                          <div class=\"col-md-9\">\r\n                                             <p>\u00c4ltere am Arbeitsmarkt:  eine Vorausschau bis 2040 als Grundlage f\u00fcr wirtschaftspolitische Ma\u00dfnahmen Nr. 90, 2023<\/p>\r\n                                          <\/div>\r\n                                          <div class=\"col-md-3 sp-publications-download-link\">\r\n                                             <a href=\"https:\/\/www.sozialpartner.at\/wp-content\/uploads\/2023\/04\/Beirat-Studie_90.pdf\" target=\"_blank\"><i class=\"fa fa-cloud-download\"><\/i><\/a>\r\n                                          <\/div>\r\n                                          <div class=\"clearfix\"><\/div>\r\n                                        <\/div>\r\n                                      <\/li><li>\r\n                                        <div class=\"row\">\r\n                                          <div class=\"col-md-9\">\r\n                                             <p>Gemeinsam f\u00fcr bessere Vereinbarkeit von Beruf und Familie<\/p>\r\n                                          <\/div>\r\n                                          <div class=\"col-md-3 sp-publications-download-link\">\r\n                                             <a href=\"https:\/\/www.sozialpartner.at\/wp-content\/uploads\/2021\/08\/SPS_IV-Herbstoffensive-Vereinbarkeit-Familie-und-Beruf_FINAL_-1.pdf\" target=\"_blank\"><i class=\"fa fa-cloud-download\"><\/i><\/a>\r\n                                          <\/div>\r\n                                          <div class=\"clearfix\"><\/div>\r\n                                        <\/div>\r\n                                      <\/li><li>\r\n                                        <div class=\"row\">\r\n                                          <div class=\"col-md-9\">\r\n                                             <p>Programm Veranstaltung 2018<\/p>\r\n                                          <\/div>\r\n                                          <div class=\"col-md-3 sp-publications-download-link\">\r\n                                             <a href=\"https:\/\/www.sozialpartner.at\/wp-content\/uploads\/2018\/04\/Einladung-Die-Rolle-der-Sozialpartner.pdf\" target=\"_blank\"><i class=\"fa fa-cloud-download\"><\/i><\/a>\r\n                                          <\/div>\r\n                                          <div class=\"clearfix\"><\/div>\r\n                                        <\/div>\r\n                                      <\/li><li>\r\n                                        <div class=\"row\">\r\n                                          <div class=\"col-md-9\">\r\n                                             <p>Aktivit\u00e4ten und Erfolge der \u00f6sterreichischen Sozialpartner 2017<\/p>\r\n                                          <\/div>\r\n                                          <div class=\"col-md-3 sp-publications-download-link\">\r\n                                             <a href=\"https:\/\/www.sozialpartner.at\/wp-content\/uploads\/2018\/03\/SOPA-Aktivit\u00e4ten-und-Erfolge-2017.pdf\" target=\"_blank\"><i class=\"fa fa-cloud-download\"><\/i><\/a>\r\n                                          <\/div>\r\n                                          <div class=\"clearfix\"><\/div>\r\n                                        <\/div>\r\n                                      <\/li><li>\r\n                                        <div class=\"row\">\r\n                                          <div class=\"col-md-9\">\r\n                                             <p>Erfolge und Aktivit\u00e4ten der \u00f6sterreichischen Sozialpartner 2000-2016<\/p>\r\n                                          <\/div>\r\n                                          <div class=\"col-md-3 sp-publications-download-link\">\r\n                                             <a href=\"https:\/\/www.sozialpartner.at\/wp-content\/uploads\/2018\/03\/Sozialpartner_Erfolge_und_Aktivitaeten_2000-2016.pdf\" target=\"_blank\"><i class=\"fa fa-cloud-download\"><\/i><\/a>\r\n                                          <\/div>\r\n                                          <div class=\"clearfix\"><\/div>\r\n                                        <\/div>\r\n                                      <\/li><li>\r\n                                        <div class=\"row\">\r\n                                          <div class=\"col-md-9\">\r\n                                             <p>Beiratsstudie Nr. 1 - Untersuchung \u00fcber die Preis- und Einkommensentwicklung<\/p>\r\n                                          <\/div>\r\n                                          <div class=\"col-md-3 sp-publications-download-link\">\r\n                                             <a href=\"https:\/\/www.sozialpartner.at\/wp-content\/uploads\/2018\/02\/Beirat_Nr.01_1964.pdf\" target=\"_blank\"><i class=\"fa fa-cloud-download\"><\/i><\/a>\r\n                                          <\/div>\r\n                                          <div class=\"clearfix\"><\/div>\r\n                                        <\/div>\r\n                                      <\/li><li>\r\n                                        <div class=\"row\">\r\n                                          <div class=\"col-md-9\">\r\n                                             <p>Beiratsstudie Nr. 2 - Stabilisierungsprogramm<\/p>\r\n                                          <\/div>\r\n                                          <div class=\"col-md-3 sp-publications-download-link\">\r\n                                             <a href=\"https:\/\/www.sozialpartner.at\/wp-content\/uploads\/2018\/02\/Beirat_Nr.02_1964.pdf\" target=\"_blank\"><i class=\"fa fa-cloud-download\"><\/i><\/a>\r\n                                          <\/div>\r\n                                          <div class=\"clearfix\"><\/div>\r\n                                        <\/div>\r\n                                      <\/li><li>\r\n                                        <div class=\"row\">\r\n                                          <div class=\"col-md-9\">\r\n                                             <p>Beiratsstudie Nr. 3 - Vorschl\u00e4ge zur Neugestaltung der Budgetpolitik<\/p>\r\n                                          <\/div>\r\n                                          <div class=\"col-md-3 sp-publications-download-link\">\r\n                                             <a href=\"https:\/\/www.sozialpartner.at\/wp-content\/uploads\/2018\/02\/Beirat_Nr.03_1964.pdf\" target=\"_blank\"><i class=\"fa fa-cloud-download\"><\/i><\/a>\r\n                                          <\/div>\r\n                                          <div class=\"clearfix\"><\/div>\r\n                                        <\/div>\r\n                                      <\/li><li>\r\n                                        <div class=\"row\">\r\n                                          <div class=\"col-md-9\">\r\n                                             <p>Beiratsstudie Nr. 4 - Vorschl\u00e4ge zur Kapitalmarktpolitik 1. Teil<\/p>\r\n                                          <\/div>\r\n                                          <div class=\"col-md-3 sp-publications-download-link\">\r\n                                             <a href=\"https:\/\/www.sozialpartner.at\/wp-content\/uploads\/2018\/02\/Beirat_Nr.04_1964.pdf\" target=\"_blank\"><i class=\"fa fa-cloud-download\"><\/i><\/a>\r\n                                          <\/div>\r\n                                          <div class=\"clearfix\"><\/div>\r\n                                        <\/div>\r\n                                      <\/li><li>\r\n                                        <div class=\"row\">\r\n                                          <div class=\"col-md-9\">\r\n                                             <p>Beiratsstudie Nr. 5 - Voraussch\u00e4tzung des \u00f6sterreichischen Arbeitskr\u00e4ftepotentials bis 1980<\/p>\r\n                                          <\/div>\r\n                                          <div class=\"col-md-3 sp-publications-download-link\">\r\n                                             <a href=\"https:\/\/www.sozialpartner.at\/wp-content\/uploads\/2018\/02\/Beirat_Nr.05_1965.pdf\" target=\"_blank\"><i class=\"fa fa-cloud-download\"><\/i><\/a>\r\n                                          <\/div>\r\n                                          <div class=\"clearfix\"><\/div>\r\n                                        <\/div>\r\n                                      <\/li><li>\r\n                                        <div class=\"row\">\r\n                                          <div class=\"col-md-9\">\r\n                                             <p>Beiratsstudie Nr. 6 - Vorschau auf die \u00f6sterreichische Wirtschaft 1966<\/p>\r\n                                          <\/div>\r\n                                          <div class=\"col-md-3 sp-publications-download-link\">\r\n                                             <a href=\"https:\/\/www.sozialpartner.at\/wp-content\/uploads\/2018\/02\/Beirat_Nr.06_1965.pdf\" target=\"_blank\"><i class=\"fa fa-cloud-download\"><\/i><\/a>\r\n                                          <\/div>\r\n                                          <div class=\"clearfix\"><\/div>\r\n                                        <\/div>\r\n                                      <\/li><li>\r\n                                        <div class=\"row\">\r\n                                          <div class=\"col-md-9\">\r\n                                             <p>Beiratsstudie Nr. 7 - Empfehlungen zur Budgetpolitik<\/p>\r\n                                          <\/div>\r\n                                          <div class=\"col-md-3 sp-publications-download-link\">\r\n                                             <a href=\"https:\/\/www.sozialpartner.at\/wp-content\/uploads\/2018\/02\/Beirat_Nr.07_1965.pdf\" target=\"_blank\"><i class=\"fa fa-cloud-download\"><\/i><\/a>\r\n                                          <\/div>\r\n                                          <div class=\"clearfix\"><\/div>\r\n                                        <\/div>\r\n                                      <\/li><li>\r\n                                        <div class=\"row\">\r\n                                          <div class=\"col-md-9\">\r\n                                             <p>Beiratsstudie Nr. 8 - Vorschl\u00e4ge zur Koordinierung und Stabilisierung in der Bauwirtschaft<\/p>\r\n                                          <\/div>\r\n                                          <div class=\"col-md-3 sp-publications-download-link\">\r\n                                             <a href=\"https:\/\/www.sozialpartner.at\/wp-content\/uploads\/2018\/02\/Beirat_Nr.08_1966.pdf\" target=\"_blank\"><i class=\"fa fa-cloud-download\"><\/i><\/a>\r\n                                          <\/div>\r\n                                          <div class=\"clearfix\"><\/div>\r\n                                        <\/div>\r\n                                      <\/li><li>\r\n                                        <div class=\"row\">\r\n                                          <div class=\"col-md-9\">\r\n                                             <p>Beiratsstudie Nr. 9 - Die Erscheinungen des Grauen Marktes und ihr Zusammenhang mit den Formen der Preisbildung<\/p>\r\n                                          <\/div>\r\n                                          <div class=\"col-md-3 sp-publications-download-link\">\r\n                                             <a href=\"https:\/\/www.sozialpartner.at\/wp-content\/uploads\/2018\/02\/Beirat_Nr.09_1966.pdf\" target=\"_blank\"><i class=\"fa fa-cloud-download\"><\/i><\/a>\r\n                                          <\/div>\r\n                                          <div class=\"clearfix\"><\/div>\r\n                                        <\/div>\r\n                                      <\/li><li>\r\n                                        <div class=\"row\">\r\n                                          <div class=\"col-md-9\">\r\n                                             <p>Beiratsstudie Nr. 10 - Vorschl\u00e4ge zur Kapitalmarktpolitik 2. und 3. Teil<\/p>\r\n                                          <\/div>\r\n                                          <div class=\"col-md-3 sp-publications-download-link\">\r\n                                             <a href=\"https:\/\/www.sozialpartner.at\/wp-content\/uploads\/2018\/02\/Beirat_Nr.10_1966.pdf\" target=\"_blank\"><i class=\"fa fa-cloud-download\"><\/i><\/a>\r\n                                          <\/div>\r\n                                          <div class=\"clearfix\"><\/div>\r\n                                        <\/div>\r\n                                      <\/li><li>\r\n                                        <div class=\"row\">\r\n                                          <div class=\"col-md-9\">\r\n                                             <p>Beiratsstudie Nr. 11 - Zweite Voraussch\u00e4tzung des \u00f6sterreichischen Arbeitskr\u00e4ftepotentials bis 1980<\/p>\r\n                                          <\/div>\r\n                                          <div class=\"col-md-3 sp-publications-download-link\">\r\n                                             <a href=\"https:\/\/www.sozialpartner.at\/wp-content\/uploads\/2018\/02\/Beirat_Nr.11_1968.pdf\" target=\"_blank\"><i class=\"fa fa-cloud-download\"><\/i><\/a>\r\n                                          <\/div>\r\n                                          <div class=\"clearfix\"><\/div>\r\n                                        <\/div>\r\n                                      <\/li><li>\r\n                                        <div class=\"row\">\r\n                                          <div class=\"col-md-9\">\r\n                                             <p>Beiratsstudie Nr. 12  Vorschl\u00e4ge zur Kapitalmarktpolitik 4. Teil<\/p>\r\n                                          <\/div>\r\n                                          <div class=\"col-md-3 sp-publications-download-link\">\r\n                                             <a href=\"https:\/\/www.sozialpartner.at\/wp-content\/uploads\/2018\/02\/Beirat_Nr.12_1968.pdf\" target=\"_blank\"><i class=\"fa fa-cloud-download\"><\/i><\/a>\r\n                                          <\/div>\r\n                                          <div class=\"clearfix\"><\/div>\r\n                                        <\/div>\r\n                                      <\/li><li>\r\n                                        <div class=\"row\">\r\n                                          <div class=\"col-md-9\">\r\n                                             <p>Beiratsstudie Nr. 13 - Untersuchung des Preis- und Kostenauftriebes in \u00d6sterreich<\/p>\r\n                                          <\/div>\r\n                                          <div class=\"col-md-3 sp-publications-download-link\">\r\n                                             <a href=\"https:\/\/www.sozialpartner.at\/wp-content\/uploads\/2018\/02\/Beirat_Nr.13_1968.pdf\" target=\"_blank\"><i class=\"fa fa-cloud-download\"><\/i><\/a>\r\n                                          <\/div>\r\n                                          <div class=\"clearfix\"><\/div>\r\n                                        <\/div>\r\n                                      <\/li><li>\r\n                                        <div class=\"row\">\r\n                                          <div class=\"col-md-9\">\r\n                                             <p>Beiratsstudie Nr. 14 - Bericht \u00fcber Teilzeitbesch\u00e4ftigung<\/p>\r\n                                          <\/div>\r\n                                          <div class=\"col-md-3 sp-publications-download-link\">\r\n                                             <a href=\"https:\/\/www.sozialpartner.at\/wp-content\/uploads\/2018\/02\/Beirat_Nr.14_1968.pdf\" target=\"_blank\"><i class=\"fa fa-cloud-download\"><\/i><\/a>\r\n                                          <\/div>\r\n                                          <div class=\"clearfix\"><\/div>\r\n                                        <\/div>\r\n                                      <\/li><li>\r\n                                        <div class=\"row\">\r\n                                          <div class=\"col-md-9\">\r\n                                             <p>Beiratsstudie Nr. 15 - Untersuchung \u00fcber die Probleme der Arbeitszeitverk\u00fcrzung<\/p>\r\n                                          <\/div>\r\n                                          <div class=\"col-md-3 sp-publications-download-link\">\r\n                                             <a href=\"https:\/\/www.sozialpartner.at\/wp-content\/uploads\/2018\/02\/Beirat_Nr.15_1969.pdf\" target=\"_blank\"><i class=\"fa fa-cloud-download\"><\/i><\/a>\r\n                                          <\/div>\r\n                                          <div class=\"clearfix\"><\/div>\r\n                                        <\/div>\r\n                                      <\/li><li>\r\n                                        <div class=\"row\">\r\n                                          <div class=\"col-md-9\">\r\n                                             <p>Beiratsstudie Nr. 16 - Budgetvorschau 1970-1974<\/p>\r\n                                          <\/div>\r\n                                          <div class=\"col-md-3 sp-publications-download-link\">\r\n                                             <a href=\"https:\/\/www.sozialpartner.at\/wp-content\/uploads\/2018\/02\/Beirat_Nr.16_1970.pdf\" target=\"_blank\"><i class=\"fa fa-cloud-download\"><\/i><\/a>\r\n                                          <\/div>\r\n                                          <div class=\"clearfix\"><\/div>\r\n                                        <\/div>\r\n                                      <\/li><li>\r\n                                        <div class=\"row\">\r\n                                          <div class=\"col-md-9\">\r\n                                             <p>Beiratsstudie Nr. 17 - Vorschl\u00e4ge zur Industriepolitik<\/p>\r\n                                          <\/div>\r\n                                          <div class=\"col-md-3 sp-publications-download-link\">\r\n                                             <a href=\"https:\/\/www.sozialpartner.at\/wp-content\/uploads\/2018\/02\/Beirat_Nr.17_1970.pdf\" target=\"_blank\"><i class=\"fa fa-cloud-download\"><\/i><\/a>\r\n                                          <\/div>\r\n                                          <div class=\"clearfix\"><\/div>\r\n                                        <\/div>\r\n                                      <\/li><li>\r\n                                        <div class=\"row\">\r\n                                          <div class=\"col-md-9\">\r\n                                             <p>Beiratsstudie Nr. 18 - Empfehlungen zur Verbesserung der Konjunkturdiagnose<\/p>\r\n                                          <\/div>\r\n                                          <div class=\"col-md-3 sp-publications-download-link\">\r\n                                             <a href=\"https:\/\/www.sozialpartner.at\/wp-content\/uploads\/2018\/02\/Beirat_Nr.18_1971.pdf\" target=\"_blank\"><i class=\"fa fa-cloud-download\"><\/i><\/a>\r\n                                          <\/div>\r\n                                          <div class=\"clearfix\"><\/div>\r\n                                        <\/div>\r\n                                      <\/li><li>\r\n                                        <div class=\"row\">\r\n                                          <div class=\"col-md-9\">\r\n                                             <p>Beiratsstudie Nr. 19 - Budgetvorschau 1971-1975<\/p>\r\n                                          <\/div>\r\n                                          <div class=\"col-md-3 sp-publications-download-link\">\r\n                                             <a href=\"https:\/\/www.sozialpartner.at\/wp-content\/uploads\/2018\/02\/Beirat_Nr.19_1971.pdf\" target=\"_blank\"><i class=\"fa fa-cloud-download\"><\/i><\/a>\r\n                                          <\/div>\r\n                                          <div class=\"clearfix\"><\/div>\r\n                                        <\/div>\r\n                                      <\/li><li>\r\n                                        <div class=\"row\">\r\n                                          <div class=\"col-md-9\">\r\n                                             <p>Beiratsstudie Nr. 20 - Untersuchung \u00fcber die Abwanderung von Arbeitskr\u00e4ften aus \u00d6sterreich nach S\u00fcddeutschland und in die Schweiz<\/p>\r\n                                          <\/div>\r\n                                          <div class=\"col-md-3 sp-publications-download-link\">\r\n                                             <a href=\"https:\/\/www.sozialpartner.at\/wp-content\/uploads\/2018\/02\/Beirat_Nr.20_1972.pdf\" target=\"_blank\"><i class=\"fa fa-cloud-download\"><\/i><\/a>\r\n                                          <\/div>\r\n                                          <div class=\"clearfix\"><\/div>\r\n                                        <\/div>\r\n                                      <\/li><li>\r\n                                        <div class=\"row\">\r\n                                          <div class=\"col-md-9\">\r\n                                             <p>Beiratsstudie Nr. 21 - Gutachten \u00fcber den Preis- und Kostenauftrieb<\/p>\r\n                                          <\/div>\r\n                                          <div class=\"col-md-3 sp-publications-download-link\">\r\n                                             <a href=\"https:\/\/www.sozialpartner.at\/wp-content\/uploads\/2018\/02\/Beirat_Nr.21_1972.pdf\" target=\"_blank\"><i class=\"fa fa-cloud-download\"><\/i><\/a>\r\n                                          <\/div>\r\n                                          <div class=\"clearfix\"><\/div>\r\n                                        <\/div>\r\n                                      <\/li><li>\r\n                                        <div class=\"row\">\r\n                                          <div class=\"col-md-9\">\r\n                                             <p>Beiratsstudie Nr. 22 - Vorschl\u00e4ge zur regionalen Strukturpolitik<\/p>\r\n                                          <\/div>\r\n                                          <div class=\"col-md-3 sp-publications-download-link\">\r\n                                             <a href=\"https:\/\/www.sozialpartner.at\/wp-content\/uploads\/2018\/02\/Beirat_Nr.22_1972.pdf\" target=\"_blank\"><i class=\"fa fa-cloud-download\"><\/i><\/a>\r\n                                          <\/div>\r\n                                          <div class=\"clearfix\"><\/div>\r\n                                        <\/div>\r\n                                      <\/li><li>\r\n                                        <div class=\"row\">\r\n                                          <div class=\"col-md-9\">\r\n                                             <p>Beiratsstudie Nr. 23 - Die Vertr\u00e4ge mit den europ\u00e4ischen Gemeinschaften<\/p>\r\n                                          <\/div>\r\n                                          <div class=\"col-md-3 sp-publications-download-link\">\r\n                                             <a href=\"https:\/\/www.sozialpartner.at\/wp-content\/uploads\/2018\/02\/Beirat_Nr.23_1972.pdf\" target=\"_blank\"><i class=\"fa fa-cloud-download\"><\/i><\/a>\r\n                                          <\/div>\r\n                                          <div class=\"clearfix\"><\/div>\r\n                                        <\/div>\r\n                                      <\/li><li>\r\n                                        <div class=\"row\">\r\n                                          <div class=\"col-md-9\">\r\n                                             <p>Beiratsstudie Nr. 24 - Klein- und Mittelbetriebe im Wachstumsprozess<\/p>\r\n                                          <\/div>\r\n                                          <div class=\"col-md-3 sp-publications-download-link\">\r\n                                             <a href=\"https:\/\/www.sozialpartner.at\/wp-content\/uploads\/2018\/02\/Beirat_Nr.24_1973.pdf\" target=\"_blank\"><i class=\"fa fa-cloud-download\"><\/i><\/a>\r\n                                          <\/div>\r\n                                          <div class=\"clearfix\"><\/div>\r\n                                        <\/div>\r\n                                      <\/li><li>\r\n                                        <div class=\"row\">\r\n                                          <div class=\"col-md-9\">\r\n                                             <p>Beiratsstudie Nr. 25 - Frauenbesch\u00e4ftigung in \u00d6sterreich<\/p>\r\n                                          <\/div>\r\n                                          <div class=\"col-md-3 sp-publications-download-link\">\r\n                                             <a href=\"https:\/\/www.sozialpartner.at\/wp-content\/uploads\/2018\/02\/Beirat_Nr.25_1974.pdf\" target=\"_blank\"><i class=\"fa fa-cloud-download\"><\/i><\/a>\r\n                                          <\/div>\r\n                                          <div class=\"clearfix\"><\/div>\r\n                                        <\/div>\r\n                                      <\/li><li>\r\n                                        <div class=\"row\">\r\n                                          <div class=\"col-md-9\">\r\n                                             <p>Beiratsstudie Nr. 26 - Budgetvorschau 1974-1978<\/p>\r\n                                          <\/div>\r\n                                          <div class=\"col-md-3 sp-publications-download-link\">\r\n                                             <a href=\"https:\/\/www.sozialpartner.at\/wp-content\/uploads\/2018\/02\/Beirat_Nr.26_1974.pdf\" target=\"_blank\"><i class=\"fa fa-cloud-download\"><\/i><\/a>\r\n                                          <\/div>\r\n                                          <div class=\"clearfix\"><\/div>\r\n                                        <\/div>\r\n                                      <\/li><li>\r\n                                        <div class=\"row\">\r\n                                          <div class=\"col-md-9\">\r\n                                             <p>Beiratsstudie Nr. 27 - Probleme der Umweltpolitik in \u00d6sterreich<\/p>\r\n                                          <\/div>\r\n                                          <div class=\"col-md-3 sp-publications-download-link\">\r\n                                             <a href=\"https:\/\/www.sozialpartner.at\/wp-content\/uploads\/2018\/02\/Beirat_Nr.27_1976.pdf\" target=\"_blank\"><i class=\"fa fa-cloud-download\"><\/i><\/a>\r\n                                          <\/div>\r\n                                          <div class=\"clearfix\"><\/div>\r\n                                        <\/div>\r\n                                      <\/li><li>\r\n                                        <div class=\"row\">\r\n                                          <div class=\"col-md-9\">\r\n                                             <p>Beiratsstudie Nr. 28 - M\u00f6glichkeiten und Grenzen des Einsatzes ausl\u00e4ndischer Arbeitskr\u00e4fte<\/p>\r\n                                          <\/div>\r\n                                          <div class=\"col-md-3 sp-publications-download-link\">\r\n                                             <a href=\"https:\/\/www.sozialpartner.at\/wp-content\/uploads\/2018\/02\/Beirat_Nr.28_1976.pdf\" target=\"_blank\"><i class=\"fa fa-cloud-download\"><\/i><\/a>\r\n                                          <\/div>\r\n                                          <div class=\"clearfix\"><\/div>\r\n                                        <\/div>\r\n                                      <\/li><li>\r\n                                        <div class=\"row\">\r\n                                          <div class=\"col-md-9\">\r\n                                             <p>Beiratsstudie Nr. 29 - Qualitative Aspekte der wirtschaftlichen und gesellschaftlichen Entwicklung (Wohlfahrtsindikatoren)<\/p>\r\n                                          <\/div>\r\n                                          <div class=\"col-md-3 sp-publications-download-link\">\r\n                                             <a href=\"https:\/\/www.sozialpartner.at\/wp-content\/uploads\/2018\/02\/Beirat_Nr.29_1976.pdf\" target=\"_blank\"><i class=\"fa fa-cloud-download\"><\/i><\/a>\r\n                                          <\/div>\r\n                                          <div class=\"clearfix\"><\/div>\r\n                                        <\/div>\r\n                                      <\/li><li>\r\n                                        <div class=\"row\">\r\n                                          <div class=\"col-md-9\">\r\n                                             <p>Beiratsstudie Nr. 30 - Budgetvorschau 1976-1980<\/p>\r\n                                          <\/div>\r\n                                          <div class=\"col-md-3 sp-publications-download-link\">\r\n                                             <a href=\"https:\/\/www.sozialpartner.at\/wp-content\/uploads\/2018\/02\/Beirat_Nr.30_1977.pdf\" target=\"_blank\"><i class=\"fa fa-cloud-download\"><\/i><\/a>\r\n                                          <\/div>\r\n                                          <div class=\"clearfix\"><\/div>\r\n                                        <\/div>\r\n                                      <\/li><li>\r\n                                        <div class=\"row\">\r\n                                          <div class=\"col-md-9\">\r\n                                             <p>Beiratsstudie Nr. 31 - Empfehlungen zur Verbesserung der Statistiken der Einkommensverteilung<\/p>\r\n                                          <\/div>\r\n                                          <div class=\"col-md-3 sp-publications-download-link\">\r\n                                             <a href=\"https:\/\/www.sozialpartner.at\/wp-content\/uploads\/2018\/02\/Beirat_Nr.31_1977.pdf\" target=\"_blank\"><i class=\"fa fa-cloud-download\"><\/i><\/a>\r\n                                          <\/div>\r\n                                          <div class=\"clearfix\"><\/div>\r\n                                        <\/div>\r\n                                      <\/li><li>\r\n                                        <div class=\"row\">\r\n                                          <div class=\"col-md-9\">\r\n                                             <p>Beiratsstudie Nr. 32 - Vorschl\u00e4ge zur Industriepolitik II<\/p>\r\n                                          <\/div>\r\n                                          <div class=\"col-md-3 sp-publications-download-link\">\r\n                                             <a href=\"https:\/\/www.sozialpartner.at\/wp-content\/uploads\/2018\/02\/Beirat_Nr.32_1978.pdf\" target=\"_blank\"><i class=\"fa fa-cloud-download\"><\/i><\/a>\r\n                                          <\/div>\r\n                                          <div class=\"clearfix\"><\/div>\r\n                                        <\/div>\r\n                                      <\/li><li>\r\n                                        <div class=\"row\">\r\n                                          <div class=\"col-md-9\">\r\n                                             <p>Beiratsstudie Nr. 33 - Budgetvorschau 1978-1982<\/p>\r\n                                          <\/div>\r\n                                          <div class=\"col-md-3 sp-publications-download-link\">\r\n                                             <a href=\"https:\/\/www.sozialpartner.at\/wp-content\/uploads\/2018\/02\/Beirat_Nr.33_1978.pdf\" target=\"_blank\"><i class=\"fa fa-cloud-download\"><\/i><\/a>\r\n                                          <\/div>\r\n                                          <div class=\"clearfix\"><\/div>\r\n                                        <\/div>\r\n                                      <\/li><li>\r\n                                        <div class=\"row\">\r\n                                          <div class=\"col-md-9\">\r\n                                             <p>Beiratsstudie Nr. 34 - Kurz- und mittelfristige Fragen der Zahlungsbilanzentwicklung<\/p>\r\n                                          <\/div>\r\n                                          <div class=\"col-md-3 sp-publications-download-link\">\r\n                                             <a href=\"https:\/\/www.sozialpartner.at\/wp-content\/uploads\/2018\/02\/Beirat_Nr.34_1978.pdf\" target=\"_blank\"><i class=\"fa fa-cloud-download\"><\/i><\/a>\r\n                                          <\/div>\r\n                                          <div class=\"clearfix\"><\/div>\r\n                                        <\/div>\r\n                                      <\/li><li>\r\n                                        <div class=\"row\">\r\n                                          <div class=\"col-md-9\">\r\n                                             <p>Beiratsstudie Nr. 35 - Die statistische Differenz in der \u00f6sterreichischen Zahlungsbilanz\", 1979<\/p>\r\n                                          <\/div>\r\n                                          <div class=\"col-md-3 sp-publications-download-link\">\r\n                                             <a href=\"https:\/\/www.sozialpartner.at\/wp-content\/uploads\/2018\/02\/Beirat_Nr.35_1979.pdf\" target=\"_blank\"><i class=\"fa fa-cloud-download\"><\/i><\/a>\r\n                                          <\/div>\r\n                                          <div class=\"clearfix\"><\/div>\r\n                                        <\/div>\r\n                                      <\/li><li>\r\n                                        <div class=\"row\">\r\n                                          <div class=\"col-md-9\">\r\n                                             <p>Beiratsstudie Nr. 36 - L\u00e4ngerfristige Arbeitsmarktentwicklung<\/p>\r\n                                          <\/div>\r\n                                          <div class=\"col-md-3 sp-publications-download-link\">\r\n                                             <a href=\"https:\/\/www.sozialpartner.at\/wp-content\/uploads\/2018\/02\/Beirat_Nr.36_1980.pdf\" target=\"_blank\"><i class=\"fa fa-cloud-download\"><\/i><\/a>\r\n                                          <\/div>\r\n                                          <div class=\"clearfix\"><\/div>\r\n                                        <\/div>\r\n                                      <\/li><li>\r\n                                        <div class=\"row\">\r\n                                          <div class=\"col-md-9\">\r\n                                             <p>Beiratsstudie Nr. 37 - Budgetvorschau 1980-1984<\/p>\r\n                                          <\/div>\r\n                                          <div class=\"col-md-3 sp-publications-download-link\">\r\n                                             <a href=\"https:\/\/www.sozialpartner.at\/wp-content\/uploads\/2018\/02\/Beirat_Nr.37_1980.pdf\" target=\"_blank\"><i class=\"fa fa-cloud-download\"><\/i><\/a>\r\n                                          <\/div>\r\n                                          <div class=\"clearfix\"><\/div>\r\n                                        <\/div>\r\n                                      <\/li><li>\r\n                                        <div class=\"row\">\r\n                                          <div class=\"col-md-9\">\r\n                                             <p>Beiratsstudie Nr. 38 - Bericht zur Zahlungsbilanz<\/p>\r\n                                          <\/div>\r\n                                          <div class=\"col-md-3 sp-publications-download-link\">\r\n                                             <a href=\"https:\/\/www.sozialpartner.at\/wp-content\/uploads\/2018\/02\/Beirat_Nr.38_1980.pdf\" target=\"_blank\"><i class=\"fa fa-cloud-download\"><\/i><\/a>\r\n                                          <\/div>\r\n                                          <div class=\"clearfix\"><\/div>\r\n                                        <\/div>\r\n                                      <\/li><li>\r\n                                        <div class=\"row\">\r\n                                          <div class=\"col-md-9\">\r\n                                             <p>Beiratsstudie Nr. 39 - Mittelfristige Finanzplanung<\/p>\r\n                                          <\/div>\r\n                                          <div class=\"col-md-3 sp-publications-download-link\">\r\n                                             <a href=\"https:\/\/www.sozialpartner.at\/wp-content\/uploads\/2018\/02\/Beirat_Nr.39_1981.pdf\" target=\"_blank\"><i class=\"fa fa-cloud-download\"><\/i><\/a>\r\n                                          <\/div>\r\n                                          <div class=\"clearfix\"><\/div>\r\n                                        <\/div>\r\n                                      <\/li><li>\r\n                                        <div class=\"row\">\r\n                                          <div class=\"col-md-9\">\r\n                                             <p>Beiratsstudie Nr. 40 - Wohnbau<\/p>\r\n                                          <\/div>\r\n                                          <div class=\"col-md-3 sp-publications-download-link\">\r\n                                             <a href=\"https:\/\/www.sozialpartner.at\/wp-content\/uploads\/2018\/02\/Beirat_Nr.40_1981.pdf\" target=\"_blank\"><i class=\"fa fa-cloud-download\"><\/i><\/a>\r\n                                          <\/div>\r\n                                          <div class=\"clearfix\"><\/div>\r\n                                        <\/div>\r\n                                      <\/li><li>\r\n                                        <div class=\"row\">\r\n                                          <div class=\"col-md-9\">\r\n                                             <p>Beiratsstudie Nr. 41 - L\u00e4ngerfristige Aspekte der Energieversorgung<\/p>\r\n                                          <\/div>\r\n                                          <div class=\"col-md-3 sp-publications-download-link\">\r\n                                             <a href=\"https:\/\/www.sozialpartner.at\/wp-content\/uploads\/2018\/02\/Beirat_Nr.41_1982.pdf\" target=\"_blank\"><i class=\"fa fa-cloud-download\"><\/i><\/a>\r\n                                          <\/div>\r\n                                          <div class=\"clearfix\"><\/div>\r\n                                        <\/div>\r\n                                      <\/li><li>\r\n                                        <div class=\"row\">\r\n                                          <div class=\"col-md-9\">\r\n                                             <p>Beiratsstudie Nr. 42 - Untersuchung ausgew\u00e4hlter Ausgabenbereiche des Bundeshaushalts<\/p>\r\n                                          <\/div>\r\n                                          <div class=\"col-md-3 sp-publications-download-link\">\r\n                                             <a href=\"https:\/\/www.sozialpartner.at\/wp-content\/uploads\/2018\/02\/Beirat_Nr.42_1982.pdf\" target=\"_blank\"><i class=\"fa fa-cloud-download\"><\/i><\/a>\r\n                                          <\/div>\r\n                                          <div class=\"clearfix\"><\/div>\r\n                                        <\/div>\r\n                                      <\/li><li>\r\n                                        <div class=\"row\">\r\n                                          <div class=\"col-md-9\">\r\n                                             <p>Beiratsstudie Nr. 43 - Budgetvorschau<\/p>\r\n                                          <\/div>\r\n                                          <div class=\"col-md-3 sp-publications-download-link\">\r\n                                             <a href=\"https:\/\/www.sozialpartner.at\/wp-content\/uploads\/2018\/02\/Beirat_Nr.43_1982.pdf\" target=\"_blank\"><i class=\"fa fa-cloud-download\"><\/i><\/a>\r\n                                          <\/div>\r\n                                          <div class=\"clearfix\"><\/div>\r\n                                        <\/div>\r\n                                      <\/li><li>\r\n                                        <div class=\"row\">\r\n                                          <div class=\"col-md-9\">\r\n                                             <p>BeiratsstudieNr. 44 - Methoden der Politikberatung im wirtschaftspolitischen Bereich<\/p>\r\n                                          <\/div>\r\n                                          <div class=\"col-md-3 sp-publications-download-link\">\r\n                                             <a href=\"https:\/\/www.sozialpartner.at\/wp-content\/uploads\/2018\/02\/Beirat_Nr.44_1984.pdf\" target=\"_blank\"><i class=\"fa fa-cloud-download\"><\/i><\/a>\r\n                                          <\/div>\r\n                                          <div class=\"clearfix\"><\/div>\r\n                                        <\/div>\r\n                                      <\/li><li>\r\n                                        <div class=\"row\">\r\n                                          <div class=\"col-md-9\">\r\n                                             <p>Beiratsstudie Nr. 45 - Budgetvorschau 1984-1988<\/p>\r\n                                          <\/div>\r\n                                          <div class=\"col-md-3 sp-publications-download-link\">\r\n                                             <a href=\"https:\/\/www.sozialpartner.at\/wp-content\/uploads\/2018\/02\/Beirat_Nr.45_1984.pdf\" target=\"_blank\"><i class=\"fa fa-cloud-download\"><\/i><\/a>\r\n                                          <\/div>\r\n                                          <div class=\"clearfix\"><\/div>\r\n                                        <\/div>\r\n                                      <\/li><li>\r\n                                        <div class=\"row\">\r\n                                          <div class=\"col-md-9\">\r\n                                             <p>Beiratsstudie Nr. 46 - Regionale Strukturpolitik<\/p>\r\n                                          <\/div>\r\n                                          <div class=\"col-md-3 sp-publications-download-link\">\r\n                                             <a href=\"https:\/\/www.sozialpartner.at\/wp-content\/uploads\/2018\/02\/Beirat_Nr.46_1984.pdf\" target=\"_blank\"><i class=\"fa fa-cloud-download\"><\/i><\/a>\r\n                                          <\/div>\r\n                                          <div class=\"clearfix\"><\/div>\r\n                                        <\/div>\r\n                                      <\/li><li>\r\n                                        <div class=\"row\">\r\n                                          <div class=\"col-md-9\">\r\n                                             <p>Beiratsstudie Nr. 47 - Arbeitszeitentwicklung und Arbeitszeitpolitik<\/p>\r\n                                          <\/div>\r\n                                          <div class=\"col-md-3 sp-publications-download-link\">\r\n                                             <a href=\"https:\/\/www.sozialpartner.at\/wp-content\/uploads\/2018\/02\/Beirat_Nr.47_1984.pdf\" target=\"_blank\"><i class=\"fa fa-cloud-download\"><\/i><\/a>\r\n                                          <\/div>\r\n                                          <div class=\"clearfix\"><\/div>\r\n                                        <\/div>\r\n                                      <\/li><li>\r\n                                        <div class=\"row\">\r\n                                          <div class=\"col-md-9\">\r\n                                             <p>Beiratsstudie Nr. 48 - Schattenwirtschaft<\/p>\r\n                                          <\/div>\r\n                                          <div class=\"col-md-3 sp-publications-download-link\">\r\n                                             <a href=\"https:\/\/www.sozialpartner.at\/wp-content\/uploads\/2018\/02\/Beirat_Nr.48_1985.pdf\" target=\"_blank\"><i class=\"fa fa-cloud-download\"><\/i><\/a>\r\n                                          <\/div>\r\n                                          <div class=\"clearfix\"><\/div>\r\n                                        <\/div>\r\n                                      <\/li><li>\r\n                                        <div class=\"row\">\r\n                                          <div class=\"col-md-9\">\r\n                                             <p>Beiratsstudie Nr. 49 - Landwirtschaftliche Produktionsalternativen am Beispiel Ethanol, \u00d6lstaaten und Eiweissfutterpflanzen<\/p>\r\n                                          <\/div>\r\n                                          <div class=\"col-md-3 sp-publications-download-link\">\r\n                                             <a href=\"https:\/\/www.sozialpartner.at\/wp-content\/uploads\/2018\/02\/Beirat_Nr.49_1985.pdf\" target=\"_blank\"><i class=\"fa fa-cloud-download\"><\/i><\/a>\r\n                                          <\/div>\r\n                                          <div class=\"clearfix\"><\/div>\r\n                                        <\/div>\r\n                                      <\/li><li>\r\n                                        <div class=\"row\">\r\n                                          <div class=\"col-md-9\">\r\n                                             <p>Beiratsstudie Nr. 50 - Finanzm\u00e4rkte<\/p>\r\n                                          <\/div>\r\n                                          <div class=\"col-md-3 sp-publications-download-link\">\r\n                                             <a href=\"https:\/\/www.sozialpartner.at\/wp-content\/uploads\/2018\/02\/Beirat_Nr.50_1985.pdf\" target=\"_blank\"><i class=\"fa fa-cloud-download\"><\/i><\/a>\r\n                                          <\/div>\r\n                                          <div class=\"clearfix\"><\/div>\r\n                                        <\/div>\r\n                                      <\/li><li>\r\n                                        <div class=\"row\">\r\n                                          <div class=\"col-md-9\">\r\n                                             <p>Beiratsstudie Nr. 51 - Umweltpolitik<\/p>\r\n                                          <\/div>\r\n                                          <div class=\"col-md-3 sp-publications-download-link\">\r\n                                             <a href=\"https:\/\/www.sozialpartner.at\/wp-content\/uploads\/2018\/02\/Beirat_Nr.51_1986.pdf\" target=\"_blank\"><i class=\"fa fa-cloud-download\"><\/i><\/a>\r\n                                          <\/div>\r\n                                          <div class=\"clearfix\"><\/div>\r\n                                        <\/div>\r\n                                      <\/li><li>\r\n                                        <div class=\"row\">\r\n                                          <div class=\"col-md-9\">\r\n                                             <p>Beiratsstudie Nr. 52 - \u00d6ffnungszeiten<\/p>\r\n                                          <\/div>\r\n                                          <div class=\"col-md-3 sp-publications-download-link\">\r\n                                             <a href=\"https:\/\/www.sozialpartner.at\/wp-content\/uploads\/2018\/02\/Beirat_Nr.52_1986.pdf\" target=\"_blank\"><i class=\"fa fa-cloud-download\"><\/i><\/a>\r\n                                          <\/div>\r\n                                          <div class=\"clearfix\"><\/div>\r\n                                        <\/div>\r\n                                      <\/li><li>\r\n                                        <div class=\"row\">\r\n                                          <div class=\"col-md-9\">\r\n                                             <p>Beiratsstudie Nr. 53 - Budgetvorschau 1986-1990<\/p>\r\n                                          <\/div>\r\n                                          <div class=\"col-md-3 sp-publications-download-link\">\r\n                                             <a href=\"https:\/\/www.sozialpartner.at\/wp-content\/uploads\/2018\/02\/Beirat_Nr.53_1986.pdf\" target=\"_blank\"><i class=\"fa fa-cloud-download\"><\/i><\/a>\r\n                                          <\/div>\r\n                                          <div class=\"clearfix\"><\/div>\r\n                                        <\/div>\r\n                                      <\/li><li>\r\n                                        <div class=\"row\">\r\n                                          <div class=\"col-md-9\">\r\n                                             <p>Beiratsstudie Nr. 54 - Fl\u00e4chenstilllegung als agrarpolitisches Instrument<\/p>\r\n                                          <\/div>\r\n                                          <div class=\"col-md-3 sp-publications-download-link\">\r\n                                             <a href=\"https:\/\/www.sozialpartner.at\/wp-content\/uploads\/2018\/02\/Beirat_Nr.54_1987.pdf\" target=\"_blank\"><i class=\"fa fa-cloud-download\"><\/i><\/a>\r\n                                          <\/div>\r\n                                          <div class=\"clearfix\"><\/div>\r\n                                        <\/div>\r\n                                      <\/li><li>\r\n                                        <div class=\"row\">\r\n                                          <div class=\"col-md-9\">\r\n                                             <p>Beiratsstudie Nr. 55 - Wachstumsorientierte Strukturpolitik<\/p>\r\n                                          <\/div>\r\n                                          <div class=\"col-md-3 sp-publications-download-link\">\r\n                                             <a href=\"https:\/\/www.sozialpartner.at\/wp-content\/uploads\/2018\/02\/Beirat_Nr.55_1988.pdf\" target=\"_blank\"><i class=\"fa fa-cloud-download\"><\/i><\/a>\r\n                                          <\/div>\r\n                                          <div class=\"clearfix\"><\/div>\r\n                                        <\/div>\r\n                                      <\/li><li>\r\n                                        <div class=\"row\">\r\n                                          <div class=\"col-md-9\">\r\n                                             <p>Beiratsstudie Nr. 56 - Empfehlungen aus Studien und Kurzgutachten 1984-1988<\/p>\r\n                                          <\/div>\r\n                                          <div class=\"col-md-3 sp-publications-download-link\">\r\n                                             <a href=\"https:\/\/www.sozialpartner.at\/wp-content\/uploads\/2018\/02\/Beirat_Nr.56_1988.pdf\" target=\"_blank\"><i class=\"fa fa-cloud-download\"><\/i><\/a>\r\n                                          <\/div>\r\n                                          <div class=\"clearfix\"><\/div>\r\n                                        <\/div>\r\n                                      <\/li><li>\r\n                                        <div class=\"row\">\r\n                                          <div class=\"col-md-9\">\r\n                                             <p>Beiratsstudie Nr. 57 - Entwicklungspolitik<\/p>\r\n                                          <\/div>\r\n                                          <div class=\"col-md-3 sp-publications-download-link\">\r\n                                             <a href=\"https:\/\/www.sozialpartner.at\/wp-content\/uploads\/2018\/02\/Beirat_Nr.57_1988.pdf\" target=\"_blank\"><i class=\"fa fa-cloud-download\"><\/i><\/a>\r\n                                          <\/div>\r\n                                          <div class=\"clearfix\"><\/div>\r\n                                        <\/div>\r\n                                      <\/li><li>\r\n                                        <div class=\"row\">\r\n                                          <div class=\"col-md-9\">\r\n                                             <p>Beiratsstudie Nr. 58 - Qualifikation 2000<\/p>\r\n                                          <\/div>\r\n                                          <div class=\"col-md-3 sp-publications-download-link\">\r\n                                             <a href=\"https:\/\/www.sozialpartner.at\/wp-content\/uploads\/2018\/01\/Beirat_Nr.58_1989.pdf\" target=\"_blank\"><i class=\"fa fa-cloud-download\"><\/i><\/a>\r\n                                          <\/div>\r\n                                          <div class=\"clearfix\"><\/div>\r\n                                        <\/div>\r\n                                      <\/li><li>\r\n                                        <div class=\"row\">\r\n                                          <div class=\"col-md-9\">\r\n                                             <p>Beiratsstudie Nr. 59 - Internationalisierung<\/p>\r\n                                          <\/div>\r\n                                          <div class=\"col-md-3 sp-publications-download-link\">\r\n                                             <a href=\"https:\/\/www.sozialpartner.at\/wp-content\/uploads\/2018\/01\/Beirat_Nr.59_1989.pdf\" target=\"_blank\"><i class=\"fa fa-cloud-download\"><\/i><\/a>\r\n                                          <\/div>\r\n                                          <div class=\"clearfix\"><\/div>\r\n                                        <\/div>\r\n                                      <\/li><li>\r\n                                        <div class=\"row\">\r\n                                          <div class=\"col-md-9\">\r\n                                             <p>Beiratsstudie Nr. 60 - \u00dcberlegungen zum statistischen System der 90er Jahre<\/p>\r\n                                          <\/div>\r\n                                          <div class=\"col-md-3 sp-publications-download-link\">\r\n                                             <a href=\"https:\/\/www.sozialpartner.at\/wp-content\/uploads\/2018\/01\/Beirat_Nr.60_1990.pdf\" target=\"_blank\"><i class=\"fa fa-cloud-download\"><\/i><\/a>\r\n                                          <\/div>\r\n                                          <div class=\"clearfix\"><\/div>\r\n                                        <\/div>\r\n                                      <\/li><li>\r\n                                        <div class=\"row\">\r\n                                          <div class=\"col-md-9\">\r\n                                             <p>Beiratsstudie Nr. 61 - Industriepolitik III<\/p>\r\n                                          <\/div>\r\n                                          <div class=\"col-md-3 sp-publications-download-link\">\r\n                                             <a href=\"https:\/\/www.sozialpartner.at\/wp-content\/uploads\/2018\/01\/Beirat_Nr.61_1991.pdf\" target=\"_blank\"><i class=\"fa fa-cloud-download\"><\/i><\/a>\r\n                                          <\/div>\r\n                                          <div class=\"clearfix\"><\/div>\r\n                                        <\/div>\r\n                                      <\/li><li>\r\n                                        <div class=\"row\">\r\n                                          <div class=\"col-md-9\">\r\n                                             <p>Beiratsstudie Nr. 62 - Vorschl\u00e4ge zur Reform des Hochschulwesens und der Forschungspolitik<\/p>\r\n                                          <\/div>\r\n                                          <div class=\"col-md-3 sp-publications-download-link\">\r\n                                             <a href=\"https:\/\/www.sozialpartner.at\/wp-content\/uploads\/2018\/01\/Beirat_Nr.62_1991.pdf\" target=\"_blank\"><i class=\"fa fa-cloud-download\"><\/i><\/a>\r\n                                          <\/div>\r\n                                          <div class=\"clearfix\"><\/div>\r\n                                        <\/div>\r\n                                      <\/li><li>\r\n                                        <div class=\"row\">\r\n                                          <div class=\"col-md-9\">\r\n                                             <p>Beiratsstudie Nr. 63 - Strukturelle Budgetsalden des Bundes 1986-1990<\/p>\r\n                                          <\/div>\r\n                                          <div class=\"col-md-3 sp-publications-download-link\">\r\n                                             <a href=\"https:\/\/www.sozialpartner.at\/wp-content\/uploads\/2018\/01\/Beirat_Nr.63_1991.pdf\" target=\"_blank\"><i class=\"fa fa-cloud-download\"><\/i><\/a>\r\n                                          <\/div>\r\n                                          <div class=\"clearfix\"><\/div>\r\n                                        <\/div>\r\n                                      <\/li><li>\r\n                                        <div class=\"row\">\r\n                                          <div class=\"col-md-9\">\r\n                                             <p>Beiratsstudie Nr. 64 - Soziale Sicherung im Alter<\/p>\r\n                                          <\/div>\r\n                                          <div class=\"col-md-3 sp-publications-download-link\">\r\n                                             <a href=\"https:\/\/www.sozialpartner.at\/wp-content\/uploads\/2018\/01\/Beirat_Nr.64_1991.pdf\" target=\"_blank\"><i class=\"fa fa-cloud-download\"><\/i><\/a>\r\n                                          <\/div>\r\n                                          <div class=\"clearfix\"><\/div>\r\n                                        <\/div>\r\n                                      <\/li><li>\r\n                                        <div class=\"row\">\r\n                                          <div class=\"col-md-9\">\r\n                                             <p>Beiratsstudie Nr. 65 - Finanzverfassung und Finanzausgleich<\/p>\r\n                                          <\/div>\r\n                                          <div class=\"col-md-3 sp-publications-download-link\">\r\n                                             <a href=\"https:\/\/www.sozialpartner.at\/wp-content\/uploads\/2018\/01\/Beirat_Nr.65_1992.pdf\" target=\"_blank\"><i class=\"fa fa-cloud-download\"><\/i><\/a>\r\n                                          <\/div>\r\n                                          <div class=\"clearfix\"><\/div>\r\n                                        <\/div>\r\n                                      <\/li><li>\r\n                                        <div class=\"row\">\r\n                                          <div class=\"col-md-9\">\r\n                                             <p>Beiratsstudie Nr. 66 - Abfallwirtschaft<\/p>\r\n                                          <\/div>\r\n                                          <div class=\"col-md-3 sp-publications-download-link\">\r\n                                             <a href=\"https:\/\/www.sozialpartner.at\/wp-content\/uploads\/2018\/01\/Beirat_Nr.66_1992.pdf\" target=\"_blank\"><i class=\"fa fa-cloud-download\"><\/i><\/a>\r\n                                          <\/div>\r\n                                          <div class=\"clearfix\"><\/div>\r\n                                        <\/div>\r\n                                      <\/li><li>\r\n                                        <div class=\"row\">\r\n                                          <div class=\"col-md-9\">\r\n                                             <p>Beiratsstudie Nr. 67 - Ost\u00f6ffnung<\/p>\r\n                                          <\/div>\r\n                                          <div class=\"col-md-3 sp-publications-download-link\">\r\n                                             <a href=\"https:\/\/www.sozialpartner.at\/wp-content\/uploads\/2018\/01\/Beirat_Nr.67_1992.pdf\" target=\"_blank\"><i class=\"fa fa-cloud-download\"><\/i><\/a>\r\n                                          <\/div>\r\n                                          <div class=\"clearfix\"><\/div>\r\n                                        <\/div>\r\n                                      <\/li><li>\r\n                                        <div class=\"row\">\r\n                                          <div class=\"col-md-9\">\r\n                                             <p>Beiratsstudie Nr. 68 - 30 Jahre Beirat f\u00fcr Wirtschafts- und Sozialfragen<\/p>\r\n                                          <\/div>\r\n                                          <div class=\"col-md-3 sp-publications-download-link\">\r\n                                             <a href=\"https:\/\/www.sozialpartner.at\/wp-content\/uploads\/2018\/01\/Beirat_Nr.68_1993.pdf\" target=\"_blank\"><i class=\"fa fa-cloud-download\"><\/i><\/a>\r\n                                          <\/div>\r\n                                          <div class=\"clearfix\"><\/div>\r\n                                        <\/div>\r\n                                      <\/li><li>\r\n                                        <div class=\"row\">\r\n                                          <div class=\"col-md-9\">\r\n                                             <p>Beiratsstudie Nr. 70 - Wirtschaftsstandort \u00d6sterreich<\/p>\r\n                                          <\/div>\r\n                                          <div class=\"col-md-3 sp-publications-download-link\">\r\n                                             <a href=\"https:\/\/www.sozialpartner.at\/wp-content\/uploads\/2018\/01\/Beirat_Nr.70_1994.pdf\" target=\"_blank\"><i class=\"fa fa-cloud-download\"><\/i><\/a>\r\n                                          <\/div>\r\n                                          <div class=\"clearfix\"><\/div>\r\n                                        <\/div>\r\n                                      <\/li><li>\r\n                                        <div class=\"row\">\r\n                                          <div class=\"col-md-9\">\r\n                                             <p>Beiratsstudie Nr. 71 - Europ\u00e4ische Wirtschafts- und W\u00e4hrungsunion - Neue Rahmenbedingungen f\u00fcr die \u00f6sterreichische Wirtschafts- und Finanzpolitik<\/p>\r\n                                          <\/div>\r\n                                          <div class=\"col-md-3 sp-publications-download-link\">\r\n                                             <a href=\"https:\/\/www.sozialpartner.at\/wp-content\/uploads\/2018\/01\/Beirat_Nr.71_1994.pdf\" target=\"_blank\"><i class=\"fa fa-cloud-download\"><\/i><\/a>\r\n                                          <\/div>\r\n                                          <div class=\"clearfix\"><\/div>\r\n                                        <\/div>\r\n                                      <\/li><li>\r\n                                        <div class=\"row\">\r\n                                          <div class=\"col-md-9\">\r\n                                             <p>Beiratsstudie Nr. 73 - Wirtschaftspolitische Handlungsspielr\u00e4ume<\/p>\r\n                                          <\/div>\r\n                                          <div class=\"col-md-3 sp-publications-download-link\">\r\n                                             <a href=\"https:\/\/www.sozialpartner.at\/wp-content\/uploads\/2018\/01\/Beirat_Nr.73_1998.pdf\" target=\"_blank\"><i class=\"fa fa-cloud-download\"><\/i><\/a>\r\n                                          <\/div>\r\n                                          <div class=\"clearfix\"><\/div>\r\n                                        <\/div>\r\n                                      <\/li><li>\r\n                                        <div class=\"row\">\r\n                                          <div class=\"col-md-9\">\r\n                                             <p>Beiratsstudie Nr. 74 - Verbesserte Spielregeln f\u00fcr den Bundeshaushalt<\/p>\r\n                                          <\/div>\r\n                                          <div class=\"col-md-3 sp-publications-download-link\">\r\n                                             <a href=\"https:\/\/www.sozialpartner.at\/wp-content\/uploads\/2018\/01\/Beirat_Nr.74_1998.pdf\" target=\"_blank\"><i class=\"fa fa-cloud-download\"><\/i><\/a>\r\n                                          <\/div>\r\n                                          <div class=\"clearfix\"><\/div>\r\n                                        <\/div>\r\n                                      <\/li><li>\r\n                                        <div class=\"row\">\r\n                                          <div class=\"col-md-9\">\r\n                                             <p>Beiratsstudie Nr. 75 - Innovative Kooperationen f\u00fcr eine leistungsf\u00e4hige Infrastruktur<\/p>\r\n                                          <\/div>\r\n                                          <div class=\"col-md-3 sp-publications-download-link\">\r\n                                             <a href=\"https:\/\/www.sozialpartner.at\/wp-content\/uploads\/2018\/01\/Beirat_Nr.75_1998.pdf\" target=\"_blank\"><i class=\"fa fa-cloud-download\"><\/i><\/a>\r\n                                          <\/div>\r\n                                          <div class=\"clearfix\"><\/div>\r\n                                        <\/div>\r\n                                      <\/li><li>\r\n                                        <div class=\"row\">\r\n                                          <div class=\"col-md-9\">\r\n                                             <p>Beiratsstudie Nr. 76 - Voraussetzungen f\u00fcr eine erfolgreiche Wirtschafts- und W\u00e4hrungsunion<\/p>\r\n                                          <\/div>\r\n                                          <div class=\"col-md-3 sp-publications-download-link\">\r\n                                             <a href=\"https:\/\/www.sozialpartner.at\/wp-content\/uploads\/2018\/01\/Beirat_Nr.76_1999.pdf\" target=\"_blank\"><i class=\"fa fa-cloud-download\"><\/i><\/a>\r\n                                          <\/div>\r\n                                          <div class=\"clearfix\"><\/div>\r\n                                        <\/div>\r\n                                      <\/li><li>\r\n                                        <div class=\"row\">\r\n                                          <div class=\"col-md-9\">\r\n                                             <p>Beiratsstudie Nr. 77 - Modernisierung des \u00f6ffentlichen Sektors - Chancen und Grenzen von New Public Management<\/p>\r\n                                          <\/div>\r\n                                          <div class=\"col-md-3 sp-publications-download-link\">\r\n                                             <a href=\"https:\/\/www.sozialpartner.at\/wp-content\/uploads\/2018\/01\/Beirat_Nr.77_1999.pdf\" target=\"_blank\"><i class=\"fa fa-cloud-download\"><\/i><\/a>\r\n                                          <\/div>\r\n                                          <div class=\"clearfix\"><\/div>\r\n                                        <\/div>\r\n                                      <\/li><li>\r\n                                        <div class=\"row\">\r\n                                          <div class=\"col-md-9\">\r\n                                             <p>Handlungsfelder Bad Ischl 2015 - Digitale Wirtschaft und Arbeitswelt<\/p>\r\n                                          <\/div>\r\n                                          <div class=\"col-md-3 sp-publications-download-link\">\r\n                                             <a href=\"https:\/\/www.sozialpartner.at\/wp-content\/uploads\/2017\/08\/Handlungsfelder-Bad-Ischl-2015-Digitale-Wirtschaft-und-Arbeitswelt.pdf\" target=\"_blank\"><i class=\"fa fa-cloud-download\"><\/i><\/a>\r\n                                          <\/div>\r\n                                          <div class=\"clearfix\"><\/div>\r\n                                        <\/div>\r\n                                      <\/li><li>\r\n                                        <div class=\"row\">\r\n                                          <div class=\"col-md-9\">\r\n                                             <p>Sozialpartnerpapier 2017 - Investitionen in eine nachhaltige Zukunft<\/p>\r\n                                          <\/div>\r\n                                          <div class=\"col-md-3 sp-publications-download-link\">\r\n                                             <a href=\"https:\/\/www.sozialpartner.at\/wp-content\/uploads\/2017\/08\/Sozialpartnerpapier-2017_Investitionen-in-eine-nachhaltige-Zukunft.pdf\" target=\"_blank\"><i class=\"fa fa-cloud-download\"><\/i><\/a>\r\n                                          <\/div>\r\n                                          <div class=\"clearfix\"><\/div>\r\n                                        <\/div>\r\n                                      <\/li><li>\r\n                                        <div class=\"row\">\r\n                                          <div class=\"col-md-9\">\r\n                                             <p>Beiratsstudie Nr. 89 - Arbeitskosten, Lohnst\u00fcckkosten<\/p>\r\n                                          <\/div>\r\n                                          <div class=\"col-md-3 sp-publications-download-link\">\r\n                                             <a href=\"https:\/\/www.sozialpartner.at\/wp-content\/uploads\/2017\/08\/89_Arbeitskosten_Lohnstueckkosten_WEB.pdf\" target=\"_blank\"><i class=\"fa fa-cloud-download\"><\/i><\/a>\r\n                                          <\/div>\r\n                                          <div class=\"clearfix\"><\/div>\r\n                                        <\/div>\r\n                                      <\/li><li>\r\n                                        <div class=\"row\">\r\n                                          <div class=\"col-md-9\">\r\n                                             <p>Beiratsstudie Nr. 88 - Digitalisierung - Qualifizierung<\/p>\r\n                                          <\/div>\r\n                                          <div class=\"col-md-3 sp-publications-download-link\">\r\n                                             <a href=\"https:\/\/www.sozialpartner.at\/wp-content\/uploads\/2017\/08\/88_Digitalisierung_Qualifizierung_WEB.pdf\" target=\"_blank\"><i class=\"fa fa-cloud-download\"><\/i><\/a>\r\n                                          <\/div>\r\n                                          <div class=\"clearfix\"><\/div>\r\n                                        <\/div>\r\n                                      <\/li><li>\r\n                                        <div class=\"row\">\r\n                                          <div class=\"col-md-9\">\r\n                                             <p>70 Jahre Sozialpartnerschaft in \u00d6sterreich - wie geht es weiter?<\/p>\r\n                                          <\/div>\r\n                                          <div class=\"col-md-3 sp-publications-download-link\">\r\n                                             <a href=\"https:\/\/www.sozialpartner.at\/wp-content\/uploads\/2017\/07\/70-JAHRE-SOZIALPARTNERSCHAFT-IN-\u00d6STERREICH_Badelt.pdf\" target=\"_blank\"><i class=\"fa fa-cloud-download\"><\/i><\/a>\r\n                                          <\/div>\r\n                                          <div class=\"clearfix\"><\/div>\r\n                                        <\/div>\r\n                                      <\/li><li>\r\n                                        <div class=\"row\">\r\n                                          <div class=\"col-md-9\">\r\n                                             <p>Evaluierung Sozialpartnerempfehlung Mehrweg<\/p>\r\n                                          <\/div>\r\n                                          <div class=\"col-md-3 sp-publications-download-link\">\r\n                                             <a href=\"https:\/\/www.sozialpartner.at\/wp-content\/uploads\/2017\/04\/Evaluierung-der-Sozialpartnerempfehlung-Mehrweg.pdf\" target=\"_blank\"><i class=\"fa fa-cloud-download\"><\/i><\/a>\r\n                                          <\/div>\r\n                                          <div class=\"clearfix\"><\/div>\r\n                                        <\/div>\r\n                                      <\/li><li>\r\n                                        <div class=\"row\">\r\n                                          <div class=\"col-md-9\">\r\n                                             <p>Sozialpartnerempfehlung Mehrweg<\/p>\r\n                                          <\/div>\r\n                                          <div class=\"col-md-3 sp-publications-download-link\">\r\n                                             <a href=\"https:\/\/www.sozialpartner.at\/wp-content\/uploads\/2017\/04\/Sozialpartnerempfehlung_Mehrweg_2011.pdf\" target=\"_blank\"><i class=\"fa fa-cloud-download\"><\/i><\/a>\r\n                                          <\/div>\r\n                                          <div class=\"clearfix\"><\/div>\r\n                                        <\/div>\r\n                                      <\/li><li>\r\n                                        <div class=\"row\">\r\n                                          <div class=\"col-md-9\">\r\n                                             <p>\u00d6sterreich 2025: Investitionen - Pr\u00e4sentation H\u00f6lzl<\/p>\r\n                                          <\/div>\r\n                                          <div class=\"col-md-3 sp-publications-download-link\">\r\n                                             <a href=\"https:\/\/www.sozialpartner.at\/wp-content\/uploads\/2017\/04\/Panel-1_Hoelzl.pdf\" target=\"_blank\"><i class=\"fa fa-cloud-download\"><\/i><\/a>\r\n                                          <\/div>\r\n                                          <div class=\"clearfix\"><\/div>\r\n                                        <\/div>\r\n                                      <\/li><li>\r\n                                        <div class=\"row\">\r\n                                          <div class=\"col-md-9\">\r\n                                             <p>\u00d6sterreich 2025: Investitionen - Pr\u00e4sentation Kronberger<\/p>\r\n                                          <\/div>\r\n                                          <div class=\"col-md-3 sp-publications-download-link\">\r\n                                             <a href=\"https:\/\/www.sozialpartner.at\/wp-content\/uploads\/2017\/04\/Panel-1_Kronberger.pdf\" target=\"_blank\"><i class=\"fa fa-cloud-download\"><\/i><\/a>\r\n                                          <\/div>\r\n                                          <div class=\"clearfix\"><\/div>\r\n                                        <\/div>\r\n                                      <\/li><li>\r\n                                        <div class=\"row\">\r\n                                          <div class=\"col-md-9\">\r\n                                             <p>\u00d6sterreich 2025: Investitionen - Pr\u00e4sentation Marterbauer<\/p>\r\n                                          <\/div>\r\n                                          <div class=\"col-md-3 sp-publications-download-link\">\r\n                                             <a href=\"https:\/\/www.sozialpartner.at\/wp-content\/uploads\/2017\/04\/Panel-1_Marterbauer.pdf\" target=\"_blank\"><i class=\"fa fa-cloud-download\"><\/i><\/a>\r\n                                          <\/div>\r\n                                          <div class=\"clearfix\"><\/div>\r\n                                        <\/div>\r\n                                      <\/li><li>\r\n                                        <div class=\"row\">\r\n                                          <div class=\"col-md-9\">\r\n                                             <p>\u00d6sterreich 2025: Investitionen - Pr\u00e4sentation Ederer<\/p>\r\n                                          <\/div>\r\n                                          <div class=\"col-md-3 sp-publications-download-link\">\r\n                                             <a href=\"https:\/\/www.sozialpartner.at\/wp-content\/uploads\/2017\/04\/Panel-2_Ederer.pdf\" target=\"_blank\"><i class=\"fa fa-cloud-download\"><\/i><\/a>\r\n                                          <\/div>\r\n                                          <div class=\"clearfix\"><\/div>\r\n                                        <\/div>\r\n                                      <\/li><li>\r\n                                        <div class=\"row\">\r\n                                          <div class=\"col-md-9\">\r\n                                             <p>Einladung Enquete 2017<\/p>\r\n                                          <\/div>\r\n                                          <div class=\"col-md-3 sp-publications-download-link\">\r\n                                             <a href=\"https:\/\/www.sozialpartner.at\/wp-content\/uploads\/2017\/04\/Einladung-Enquete.pdf\" target=\"_blank\"><i class=\"fa fa-cloud-download\"><\/i><\/a>\r\n                                          <\/div>\r\n                                          <div class=\"clearfix\"><\/div>\r\n                                        <\/div>\r\n                                      <\/li><li>\r\n                                        <div class=\"row\">\r\n                                          <div class=\"col-md-9\">\r\n                                             <p>70 Jahre Sozialpartnerschaft<\/p>\r\n                                          <\/div>\r\n                                          <div class=\"col-md-3 sp-publications-download-link\">\r\n                                             <a href=\"https:\/\/www.sozialpartner.at\/wp-content\/uploads\/2017\/01\/SOZIALPARTNER_70JAHRE_Pr\u00e4sentation-1.pdf\" target=\"_blank\"><i class=\"fa fa-cloud-download\"><\/i><\/a>\r\n                                          <\/div>\r\n                                          <div class=\"clearfix\"><\/div>\r\n                                        <\/div>\r\n                                      <\/li><li>\r\n                                        <div class=\"row\">\r\n                                          <div class=\"col-md-9\">\r\n                                             <p>Positionspapier Share Economy<\/p>\r\n                                          <\/div>\r\n                                          <div class=\"col-md-3 sp-publications-download-link\">\r\n                                             <a href=\"https:\/\/www.sozialpartner.at\/wp-content\/uploads\/2016\/12\/Share-Economy-Gemeinsames-Positionspapier-WKO_AK_final_Hp-Sozialpartner.pdf\" target=\"_blank\"><i class=\"fa fa-cloud-download\"><\/i><\/a>\r\n                                          <\/div>\r\n                                          <div class=\"clearfix\"><\/div>\r\n                                        <\/div>\r\n                                      <\/li><li>\r\n                                        <div class=\"row\">\r\n                                          <div class=\"col-md-9\">\r\n                                             <p>Jubil\u00e4umspapier<\/p>\r\n                                          <\/div>\r\n                                          <div class=\"col-md-3 sp-publications-download-link\">\r\n                                             <a href=\"https:\/\/www.sozialpartner.at\/wp-content\/uploads\/2016\/10\/10-Jahre-Bad-Ischler-Dialog-Endversion.pdf\" target=\"_blank\"><i class=\"fa fa-cloud-download\"><\/i><\/a>\r\n                                          <\/div>\r\n                                          <div class=\"clearfix\"><\/div>\r\n                                        <\/div>\r\n                                      <\/li><li>\r\n                                        <div class=\"row\">\r\n                                          <div class=\"col-md-9\">\r\n                                             <p>Beiratsstudie Nr. 69 - Lohnnebenkosten<\/p>\r\n                                          <\/div>\r\n                                          <div class=\"col-md-3 sp-publications-download-link\">\r\n                                             <a href=\"https:\/\/www.sozialpartner.at\/wp-content\/uploads\/2016\/10\/Beirat_Nr.69_1994.pdf\" target=\"_blank\"><i class=\"fa fa-cloud-download\"><\/i><\/a>\r\n                                          <\/div>\r\n                                          <div class=\"clearfix\"><\/div>\r\n                                        <\/div>\r\n                                      <\/li><li>\r\n                                        <div class=\"row\">\r\n                                          <div class=\"col-md-9\">\r\n                                             <p>Beiratsstudie Nr. 72 - Besch\u00e4ftigungspolitik<\/p>\r\n                                          <\/div>\r\n                                          <div class=\"col-md-3 sp-publications-download-link\">\r\n                                             <a href=\"https:\/\/www.sozialpartner.at\/wp-content\/uploads\/2016\/10\/Beirat_Nr.72_1997.pdf\" target=\"_blank\"><i class=\"fa fa-cloud-download\"><\/i><\/a>\r\n                                          <\/div>\r\n                                          <div class=\"clearfix\"><\/div>\r\n                                        <\/div>\r\n                                      <\/li><li>\r\n                                        <div class=\"row\">\r\n                                          <div class=\"col-md-9\">\r\n                                             <p>Bad Ischler Dialog 2016 \u2013 Unterlage Becker<\/p>\r\n                                          <\/div>\r\n                                          <div class=\"col-md-3 sp-publications-download-link\">\r\n                                             <a href=\"https:\/\/www.sozialpartner.at\/wp-content\/uploads\/2016\/10\/Bad_Ischler_Dialog_Becker-mit-Hinweis.pdf\" target=\"_blank\"><i class=\"fa fa-cloud-download\"><\/i><\/a>\r\n                                          <\/div>\r\n                                          <div class=\"clearfix\"><\/div>\r\n                                        <\/div>\r\n                                      <\/li><li>\r\n                                        <div class=\"row\">\r\n                                          <div class=\"col-md-9\">\r\n                                             <p>unterzeichnete Deklaration der Sozialpartner<\/p>\r\n                                          <\/div>\r\n                                          <div class=\"col-md-3 sp-publications-download-link\">\r\n                                             <a href=\"https:\/\/www.sozialpartner.at\/wp-content\/uploads\/2016\/10\/Deklaration-70-Jahre-Sozialpartner_29092016.pdf\" target=\"_blank\"><i class=\"fa fa-cloud-download\"><\/i><\/a>\r\n                                          <\/div>\r\n                                          <div class=\"clearfix\"><\/div>\r\n                                        <\/div>\r\n                                      <\/li><li>\r\n                                        <div class=\"row\">\r\n                                          <div class=\"col-md-9\">\r\n                                             <p>Bad Ischler Dialog 2016 - Pr\u00e4sentation Brown<\/p>\r\n                                          <\/div>\r\n                                          <div class=\"col-md-3 sp-publications-download-link\">\r\n                                             <a href=\"https:\/\/www.sozialpartner.at\/wp-content\/uploads\/2016\/10\/Panel-1-Brown-Migration-und-Integration.pdf\" target=\"_blank\"><i class=\"fa fa-cloud-download\"><\/i><\/a>\r\n                                          <\/div>\r\n                                          <div class=\"clearfix\"><\/div>\r\n                                        <\/div>\r\n                                      <\/li><li>\r\n                                        <div class=\"row\">\r\n                                          <div class=\"col-md-9\">\r\n                                             <p>Bad Ischler Dialog 2016 \u2013 Pr\u00e4sentation Prof. Spiel<\/p>\r\n                                          <\/div>\r\n                                          <div class=\"col-md-3 sp-publications-download-link\">\r\n                                             <a href=\"https:\/\/www.sozialpartner.at\/wp-content\/uploads\/2016\/10\/Sozialpartnertagung-Bad-Ischl-2016-Migration-und-Integration_Bildung-Spiel-Druckformat.pdf\" target=\"_blank\"><i class=\"fa fa-cloud-download\"><\/i><\/a>\r\n                                          <\/div>\r\n                                          <div class=\"clearfix\"><\/div>\r\n                                        <\/div>\r\n                                      <\/li><li>\r\n                                        <div class=\"row\">\r\n                                          <div class=\"col-md-9\">\r\n                                             <p>Deklaration der Sozialpartner<\/p>\r\n                                          <\/div>\r\n                                          <div class=\"col-md-3 sp-publications-download-link\">\r\n                                             <a href=\"https:\/\/www.sozialpartner.at\/wp-content\/uploads\/2016\/09\/Sozialpartnerdeklaration-2016-Endversion-hohe-Qualit\u00e4t.pdf\" target=\"_blank\"><i class=\"fa fa-cloud-download\"><\/i><\/a>\r\n                                          <\/div>\r\n                                          <div class=\"clearfix\"><\/div>\r\n                                        <\/div>\r\n                                      <\/li><li>\r\n                                        <div class=\"row\">\r\n                                          <div class=\"col-md-9\">\r\n                                             <p>Bad Ischler Papier - Kurzfassung<\/p>\r\n                                          <\/div>\r\n                                          <div class=\"col-md-3 sp-publications-download-link\">\r\n                                             <a href=\"https:\/\/www.sozialpartner.at\/wp-content\/uploads\/2016\/09\/Bad-Ischl-Papier-2016-Kurzfassung_neu.pdf\" target=\"_blank\"><i class=\"fa fa-cloud-download\"><\/i><\/a>\r\n                                          <\/div>\r\n                                          <div class=\"clearfix\"><\/div>\r\n                                        <\/div>\r\n                                      <\/li><li>\r\n                                        <div class=\"row\">\r\n                                          <div class=\"col-md-9\">\r\n                                             <p>Bad Ischler Papier - Langfassung<\/p>\r\n                                          <\/div>\r\n                                          <div class=\"col-md-3 sp-publications-download-link\">\r\n                                             <a href=\"https:\/\/www.sozialpartner.at\/wp-content\/uploads\/2016\/09\/Bad-Ischl-Papier-2016_neu.pdf\" target=\"_blank\"><i class=\"fa fa-cloud-download\"><\/i><\/a>\r\n                                          <\/div>\r\n                                          <div class=\"clearfix\"><\/div>\r\n                                        <\/div>\r\n                                      <\/li><li>\r\n                                        <div class=\"row\">\r\n                                          <div class=\"col-md-9\">\r\n                                             <p>Programm Bad Ischler Dialog 2016<\/p>\r\n                                          <\/div>\r\n                                          <div class=\"col-md-3 sp-publications-download-link\">\r\n                                             <a href=\"https:\/\/www.sozialpartner.at\/wp-content\/uploads\/2016\/08\/2016-09-22-Bad-Ischler-Dialog_Programm_ohne-Anmeldeschluss-1.pdf\" target=\"_blank\"><i class=\"fa fa-cloud-download\"><\/i><\/a>\r\n                                          <\/div>\r\n                                          <div class=\"clearfix\"><\/div>\r\n                                        <\/div>\r\n                                      <\/li><li>\r\n                                        <div class=\"row\">\r\n                                          <div class=\"col-md-9\">\r\n                                             <p>Aktivit\u00e4tenliste der Sozialpartner 2015<\/p>\r\n                                          <\/div>\r\n                                          <div class=\"col-md-3 sp-publications-download-link\">\r\n                                             <a href=\"https:\/\/www.sozialpartner.at\/wp-content\/uploads\/2016\/06\/Sozialpartner-Aktivit\u00e4ten-2015.pdf\" target=\"_blank\"><i class=\"fa fa-cloud-download\"><\/i><\/a>\r\n                                          <\/div>\r\n                                          <div class=\"clearfix\"><\/div>\r\n                                        <\/div>\r\n                                      <\/li><li>\r\n                                        <div class=\"row\">\r\n                                          <div class=\"col-md-9\">\r\n                                             <p>Zukunft der Elementarbildung in \u00d6sterreich<\/p>\r\n                                          <\/div>\r\n                                          <div class=\"col-md-3 sp-publications-download-link\">\r\n                                             <a href=\"https:\/\/www.sozialpartner.at\/wp-content\/uploads\/2016\/05\/Zukunft-der-Elementarbildung-in-Oesterreich-Sozialpartner-u.pdf\" target=\"_blank\"><i class=\"fa fa-cloud-download\"><\/i><\/a>\r\n                                          <\/div>\r\n                                          <div class=\"clearfix\"><\/div>\r\n                                        <\/div>\r\n                                      <\/li><li>\r\n                                        <div class=\"row\">\r\n                                          <div class=\"col-md-9\">\r\n                                             <p>Sozialpartner und IV wollen Kindergarten und Co. weiterentwickeln<\/p>\r\n                                          <\/div>\r\n                                          <div class=\"col-md-3 sp-publications-download-link\">\r\n                                             <a href=\"https:\/\/www.sozialpartner.at\/wp-content\/uploads\/2016\/05\/Sozialpartner-und-IV-wollen-Kindergarten-und-Co.-weiterentwickeln.pdf\" target=\"_blank\"><i class=\"fa fa-cloud-download\"><\/i><\/a>\r\n                                          <\/div>\r\n                                          <div class=\"clearfix\"><\/div>\r\n                                        <\/div>\r\n                                      <\/li><li>\r\n                                        <div class=\"row\">\r\n                                          <div class=\"col-md-9\">\r\n                                             <p>Bad Ischler Dialog 2015 - Pr\u00e4sentation Padur<\/p>\r\n                                          <\/div>\r\n                                          <div class=\"col-md-3 sp-publications-download-link\">\r\n                                             <a href=\"https:\/\/www.sozialpartner.at\/wp-content\/uploads\/2015\/08\/Padur_Vortrag_Bad-Ischl.pdf\" target=\"_blank\"><i class=\"fa fa-cloud-download\"><\/i><\/a>\r\n                                          <\/div>\r\n                                          <div class=\"clearfix\"><\/div>\r\n                                        <\/div>\r\n                                      <\/li><li>\r\n                                        <div class=\"row\">\r\n                                          <div class=\"col-md-9\">\r\n                                             <p>Bad Ischler Dialog 2015 - Pr\u00e4sentation Prof. Bauer<\/p>\r\n                                          <\/div>\r\n                                          <div class=\"col-md-3 sp-publications-download-link\">\r\n                                             <a href=\"https:\/\/www.sozialpartner.at\/wp-content\/uploads\/2015\/08\/Bauer_Digitalisierung_Bad-Ischl.pdf\" target=\"_blank\"><i class=\"fa fa-cloud-download\"><\/i><\/a>\r\n                                          <\/div>\r\n                                          <div class=\"clearfix\"><\/div>\r\n                                        <\/div>\r\n                                      <\/li><li>\r\n                                        <div class=\"row\">\r\n                                          <div class=\"col-md-9\">\r\n                                             <p>Zukunft gemeinsam gestalten<\/p>\r\n                                          <\/div>\r\n                                          <div class=\"col-md-3 sp-publications-download-link\">\r\n                                             <a href=\"https:\/\/www.sozialpartner.at\/wp-content\/uploads\/2015\/12\/Zukunft-gemeinsam-gestalten_1-1.pdf\" target=\"_blank\"><i class=\"fa fa-cloud-download\"><\/i><\/a>\r\n                                          <\/div>\r\n                                          <div class=\"clearfix\"><\/div>\r\n                                        <\/div>\r\n                                      <\/li><li>\r\n                                        <div class=\"row\">\r\n                                          <div class=\"col-md-9\">\r\n                                             <p>Best-Practice-Beispiele in Kollektivvertr\u00e4gen zur F\u00f6rderung der Gleichstellung von Frauen und M\u00e4nnern<\/p>\r\n                                          <\/div>\r\n                                          <div class=\"col-md-3 sp-publications-download-link\">\r\n                                             <a href=\"https:\/\/www.sozialpartner.at\/wp-content\/uploads\/2015\/11\/Best-Practice-Beispiele-2015_final.pdf\" target=\"_blank\"><i class=\"fa fa-cloud-download\"><\/i><\/a>\r\n                                          <\/div>\r\n                                          <div class=\"clearfix\"><\/div>\r\n                                        <\/div>\r\n                                      <\/li><li>\r\n                                        <div class=\"row\">\r\n                                          <div class=\"col-md-9\">\r\n                                             <p>Beiratsstudie 78 - L\u00e4ngerfristige Aspekte der \u00f6sterreichischen Technologiepolitik<\/p>\r\n                                          <\/div>\r\n                                          <div class=\"col-md-3 sp-publications-download-link\">\r\n                                             <a href=\"https:\/\/www.sozialpartner.at\/wp-content\/uploads\/2015\/11\/Beirat_Nr.78_1999.pdf\" target=\"_blank\"><i class=\"fa fa-cloud-download\"><\/i><\/a>\r\n                                          <\/div>\r\n                                          <div class=\"clearfix\"><\/div>\r\n                                        <\/div>\r\n                                      <\/li><li>\r\n                                        <div class=\"row\">\r\n                                          <div class=\"col-md-9\">\r\n                                             <p>Lobbying vs Interessensvertretung<\/p>\r\n                                          <\/div>\r\n                                          <div class=\"col-md-3 sp-publications-download-link\">\r\n                                             <a href=\"https:\/\/www.sozialpartner.at\/wp-content\/uploads\/2015\/10\/Lobbying_vs_Interessensvertretung.pdf\" target=\"_blank\"><i class=\"fa fa-cloud-download\"><\/i><\/a>\r\n                                          <\/div>\r\n                                          <div class=\"clearfix\"><\/div>\r\n                                        <\/div>\r\n                                      <\/li><li>\r\n                                        <div class=\"row\">\r\n                                          <div class=\"col-md-9\">\r\n                                             <p>Bad Ischl Papier 2015 - Digitale Wirtschaft und Arbeitswelt<\/p>\r\n                                          <\/div>\r\n                                          <div class=\"col-md-3 sp-publications-download-link\">\r\n                                             <a href=\"https:\/\/www.sozialpartner.at\/wp-content\/uploads\/2015\/10\/Bad-Ischl-Papier-2015-Digitale-Wirtschaft-und-Arbeitswelt.pdf\" target=\"_blank\"><i class=\"fa fa-cloud-download\"><\/i><\/a>\r\n                                          <\/div>\r\n                                          <div class=\"clearfix\"><\/div>\r\n                                        <\/div>\r\n                                      <\/li><li>\r\n                                        <div class=\"row\">\r\n                                          <div class=\"col-md-9\">\r\n                                             <p>Das Europ\u00e4ische Sozialmodell<\/p>\r\n                                          <\/div>\r\n                                          <div class=\"col-md-3 sp-publications-download-link\">\r\n                                             <a href=\"https:\/\/www.sozialpartner.at\/wp-content\/uploads\/2015\/08\/prisching_europa_2006-09-07.pdf\" target=\"_blank\"><i class=\"fa fa-cloud-download\"><\/i><\/a>\r\n                                          <\/div>\r\n                                          <div class=\"clearfix\"><\/div>\r\n                                        <\/div>\r\n                                      <\/li><li>\r\n                                        <div class=\"row\">\r\n                                          <div class=\"col-md-9\">\r\n                                             <p>Gro\u00dfbritannien: Nationale Auspr\u00e4gungen des europ\u00e4ischen Sozialmodells<\/p>\r\n                                          <\/div>\r\n                                          <div class=\"col-md-3 sp-publications-download-link\">\r\n                                             <a href=\"https:\/\/www.sozialpartner.at\/wp-content\/uploads\/2015\/08\/mueller_m_sozialmodell_gro\u00dfbritannien_2006-09-07.pdf\" target=\"_blank\"><i class=\"fa fa-cloud-download\"><\/i><\/a>\r\n                                          <\/div>\r\n                                          <div class=\"clearfix\"><\/div>\r\n                                        <\/div>\r\n                                      <\/li><li>\r\n                                        <div class=\"row\">\r\n                                          <div class=\"col-md-9\">\r\n                                             <p>Das Franz\u00f6sische Sozialmodell<\/p>\r\n                                          <\/div>\r\n                                          <div class=\"col-md-3 sp-publications-download-link\">\r\n                                             <a href=\"https:\/\/www.sozialpartner.at\/wp-content\/uploads\/2015\/08\/binswanger_sozialmodell_frankreich_2006_09_07.pdf\" target=\"_blank\"><i class=\"fa fa-cloud-download\"><\/i><\/a>\r\n                                          <\/div>\r\n                                          <div class=\"clearfix\"><\/div>\r\n                                        <\/div>\r\n                                      <\/li><li>\r\n                                        <div class=\"row\">\r\n                                          <div class=\"col-md-9\">\r\n                                             <p>Das skandinavische Modell. Vorbild f\u00fcr Europa?<\/p>\r\n                                          <\/div>\r\n                                          <div class=\"col-md-3 sp-publications-download-link\">\r\n                                             <a href=\"https:\/\/www.sozialpartner.at\/wp-content\/uploads\/2015\/08\/becker_u_skandinavien_2006-09-07.pdf\" target=\"_blank\"><i class=\"fa fa-cloud-download\"><\/i><\/a>\r\n                                          <\/div>\r\n                                          <div class=\"clearfix\"><\/div>\r\n                                        <\/div>\r\n                                      <\/li><li>\r\n                                        <div class=\"row\">\r\n                                          <div class=\"col-md-9\">\r\n                                             <p>Das Europ\u00e4ische sozio\u00f6konomische Modell<\/p>\r\n                                          <\/div>\r\n                                          <div class=\"col-md-3 sp-publications-download-link\">\r\n                                             <a href=\"https:\/\/www.sozialpartner.at\/wp-content\/uploads\/2015\/08\/aiginger_eu-modell_badischl_2006.pdf\" target=\"_blank\"><i class=\"fa fa-cloud-download\"><\/i><\/a>\r\n                                          <\/div>\r\n                                          <div class=\"clearfix\"><\/div>\r\n                                        <\/div>\r\n                                      <\/li><li>\r\n                                        <div class=\"row\">\r\n                                          <div class=\"col-md-9\">\r\n                                             <p>Austria 2016 - Deklaration der Sozialpartner<\/p>\r\n                                          <\/div>\r\n                                          <div class=\"col-md-3 sp-publications-download-link\">\r\n                                             <a href=\"https:\/\/www.sozialpartner.at\/wp-content\/uploads\/2015\/08\/BadIschlDeklaration_2006_09_05.pdf\" target=\"_blank\"><i class=\"fa fa-cloud-download\"><\/i><\/a>\r\n                                          <\/div>\r\n                                          <div class=\"clearfix\"><\/div>\r\n                                        <\/div>\r\n                                      <\/li><li>\r\n                                        <div class=\"row\">\r\n                                          <div class=\"col-md-9\">\r\n                                             <p>Bad Ischler Dialog 2007 - Programm<\/p>\r\n                                          <\/div>\r\n                                          <div class=\"col-md-3 sp-publications-download-link\">\r\n                                             <a href=\"https:\/\/www.sozialpartner.at\/wp-content\/uploads\/2015\/08\/programm_badischl_2007_endg2.pdf\" target=\"_blank\"><i class=\"fa fa-cloud-download\"><\/i><\/a>\r\n                                          <\/div>\r\n                                          <div class=\"clearfix\"><\/div>\r\n                                        <\/div>\r\n                                      <\/li><li>\r\n                                        <div class=\"row\">\r\n                                          <div class=\"col-md-9\">\r\n                                             <p>Lebenslanges Lernen von der Kita bis zur Weiterbildung: Finanzierung, Strukturen und Prozesse<\/p>\r\n                                          <\/div>\r\n                                          <div class=\"col-md-3 sp-publications-download-link\">\r\n                                             <a href=\"https:\/\/www.sozialpartner.at\/wp-content\/uploads\/2015\/08\/dohmen_BadIschl_2007_ppt.pdf\" target=\"_blank\"><i class=\"fa fa-cloud-download\"><\/i><\/a>\r\n                                          <\/div>\r\n                                          <div class=\"clearfix\"><\/div>\r\n                                        <\/div>\r\n                                      <\/li><li>\r\n                                        <div class=\"row\">\r\n                                          <div class=\"col-md-9\">\r\n                                             <p>Lebenslanges Lernen von der Kita bis zur Weiterbildung - Deutschland und \u00d6sterreich im internationalen Vergleich, Vortrag<\/p>\r\n                                          <\/div>\r\n                                          <div class=\"col-md-3 sp-publications-download-link\">\r\n                                             <a href=\"https:\/\/www.sozialpartner.at\/wp-content\/uploads\/2015\/08\/dohmen_BadIschl_2007_vortrag.pdf\" target=\"_blank\"><i class=\"fa fa-cloud-download\"><\/i><\/a>\r\n                                          <\/div>\r\n                                          <div class=\"clearfix\"><\/div>\r\n                                        <\/div>\r\n                                      <\/li><li>\r\n                                        <div class=\"row\">\r\n                                          <div class=\"col-md-9\">\r\n                                             <p>Das Schwedische Bildungswesen f\u00fcr Erwachsene<\/p>\r\n                                          <\/div>\r\n                                          <div class=\"col-md-3 sp-publications-download-link\">\r\n                                             <a href=\"https:\/\/www.sozialpartner.at\/wp-content\/uploads\/2015\/08\/modlitba_BadIschl_2007.pdf\" target=\"_blank\"><i class=\"fa fa-cloud-download\"><\/i><\/a>\r\n                                          <\/div>\r\n                                          <div class=\"clearfix\"><\/div>\r\n                                        <\/div>\r\n                                      <\/li><li>\r\n                                        <div class=\"row\">\r\n                                          <div class=\"col-md-9\">\r\n                                             <p>Efficiency and Equity in European Education and Training Systems<\/p>\r\n                                          <\/div>\r\n                                          <div class=\"col-md-3 sp-publications-download-link\">\r\n                                             <a href=\"https:\/\/www.sozialpartner.at\/wp-content\/uploads\/2015\/08\/woessmann_BadIschl_2007.pdf\" target=\"_blank\"><i class=\"fa fa-cloud-download\"><\/i><\/a>\r\n                                          <\/div>\r\n                                          <div class=\"clearfix\"><\/div>\r\n                                        <\/div>\r\n                                      <\/li><li>\r\n                                        <div class=\"row\">\r\n                                          <div class=\"col-md-9\">\r\n                                             <p>Lifelong learning in Austria: The view from OECD<\/p>\r\n                                          <\/div>\r\n                                          <div class=\"col-md-3 sp-publications-download-link\">\r\n                                             <a href=\"https:\/\/www.sozialpartner.at\/wp-content\/uploads\/2015\/08\/grubb_BadIschl_2007_LLL.pdf\" target=\"_blank\"><i class=\"fa fa-cloud-download\"><\/i><\/a>\r\n                                          <\/div>\r\n                                          <div class=\"clearfix\"><\/div>\r\n                                        <\/div>\r\n                                      <\/li><li>\r\n                                        <div class=\"row\">\r\n                                          <div class=\"col-md-9\">\r\n                                             <p>Bad Ischler Dialog 2008, \u201eEin soziales Europa\u201c - Programm<\/p>\r\n                                          <\/div>\r\n                                          <div class=\"col-md-3 sp-publications-download-link\">\r\n                                             <a href=\"https:\/\/www.sozialpartner.at\/wp-content\/uploads\/2015\/08\/BadIschl_2008_Programm_endg.pdf\" target=\"_blank\"><i class=\"fa fa-cloud-download\"><\/i><\/a>\r\n                                          <\/div>\r\n                                          <div class=\"clearfix\"><\/div>\r\n                                        <\/div>\r\n                                      <\/li><li>\r\n                                        <div class=\"row\">\r\n                                          <div class=\"col-md-9\">\r\n                                             <p>Bad Ischler Dialog 2009, \"Wege aus der Krise\" - Programm<\/p>\r\n                                          <\/div>\r\n                                          <div class=\"col-md-3 sp-publications-download-link\">\r\n                                             <a href=\"https:\/\/www.sozialpartner.at\/wp-content\/uploads\/2015\/08\/EinladungBadIschl2009.pdf\" target=\"_blank\"><i class=\"fa fa-cloud-download\"><\/i><\/a>\r\n                                          <\/div>\r\n                                          <div class=\"clearfix\"><\/div>\r\n                                        <\/div>\r\n                                      <\/li><li>\r\n                                        <div class=\"row\">\r\n                                          <div class=\"col-md-9\">\r\n                                             <p>Auf dem Weg in die n\u00e4chste Finanzkrise<\/p>\r\n                                          <\/div>\r\n                                          <div class=\"col-md-3 sp-publications-download-link\">\r\n                                             <a href=\"https:\/\/www.sozialpartner.at\/wp-content\/uploads\/2015\/08\/Finanzkrise_Ischl.pdf\" target=\"_blank\"><i class=\"fa fa-cloud-download\"><\/i><\/a>\r\n                                          <\/div>\r\n                                          <div class=\"clearfix\"><\/div>\r\n                                        <\/div>\r\n                                      <\/li><li>\r\n                                        <div class=\"row\">\r\n                                          <div class=\"col-md-9\">\r\n                                             <p>F\u00fcnf Wegmarken der Ordnungspolitik<\/p>\r\n                                          <\/div>\r\n                                          <div class=\"col-md-3 sp-publications-download-link\">\r\n                                             <a href=\"https:\/\/www.sozialpartner.at\/wp-content\/uploads\/2015\/08\/Paque-Fuenf-Wegmarken.pdf\" target=\"_blank\"><i class=\"fa fa-cloud-download\"><\/i><\/a>\r\n                                          <\/div>\r\n                                          <div class=\"clearfix\"><\/div>\r\n                                        <\/div>\r\n                                      <\/li><li>\r\n                                        <div class=\"row\">\r\n                                          <div class=\"col-md-9\">\r\n                                             <p>Wege aus der Krise, Peter Spahn<\/p>\r\n                                          <\/div>\r\n                                          <div class=\"col-md-3 sp-publications-download-link\">\r\n                                             <a href=\"https:\/\/www.sozialpartner.at\/wp-content\/uploads\/2015\/08\/spahn.pdf\" target=\"_blank\"><i class=\"fa fa-cloud-download\"><\/i><\/a>\r\n                                          <\/div>\r\n                                          <div class=\"clearfix\"><\/div>\r\n                                        <\/div>\r\n                                      <\/li><li>\r\n                                        <div class=\"row\">\r\n                                          <div class=\"col-md-9\">\r\n                                             <p>Wege aus der Krise, Gertrude Tumpel-Gugerell<\/p>\r\n                                          <\/div>\r\n                                          <div class=\"col-md-3 sp-publications-download-link\">\r\n                                             <a href=\"https:\/\/www.sozialpartner.at\/wp-content\/uploads\/2015\/08\/2009-10-05-GTG-Bad-Ischl-Final-with-embargo.pdf\" target=\"_blank\"><i class=\"fa fa-cloud-download\"><\/i><\/a>\r\n                                          <\/div>\r\n                                          <div class=\"clearfix\"><\/div>\r\n                                        <\/div>\r\n                                      <\/li><li>\r\n                                        <div class=\"row\">\r\n                                          <div class=\"col-md-9\">\r\n                                             <p>Bad Ischler Dialog 2010, \u201eWachstum - Besch\u00e4ftigung - Integration\u201c - Programm<\/p>\r\n                                          <\/div>\r\n                                          <div class=\"col-md-3 sp-publications-download-link\">\r\n                                             <a href=\"https:\/\/www.sozialpartner.at\/wp-content\/uploads\/2015\/08\/Einladung_Endfassung.pdf\" target=\"_blank\"><i class=\"fa fa-cloud-download\"><\/i><\/a>\r\n                                          <\/div>\r\n                                          <div class=\"clearfix\"><\/div>\r\n                                        <\/div>\r\n                                      <\/li><li>\r\n                                        <div class=\"row\">\r\n                                          <div class=\"col-md-9\">\r\n                                             <p>Wachstumspotenziale 2020 - Fachhochschule Salzburg<\/p>\r\n                                          <\/div>\r\n                                          <div class=\"col-md-3 sp-publications-download-link\">\r\n                                             <a href=\"https:\/\/www.sozialpartner.at\/wp-content\/uploads\/2015\/08\/Wachstumspotenziale_Gesamtdokument.pdf\" target=\"_blank\"><i class=\"fa fa-cloud-download\"><\/i><\/a>\r\n                                          <\/div>\r\n                                          <div class=\"clearfix\"><\/div>\r\n                                        <\/div>\r\n                                      <\/li><li>\r\n                                        <div class=\"row\">\r\n                                          <div class=\"col-md-9\">\r\n                                             <p>Bad Ischler Dialog: Positionen der \u00f6sterreichischen Sozialpartner zu zentralen Herausforderungen der Zukunft - Kurzfassung<\/p>\r\n                                          <\/div>\r\n                                          <div class=\"col-md-3 sp-publications-download-link\">\r\n                                             <a href=\"https:\/\/www.sozialpartner.at\/wp-content\/uploads\/2015\/08\/Kurzfassung-FINAL-4.pdf\" target=\"_blank\"><i class=\"fa fa-cloud-download\"><\/i><\/a>\r\n                                          <\/div>\r\n                                          <div class=\"clearfix\"><\/div>\r\n                                        <\/div>\r\n                                      <\/li><li>\r\n                                        <div class=\"row\">\r\n                                          <div class=\"col-md-9\">\r\n                                             <p>Einigung der \u00f6sterreichischen Sozialpartner zur Bek\u00e4mpfung von Lohn- und Sozialdumping<\/p>\r\n                                          <\/div>\r\n                                          <div class=\"col-md-3 sp-publications-download-link\">\r\n                                             <a href=\"https:\/\/www.sozialpartner.at\/wp-content\/uploads\/2015\/08\/SozialpartnerpraesidenteneinigungIschl-I-zusammengefuehrt.pdf\" target=\"_blank\"><i class=\"fa fa-cloud-download\"><\/i><\/a>\r\n                                          <\/div>\r\n                                          <div class=\"clearfix\"><\/div>\r\n                                        <\/div>\r\n                                      <\/li><li>\r\n                                        <div class=\"row\">\r\n                                          <div class=\"col-md-9\">\r\n                                             <p>Wo findet Wachstum statt<\/p>\r\n                                          <\/div>\r\n                                          <div class=\"col-md-3 sp-publications-download-link\">\r\n                                             <a href=\"https:\/\/www.sozialpartner.at\/wp-content\/uploads\/2015\/08\/Lars-Thomsen.pdf\" target=\"_blank\"><i class=\"fa fa-cloud-download\"><\/i><\/a>\r\n                                          <\/div>\r\n                                          <div class=\"clearfix\"><\/div>\r\n                                        <\/div>\r\n                                      <\/li><li>\r\n                                        <div class=\"row\">\r\n                                          <div class=\"col-md-9\">\r\n                                             <p>Wachstum in Finnland<\/p>\r\n                                          <\/div>\r\n                                          <div class=\"col-md-3 sp-publications-download-link\">\r\n                                             <a href=\"https:\/\/www.sozialpartner.at\/wp-content\/uploads\/2015\/08\/Timo-Spangar-Bad-Ischl.pdf\" target=\"_blank\"><i class=\"fa fa-cloud-download\"><\/i><\/a>\r\n                                          <\/div>\r\n                                          <div class=\"clearfix\"><\/div>\r\n                                        <\/div>\r\n                                      <\/li><li>\r\n                                        <div class=\"row\">\r\n                                          <div class=\"col-md-9\">\r\n                                             <p>\u00d6sterreich von Westen<\/p>\r\n                                          <\/div>\r\n                                          <div class=\"col-md-3 sp-publications-download-link\">\r\n                                             <a href=\"https:\/\/www.sozialpartner.at\/wp-content\/uploads\/2015\/08\/Austria.pdf\" target=\"_blank\"><i class=\"fa fa-cloud-download\"><\/i><\/a>\r\n                                          <\/div>\r\n                                          <div class=\"clearfix\"><\/div>\r\n                                        <\/div>\r\n                                      <\/li><li>\r\n                                        <div class=\"row\">\r\n                                          <div class=\"col-md-9\">\r\n                                             <p>Zukunft der Arbeit<\/p>\r\n                                          <\/div>\r\n                                          <div class=\"col-md-3 sp-publications-download-link\">\r\n                                             <a href=\"https:\/\/www.sozialpartner.at\/wp-content\/uploads\/2015\/08\/Zukunft-der-Arbeit-Microsoft-Thomas-Lutz.pdf\" target=\"_blank\"><i class=\"fa fa-cloud-download\"><\/i><\/a>\r\n                                          <\/div>\r\n                                          <div class=\"clearfix\"><\/div>\r\n                                        <\/div>\r\n                                      <\/li><li>\r\n                                        <div class=\"row\">\r\n                                          <div class=\"col-md-9\">\r\n                                             <p>Integrations- und Immigrationspolitik<\/p>\r\n                                          <\/div>\r\n                                          <div class=\"col-md-3 sp-publications-download-link\">\r\n                                             <a href=\"https:\/\/www.sozialpartner.at\/wp-content\/uploads\/2015\/08\/Bad-Ischl-19-Oct-2010.pdf\" target=\"_blank\"><i class=\"fa fa-cloud-download\"><\/i><\/a>\r\n                                          <\/div>\r\n                                          <div class=\"clearfix\"><\/div>\r\n                                        <\/div>\r\n                                      <\/li><li>\r\n                                        <div class=\"row\">\r\n                                          <div class=\"col-md-9\">\r\n                                             <p>Dienstleistungen im Strukturwandel<\/p>\r\n                                          <\/div>\r\n                                          <div class=\"col-md-3 sp-publications-download-link\">\r\n                                             <a href=\"https:\/\/www.sozialpartner.at\/wp-content\/uploads\/2015\/08\/Kraemer-fin.pdf\" target=\"_blank\"><i class=\"fa fa-cloud-download\"><\/i><\/a>\r\n                                          <\/div>\r\n                                          <div class=\"clearfix\"><\/div>\r\n                                        <\/div>\r\n                                      <\/li><li>\r\n                                        <div class=\"row\">\r\n                                          <div class=\"col-md-9\">\r\n                                             <p>Pilotprojekt Innovatives Metall<\/p>\r\n                                          <\/div>\r\n                                          <div class=\"col-md-3 sp-publications-download-link\">\r\n                                             <a href=\"https:\/\/www.sozialpartner.at\/wp-content\/uploads\/2015\/08\/Bad-Ischl_29122010doc.pdf\" target=\"_blank\"><i class=\"fa fa-cloud-download\"><\/i><\/a>\r\n                                          <\/div>\r\n                                          <div class=\"clearfix\"><\/div>\r\n                                        <\/div>\r\n                                      <\/li><li>\r\n                                        <div class=\"row\">\r\n                                          <div class=\"col-md-9\">\r\n                                             <p>Bad Ischler Dialog 2011, \"Auswirkungen der demographischen Entwicklung auf Arbeitsmarkt und soziale Systeme\" - Programm<\/p>\r\n                                          <\/div>\r\n                                          <div class=\"col-md-3 sp-publications-download-link\">\r\n                                             <a href=\"https:\/\/www.sozialpartner.at\/wp-content\/uploads\/2015\/08\/Ischleinladung_V2endg.pdf\" target=\"_blank\"><i class=\"fa fa-cloud-download\"><\/i><\/a>\r\n                                          <\/div>\r\n                                          <div class=\"clearfix\"><\/div>\r\n                                        <\/div>\r\n                                      <\/li><li>\r\n                                        <div class=\"row\">\r\n                                          <div class=\"col-md-9\">\r\n                                             <p>Die demographische Herausforderung<\/p>\r\n                                          <\/div>\r\n                                          <div class=\"col-md-3 sp-publications-download-link\">\r\n                                             <a href=\"https:\/\/www.sozialpartner.at\/wp-content\/uploads\/2015\/08\/Pfaller-Beitrag.pdf\" target=\"_blank\"><i class=\"fa fa-cloud-download\"><\/i><\/a>\r\n                                          <\/div>\r\n                                          <div class=\"clearfix\"><\/div>\r\n                                        <\/div>\r\n                                      <\/li><li>\r\n                                        <div class=\"row\">\r\n                                          <div class=\"col-md-9\">\r\n                                             <p>Die demographische Entwicklung und Humanressourcen f\u00fcr \u00d6sterreichs Zukunft<\/p>\r\n                                          <\/div>\r\n                                          <div class=\"col-md-3 sp-publications-download-link\">\r\n                                             <a href=\"https:\/\/www.sozialpartner.at\/wp-content\/uploads\/2015\/08\/Bad-Ischl-Lutz.pdf\" target=\"_blank\"><i class=\"fa fa-cloud-download\"><\/i><\/a>\r\n                                          <\/div>\r\n                                          <div class=\"clearfix\"><\/div>\r\n                                        <\/div>\r\n                                      <\/li><li>\r\n                                        <div class=\"row\">\r\n                                          <div class=\"col-md-9\">\r\n                                             <p>Entscheidungen im Bereich Arbeitsmarkt und Soziale Systeme<\/p>\r\n                                          <\/div>\r\n                                          <div class=\"col-md-3 sp-publications-download-link\">\r\n                                             <a href=\"https:\/\/www.sozialpartner.at\/wp-content\/uploads\/2015\/08\/ABS-Bad-Ischler-Dialog-10Okt2011b.pdf\" target=\"_blank\"><i class=\"fa fa-cloud-download\"><\/i><\/a>\r\n                                          <\/div>\r\n                                          <div class=\"clearfix\"><\/div>\r\n                                        <\/div>\r\n                                      <\/li><li>\r\n                                        <div class=\"row\">\r\n                                          <div class=\"col-md-9\">\r\n                                             <p>Anhebung des faktischen Pensionsalters - Vorschl\u00e4ge der \u00f6sterreichischen Sozialpartner<\/p>\r\n                                          <\/div>\r\n                                          <div class=\"col-md-3 sp-publications-download-link\">\r\n                                             <a href=\"https:\/\/www.sozialpartner.at\/wp-content\/uploads\/2015\/08\/Bad-Ischl-2011-SozialpartnerPensionen.pdf\" target=\"_blank\"><i class=\"fa fa-cloud-download\"><\/i><\/a>\r\n                                          <\/div>\r\n                                          <div class=\"clearfix\"><\/div>\r\n                                        <\/div>\r\n                                      <\/li><li>\r\n                                        <div class=\"row\">\r\n                                          <div class=\"col-md-9\">\r\n                                             <p>Bad Ischl 2011 - Positionen der Sozialpartner<\/p>\r\n                                          <\/div>\r\n                                          <div class=\"col-md-3 sp-publications-download-link\">\r\n                                             <a href=\"https:\/\/www.sozialpartner.at\/wp-content\/uploads\/2015\/08\/Bad-Ischl-2011-Kurzversion.pdf\" target=\"_blank\"><i class=\"fa fa-cloud-download\"><\/i><\/a>\r\n                                          <\/div>\r\n                                          <div class=\"clearfix\"><\/div>\r\n                                        <\/div>\r\n                                      <\/li><li>\r\n                                        <div class=\"row\">\r\n                                          <div class=\"col-md-9\">\r\n                                             <p>Auswirkungen der demographischen Entwicklung auf Arbeitsmarkt und soziale Systeme - Positionen der \u00f6sterreichischen Sozialpartner<\/p>\r\n                                          <\/div>\r\n                                          <div class=\"col-md-3 sp-publications-download-link\">\r\n                                             <a href=\"https:\/\/www.sozialpartner.at\/wp-content\/uploads\/2015\/08\/2011-10-07Studie-konsolidiertEndg.pdf\" target=\"_blank\"><i class=\"fa fa-cloud-download\"><\/i><\/a>\r\n                                          <\/div>\r\n                                          <div class=\"clearfix\"><\/div>\r\n                                        <\/div>\r\n                                      <\/li><li>\r\n                                        <div class=\"row\">\r\n                                          <div class=\"col-md-9\">\r\n                                             <p>Sozialpartnerabkommen von 1992<\/p>\r\n                                          <\/div>\r\n                                          <div class=\"col-md-3 sp-publications-download-link\">\r\n                                             <a href=\"https:\/\/www.sozialpartner.at\/wp-content\/uploads\/2015\/08\/Abkommen1992.pdf\" target=\"_blank\"><i class=\"fa fa-cloud-download\"><\/i><\/a>\r\n                                          <\/div>\r\n                                          <div class=\"clearfix\"><\/div>\r\n                                        <\/div>\r\n                                      <\/li><li>\r\n                                        <div class=\"row\">\r\n                                          <div class=\"col-md-9\">\r\n                                             <p>Beiratsstudie Nr. 79 - Digitale Wirtschaft<\/p>\r\n                                          <\/div>\r\n                                          <div class=\"col-md-3 sp-publications-download-link\">\r\n                                             <a href=\"https:\/\/www.sozialpartner.at\/wp-content\/uploads\/2015\/08\/Beirat_Nr.79_2001_WEB.pdf\" target=\"_blank\"><i class=\"fa fa-cloud-download\"><\/i><\/a>\r\n                                          <\/div>\r\n                                          <div class=\"clearfix\"><\/div>\r\n                                        <\/div>\r\n                                      <\/li><li>\r\n                                        <div class=\"row\">\r\n                                          <div class=\"col-md-9\">\r\n                                             <p>Beiratsstudie Nr. 80 - Die makro\u00f6konomische Politik und die\u00a0Lissabon-Strategie der EU<\/p>\r\n                                          <\/div>\r\n                                          <div class=\"col-md-3 sp-publications-download-link\">\r\n                                             <a href=\"https:\/\/www.sozialpartner.at\/wp-content\/uploads\/2015\/08\/Beirat_Nr.80_2005_WEB.pdf\" target=\"_blank\"><i class=\"fa fa-cloud-download\"><\/i><\/a>\r\n                                          <\/div>\r\n                                          <div class=\"clearfix\"><\/div>\r\n                                        <\/div>\r\n                                      <\/li><li>\r\n                                        <div class=\"row\">\r\n                                          <div class=\"col-md-9\">\r\n                                             <p>Beiratsstudie Nr. 81 - Herausforderungen f\u00fcr eine partizipative Demokratie in einem erweiterten Europa<\/p>\r\n                                          <\/div>\r\n                                          <div class=\"col-md-3 sp-publications-download-link\">\r\n                                             <a href=\"https:\/\/www.sozialpartner.at\/wp-content\/uploads\/2015\/08\/Beirat_Nr.81_2006_WEB.pdf\" target=\"_blank\"><i class=\"fa fa-cloud-download\"><\/i><\/a>\r\n                                          <\/div>\r\n                                          <div class=\"clearfix\"><\/div>\r\n                                        <\/div>\r\n                                      <\/li><li>\r\n                                        <div class=\"row\">\r\n                                          <div class=\"col-md-9\">\r\n                                             <p>Beiratsstudie Nr. 82 - Herausforderungen in der Energiepolitik<\/p>\r\n                                          <\/div>\r\n                                          <div class=\"col-md-3 sp-publications-download-link\">\r\n                                             <a href=\"https:\/\/www.sozialpartner.at\/wp-content\/uploads\/2015\/08\/Beirat_Nr.82_2009_WEB.pdf\" target=\"_blank\"><i class=\"fa fa-cloud-download\"><\/i><\/a>\r\n                                          <\/div>\r\n                                          <div class=\"clearfix\"><\/div>\r\n                                        <\/div>\r\n                                      <\/li><li>\r\n                                        <div class=\"row\">\r\n                                          <div class=\"col-md-9\">\r\n                                             <p>Beiratsstudie Nr. 83 - \u00d6sterreich und die internationale Finanzkrise<\/p>\r\n                                          <\/div>\r\n                                          <div class=\"col-md-3 sp-publications-download-link\">\r\n                                             <a href=\"https:\/\/www.sozialpartner.at\/wp-content\/uploads\/2015\/08\/Beirat_Nr.83_2009_WEB.pdf\" target=\"_blank\"><i class=\"fa fa-cloud-download\"><\/i><\/a>\r\n                                          <\/div>\r\n                                          <div class=\"clearfix\"><\/div>\r\n                                        <\/div>\r\n                                      <\/li><li>\r\n                                        <div class=\"row\">\r\n                                          <div class=\"col-md-9\">\r\n                                             <p>Beiratsstudie Nr. 84 - Zukunft der Wettbewerbspolitik in \u00d6sterreich<\/p>\r\n                                          <\/div>\r\n                                          <div class=\"col-md-3 sp-publications-download-link\">\r\n                                             <a href=\"https:\/\/www.sozialpartner.at\/wp-content\/uploads\/2015\/08\/Beirat_Nr.84_2010_WEB.pdf\" target=\"_blank\"><i class=\"fa fa-cloud-download\"><\/i><\/a>\r\n                                          <\/div>\r\n                                          <div class=\"clearfix\"><\/div>\r\n                                        <\/div>\r\n                                      <\/li><li>\r\n                                        <div class=\"row\">\r\n                                          <div class=\"col-md-9\">\r\n                                             <p>Beiratsstudie Nr. 85 - Migration und Integration<\/p>\r\n                                          <\/div>\r\n                                          <div class=\"col-md-3 sp-publications-download-link\">\r\n                                             <a href=\"https:\/\/www.sozialpartner.at\/wp-content\/uploads\/2015\/08\/Beirat_Nr.85_2011_WEB.pdf\" target=\"_blank\"><i class=\"fa fa-cloud-download\"><\/i><\/a>\r\n                                          <\/div>\r\n                                          <div class=\"clearfix\"><\/div>\r\n                                        <\/div>\r\n                                      <\/li><li>\r\n                                        <div class=\"row\">\r\n                                          <div class=\"col-md-9\">\r\n                                             <p>Beiratsstudie Nr. 86 - Innovation und Investition: Themen und Positionen<\/p>\r\n                                          <\/div>\r\n                                          <div class=\"col-md-3 sp-publications-download-link\">\r\n                                             <a href=\"https:\/\/www.sozialpartner.at\/wp-content\/uploads\/2015\/08\/Beirat_Nr.86_2013_WEB.pdf\" target=\"_blank\"><i class=\"fa fa-cloud-download\"><\/i><\/a>\r\n                                          <\/div>\r\n                                          <div class=\"clearfix\"><\/div>\r\n                                        <\/div>\r\n                                      <\/li><li>\r\n                                        <div class=\"row\">\r\n                                          <div class=\"col-md-9\">\r\n                                             <p>Beiratsstudie Nr. 87 - Effizienz \u2013 Rechtsstaatlichkeit \u2013 Transparenz im \u00f6sterreichischen Wettbewerbsrecht<\/p>\r\n                                          <\/div>\r\n                                          <div class=\"col-md-3 sp-publications-download-link\">\r\n                                             <a href=\"https:\/\/www.sozialpartner.at\/wp-content\/uploads\/2015\/08\/Beirat_Nr.87_2014_WEB.pdf\" target=\"_blank\"><i class=\"fa fa-cloud-download\"><\/i><\/a>\r\n                                          <\/div>\r\n                                          <div class=\"clearfix\"><\/div>\r\n                                        <\/div>\r\n                                      <\/li><li>\r\n                                        <div class=\"row\">\r\n                                          <div class=\"col-md-9\">\r\n                                             <p>Sozialpartnerschaft in der Zweiten Republik<\/p>\r\n                                          <\/div>\r\n                                          <div class=\"col-md-3 sp-publications-download-link\">\r\n                                             <a href=\"https:\/\/www.sozialpartner.at\/wp-content\/uploads\/2015\/08\/Sozialpartnerschaft_ZweiteRepublik.pdf\" target=\"_blank\"><i class=\"fa fa-cloud-download\"><\/i><\/a>\r\n                                          <\/div>\r\n                                          <div class=\"clearfix\"><\/div>\r\n                                        <\/div>\r\n                                      <\/li><li>\r\n                                        <div class=\"row\">\r\n                                          <div class=\"col-md-9\">\r\n                                             <p>Europas Weg hin zur sozio-\u00f6kologischen Wende<\/p>\r\n                                          <\/div>\r\n                                          <div class=\"col-md-3 sp-publications-download-link\">\r\n                                             <a href=\"https:\/\/www.sozialpartner.at\/wp-content\/uploads\/2015\/08\/Bad-Ischl-2012_Karil-Aiginger_2012-10-15.pdf\" target=\"_blank\"><i class=\"fa fa-cloud-download\"><\/i><\/a>\r\n                                          <\/div>\r\n                                          <div class=\"clearfix\"><\/div>\r\n                                        <\/div>\r\n                                      <\/li><li>\r\n                                        <div class=\"row\">\r\n                                          <div class=\"col-md-9\">\r\n                                             <p>Zur politischen \u00d6konomie der Europ\u00e4ischen W\u00e4hrungsunion in der Krise<\/p>\r\n                                          <\/div>\r\n                                          <div class=\"col-md-3 sp-publications-download-link\">\r\n                                             <a href=\"https:\/\/www.sozialpartner.at\/wp-content\/uploads\/2015\/08\/Beitrag-ABotsch-Bad-Ischler-Dialog-2012.pdf\" target=\"_blank\"><i class=\"fa fa-cloud-download\"><\/i><\/a>\r\n                                          <\/div>\r\n                                          <div class=\"clearfix\"><\/div>\r\n                                        <\/div>\r\n                                      <\/li><li>\r\n                                        <div class=\"row\">\r\n                                          <div class=\"col-md-9\">\r\n                                             <p>Zukunftsf\u00e4higkeit der Europ\u00e4ischen W\u00e4hrungsunion<\/p>\r\n                                          <\/div>\r\n                                          <div class=\"col-md-3 sp-publications-download-link\">\r\n                                             <a href=\"https:\/\/www.sozialpartner.at\/wp-content\/uploads\/2015\/08\/BadIschl_Wigger.pdf\" target=\"_blank\"><i class=\"fa fa-cloud-download\"><\/i><\/a>\r\n                                          <\/div>\r\n                                          <div class=\"clearfix\"><\/div>\r\n                                        <\/div>\r\n                                      <\/li><li>\r\n                                        <div class=\"row\">\r\n                                          <div class=\"col-md-9\">\r\n                                             <p>Wirtschaftspolitik f\u00fcr Europa Neue Regeln, Kontrollen und Sanktionen k\u00f6nnen Wille zur Kooperation nicht ersetzen<\/p>\r\n                                          <\/div>\r\n                                          <div class=\"col-md-3 sp-publications-download-link\">\r\n                                             <a href=\"https:\/\/www.sozialpartner.at\/wp-content\/uploads\/2015\/08\/Bad-Ischl-George-Busch-10-2012-fin.pdf\" target=\"_blank\"><i class=\"fa fa-cloud-download\"><\/i><\/a>\r\n                                          <\/div>\r\n                                          <div class=\"clearfix\"><\/div>\r\n                                        <\/div>\r\n                                      <\/li><li>\r\n                                        <div class=\"row\">\r\n                                          <div class=\"col-md-9\">\r\n                                             <p>Demokratie in EU-ropa<\/p>\r\n                                          <\/div>\r\n                                          <div class=\"col-md-3 sp-publications-download-link\">\r\n                                             <a href=\"https:\/\/www.sozialpartner.at\/wp-content\/uploads\/2015\/08\/Filzmaier_DemokratieinEUropa_15102012_BadIschl.pdf\" target=\"_blank\"><i class=\"fa fa-cloud-download\"><\/i><\/a>\r\n                                          <\/div>\r\n                                          <div class=\"clearfix\"><\/div>\r\n                                        <\/div>\r\n                                      <\/li><li>\r\n                                        <div class=\"row\">\r\n                                          <div class=\"col-md-9\">\r\n                                             <p>Klaus Gretschmann, ehem. Generaldirektor, Europ\u00e4ischer Rat, \"Europa zwischen Demokratie, B\u00fcrokratie und Beteiligung: Kommst Du mit der L\u00f6sung oder bist Du teil des Problems?<\/p>\r\n                                          <\/div>\r\n                                          <div class=\"col-md-3 sp-publications-download-link\">\r\n                                             <a href=\"https:\/\/www.sozialpartner.at\/wp-content\/uploads\/2015\/08\/Klaus_Gretschmann-Bad-Ischl-Final.pdf\" target=\"_blank\"><i class=\"fa fa-cloud-download\"><\/i><\/a>\r\n                                          <\/div>\r\n                                          <div class=\"clearfix\"><\/div>\r\n                                        <\/div>\r\n                                      <\/li><li>\r\n                                        <div class=\"row\">\r\n                                          <div class=\"col-md-9\">\r\n                                             <p>Klaus Gretschmann, ehem. Generaldirektor, Europ\u00e4ischer Rat, \"Europa zwischen Demokratie, B\u00fcrokratie und Beteiligung: Kommst Du mit der L\u00f6sung oder bist Du teil des Problems?<\/p>\r\n                                          <\/div>\r\n                                          <div class=\"col-md-3 sp-publications-download-link\">\r\n                                             <a href=\"https:\/\/www.sozialpartner.at\/wp-content\/uploads\/2015\/08\/Klaus_Gretschmann-Bad-Ischl-Final.pdf\" target=\"_blank\"><i class=\"fa fa-cloud-download\"><\/i><\/a>\r\n                                          <\/div>\r\n                                          <div class=\"clearfix\"><\/div>\r\n                                        <\/div>\r\n                                      <\/li><li>\r\n                                        <div class=\"row\">\r\n                                          <div class=\"col-md-9\">\r\n                                             <p>Europa zwischen Demokratie, B\u00fcrokratie und Beteiligung: Kommst Du mit der L\u00f6sung oder bist Du teil des Problems?<\/p>\r\n                                          <\/div>\r\n                                          <div class=\"col-md-3 sp-publications-download-link\">\r\n                                             <a href=\"https:\/\/www.sozialpartner.at\/wp-content\/uploads\/2015\/08\/Klaus_Gretschmann-Bad-Ischl-Final.pdf\" target=\"_blank\"><i class=\"fa fa-cloud-download\"><\/i><\/a>\r\n                                          <\/div>\r\n                                          <div class=\"clearfix\"><\/div>\r\n                                        <\/div>\r\n                                      <\/li><li>\r\n                                        <div class=\"row\">\r\n                                          <div class=\"col-md-9\">\r\n                                             <p>Antwortbrief Kommissionspr\u00e4sident Barroso an die Sozialpartner<\/p>\r\n                                          <\/div>\r\n                                          <div class=\"col-md-3 sp-publications-download-link\">\r\n                                             <a href=\"https:\/\/www.sozialpartner.at\/wp-content\/uploads\/2015\/08\/Barroso.tif2_.pdf\" target=\"_blank\"><i class=\"fa fa-cloud-download\"><\/i><\/a>\r\n                                          <\/div>\r\n                                          <div class=\"clearfix\"><\/div>\r\n                                        <\/div>\r\n                                      <\/li><li>\r\n                                        <div class=\"row\">\r\n                                          <div class=\"col-md-9\">\r\n                                             <p>Sozialpartnerpapier zur Zukunft Europas - Kurzfassung<\/p>\r\n                                          <\/div>\r\n                                          <div class=\"col-md-3 sp-publications-download-link\">\r\n                                             <a href=\"https:\/\/www.sozialpartner.at\/wp-content\/uploads\/2015\/08\/3-2012-10-15Zukunft-EuropaKurzfassung.pdf\" target=\"_blank\"><i class=\"fa fa-cloud-download\"><\/i><\/a>\r\n                                          <\/div>\r\n                                          <div class=\"clearfix\"><\/div>\r\n                                        <\/div>\r\n                                      <\/li><li>\r\n                                        <div class=\"row\">\r\n                                          <div class=\"col-md-9\">\r\n                                             <p>Sozialpartnerpapier zur Zukunft Europas - Langfassung<\/p>\r\n                                          <\/div>\r\n                                          <div class=\"col-md-3 sp-publications-download-link\">\r\n                                             <a href=\"https:\/\/www.sozialpartner.at\/wp-content\/uploads\/2015\/08\/2-2012-10-15Zukunft-EuropaLangfassung.pdf\" target=\"_blank\"><i class=\"fa fa-cloud-download\"><\/i><\/a>\r\n                                          <\/div>\r\n                                          <div class=\"clearfix\"><\/div>\r\n                                        <\/div>\r\n                                      <\/li><li>\r\n                                        <div class=\"row\">\r\n                                          <div class=\"col-md-9\">\r\n                                             <p>Bad Ischler Dialog 2012, \"Zukunft Europa\" - Programm<\/p>\r\n                                          <\/div>\r\n                                          <div class=\"col-md-3 sp-publications-download-link\">\r\n                                             <a href=\"https:\/\/www.sozialpartner.at\/wp-content\/uploads\/2015\/08\/Einladung-Bad-Ischler-Dialog-2012_Zukunft-Europa_3.pdf\" target=\"_blank\"><i class=\"fa fa-cloud-download\"><\/i><\/a>\r\n                                          <\/div>\r\n                                          <div class=\"clearfix\"><\/div>\r\n                                        <\/div>\r\n                                      <\/li><li>\r\n                                        <div class=\"row\">\r\n                                          <div class=\"col-md-9\">\r\n                                             <p>Die Jugend gibt es nicht - Anmerkungen zur Vielfalt und Jugendbildungsstrategien<\/p>\r\n                                          <\/div>\r\n                                          <div class=\"col-md-3 sp-publications-download-link\">\r\n                                             <a href=\"https:\/\/www.sozialpartner.at\/wp-content\/uploads\/2015\/08\/Bad-Ischl-2013_Panelbeitrag-Chisholm_Endfassung_20130916.pdf\" target=\"_blank\"><i class=\"fa fa-cloud-download\"><\/i><\/a>\r\n                                          <\/div>\r\n                                          <div class=\"clearfix\"><\/div>\r\n                                        <\/div>\r\n                                      <\/li><li>\r\n                                        <div class=\"row\">\r\n                                          <div class=\"col-md-9\">\r\n                                             <p>Bildungsweg und sozialer Aufstieg von \u00f6sterreichischen Jugendlichen<\/p>\r\n                                          <\/div>\r\n                                          <div class=\"col-md-3 sp-publications-download-link\">\r\n                                             <a href=\"https:\/\/www.sozialpartner.at\/wp-content\/uploads\/2015\/08\/Jugend-Vortrag-2013-Bad-Ischl_Erweitert-Guenther-Ogris.pdf\" target=\"_blank\"><i class=\"fa fa-cloud-download\"><\/i><\/a>\r\n                                          <\/div>\r\n                                          <div class=\"clearfix\"><\/div>\r\n                                        <\/div>\r\n                                      <\/li><li>\r\n                                        <div class=\"row\">\r\n                                          <div class=\"col-md-9\">\r\n                                             <p>NEET Jugendliche in \u00d6sterreich<\/p>\r\n                                          <\/div>\r\n                                          <div class=\"col-md-3 sp-publications-download-link\">\r\n                                             <a href=\"https:\/\/www.sozialpartner.at\/wp-content\/uploads\/2015\/08\/FaktenBacher97_2003Version2.pdf\" target=\"_blank\"><i class=\"fa fa-cloud-download\"><\/i><\/a>\r\n                                          <\/div>\r\n                                          <div class=\"clearfix\"><\/div>\r\n                                        <\/div>\r\n                                      <\/li><li>\r\n                                        <div class=\"row\">\r\n                                          <div class=\"col-md-9\">\r\n                                             <p>Jugend im 21. Jahrhundert - keine unbekannte Spezies<\/p>\r\n                                          <\/div>\r\n                                          <div class=\"col-md-3 sp-publications-download-link\">\r\n                                             <a href=\"https:\/\/www.sozialpartner.at\/wp-content\/uploads\/2015\/08\/Ingo-Leven-130916-Bad-Ischler-Dialog-Vortrag.pdf\" target=\"_blank\"><i class=\"fa fa-cloud-download\"><\/i><\/a>\r\n                                          <\/div>\r\n                                          <div class=\"clearfix\"><\/div>\r\n                                        <\/div>\r\n                                      <\/li><li>\r\n                                        <div class=\"row\">\r\n                                          <div class=\"col-md-9\">\r\n                                             <p>In die Jugend investieren - L\u00f6sungsans\u00e4tze f\u00fcr Bildung und Qualifikation<\/p>\r\n                                          <\/div>\r\n                                          <div class=\"col-md-3 sp-publications-download-link\">\r\n                                             <a href=\"https:\/\/www.sozialpartner.at\/wp-content\/uploads\/2015\/08\/130917BadIschl_neu.pdf\" target=\"_blank\"><i class=\"fa fa-cloud-download\"><\/i><\/a>\r\n                                          <\/div>\r\n                                          <div class=\"clearfix\"><\/div>\r\n                                        <\/div>\r\n                                      <\/li><li>\r\n                                        <div class=\"row\">\r\n                                          <div class=\"col-md-9\">\r\n                                             <p>Perspektiven f\u00fcr die Jugend - Bildungs- und arbeitsmarktpolitische Positionen der \u00f6sterreichischen Sozialpartner<\/p>\r\n                                          <\/div>\r\n                                          <div class=\"col-md-3 sp-publications-download-link\">\r\n                                             <a href=\"https:\/\/www.sozialpartner.at\/wp-content\/uploads\/2015\/08\/2013-09-13_IschlEndfassungDaeAHe.pdf\" target=\"_blank\"><i class=\"fa fa-cloud-download\"><\/i><\/a>\r\n                                          <\/div>\r\n                                          <div class=\"clearfix\"><\/div>\r\n                                        <\/div>\r\n                                      <\/li><li>\r\n                                        <div class=\"row\">\r\n                                          <div class=\"col-md-9\">\r\n                                             <p>Bad Ischler Dialog 2013, \u201eIn die Jugend investieren\u201c - Programm<\/p>\r\n                                          <\/div>\r\n                                          <div class=\"col-md-3 sp-publications-download-link\">\r\n                                             <a href=\"https:\/\/www.sozialpartner.at\/wp-content\/uploads\/2015\/08\/Einladung_end.pdf\" target=\"_blank\"><i class=\"fa fa-cloud-download\"><\/i><\/a>\r\n                                          <\/div>\r\n                                          <div class=\"clearfix\"><\/div>\r\n                                        <\/div>\r\n                                      <\/li><li>\r\n                                        <div class=\"row\">\r\n                                          <div class=\"col-md-9\">\r\n                                             <p>Wirtschaftliche und finanzielle Auswirkungen eines neuen THG-Ziels f\u00fcr 2030 in \u00d6sterreich und Betroffenheit der \u00f6sterreichischen Volkswirtschaft<\/p>\r\n                                          <\/div>\r\n                                          <div class=\"col-md-3 sp-publications-download-link\">\r\n                                             <a href=\"https:\/\/www.sozialpartner.at\/wp-content\/uploads\/2015\/08\/Bad_Ischler_Dialog_2014_Schneider_EU_Klimapolitik-.pdf\" target=\"_blank\"><i class=\"fa fa-cloud-download\"><\/i><\/a>\r\n                                          <\/div>\r\n                                          <div class=\"clearfix\"><\/div>\r\n                                        <\/div>\r\n                                      <\/li><li>\r\n                                        <div class=\"row\">\r\n                                          <div class=\"col-md-9\">\r\n                                             <p>Die Position Europas und die Konsequenzen f\u00fcr Wachstum und Besch\u00e4ftigung in \u00d6sterreich<\/p>\r\n                                          <\/div>\r\n                                          <div class=\"col-md-3 sp-publications-download-link\">\r\n                                             <a href=\"https:\/\/www.sozialpartner.at\/wp-content\/uploads\/2015\/08\/Bad_Ischler_Dialog_Rose.pdf\" target=\"_blank\"><i class=\"fa fa-cloud-download\"><\/i><\/a>\r\n                                          <\/div>\r\n                                          <div class=\"clearfix\"><\/div>\r\n                                        <\/div>\r\n                                      <\/li><li>\r\n                                        <div class=\"row\">\r\n                                          <div class=\"col-md-9\">\r\n                                             <p>Sozialpartnerschaft und makro\u00f6konomische Performance<\/p>\r\n                                          <\/div>\r\n                                          <div class=\"col-md-3 sp-publications-download-link\">\r\n                                             <a href=\"https:\/\/www.sozialpartner.at\/wp-content\/uploads\/2015\/08\/Bad_Ischler_Dialog_2014_Rocha-Akis.pdf\" target=\"_blank\"><i class=\"fa fa-cloud-download\"><\/i><\/a>\r\n                                          <\/div>\r\n                                          <div class=\"clearfix\"><\/div>\r\n                                        <\/div>\r\n                                      <\/li><li>\r\n                                        <div class=\"row\">\r\n                                          <div class=\"col-md-9\">\r\n                                             <p>Die Auswirkungen der Sozialpartnerschaft auf das Wirtschaftswachstum in kleinen offenen Volkswirtschaften<\/p>\r\n                                          <\/div>\r\n                                          <div class=\"col-md-3 sp-publications-download-link\">\r\n                                             <a href=\"https:\/\/www.sozialpartner.at\/wp-content\/uploads\/2015\/08\/Bad_Ischler_Dialog_2014_Schneider_Sozialpartnerschaft.pdf\" target=\"_blank\"><i class=\"fa fa-cloud-download\"><\/i><\/a>\r\n                                          <\/div>\r\n                                          <div class=\"clearfix\"><\/div>\r\n                                        <\/div>\r\n                                      <\/li><li>\r\n                                        <div class=\"row\">\r\n                                          <div class=\"col-md-9\">\r\n                                             <p>Bad Ischler Dialog 2014 - Presseunterlage<\/p>\r\n                                          <\/div>\r\n                                          <div class=\"col-md-3 sp-publications-download-link\">\r\n                                             <a href=\"https:\/\/www.sozialpartner.at\/wp-content\/uploads\/2015\/08\/Presseunterlage_Bad_Ischler_Dialog_2014.pdf\" target=\"_blank\"><i class=\"fa fa-cloud-download\"><\/i><\/a>\r\n                                          <\/div>\r\n                                          <div class=\"clearfix\"><\/div>\r\n                                        <\/div>\r\n                                      <\/li><li>\r\n                                        <div class=\"row\">\r\n                                          <div class=\"col-md-9\">\r\n                                             <p>Industriepolitik vor dem Hintergrund klima- und energiepolitischer Zielsetzungen<\/p>\r\n                                          <\/div>\r\n                                          <div class=\"col-md-3 sp-publications-download-link\">\r\n                                             <a href=\"https:\/\/www.sozialpartner.at\/wp-content\/uploads\/2015\/08\/Bad_Ischl_Papier_2014.pdf\" target=\"_blank\"><i class=\"fa fa-cloud-download\"><\/i><\/a>\r\n                                          <\/div>\r\n                                          <div class=\"clearfix\"><\/div>\r\n                                        <\/div>\r\n                                      <\/li><li>\r\n                                        <div class=\"row\">\r\n                                          <div class=\"col-md-9\">\r\n                                             <p>Bad Ischler Dialog 2014, \u201eWirtschafts- und Besch\u00e4ftigungswachstum f\u00fcr \u00d6sterreich und Europa\" - Programm<\/p>\r\n                                          <\/div>\r\n                                          <div class=\"col-md-3 sp-publications-download-link\">\r\n                                             <a href=\"https:\/\/www.sozialpartner.at\/wp-content\/uploads\/2015\/08\/Einladung_Bad_Ischl_2014.pdf\" target=\"_blank\"><i class=\"fa fa-cloud-download\"><\/i><\/a>\r\n                                          <\/div>\r\n                                          <div class=\"clearfix\"><\/div>\r\n                                        <\/div>\r\n                                      <\/li><li>\r\n                                        <div class=\"row\">\r\n                                          <div class=\"col-md-9\">\r\n                                             <p>50 Jahre R\u00f6mische Vertr\u00e4ge<\/p>\r\n                                          <\/div>\r\n                                          <div class=\"col-md-3 sp-publications-download-link\">\r\n                                             <a href=\"https:\/\/www.sozialpartner.at\/wp-content\/uploads\/2015\/08\/50_Jahre_Deklaration.pdf\" target=\"_blank\"><i class=\"fa fa-cloud-download\"><\/i><\/a>\r\n                                          <\/div>\r\n                                          <div class=\"clearfix\"><\/div>\r\n                                        <\/div>\r\n                                      <\/li><li>\r\n                                        <div class=\"row\">\r\n                                          <div class=\"col-md-9\">\r\n                                             <p>Stellungnahme zum Arbeitszeitgesetz<\/p>\r\n                                          <\/div>\r\n                                          <div class=\"col-md-3 sp-publications-download-link\">\r\n                                             <a href=\"https:\/\/www.sozialpartner.at\/wp-content\/uploads\/2015\/08\/Sozialpartnerstellungnahme_AZG.pdf\" target=\"_blank\"><i class=\"fa fa-cloud-download\"><\/i><\/a>\r\n                                          <\/div>\r\n                                          <div class=\"clearfix\"><\/div>\r\n                                        <\/div>\r\n                                      <\/li><li>\r\n                                        <div class=\"row\">\r\n                                          <div class=\"col-md-9\">\r\n                                             <p>Chance Bildung<\/p>\r\n                                          <\/div>\r\n                                          <div class=\"col-md-3 sp-publications-download-link\">\r\n                                             <a href=\"https:\/\/www.sozialpartner.at\/wp-content\/uploads\/2015\/08\/ChanceBildung_20071003.pdf\" target=\"_blank\"><i class=\"fa fa-cloud-download\"><\/i><\/a>\r\n                                          <\/div>\r\n                                          <div class=\"clearfix\"><\/div>\r\n                                        <\/div>\r\n                                      <\/li><li>\r\n                                        <div class=\"row\">\r\n                                          <div class=\"col-md-9\">\r\n                                             <p>Eine moderne Rechtsgrundlage f\u00fcr die europ\u00e4ische Statistik<\/p>\r\n                                          <\/div>\r\n                                          <div class=\"col-md-3 sp-publications-download-link\">\r\n                                             <a href=\"https:\/\/www.sozialpartner.at\/wp-content\/uploads\/2015\/08\/statistik_eu_rechtsgrundlage_2008_01_30.pdf\" target=\"_blank\"><i class=\"fa fa-cloud-download\"><\/i><\/a>\r\n                                          <\/div>\r\n                                          <div class=\"clearfix\"><\/div>\r\n                                        <\/div>\r\n                                      <\/li><li>\r\n                                        <div class=\"row\">\r\n                                          <div class=\"col-md-9\">\r\n                                             <p>Zukunftssicherung f\u00fcr die soziale Krankenversicherung<\/p>\r\n                                          <\/div>\r\n                                          <div class=\"col-md-3 sp-publications-download-link\">\r\n                                             <a href=\"https:\/\/www.sozialpartner.at\/wp-content\/uploads\/2015\/08\/krankenkassen_zukunftssicherung_oegb_wko_2008_04_07.pdf\" target=\"_blank\"><i class=\"fa fa-cloud-download\"><\/i><\/a>\r\n                                          <\/div>\r\n                                          <div class=\"clearfix\"><\/div>\r\n                                        <\/div>\r\n                                      <\/li><li>\r\n                                        <div class=\"row\">\r\n                                          <div class=\"col-md-9\">\r\n                                             <p>Bausteine einer langfristig orientierten Klimapolitik<\/p>\r\n                                          <\/div>\r\n                                          <div class=\"col-md-3 sp-publications-download-link\">\r\n                                             <a href=\"https:\/\/www.sozialpartner.at\/wp-content\/uploads\/2015\/08\/Klimapolitik_2008_04_10.pdf\" target=\"_blank\"><i class=\"fa fa-cloud-download\"><\/i><\/a>\r\n                                          <\/div>\r\n                                          <div class=\"clearfix\"><\/div>\r\n                                        <\/div>\r\n                                      <\/li><li>\r\n                                        <div class=\"row\">\r\n                                          <div class=\"col-md-9\">\r\n                                             <p>Aktionsplan f\u00fcr \u00e4ltere ArbeitnehmerInnen<\/p>\r\n                                          <\/div>\r\n                                          <div class=\"col-md-3 sp-publications-download-link\">\r\n                                             <a href=\"https:\/\/www.sozialpartner.at\/wp-content\/uploads\/2015\/08\/aeltereArbeitnehmer_Aktionsplan_2008_04_23.pdf\" target=\"_blank\"><i class=\"fa fa-cloud-download\"><\/i><\/a>\r\n                                          <\/div>\r\n                                          <div class=\"clearfix\"><\/div>\r\n                                        <\/div>\r\n                                      <\/li><li>\r\n                                        <div class=\"row\">\r\n                                          <div class=\"col-md-9\">\r\n                                             <p>Das europ\u00e4ische Sozialmodell - die Chancen n\u00fctzen<\/p>\r\n                                          <\/div>\r\n                                          <div class=\"col-md-3 sp-publications-download-link\">\r\n                                             <a href=\"https:\/\/www.sozialpartner.at\/wp-content\/uploads\/2015\/08\/europ_sozialmodell_kurz_badischl_2008_10_08.pdf\" target=\"_blank\"><i class=\"fa fa-cloud-download\"><\/i><\/a>\r\n                                          <\/div>\r\n                                          <div class=\"clearfix\"><\/div>\r\n                                        <\/div>\r\n                                      <\/li><li>\r\n                                        <div class=\"row\">\r\n                                          <div class=\"col-md-9\">\r\n                                             <p>Die Lissabon-Strategie nach 2010<\/p>\r\n                                          <\/div>\r\n                                          <div class=\"col-md-3 sp-publications-download-link\">\r\n                                             <a href=\"https:\/\/www.sozialpartner.at\/wp-content\/uploads\/2015\/08\/2009-06-15Post-LissabonFinal-TomAHe.pdf\" target=\"_blank\"><i class=\"fa fa-cloud-download\"><\/i><\/a>\r\n                                          <\/div>\r\n                                          <div class=\"clearfix\"><\/div>\r\n                                        <\/div>\r\n                                      <\/li><li>\r\n                                        <div class=\"row\">\r\n                                          <div class=\"col-md-9\">\r\n                                             <p>Sozialpartnereinigung zum Nationalen Aktionsplan \"Gleichstellung\"<\/p>\r\n                                          <\/div>\r\n                                          <div class=\"col-md-3 sp-publications-download-link\">\r\n                                             <a href=\"https:\/\/www.sozialpartner.at\/wp-content\/uploads\/2015\/08\/Einigung_NAP_Gleichstellung.pdf\" target=\"_blank\"><i class=\"fa fa-cloud-download\"><\/i><\/a>\r\n                                          <\/div>\r\n                                          <div class=\"clearfix\"><\/div>\r\n                                        <\/div>\r\n                                      <\/li><li>\r\n                                        <div class=\"row\">\r\n                                          <div class=\"col-md-9\">\r\n                                             <p>Ergebnisse des Bildungsdialogs 2011<\/p>\r\n                                          <\/div>\r\n                                          <div class=\"col-md-3 sp-publications-download-link\">\r\n                                             <a href=\"https:\/\/www.sozialpartner.at\/wp-content\/uploads\/2015\/08\/Punktation_Presse.pdf\" target=\"_blank\"><i class=\"fa fa-cloud-download\"><\/i><\/a>\r\n                                          <\/div>\r\n                                          <div class=\"clearfix\"><\/div>\r\n                                        <\/div>\r\n                                      <\/li><li>\r\n                                        <div class=\"row\">\r\n                                          <div class=\"col-md-9\">\r\n                                             <p>Sozialpartner-Enquete 2012 - Einladung<\/p>\r\n                                          <\/div>\r\n                                          <div class=\"col-md-3 sp-publications-download-link\">\r\n                                             <a href=\"https:\/\/www.sozialpartner.at\/wp-content\/uploads\/2015\/08\/Einladung-Sozialpartner-Enquete-Migration-Integration-21.5.2012.pdf\" target=\"_blank\"><i class=\"fa fa-cloud-download\"><\/i><\/a>\r\n                                          <\/div>\r\n                                          <div class=\"clearfix\"><\/div>\r\n                                        <\/div>\r\n                                      <\/li><li>\r\n                                        <div class=\"row\">\r\n                                          <div class=\"col-md-9\">\r\n                                             <p>Bildungsfundamente 2013<\/p>\r\n                                          <\/div>\r\n                                          <div class=\"col-md-3 sp-publications-download-link\">\r\n                                             <a href=\"https:\/\/www.sozialpartner.at\/wp-content\/uploads\/2015\/08\/Bildungsfundamente-2013-1.pdf\" target=\"_blank\"><i class=\"fa fa-cloud-download\"><\/i><\/a>\r\n                                          <\/div>\r\n                                          <div class=\"clearfix\"><\/div>\r\n                                        <\/div>\r\n                                      <\/li><li>\r\n                                        <div class=\"row\">\r\n                                          <div class=\"col-md-9\">\r\n                                             <p>Europ\u00e4ische Wirtschaftspolitik zum Abbau der Ungleichgewichte<\/p>\r\n                                          <\/div>\r\n                                          <div class=\"col-md-3 sp-publications-download-link\">\r\n                                             <a href=\"https:\/\/www.sozialpartner.at\/wp-content\/uploads\/2015\/08\/Beirat-Ungleichgewichte-FIN.pdf\" target=\"_blank\"><i class=\"fa fa-cloud-download\"><\/i><\/a>\r\n                                          <\/div>\r\n                                          <div class=\"clearfix\"><\/div>\r\n                                        <\/div>\r\n                                      <\/li><li>\r\n                                        <div class=\"row\">\r\n                                          <div class=\"col-md-9\">\r\n                                             <p>Gabriele Klein-Gleissinger, Commodities in der Finanzmarktregulierung<\/p>\r\n                                          <\/div>\r\n                                          <div class=\"col-md-3 sp-publications-download-link\">\r\n                                             <a href=\"https:\/\/www.sozialpartner.at\/wp-content\/uploads\/2015\/08\/pp.FMA_.Commodities.10.12.2012.pdf\" target=\"_blank\"><i class=\"fa fa-cloud-download\"><\/i><\/a>\r\n                                          <\/div>\r\n                                          <div class=\"clearfix\"><\/div>\r\n                                        <\/div>\r\n                                      <\/li><li>\r\n                                        <div class=\"row\">\r\n                                          <div class=\"col-md-9\">\r\n                                             <p>Franz Sinabell, Preisentwicklungen<\/p>\r\n                                          <\/div>\r\n                                          <div class=\"col-md-3 sp-publications-download-link\">\r\n                                             <a href=\"https:\/\/www.sozialpartner.at\/wp-content\/uploads\/2015\/08\/Sinabell.pdf\" target=\"_blank\"><i class=\"fa fa-cloud-download\"><\/i><\/a>\r\n                                          <\/div>\r\n                                          <div class=\"clearfix\"><\/div>\r\n                                        <\/div>\r\n                                      <\/li><li>\r\n                                        <div class=\"row\">\r\n                                          <div class=\"col-md-9\">\r\n                                             <p>Gert Wehinger, Was treibt die Rohstoffpreise?<\/p>\r\n                                          <\/div>\r\n                                          <div class=\"col-md-3 sp-publications-download-link\">\r\n                                             <a href=\"https:\/\/www.sozialpartner.at\/wp-content\/uploads\/2015\/08\/Wehinger_Beirat_Rohstoffe_2012-10-12_OECD.pdf\" target=\"_blank\"><i class=\"fa fa-cloud-download\"><\/i><\/a>\r\n                                          <\/div>\r\n                                          <div class=\"clearfix\"><\/div>\r\n                                        <\/div>\r\n                                      <\/li><li>\r\n                                        <div class=\"row\">\r\n                                          <div class=\"col-md-9\">\r\n                                             <p>Heiner Flassbeck, The impact of financialization on commodity prices<\/p>\r\n                                          <\/div>\r\n                                          <div class=\"col-md-3 sp-publications-download-link\">\r\n                                             <a href=\"https:\/\/www.sozialpartner.at\/wp-content\/uploads\/2015\/08\/Flassbeckcommoditiesvienna.pdf\" target=\"_blank\"><i class=\"fa fa-cloud-download\"><\/i><\/a>\r\n                                          <\/div>\r\n                                          <div class=\"clearfix\"><\/div>\r\n                                        <\/div>\r\n                                      <\/li><li>\r\n                                        <div class=\"row\">\r\n                                          <div class=\"col-md-9\">\r\n                                             <p>Enquete des Beirats 2012 - Tagungsprogramm<\/p>\r\n                                          <\/div>\r\n                                          <div class=\"col-md-3 sp-publications-download-link\">\r\n                                             <a href=\"https:\/\/www.sozialpartner.at\/wp-content\/uploads\/2015\/08\/Beirat_Rohstoffe_2012-10-12.pdf\" target=\"_blank\"><i class=\"fa fa-cloud-download\"><\/i><\/a>\r\n                                          <\/div>\r\n                                          <div class=\"clearfix\"><\/div>\r\n                                        <\/div>\r\n                                      <\/li><li>\r\n                                        <div class=\"row\">\r\n                                          <div class=\"col-md-9\">\r\n                                             <p>Reisebericht \"Barcelona - Madrid - Lissabon\" - 2013<\/p>\r\n                                          <\/div>\r\n                                          <div class=\"col-md-3 sp-publications-download-link\">\r\n                                             <a href=\"https:\/\/www.sozialpartner.at\/wp-content\/uploads\/2015\/08\/Beiratsreise-2013_Reisebericht-Iberien.pdf\" target=\"_blank\"><i class=\"fa fa-cloud-download\"><\/i><\/a>\r\n                                          <\/div>\r\n                                          <div class=\"clearfix\"><\/div>\r\n                                        <\/div>\r\n                                      <\/li><li>\r\n                                        <div class=\"row\">\r\n                                          <div class=\"col-md-9\">\r\n                                             <p>Jugendbesch\u00e4ftigung: Beitr\u00e4ge der \u00f6sterreichischen Sozialpartner<\/p>\r\n                                          <\/div>\r\n                                          <div class=\"col-md-3 sp-publications-download-link\">\r\n                                             <a href=\"https:\/\/www.sozialpartner.at\/wp-content\/uploads\/2015\/08\/Josef-Woess_1_april_2014.pdf\" target=\"_blank\"><i class=\"fa fa-cloud-download\"><\/i><\/a>\r\n                                          <\/div>\r\n                                          <div class=\"clearfix\"><\/div>\r\n                                        <\/div>\r\n                                      <\/li><li>\r\n                                        <div class=\"row\">\r\n                                          <div class=\"col-md-9\">\r\n                                             <p>Hermine Vidovic, Jugendbesch\u00e4ftigung in Europa<\/p>\r\n                                          <\/div>\r\n                                          <div class=\"col-md-3 sp-publications-download-link\">\r\n                                             <a href=\"https:\/\/www.sozialpartner.at\/wp-content\/uploads\/2015\/08\/Hermine-Vidovic-1-april-2014.pdf\" target=\"_blank\"><i class=\"fa fa-cloud-download\"><\/i><\/a>\r\n                                          <\/div>\r\n                                          <div class=\"clearfix\"><\/div>\r\n                                        <\/div>\r\n                                      <\/li><li>\r\n                                        <div class=\"row\">\r\n                                          <div class=\"col-md-9\">\r\n                                             <p>Karl Aiginger, Korporatismus und wirtschaftliche Leistungsf\u00e4higkeit<\/p>\r\n                                          <\/div>\r\n                                          <div class=\"col-md-3 sp-publications-download-link\">\r\n                                             <a href=\"https:\/\/www.sozialpartner.at\/wp-content\/uploads\/2015\/08\/Karl-Aiginger-1-april-2014.pdf\" target=\"_blank\"><i class=\"fa fa-cloud-download\"><\/i><\/a>\r\n                                          <\/div>\r\n                                          <div class=\"clearfix\"><\/div>\r\n                                        <\/div>\r\n                                      <\/li><li>\r\n                                        <div class=\"row\">\r\n                                          <div class=\"col-md-9\">\r\n                                             <p>Veronique Timmerhuis, The Dutch consultation economy: ups & downs in times of crisis<\/p>\r\n                                          <\/div>\r\n                                          <div class=\"col-md-3 sp-publications-download-link\">\r\n                                             <a href=\"https:\/\/www.sozialpartner.at\/wp-content\/uploads\/2015\/08\/Veronique-Timmerhuis-31-march-2014.pdf\" target=\"_blank\"><i class=\"fa fa-cloud-download\"><\/i><\/a>\r\n                                          <\/div>\r\n                                          <div class=\"clearfix\"><\/div>\r\n                                        <\/div>\r\n                                      <\/li><li>\r\n                                        <div class=\"row\">\r\n                                          <div class=\"col-md-9\">\r\n                                             <p>Jelle Visser, Shaping Change \u2013 Social Partnership<\/p>\r\n                                          <\/div>\r\n                                          <div class=\"col-md-3 sp-publications-download-link\">\r\n                                             <a href=\"https:\/\/www.sozialpartner.at\/wp-content\/uploads\/2015\/08\/Jelle-Visser-31-March-2014.pdf\" target=\"_blank\"><i class=\"fa fa-cloud-download\"><\/i><\/a>\r\n                                          <\/div>\r\n                                          <div class=\"clearfix\"><\/div>\r\n                                        <\/div>\r\n                                      <\/li><li>\r\n                                        <div class=\"row\">\r\n                                          <div class=\"col-md-9\">\r\n                                             <p>Beirats Konferenz 2014, \u201eDen Wandel gestalten\u201c - Programm<\/p>\r\n                                          <\/div>\r\n                                          <div class=\"col-md-3 sp-publications-download-link\">\r\n                                             <a href=\"https:\/\/www.sozialpartner.at\/wp-content\/uploads\/2015\/08\/2014-03-31DE-Programm-WEB.pdf\" target=\"_blank\"><i class=\"fa fa-cloud-download\"><\/i><\/a>\r\n                                          <\/div>\r\n                                          <div class=\"clearfix\"><\/div>\r\n                                        <\/div>\r\n                                      <\/li><li>\r\n                                        <div class=\"row\">\r\n                                          <div class=\"col-md-9\">\r\n                                             <p>Beirat Studienpr\u00e4sentation 2014 - Programm<\/p>\r\n                                          <\/div>\r\n                                          <div class=\"col-md-3 sp-publications-download-link\">\r\n                                             <a href=\"https:\/\/www.sozialpartner.at\/wp-content\/uploads\/2015\/08\/Einladung_Wettbewerbsrecht.pdf\" target=\"_blank\"><i class=\"fa fa-cloud-download\"><\/i><\/a>\r\n                                          <\/div>\r\n                                          <div class=\"clearfix\"><\/div>\r\n                                        <\/div>\r\n                                      <\/li><li>\r\n                                        <div class=\"row\">\r\n                                          <div class=\"col-md-9\">\r\n                                             <p>Bad Ischler Dialog 2015 - Programm<\/p>\r\n                                          <\/div>\r\n                                          <div class=\"col-md-3 sp-publications-download-link\">\r\n                                             <a href=\"https:\/\/www.sozialpartner.at\/wp-content\/uploads\/2015\/08\/Bad-Ischler-Dialog_Programm.pdf\" target=\"_blank\"><i class=\"fa fa-cloud-download\"><\/i><\/a>\r\n                                          <\/div>\r\n                                          <div class=\"clearfix\"><\/div>\r\n                                        <\/div>\r\n                                      <\/li> <\/ul>\r\n                              <\/div>\r\n                           <\/div>\r\n                           <div class=\"clearfix\"><\/div>\r\n                        <\/div>\r\n                     <\/div>\r\n                  <\/div>  <\/div>\r\n            <\/section>[\/vc_column][vc_column width=&#8220;2\/12&#8243;][vc_column_text]<br \/>\n[\/vc_column_text][\/vc_column][\/vc_row]<\/p>\n<\/div>","protected":false},"excerpt":{"rendered":"<p>[vc_row css=&#8220;.vc_custom_1437127908811{padding-top: 50px !important;padding-bottom: 30px !important;}&#8220;][vc_column width=&#8220;2\/12&#8243;][vc_column_text] [\/vc_column_text][\/vc_column][vc_column width=&#8220;3\/12&#8243;][\/vc_column][vc_column width=&#8220;5\/12&#8243;][vc_custom_heading text=&#8220;21.05.2012&#8243; font_container=&#8220;tag:h4|text_align:left&#8220; use_theme_fonts=&#8220;yes&#8220; css=&#8220;.vc_custom_1441272976291{padding-top: 3px !important;}&#8220;][vc_custom_heading text=&#8220;Migration \u2013 Integration&#8220; font_container=&#8220;tag:h2|font_size:26px|text_align:left|line_height:40px&#8220; use_theme_fonts=&#8220;yes&#8220;][vc_empty_space height=&#8220;20&#8243;][vc_column_text el_class=&#8220;sp-test&#8220; css=&#8220;.vc_custom_1441124608084{margin-top: -17px !important;}&#8220;] Die \u00f6sterreichischen Sozialpartner haben in der Studie Migration und Integration die vier Teilbereiche Integrationsbegleitung, Bildung, Arbeitsmarkt und Migration n\u00e4her beleuchtet. Im Rahmen der Enquete werden nun weitere wesentliche Empfehlungen [&hellip;]<\/p>\n","protected":false},"author":1,"featured_media":0,"parent":2717,"menu_order":30,"comment_status":"closed","ping_status":"closed","template":"","meta":{"footnotes":""},"class_list":["post-2723","page","type-page","status-publish","hentry"],"_links":{"self":[{"href":"https:\/\/www.sozialpartner.at\/index.php?rest_route=\/wp\/v2\/pages\/2723","targetHints":{"allow":["GET"]}}],"collection":[{"href":"https:\/\/www.sozialpartner.at\/index.php?rest_route=\/wp\/v2\/pages"}],"about":[{"href":"https:\/\/www.sozialpartner.at\/index.php?rest_route=\/wp\/v2\/types\/page"}],"author":[{"embeddable":true,"href":"https:\/\/www.sozialpartner.at\/index.php?rest_route=\/wp\/v2\/users\/1"}],"replies":[{"embeddable":true,"href":"https:\/\/www.sozialpartner.at\/index.php?rest_route=%2Fwp%2Fv2%2Fcomments&post=2723"}],"version-history":[{"count":0,"href":"https:\/\/www.sozialpartner.at\/index.php?rest_route=\/wp\/v2\/pages\/2723\/revisions"}],"up":[{"embeddable":true,"href":"https:\/\/www.sozialpartner.at\/index.php?rest_route=\/wp\/v2\/pages\/2717"}],"wp:attachment":[{"href":"https:\/\/www.sozialpartner.at\/index.php?rest_route=%2Fwp%2Fv2%2Fmedia&parent=2723"}],"curies":[{"name":"wp","href":"https:\/\/api.w.org\/{rel}","templated":true}]}}