
{"id":4024,"date":"2016-02-09T10:18:32","date_gmt":"2016-02-09T10:18:32","guid":{"rendered":"https:\/\/www.sozialpartner.at\/?page_id=4024"},"modified":"2025-05-19T09:15:29","modified_gmt":"2025-05-19T09:15:29","slug":"2016-2","status":"publish","type":"page","link":"https:\/\/www.sozialpartner.at\/?page_id=4024","title":{"rendered":"2016"},"content":{"rendered":"<div class=\"wpb-content-wrapper\"><p>[vc_row][vc_column width=&#8220;2\/12&#8243;][\/vc_column][vc_column width=&#8220;3\/12&#8243;]<div class=\"sp-boxed-side-navigation\">\r\n             <div class=\"sp-navigation-header\">\r\n                <a href=\"#\">Bad Ischler Dialog<\/a>\r\n             <\/div>\r\n             <div class=\"sp-navigation-content\">\r\n                <ul><li class=\"curent-page-item\"><a href=\"https:\/\/www.sozialpartner.at\/?page_id=4024\">2016<\/a><\/li><li><a href=\"https:\/\/www.sozialpartner.at\/?page_id=145\">2015<\/a><\/li><li><a href=\"https:\/\/www.sozialpartner.at\/?page_id=1055\">2014<\/a><\/li><li><a href=\"https:\/\/www.sozialpartner.at\/?page_id=1057\">2013<\/a><\/li><li><a href=\"https:\/\/www.sozialpartner.at\/?page_id=1060\">2012<\/a><\/li><li><a href=\"https:\/\/www.sozialpartner.at\/?page_id=1569\">2011<\/a><\/li><li><a href=\"https:\/\/www.sozialpartner.at\/?page_id=1571\">2010<\/a><\/li><li><a href=\"https:\/\/www.sozialpartner.at\/?page_id=1574\">2009<\/a><\/li><li><a href=\"https:\/\/www.sozialpartner.at\/?page_id=1576\">2008<\/a><\/li><li><a href=\"https:\/\/www.sozialpartner.at\/?page_id=1578\">2007<\/a><\/li><li><a href=\"https:\/\/www.sozialpartner.at\/?page_id=1580\">2006<\/a><\/li><\/ul>\r\n             <\/div>\r\n          <\/div>[\/vc_column][vc_column width=&#8220;5\/12&#8243;][vc_custom_heading text=&#8220;29.-30. September 2016&#8243; font_container=&#8220;tag:h4|font_size:16|text_align:left&#8220; use_theme_fonts=&#8220;yes&#8220;][vc_custom_heading text=&#8220;Migration und Integration&#8220; font_container=&#8220;tag:h3|font_size:22|text_align:left|line_height:40px&#8220; use_theme_fonts=&#8220;yes&#8220;][vc_empty_space height=&#8220;20px&#8220;][vc_column_text]<span style=\"color: #000000; font-family: Open Sans;\">Die Integration von Zuwanderinnen und Zuwanderern\u00a0stellt eine der gr\u00f6\u00dften Herausforderungen f\u00fcr Politik, Wirtschaft und Gesellschaft dar, die aber auch erhebliche Potenziale mit sich bringt. F\u00fcr das Gelingen der Integration ist eine m\u00f6glichst rasche Einbindung der Zuwanderinnen und Zuwanderern\u00a0 in Gesellschaft, Wirtschaft und Arbeitsmarkt von entscheidender Bedeutung. Die \u00f6sterreichischen Sozialpartner besch\u00e4ftigen sich im Rahmen des Bad Ischler Dialogs 2016 mit den vielf\u00e4ltigen Aspekten rund um \u201eMigration und Integration\u201c und feiern dar\u00fcber hinaus das Jubil\u00e4um \u201e70 Jahre Sozialpartnerschaft in \u00d6sterreich\u201c.<\/span>[\/vc_column_text][\/vc_column][vc_column width=&#8220;2\/12&#8243;][\/vc_column][\/vc_row][vc_row][vc_column width=&#8220;2\/12&#8243;][\/vc_column][vc_column width=&#8220;8\/12&#8243;][vc_single_image image=&#8220;246&#8243; img_size=&#8220;full&#8220; alignment=&#8220;center&#8220; css=&#8220;.vc_custom_1469783448276{padding-top: 30px !important;}&#8220;][\/vc_column][vc_column width=&#8220;2\/12&#8243;][\/vc_column][\/vc_row][vc_row][vc_column width=&#8220;2\/12&#8243;][\/vc_column][vc_column width=&#8220;8\/12&#8243;][vc_tta_tabs][vc_tta_section title=&#8220;Programm Donnerstag 29.09.2016&#8243; tab_id=&#8220;1469784259639-bec9b181-2bb8&#8243;][vc_row_inner][vc_column_inner][vc_custom_heading text=&#8220;KONGRESS &amp; THEATERHAUS BAD ISCHL&#8220; font_container=&#8220;tag:h3|text_align:left|color:%23c01b15&#8243; use_theme_fonts=&#8220;yes&#8220;][\/vc_column_inner][\/vc_row_inner][vc_row_inner][vc_column_inner width=&#8220;1\/3&#8243;][vc_column_text]<strong>14:00<\/strong>[\/vc_column_text][\/vc_column_inner][vc_column_inner width=&#8220;2\/3&#8243;][vc_column_text]<strong>Beginn: Gru\u00dfworte &#8211; B\u00fcrgermeister Heide<\/strong><\/p>\n<p>&nbsp;<\/p>\n<p>[\/vc_column_text][\/vc_column_inner][\/vc_row_inner][vc_separator][vc_row_inner][vc_column_inner width=&#8220;1\/3&#8243;][vc_column_text]<strong>14:10<\/strong>[\/vc_column_text][\/vc_column_inner][vc_column_inner width=&#8220;2\/3&#8243;][vc_column_text]<strong>Videobotschaft Marianne Thyssen<br \/>\n<\/strong>Kommissarin f\u00fcr Besch\u00e4ftigung, Soziales und Integration<\/p>\n<p>[\/vc_column_text][\/vc_column_inner][\/vc_row_inner][vc_separator][vc_row_inner][vc_column_inner width=&#8220;1\/3&#8243;][vc_column_text]<strong>14:20<\/strong>[\/vc_column_text][\/vc_column_inner][vc_column_inner width=&#8220;2\/3&#8243;][vc_column_text]<strong>Input der Sozialpartner-Pr\u00e4sidenten<\/strong><\/p>\n<ul>\n<li>Erich Foglar<\/li>\n<li>Rudi Kaske<\/li>\n<li>Christoph Leitl<\/li>\n<li>Hermann Schultes<\/li>\n<\/ul>\n<p>&nbsp;<\/p>\n<p>[\/vc_column_text][\/vc_column_inner][\/vc_row_inner][vc_separator][vc_row_inner][vc_column_inner width=&#8220;1\/3&#8243;][vc_column_text]<strong>15:00<\/strong>[\/vc_column_text][\/vc_column_inner][vc_column_inner width=&#8220;2\/3&#8243;][vc_column_text]<strong>Input von Bundesminister Alois St\u00f6ger<\/strong><\/p>\n<p>&nbsp;<\/p>\n<p>[\/vc_column_text][\/vc_column_inner][\/vc_row_inner][vc_separator][vc_row_inner][vc_column_inner width=&#8220;1\/3&#8243;][vc_column_text]<strong>15:15<\/strong>[\/vc_column_text][\/vc_column_inner][vc_column_inner width=&#8220;2\/3&#8243;][vc_column_text]<strong>Pause<\/strong><\/p>\n<p>&nbsp;<\/p>\n<p>[\/vc_column_text][\/vc_column_inner][\/vc_row_inner][vc_separator][vc_row_inner][vc_column_inner width=&#8220;1\/3&#8243;][vc_column_text]<strong>15:45<\/strong>[\/vc_column_text][\/vc_column_inner][vc_column_inner width=&#8220;2\/3&#8243;][vc_column_text]<strong>Panel 1: Volkswirtschaftliche Effekte<\/strong><\/p>\n<ul>\n<li><strong>Vorsitz:<\/strong> Pr\u00e4sident Erich Foglar, \u00d6GB<\/li>\n<li>Alessio J.G. Brown, UNU-MERIT<\/li>\n<li>Ren\u00e9 Siegl, Austrian Business Agency<\/li>\n<li>Oliva Janisch,\u00a0\u00d6BB<\/li>\n<li>Amelie Gro\u00df, Junge Sozialpartner, Junge Wirtschaft<\/li>\n<\/ul>\n<p>[\/vc_column_text][\/vc_column_inner][\/vc_row_inner][vc_separator][vc_row_inner][vc_column_inner width=&#8220;1\/3&#8243;][vc_column_text]<strong>17:15<\/strong>[\/vc_column_text][\/vc_column_inner][vc_column_inner width=&#8220;2\/3&#8243;][vc_column_text]<strong>Pause<\/strong><\/p>\n<p>&nbsp;<\/p>\n<p>[\/vc_column_text][\/vc_column_inner][\/vc_row_inner][vc_separator][vc_row_inner][vc_column_inner width=&#8220;1\/3&#8243;][vc_column_text]<strong>17:30<\/strong>[\/vc_column_text][\/vc_column_inner][vc_column_inner width=&#8220;2\/3&#8243;][vc_column_text]<strong>Panel 2: Arbeitsmarkt<\/strong><\/p>\n<ul>\n<li><strong>Vorsitz:<\/strong> Pr\u00e4sident Christoph Leitl, WK\u00d6<\/li>\n<li><strong>Alois St\u00f6ger,<\/strong>\u00a0Bundesminister f\u00fcr\u00a0Arbeit, Soziales und Konsumentenschutz<\/li>\n<li>Raimund Becker, Bundesagentur f\u00fcr Arbeit, Vorstand Regionen<\/li>\n<li>Sabine M. Fischer, SYMFONY Consulting<\/li>\n<li>Judith P\u00fchringer, arbeit plus<\/li>\n<li>Sascha Ernszt, Junge Sozialpartner, \u00d6GB<\/li>\n<\/ul>\n<p>[\/vc_column_text][\/vc_column_inner][\/vc_row_inner][vc_separator][vc_row_inner][vc_column_inner width=&#8220;1\/3&#8243;][vc_column_text]<strong>19:00<\/strong>[\/vc_column_text][\/vc_column_inner][vc_column_inner width=&#8220;2\/3&#8243;][vc_column_text]Ende des 1. Veranstaltungstages<\/p>\n<p>&nbsp;<\/p>\n<p>&nbsp;<\/p>\n<p>[\/vc_column_text][\/vc_column_inner][\/vc_row_inner][vc_separator][vc_row_inner][vc_column_inner width=&#8220;1\/3&#8243;][vc_column_text]<strong>20:00<\/strong>[\/vc_column_text][\/vc_column_inner][vc_column_inner width=&#8220;2\/3&#8243;][vc_column_text]<strong>Abendempfang <\/strong><strong>in der &#8222;Bad Ischler Trinkhalle&#8220;<\/strong><\/p>\n<p>&nbsp;<\/p>\n<p>[\/vc_column_text][\/vc_column_inner][\/vc_row_inner][vc_separator][\/vc_tta_section][vc_tta_section title=&#8220;Programm Freitag 30.09.2016&#8243; tab_id=&#8220;1469784259783-4901dfd1-10b4&#8243;][vc_row_inner][vc_column_inner][vc_custom_heading text=&#8220;KONGRESS &amp; THEATERHAUS BAD ISCHL&#8220; font_container=&#8220;tag:h3|text_align:left|color:%23c01b15&#8243; use_theme_fonts=&#8220;yes&#8220;][\/vc_column_inner][\/vc_row_inner][vc_row_inner][vc_column_inner width=&#8220;1\/3&#8243;][vc_column_text]<strong>09:00<\/strong>[\/vc_column_text][\/vc_column_inner][vc_column_inner width=&#8220;2\/3&#8243;][vc_column_text]<strong>Festrede &#8222;70 Jahre Sozialpartnerschaft&#8220;: <\/strong>Christoph Badelt, WIFO, WU<\/p>\n<p>[\/vc_column_text][\/vc_column_inner][\/vc_row_inner][vc_separator][vc_row_inner][vc_column_inner width=&#8220;1\/3&#8243;][vc_column_text]<strong>09:20<\/strong>[\/vc_column_text][\/vc_column_inner][vc_column_inner width=&#8220;2\/3&#8243;][vc_column_text]<strong>Panel 3: Bildung<\/strong><\/p>\n<ul>\n<li><strong>Vorsitz:<\/strong> Pr\u00e4sident Rudi Kaske, AK<\/li>\n<li>Christiane Spiel, Universit\u00e4t Wien<\/li>\n<li>Erich Moser, Hotel Restaurant H\u00f6ldrichsm\u00fchle<\/li>\n<li>Karin Samer,\u00a0Kinderfreunde Wien<\/li>\n<li>Isabelle Riedl, Junge Sozialpartner, Landjugend<\/li>\n<\/ul>\n<p>[\/vc_column_text][\/vc_column_inner][\/vc_row_inner][vc_separator][vc_row_inner][vc_column_inner width=&#8220;1\/3&#8243;][vc_column_text]<strong>10:40<\/strong>[\/vc_column_text][\/vc_column_inner][vc_column_inner width=&#8220;2\/3&#8243;][vc_column_text]<strong>Pause\u00a0<\/strong><\/p>\n<p>[\/vc_column_text][\/vc_column_inner][\/vc_row_inner][vc_separator][vc_row_inner][vc_column_inner width=&#8220;1\/3&#8243;][vc_column_text]<strong>11:00<\/strong>[\/vc_column_text][\/vc_column_inner][vc_column_inner width=&#8220;2\/3&#8243;][vc_column_text]<strong>Input von Bundesminister Wolfgang Sobotka\u00a0\u00a0 <\/strong><\/p>\n<p>[\/vc_column_text][\/vc_column_inner][\/vc_row_inner][vc_separator][vc_row_inner][vc_column_inner width=&#8220;1\/3&#8243;][vc_column_text]<strong>11:15<\/strong>[\/vc_column_text][\/vc_column_inner][vc_column_inner width=&#8220;2\/3&#8243;][vc_column_text]<strong>Panel 4: Europ\u00e4ische Union<\/strong><\/p>\n<ul>\n<li><strong>Vorsitz:<\/strong> Pr\u00e4sident Hermann Schultes, LK\u00d6<\/li>\n<li><strong>Wolfgang Sobotka<\/strong>, Bundesminister f\u00fcr Inneres<\/li>\n<li>Fabian Lutz, Europ\u00e4ische Kommission<\/li>\n<li>Davor Sertic, Unit Cargo<\/li>\n<li>Peter Hackl, \u00d6sterreichische Jugendarbeiterbewegung<\/li>\n<li>Vanessa Radu, Junge Sozialpartner, AK<\/li>\n<\/ul>\n<p>[\/vc_column_text][\/vc_column_inner][\/vc_row_inner][vc_separator][vc_row_inner][vc_column_inner width=&#8220;1\/3&#8243;][vc_column_text]<strong>12:35<\/strong>[\/vc_column_text][\/vc_column_inner][vc_column_inner width=&#8220;2\/3&#8243;][vc_column_text]<strong>Abschluss der Veranstaltung: Sozialpartner-Generalsekret\u00e4re<\/strong><\/p>\n<p>[\/vc_column_text][\/vc_column_inner][\/vc_row_inner][vc_separator][\/vc_tta_section][\/vc_tta_tabs][\/vc_column][vc_column width=&#8220;2\/12&#8243;][\/vc_column][\/vc_row][vc_row][vc_column][\/vc_column][\/vc_row][vc_row][vc_column width=&#8220;2\/12&#8243;][\/vc_column][vc_column width=&#8220;8\/12&#8243;][vc_single_image image=&#8220;246&#8243; img_size=&#8220;full&#8220; alignment=&#8220;center&#8220;][\/vc_column][vc_column width=&#8220;2\/12&#8243;][\/vc_column][\/vc_row][vc_row][vc_column width=&#8220;2\/12&#8243;][\/vc_column][vc_column width=&#8220;8\/12&#8243;]<section class=\"sp-content-section\">\r\n               <div class=\"sp-publications-element sp-publications-red\">\r\n                  <div class=\"sp-publications-header\">\r\n                     <div>Unterlagen<\/div>\r\n                  <\/div>\r\n                  <div class=\"sp-publications-body\">\r\n                     <div class=\"sp-publications-body-header\">\r\n                        <div class=\"row\">\r\n                           <div class=\"col-md-6 col-md-offset-6\">\r\n                              <div class=\"sp-publications-subline\"><\/div>\r\n                           <\/div>\r\n                           <div class=\"clearfix\"><\/div>\r\n                        <\/div>\r\n                     <\/div>\r\n                     <div class=\"sp-publications-body-content\">\r\n                        <div class=\"row\">\r\n                           <div class=\"col-md-6\">\r\n                              <div class=\"sp-image-wrapper\">\r\n                                 <img decoding=\"async\" src=\"https:\/\/www.sozialpartner.at\/wp-content\/uploads\/2015\/07\/file.png\" alt=\"\" \/>\r\n                              <\/div>\r\n                           <\/div>\r\n                           <div class=\"col-md-6\"><div class=\"mCustomScrollbar \" data-mcs-theme=\"dark\">\r\n                                 <ul class=\"sp-download-list\"><li>\r\n                                          <div class=\"row\">\r\n                                            <div class=\"col-md-9\">\r\n                                               <p>70 Jahre Sozialpartnerschaft in \u00d6sterreich - wie geht es weiter?<\/p>\r\n                                            <\/div>\r\n                                            <div class=\"col-md-3 sp-publications-download-link\">\r\n                                               <a href=\"https:\/\/www.sozialpartner.at\/wp-content\/uploads\/2017\/07\/70-JAHRE-SOZIALPARTNERSCHAFT-IN-\u00d6STERREICH_Badelt.pdf\" target=\"_blank\"><i class=\"fa fa-cloud-download\"><\/i><\/a>\r\n                                            <\/div>\r\n                                            <div class=\"clearfix\"><\/div>\r\n                                          <\/div>\r\n                                        <\/li><li>\r\n                                          <div class=\"row\">\r\n                                            <div class=\"col-md-9\">\r\n                                               <p>Jubil\u00e4umspapier<\/p>\r\n                                            <\/div>\r\n                                            <div class=\"col-md-3 sp-publications-download-link\">\r\n                                               <a href=\"https:\/\/www.sozialpartner.at\/wp-content\/uploads\/2016\/10\/10-Jahre-Bad-Ischler-Dialog-Endversion.pdf\" target=\"_blank\"><i class=\"fa fa-cloud-download\"><\/i><\/a>\r\n                                            <\/div>\r\n                                            <div class=\"clearfix\"><\/div>\r\n                                          <\/div>\r\n                                        <\/li><li>\r\n                                          <div class=\"row\">\r\n                                            <div class=\"col-md-9\">\r\n                                               <p>Bad Ischler Dialog 2016 \u2013 Unterlage Becker<\/p>\r\n                                            <\/div>\r\n                                            <div class=\"col-md-3 sp-publications-download-link\">\r\n                                               <a href=\"https:\/\/www.sozialpartner.at\/wp-content\/uploads\/2016\/10\/Bad_Ischler_Dialog_Becker-mit-Hinweis.pdf\" target=\"_blank\"><i class=\"fa fa-cloud-download\"><\/i><\/a>\r\n                                            <\/div>\r\n                                            <div class=\"clearfix\"><\/div>\r\n                                          <\/div>\r\n                                        <\/li><li>\r\n                                          <div class=\"row\">\r\n                                            <div class=\"col-md-9\">\r\n                                               <p>unterzeichnete Deklaration der Sozialpartner<\/p>\r\n                                            <\/div>\r\n                                            <div class=\"col-md-3 sp-publications-download-link\">\r\n                                               <a href=\"https:\/\/www.sozialpartner.at\/wp-content\/uploads\/2016\/10\/Deklaration-70-Jahre-Sozialpartner_29092016.pdf\" target=\"_blank\"><i class=\"fa fa-cloud-download\"><\/i><\/a>\r\n                                            <\/div>\r\n                                            <div class=\"clearfix\"><\/div>\r\n                                          <\/div>\r\n                                        <\/li><li>\r\n                                          <div class=\"row\">\r\n                                            <div class=\"col-md-9\">\r\n                                               <p>Bad Ischler Dialog 2016 - Pr\u00e4sentation Brown<\/p>\r\n                                            <\/div>\r\n                                            <div class=\"col-md-3 sp-publications-download-link\">\r\n                                               <a href=\"https:\/\/www.sozialpartner.at\/wp-content\/uploads\/2016\/10\/Panel-1-Brown-Migration-und-Integration.pdf\" target=\"_blank\"><i class=\"fa fa-cloud-download\"><\/i><\/a>\r\n                                            <\/div>\r\n                                            <div class=\"clearfix\"><\/div>\r\n                                          <\/div>\r\n                                        <\/li><li>\r\n                                          <div class=\"row\">\r\n                                            <div class=\"col-md-9\">\r\n                                               <p>Bad Ischler Dialog 2016 \u2013 Pr\u00e4sentation Prof. Spiel<\/p>\r\n                                            <\/div>\r\n                                            <div class=\"col-md-3 sp-publications-download-link\">\r\n                                               <a href=\"https:\/\/www.sozialpartner.at\/wp-content\/uploads\/2016\/10\/Sozialpartnertagung-Bad-Ischl-2016-Migration-und-Integration_Bildung-Spiel-Druckformat.pdf\" target=\"_blank\"><i class=\"fa fa-cloud-download\"><\/i><\/a>\r\n                                            <\/div>\r\n                                            <div class=\"clearfix\"><\/div>\r\n                                          <\/div>\r\n                                        <\/li><li>\r\n                                          <div class=\"row\">\r\n                                            <div class=\"col-md-9\">\r\n                                               <p>Deklaration der Sozialpartner<\/p>\r\n                                            <\/div>\r\n                                            <div class=\"col-md-3 sp-publications-download-link\">\r\n                                               <a href=\"https:\/\/www.sozialpartner.at\/wp-content\/uploads\/2016\/09\/Sozialpartnerdeklaration-2016-Endversion-hohe-Qualit\u00e4t.pdf\" target=\"_blank\"><i class=\"fa fa-cloud-download\"><\/i><\/a>\r\n                                            <\/div>\r\n                                            <div class=\"clearfix\"><\/div>\r\n                                          <\/div>\r\n                                        <\/li><li>\r\n                                          <div class=\"row\">\r\n                                            <div class=\"col-md-9\">\r\n                                               <p>Bad Ischler Papier - Kurzfassung<\/p>\r\n                                            <\/div>\r\n                                            <div class=\"col-md-3 sp-publications-download-link\">\r\n                                               <a href=\"https:\/\/www.sozialpartner.at\/wp-content\/uploads\/2016\/09\/Bad-Ischl-Papier-2016-Kurzfassung_neu.pdf\" target=\"_blank\"><i class=\"fa fa-cloud-download\"><\/i><\/a>\r\n                                            <\/div>\r\n                                            <div class=\"clearfix\"><\/div>\r\n                                          <\/div>\r\n                                        <\/li><li>\r\n                                          <div class=\"row\">\r\n                                            <div class=\"col-md-9\">\r\n                                               <p>Bad Ischler Papier - Langfassung<\/p>\r\n                                            <\/div>\r\n                                            <div class=\"col-md-3 sp-publications-download-link\">\r\n                                               <a href=\"https:\/\/www.sozialpartner.at\/wp-content\/uploads\/2016\/09\/Bad-Ischl-Papier-2016_neu.pdf\" target=\"_blank\"><i class=\"fa fa-cloud-download\"><\/i><\/a>\r\n                                            <\/div>\r\n                                            <div class=\"clearfix\"><\/div>\r\n                                          <\/div>\r\n                                        <\/li><li>\r\n                                          <div class=\"row\">\r\n                                            <div class=\"col-md-9\">\r\n                                               <p>Programm Bad Ischler Dialog 2016<\/p>\r\n                                            <\/div>\r\n                                            <div class=\"col-md-3 sp-publications-download-link\">\r\n                                               <a href=\"https:\/\/www.sozialpartner.at\/wp-content\/uploads\/2016\/08\/2016-09-22-Bad-Ischler-Dialog_Programm_ohne-Anmeldeschluss-1.pdf\" target=\"_blank\"><i class=\"fa fa-cloud-download\"><\/i><\/a>\r\n                                            <\/div>\r\n                                            <div class=\"clearfix\"><\/div>\r\n                                          <\/div>\r\n                                        <\/li> <\/ul>\r\n                              <\/div>\r\n                           <\/div>\r\n                           <div class=\"clearfix\"><\/div>\r\n                        <\/div>\r\n                     <\/div>\r\n                  <\/div>  <\/div>\r\n            <\/section>[\/vc_column][vc_column width=&#8220;2\/12&#8243;][\/vc_column][\/vc_row][vc_row css=&#8220;.vc_custom_1455013859962{padding-top: 0px !important;}&#8220;][vc_column width=&#8220;2\/12&#8243;][vc_column_text][\/vc_column_text][\/vc_column][vc_column width=&#8220;8\/12&#8243;]<section class=\"sp-content-section\">\r\n               <div class=\"sp-link-list-element\">\r\n                  <div class=\"sp-link-list-header\"><div>Links<\/div><\/div>\r\n                  <div class=\"sp-link-list-content\"><div class=\"sp-single-link\">\r\n              <img decoding=\"async\" src=\"https:\/\/www.sozialpartner.at\/wp-content\/themes\/tema\/images\/assets\/link.png\" alt=\"\" \/>\r\n              <a href=\"https:\/\/www.youtube.com\/watch?v=Dl9VcEazhEU\" target=\"_blank\">70 years of Social Partnership in Austria<\/a>\r\n           <\/div><\/div>\r\n               <\/div>\r\n            <\/section>[\/vc_column][vc_column width=&#8220;2\/12&#8243;][vc_column_text][\/vc_column_text][\/vc_column][\/vc_row]<\/p>\n<\/div>","protected":false},"excerpt":{"rendered":"<p>[vc_row][vc_column width=&#8220;2\/12&#8243;][\/vc_column][vc_column width=&#8220;3\/12&#8243;][\/vc_column][vc_column width=&#8220;5\/12&#8243;][vc_custom_heading text=&#8220;29.-30. September 2016&#8243; font_container=&#8220;tag:h4|font_size:16|text_align:left&#8220; use_theme_fonts=&#8220;yes&#8220;][vc_custom_heading text=&#8220;Migration und Integration&#8220; font_container=&#8220;tag:h3|font_size:22|text_align:left|line_height:40px&#8220; use_theme_fonts=&#8220;yes&#8220;][vc_empty_space height=&#8220;20px&#8220;][vc_column_text]Die Integration von Zuwanderinnen und Zuwanderern\u00a0stellt eine der gr\u00f6\u00dften Herausforderungen f\u00fcr Politik, Wirtschaft und Gesellschaft dar, die aber auch erhebliche Potenziale mit sich bringt. F\u00fcr das Gelingen der Integration ist eine m\u00f6glichst rasche Einbindung der Zuwanderinnen und Zuwanderern\u00a0 in Gesellschaft, Wirtschaft [&hellip;]<\/p>\n","protected":false},"author":4,"featured_media":0,"parent":1158,"menu_order":10,"comment_status":"closed","ping_status":"closed","template":"","meta":{"footnotes":""},"class_list":["post-4024","page","type-page","status-publish","hentry"],"_links":{"self":[{"href":"https:\/\/www.sozialpartner.at\/index.php?rest_route=\/wp\/v2\/pages\/4024","targetHints":{"allow":["GET"]}}],"collection":[{"href":"https:\/\/www.sozialpartner.at\/index.php?rest_route=\/wp\/v2\/pages"}],"about":[{"href":"https:\/\/www.sozialpartner.at\/index.php?rest_route=\/wp\/v2\/types\/page"}],"author":[{"embeddable":true,"href":"https:\/\/www.sozialpartner.at\/index.php?rest_route=\/wp\/v2\/users\/4"}],"replies":[{"embeddable":true,"href":"https:\/\/www.sozialpartner.at\/index.php?rest_route=%2Fwp%2Fv2%2Fcomments&post=4024"}],"version-history":[{"count":33,"href":"https:\/\/www.sozialpartner.at\/index.php?rest_route=\/wp\/v2\/pages\/4024\/revisions"}],"predecessor-version":[{"id":6760,"href":"https:\/\/www.sozialpartner.at\/index.php?rest_route=\/wp\/v2\/pages\/4024\/revisions\/6760"}],"up":[{"embeddable":true,"href":"https:\/\/www.sozialpartner.at\/index.php?rest_route=\/wp\/v2\/pages\/1158"}],"wp:attachment":[{"href":"https:\/\/www.sozialpartner.at\/index.php?rest_route=%2Fwp%2Fv2%2Fmedia&parent=4024"}],"curies":[{"name":"wp","href":"https:\/\/api.w.org\/{rel}","templated":true}]}}